{"id":94471,"date":"2021-11-23T05:10:01","date_gmt":"2021-11-23T05:10:01","guid":{"rendered":"https:\/\/www.alj.com\/?post_type=perspective&#038;p=94471"},"modified":"2022-04-12T09:28:30","modified_gmt":"2022-04-12T09:28:30","slug":"yenilenebilir-enerji-pazarinda-ruzgar-icin-rekor-yil","status":"publish","type":"perspective","link":"https:\/\/alj.com\/tr\/perspective\/yenilenebilir-enerji-pazarinda-ruzgar-icin-rekor-yil\/","title":{"rendered":"Yenilenebilir enerji pazar\u0131nda r\u00fczgar i\u00e7in rekor y\u0131l"},"content":{"rendered":"<p>D\u00fcnyan\u0131n duraklamaya girdi\u011fi, toplumlar\u0131n kendi s\u0131n\u0131rlar\u0131 i\u00e7ine kapand\u0131\u011f\u0131, projelerin rafa kald\u0131r\u0131ld\u0131\u011f\u0131 ve finansal b\u00fcy\u00fcmenin durdu\u011fu COVID-19 salg\u0131n\u0131 d\u00f6nemindeki t\u00fcm bu k\u00fcresel etkiler g\u00f6z \u00f6n\u00fcne al\u0131nd\u0131\u011f\u0131nda 2020 y\u0131l\u0131n\u0131n (ve hatta 2021\u2019in b\u00fcy\u00fck k\u0131sm\u0131n\u0131n) ekonomideki bir\u00e7ok sekt\u00f6r i\u00e7in, \u00f6zellikle de yenilenebilir enerji gibi sermaye yo\u011fun sekt\u00f6rler i\u00e7in zarar y\u0131l\u0131 oldu\u011funu varsaymak mant\u0131kl\u0131 olacakt\u0131r.<\/p>\n<p>Ancak bu varsay\u0131m\u0131n tam aksi \u015fekilde yank\u0131 buldu\u011fu baz\u0131 sekt\u00f6rler de s\u00f6z konusu olmu\u015ftur. \u0130nsanl\u0131\u011f\u0131n do\u011fayla aras\u0131ndaki karma\u015f\u0131k ili\u015fkisine dair baz\u0131 ac\u0131 ger\u00e7eklerle kar\u015f\u0131 kar\u015f\u0131ya kald\u0131\u011f\u0131m\u0131z bu 18 ay i\u00e7erisinde, r\u00fczgar enerjisinin potansiyeli ola\u011fan\u00fcst\u00fc bir \u015fekilde iki kat\u0131na \u00e7\u0131km\u0131\u015ft\u0131r.<\/p>\n<p>Rekor say\u0131da yeni r\u00fczgar enerjisi tesisi kurulmu\u015f ve r\u00fczgar\u0131 t\u00fcm g\u00fc\u00e7leriyle desteklemek i\u00e7in h\u00fck\u00fcmetler ve yat\u0131r\u0131mc\u0131lar bir araya gelmi\u015ftir. Sekt\u00f6r; durmak bilmeyen, yok edilemez ve t\u00fcm d\u00fcnyada co\u015fku uyand\u0131ran ger\u00e7ek bir g\u00fc\u00e7 olarak kendini kan\u0131tlam\u0131\u015ft\u0131r.<\/p>\n<p>R\u00fczgar konusunda tutkulu olan herkes, sekt\u00f6rel man\u015fetlerde gerek \u00e7evresel gerek ekonomik a\u00e7\u0131dan teselli bulabilmektedir.<a href=\"#_ftn1\" name=\"_ftnref1\">[1]<\/a><\/p>\n<ul>\n<li>2020 y\u0131l\u0131nda k\u00fcresel olarak rekor seviyede 93 GW\u2019l\u0131k yeni r\u00fczgar kapasitesi kurularak toplam kapasite 743 GW\u2019a \u00e7\u0131kar\u0131lm\u0131\u015ft\u0131r.<\/li>\n<li>K\u0131y\u0131daki yeni kurulumlar 86,9 GW\u2019a ula\u015fm\u0131\u015f, a\u00e7\u0131k deniz r\u00fczgar pazar\u0131 ise 6,1 GW katk\u0131da bulunmu\u015ftur.<\/li>\n<li>2020\u2019de d\u00fcnyada yeni kurulumlar\u0131n en fazla ger\u00e7ekle\u015fti\u011fi ilk be\u015f pazar \u00c7in, ABD, Brezilya, Hollanda ve Almanya olmu\u015f; t\u00fcm bu \u00fclkeler toplam kapasitenin %80,6\u2019s\u0131n\u0131 olu\u015fturur hale gelmi\u015ftir.<\/li>\n<li>AB s\u0131n\u0131rlar\u0131 i\u00e7inde enerji \u015febekelerine eklenen 14,7 GW kapasitelik yeni tesisler sayesinde, yenilenebilir enerji tesisleri bug\u00fcne kadar ilk kez fosil yak\u0131tlardan daha fazla elektrik \u00fcretmi\u015ftir.<\/li>\n<li>Enerji \u00fcretimindeki toplam yat\u0131r\u0131mlarda g\u00f6r\u00fclen ani azalmaya kar\u015f\u0131n, 2019\u2019un ilk yar\u0131s\u0131 ile 2020\u2019nin ilk yar\u0131s\u0131 aras\u0131nda a\u00e7\u0131k deniz r\u00fczgar enerjisi finansman\u0131 d\u00f6rde katlanarak 35 milyar ABD dolar\u0131na y\u00fckselmi\u015ftir.<\/li>\n<li>R\u00fczgar enerjisinin ticari kapasitesi tart\u0131\u015fmaya kapal\u0131 hale gelmi\u015f; ara\u015ft\u0131rmalar, r\u00fczgara yat\u0131r\u0131lan her bir dolar\u0131n 3 ila 7 kat getiri sa\u011flad\u0131\u011f\u0131n\u0131 g\u00f6stermi\u015ftir.<a href=\"#_ftn2\" name=\"_ftnref2\">[2]<\/a><\/li>\n<\/ul>\n<p>R\u00fczgar enerjisi hen\u00fcz ayaklar\u0131n\u0131z\u0131 yerden kesmediyse bile pek yak\u0131nda kendinizi esintiye kap\u0131lm\u0131\u015f bulaca\u011f\u0131n\u0131za emin olabilirsiniz.<\/p>\n<p><img decoding=\"async\" loading=\"lazy\" class=\"aligncenter size-full wp-image-94439\" src=\"https:\/\/www.alj.com\/app\/uploads\/2021\/11\/ALJ-Wind-Power-Global.jpg\" alt=\"\" width=\"2560\" height=\"1250\" \/><\/p>\n<h2>Enerjiye a\u00e7 bir d\u00fcnya i\u00e7in r\u00fczgar enerjisi<\/h2>\n<p>2020\u2019de kurulan 93 GW\u2019l\u0131k yeni r\u00fczgar enerjisi tesisleri, bir \u00f6nceki y\u0131l\u0131n ayn\u0131 d\u00f6nemine g\u00f6re %53\u2019l\u00fck kayda de\u011fer bir b\u00fcy\u00fcme sergilemi\u015ftir.<a href=\"#_ftn3\" name=\"_ftnref3\">[3]<\/a><\/p>\n<p>Faaliyetlerin yo\u011funla\u015ft\u0131\u011f\u0131 bu d\u00f6nemde \u00f6ne \u00e7\u0131kan geli\u015fmelerden biri, \u00c7in ve ABD\u2019nin r\u00fczgar enerjisi pazar\u0131ndaki toplam paylar\u0131n\u0131 %15 oran\u0131nda art\u0131rarak pazar lideri stat\u00fclerini g\u00fc\u00e7lendirmesi ve birlikte t\u00fcm k\u00fcresel tesislerin d\u00f6rtte \u00fc\u00e7\u00fcnden fazlas\u0131na sahip olmalar\u0131 olmu\u015ftur. Asya Pasifik, Kuzey Amerika ve Latin Amerika\u2019da da r\u00fczgar enerjisi sekt\u00f6r\u00fc rekor seviyede b\u00fcy\u00fcme ya\u015fam\u0131\u015f; yeni k\u0131y\u0131 r\u00fczgar kapasitesi 2019 y\u0131l\u0131ndaki kapasitesine k\u0131yasla %76 art\u0131\u015f g\u00f6stererek 74 GW de\u011ferine ula\u015fm\u0131\u015ft\u0131r. Benzer \u015fekilde, Afrika ve Orta Do\u011fu da 2020 y\u0131l\u0131nda COVID-19 k\u0131s\u0131tlamalar\u0131na ra\u011fmen \u00f6nceki y\u0131ldan ba\u015flayan yukar\u0131 y\u00f6nl\u00fc gidi\u015fat\u0131n\u0131 s\u00fcrd\u00fcrerek 8,2 GW\u2019l\u0131k yeni k\u0131y\u0131 kurulumu kaydetmi\u015f; yeni ihale edilen r\u00fczgar enerjisi kapasitesi 2019\u2019un ikinci yar\u0131s\u0131ndaki 28 GW\u2019l\u0131k de\u011ferinin \u00fcst\u00fcne \u00e7\u0131karak 2020\u2019nin ayn\u0131 d\u00f6neminde yakla\u015f\u0131k 30 GW\u2019a ula\u015fm\u0131\u015ft\u0131r.<\/p>\n<p><img decoding=\"async\" loading=\"lazy\" class=\"aligncenter  wp-image-94412\" src=\"https:\/\/www.alj.com\/app\/uploads\/2021\/11\/Wind-turbines.jpg\" alt=\"\" width=\"1044\" height=\"391\" srcset=\"https:\/\/media.alj.com\/app\/uploads\/2021\/11\/Wind-turbines.jpg 662w, https:\/\/media.alj.com\/app\/uploads\/2021\/11\/Wind-turbines-300x112.jpg 300w, https:\/\/media.alj.com\/app\/uploads\/2021\/11\/Wind-turbines-150x56.jpg 150w\" sizes=\"(max-width: 1044px) 100vw, 1044px\" \/><\/p>\n<p>T\u00fcrbinlerin, yat\u0131r\u0131mc\u0131lar\u0131n ba\u015f\u0131n\u0131 d\u00f6nd\u00fcrd\u00fc\u011f\u00fc tek yer kuru araziler de\u011fildir. A\u00e7\u0131k deniz projeleri de artmaya devam etmi\u015f, ge\u00e7en y\u0131l 6,1 GW\u2019l\u0131k yeni a\u00e7\u0131k deniz r\u00fczgar enerjisi kapasitesi devreye al\u0131nm\u0131\u015ft\u0131r. Yeni kurulumlar\u0131n yar\u0131s\u0131n\u0131n \u00c7in taraf\u0131ndan ger\u00e7ekle\u015ftirildi\u011fi bu y\u0131l, a\u00e7\u0131k denizde b\u00fcy\u00fcmenin bug\u00fcne kadar en h\u0131zl\u0131 oldu\u011fu ikinci y\u0131l olmu\u015ftur.<\/p>\n<p><img decoding=\"async\" loading=\"lazy\" class=\"aligncenter size-full wp-image-94453\" src=\"https:\/\/www.alj.com\/app\/uploads\/2021\/11\/ALJ-Wind-Power-New-Wind-Power.jpg\" alt=\"\" width=\"2560\" height=\"1250\" \/><\/p>\n<p>Avrupa a\u00e7\u0131k deniz pazar\u0131nda liderli\u011fi Hollanda yakalarken Bel\u00e7ika, Birle\u015fik Krall\u0131k, Almanya ve Portekiz ise onu takip eden \u00fclkeler olmu\u015ftur. K\u00fcresel a\u00e7\u0131k deniz kapasitesi 35 GW\u2019a veya ba\u015fka bir deyi\u015fle toplam r\u00fczgar pazar\u0131n\u0131n neredeyse %5\u2019ine ula\u015fm\u0131\u015ft\u0131r. 2020 y\u0131l\u0131nda k\u00fcresel \u00e7apta yaln\u0131zca 1 GW a\u00e7\u0131k deniz r\u00fczgar kapasitesi ihale edilmi\u015f olsa da 7 GW\u2019tan fazla kapasiteye sahip yeni teklifin duyurulmas\u0131, \u00f6n\u00fcm\u00fczde daha h\u0131zl\u0131 bir b\u00fcy\u00fcme s\u00fcrecinin olaca\u011f\u0131n\u0131 g\u00f6stermektedir.<\/p>\n<p><img decoding=\"async\" loading=\"lazy\" class=\"alignleft size-full wp-image-94384\" src=\"https:\/\/www.alj.com\/app\/uploads\/2021\/11\/Cop26-loo.jpg\" alt=\"\" width=\"290\" height=\"150\" srcset=\"https:\/\/media.alj.com\/app\/uploads\/2021\/11\/Cop26-loo.jpg 290w, https:\/\/media.alj.com\/app\/uploads\/2021\/11\/Cop26-loo-150x78.jpg 150w\" sizes=\"(max-width: 290px) 100vw, 290px\" \/>\u00c7evre kriziyle ilgili son noktan\u0131n koyulaca\u011f\u0131 bir an varsa bu 2021 y\u0131l\u0131d\u0131r. Birle\u015fik Krall\u0131k, ekim ay\u0131n\u0131n sonunda COP26 BM \u0130klim De\u011fi\u015fikli\u011fi konferans\u0131na ev sahipli\u011fi yapm\u0131\u015ft\u0131r.<\/p>\n<p>K\u00fcresel \u0131s\u0131nmaya kar\u015f\u0131 m\u00fccadelede koordineli bir k\u00fcresel \u00e7aba i\u00e7in son \u015fans olarak kabul edilen COP26\u2019da; d\u00fcnyan\u0131n d\u00f6rt bir yan\u0131ndan gelen liderler, fosil yak\u0131t ba\u011f\u0131ml\u0131l\u0131\u011f\u0131ndan kurtulmak ve 2050 y\u0131l\u0131na kadar net s\u0131f\u0131r emisyona ula\u015fmak i\u00e7in yeni taahh\u00fctler vermi\u015ftir.<\/p>\n<figure id=\"attachment_94377\" aria-describedby=\"caption-attachment-94377\" style=\"width: 300px\" class=\"wp-caption alignright\"><img decoding=\"async\" loading=\"lazy\" class=\"size-medium wp-image-94377\" src=\"https:\/\/www.alj.com\/app\/uploads\/2021\/11\/Boris-Johnson-COP26-300x149.jpg\" alt=\"\" width=\"300\" height=\"149\" srcset=\"https:\/\/media.alj.com\/app\/uploads\/2021\/11\/Boris-Johnson-COP26-300x149.jpg 300w, https:\/\/media.alj.com\/app\/uploads\/2021\/11\/Boris-Johnson-COP26-150x75.jpg 150w, https:\/\/media.alj.com\/app\/uploads\/2021\/11\/Boris-Johnson-COP26-768x381.jpg 768w, https:\/\/media.alj.com\/app\/uploads\/2021\/11\/Boris-Johnson-COP26.jpg 920w\" sizes=\"(max-width: 300px) 100vw, 300px\" \/><figcaption id=\"caption-attachment-94377\" class=\"wp-caption-text\">\u0130sko\u00e7ya\u2019n\u0131n Glasgow \u015fehrinde d\u00fczenlenen COP26\u2019ya kat\u0131lan \u0130ngiltere Ba\u015fbakan\u0131 Boris Johnson, \u201ckaliteli, s\u00fcrd\u00fcr\u00fclebilir altyap\u0131\u201d alan\u0131nda k\u00fcresel kamu ve \u00f6zel yat\u0131r\u0131mlar\u0131 te\u015fvik etmek i\u00e7in tasarlanm\u0131\u015f 3 milyar euro (4,1 milyar ABD dolar\u0131) tutar\u0131nda bir program olan daha geni\u015f kapsaml\u0131 Clean Green Initiative (CGI) program\u0131n\u0131n bir par\u00e7as\u0131 olarak geli\u015ftirilen ulus odakl\u0131 yenilenebilir enerji yat\u0131r\u0131m\u0131 program\u0131n\u0131 ba\u015flatt\u0131.<\/figcaption><\/figure>\n<p>B\u00f6ylesi b\u00fcy\u00fck bir hedefe ula\u015f\u0131labilece\u011finden \u015f\u00fcphe duyanlar olabilir.<\/p>\n<p>Uluslararas\u0131 Enerji Ajans\u0131\u2019na (International Energy Agency, <a href=\"https:\/\/www.iea.org\/\">IEA<\/a>) g\u00f6re k\u00fcresel karbon emisyonlar\u0131n\u0131 azaltmaya y\u00f6nelik mevcut planlar, net s\u0131f\u0131r i\u00e7in gereken hedeflerin %60\u2019\u0131na ula\u015famayacakt\u0131r.<a href=\"#_ftn4\" name=\"_ftnref4\"><sup>[4]<\/sup><\/a> IEA, net s\u0131f\u0131r hedefini ula\u015f\u0131labilir k\u0131lmak i\u00e7in fazladan 4 trilyon ABD dolar\u0131 yat\u0131r\u0131m gerekece\u011fini \u00f6ng\u00f6rmektedir.<\/p>\n<p>IEA icra direkt\u00f6r\u00fc Fatih Birol, h\u00fck\u00fcmetlerin k\u00fcresel salg\u0131n sonras\u0131 iyile\u015fme programlar\u0131nda k\u00f6m\u00fcre \u00e7ok fazla a\u011f\u0131rl\u0131k verdikleri konusunda uyar\u0131larda bulunmu\u015ftur.<a href=\"#_ftn5\" name=\"_ftnref5\"><sup>[5]<\/sup><\/a> G20 \u00fclkelerinin COVID sonras\u0131 iyile\u015fme paketlerinde temiz enerji i\u00e7in ki\u015fi ba\u015f\u0131na ayr\u0131lan her 1 ABD dolar\u0131na kar\u015f\u0131n fosil yak\u0131t end\u00fcstrilerini desteklemek i\u00e7in ki\u015fi ba\u015f\u0131na 1,05 ABD dolar\u0131 harcanmaktad\u0131r.<a href=\"#_ftn6\" name=\"_ftnref6\">[6]<\/a><\/p>\n<p>Ayn\u0131 zamanda, ufukta bizi bekleyen iki farkl\u0131 zorluk daha bulunmaktad\u0131r.<\/p>\n<p>\u00c7in, her ne kadar yurt d\u0131\u015f\u0131ndaki k\u00f6m\u00fcr santrallerine yat\u0131r\u0131mlar\u0131n\u0131 sonland\u0131rmay\u0131 taahh\u00fct etmi\u015f olsa da mevcut durumda, yurt i\u00e7inde yeni k\u00f6m\u00fcr santralleri in\u015fa etmekte kararl\u0131 g\u00f6r\u00fcnmektedir.<a href=\"#_ftn7\" name=\"_ftnref7\">[7]<\/a><\/p>\n<p>R\u00fczgar enerjisi ayr\u0131ca, \u00c7in\u2019deki \u015eebekeye Sat\u0131\u015f Tarifesinin s\u00fcresinin dolmas\u0131 ve ABD\u2019deki \u00dcretim Vergisi Kredisinin kald\u0131r\u0131lmas\u0131yla hem Do\u011fu\u2019da hem de Bat\u0131\u2019da hukuki aksakl\u0131klarla kar\u015f\u0131 kar\u015f\u0131yad\u0131r.<\/p>\n<p>K\u00fcresel enerji t\u00fcketiminin 2050 y\u0131l\u0131na kadar iki kat\u0131na \u00e7\u0131kaca\u011f\u0131 \u00f6ng\u00f6r\u00fcs\u00fc d\u00fc\u015f\u00fcn\u00fcld\u00fc\u011f\u00fcnde, \u00e7evresel felaketlerin e\u015fi\u011finden d\u00f6nmek i\u00e7in gereken s\u00fcrenin dolmak \u00fczere oldu\u011fu g\u00f6r\u00fclmektedir.<a href=\"#_ftn8\" name=\"_ftnref8\">[8]<\/a><\/p>\n<p><img decoding=\"async\" loading=\"lazy\" class=\"aligncenter size-full wp-image-94432\" src=\"https:\/\/www.alj.com\/app\/uploads\/2021\/11\/ALJ-Wind-Power-Coal.jpg\" alt=\"\" width=\"2480\" height=\"2008\" srcset=\"https:\/\/media.alj.com\/app\/uploads\/2021\/11\/ALJ-Wind-Power-Coal.jpg 2480w, https:\/\/media.alj.com\/app\/uploads\/2021\/11\/ALJ-Wind-Power-Coal-300x243.jpg 300w, https:\/\/media.alj.com\/app\/uploads\/2021\/11\/ALJ-Wind-Power-Coal-1024x829.jpg 1024w, https:\/\/media.alj.com\/app\/uploads\/2021\/11\/ALJ-Wind-Power-Coal-150x121.jpg 150w, https:\/\/media.alj.com\/app\/uploads\/2021\/11\/ALJ-Wind-Power-Coal-768x622.jpg 768w, https:\/\/media.alj.com\/app\/uploads\/2021\/11\/ALJ-Wind-Power-Coal-1536x1244.jpg 1536w, https:\/\/media.alj.com\/app\/uploads\/2021\/11\/ALJ-Wind-Power-Coal-2048x1658.jpg 2048w\" sizes=\"(max-width: 2480px) 100vw, 2480px\" \/><\/p>\n<h2>Sekt\u00f6r, oyunun kurallar\u0131n\u0131n de\u011fi\u015fece\u011fi be\u015f y\u0131la haz\u0131r<\/h2>\n<p>T\u00fcm zorluklara ra\u011fmen, r\u00fczgar piyasas\u0131 son derece canl\u0131 g\u00f6r\u00fcnmeye devam etmektedir. \u00d6yle ki, Global R\u00fczgar Enerjisi Konseyi (Global Wind Energy Council, <a href=\"https:\/\/gwec.net\/\">GWEC<\/a>) ba\u015fkan\u0131 Ben Backwell\u2019e g\u00f6re toplumumuz 2021\u2019i <em>\u201cd\u00fcnyan\u0131n kararl\u0131 bir kolektif eylem yolunu benimseyerek iklim kriziyle y\u00fczle\u015fmeyi ba\u015fard\u0131\u011f\u0131 y\u0131l\u201d <\/em>olarak hat\u0131rlayabilecektir<em>.<\/em><a href=\"#_ftn9\" name=\"_ftnref9\"><em><sup><strong>[9]<\/strong><\/sup><\/em><\/a><\/p>\n<figure id=\"attachment_94370\" aria-describedby=\"caption-attachment-94370\" style=\"width: 300px\" class=\"wp-caption alignleft\"><img decoding=\"async\" loading=\"lazy\" class=\"size-medium wp-image-94370\" src=\"https:\/\/www.alj.com\/app\/uploads\/2021\/11\/Ben-Backwell-GWEC-300x242.jpg\" alt=\"\" width=\"300\" height=\"242\" srcset=\"https:\/\/media.alj.com\/app\/uploads\/2021\/11\/Ben-Backwell-GWEC-300x242.jpg 300w, https:\/\/media.alj.com\/app\/uploads\/2021\/11\/Ben-Backwell-GWEC-150x121.jpg 150w, https:\/\/media.alj.com\/app\/uploads\/2021\/11\/Ben-Backwell-GWEC.jpg 619w\" sizes=\"(max-width: 300px) 100vw, 300px\" \/><figcaption id=\"caption-attachment-94370\" class=\"wp-caption-text\">Ben Backwell, GWEC \u0130cra Kurulu Ba\u015fkan\u0131<\/figcaption><\/figure>\n<p>Bu iyimserli\u011fin sebebi nedir?<\/p>\n<p>GWEC, \u00f6n\u00fcm\u00fczdeki be\u015f y\u0131l i\u00e7inde 469 GW\u2019tan fazla yeni r\u00fczgar enerjisi kapasitesinin \u015febekeye ba\u011flanaca\u011f\u0131n\u0131 veya 2021 ile 2025 aras\u0131nda y\u0131lda yakla\u015f\u0131k 94 GW\u2019l\u0131k bir art\u0131\u015f olaca\u011f\u0131n\u0131 tahmin etmektedir. Buna, y\u0131ll\u0131k ortalama 79,8 GW\u2019l\u0131k yeni k\u0131y\u0131 r\u00fczgar enerjisi kapasitesi dahildir (toplam 399 GW). Ayn\u0131 d\u00f6nemde, yeni a\u00e7\u0131k deniz kurulum oran\u0131n\u0131n d\u00f6rde katlanmas\u0131 (toplam 70 GW) ve a\u00e7\u0131k denizin pazar pay\u0131n\u0131 2025 y\u0131l\u0131na kadar %6,5\u2019ten %21\u2019e \u00e7\u0131karmas\u0131 beklenmektedir.<\/p>\n<p>Bu olduk\u00e7a etkileyicidir; ancak IPCC k\u00fcresel \u0131s\u0131nma hedeflerinin kar\u015f\u0131lanmas\u0131 i\u00e7in y\u0131ll\u0131k olarak ihtiya\u00e7 duyulan 180 GW\u2019l\u0131k yeni kurulum kapasitesine ula\u015f\u0131lamam\u0131\u015ft\u0131r.<\/p>\n<p>Fakat buna ra\u011fmen, iklim de\u011fi\u015fikli\u011finin kar\u015f\u0131m\u0131zdaki tehlikeleri s\u00f6z konusu oldu\u011funda ihtiyac\u0131n, eylemi tetikledi\u011fine giderek daha fazla \u015fahit olmaktay\u0131z.<\/p>\n<p>\u00d6rne\u011fin AB, 2021 ile 2030 aras\u0131nda y\u0131lda 30 GW\u2019l\u0131k yeni r\u00fczgar t\u00fcrbinleri hedeflemektedir. Bu hedef, belirtilen tarihe kadar k\u0131ta genelinde emisyonlar\u0131 %55 azaltmay\u0131 hedefleyen Fit-For-55 paketinin<a href=\"#_ftn10\" name=\"_ftnref10\">[10]<\/a> bir par\u00e7as\u0131d\u0131r.<a href=\"#_ftn11\" name=\"_ftnref11\">[11]<\/a><\/p>\n<p>Avrupa, 2020\u2019de 43 milyar euro tutar\u0131nda yeni bir r\u00fczgar \u00e7iftli\u011fi yat\u0131r\u0131m\u0131n\u0131 onaylayarak kesinlikle do\u011fru y\u00f6nde ilerlemektedir. Bu rakam, kara r\u00fczgar\u0131 i\u00e7in 17 milyar euro (13 GW) ve a\u00e7\u0131k deniz r\u00fczgar\u0131 i\u00e7in 26 milyar euro\u2019dur (7 GW). Bu, \u00f6nceki y\u0131la k\u0131yasla yat\u0131r\u0131mlarda %70\u2019lik bir art\u0131\u015f\u0131 ifade etmektedir ve \u015fu anda in\u015faat halinde olan iki b\u00fcy\u00fck a\u00e7\u0131k deniz projesi i\u00e7in sa\u011flanan finansman kayna\u011f\u0131n\u0131 da i\u00e7ermektedir: Hollanda\u2019daki Hollandse Kust Zuid ve Birle\u015fik Krall\u0131k\u2019taki Dogger Bank.<\/p>\n<p><img decoding=\"async\" loading=\"lazy\" class=\"aligncenter size-full wp-image-94460\" src=\"https:\/\/www.alj.com\/app\/uploads\/2021\/11\/ALJ-Wind-Power-Wind-Farms.jpg\" alt=\"\" width=\"2560\" height=\"1681\" \/><\/p>\n<p>Harekete \u00f6nc\u00fcl\u00fck eden Birle\u015fik Krall\u0131k, toplam 43 milyar euro\u2019luk yat\u0131r\u0131m\u0131n 13 milyar euro\u2019luk k\u0131sm\u0131n\u0131 sa\u011flarken ard\u0131ndan gelen Hollanda 8 milyar euro, Fransa 6,5 milyar euro ve Almanya 4,3 milyar euro tutar\u0131nda katk\u0131 sa\u011flam\u0131\u015ft\u0131r.<a href=\"#_ftn12\" name=\"_ftnref12\">[12]<\/a><\/p>\n<p>R\u00fczgar enerjisinin piyasada daha geni\u015f bir alana yay\u0131lmas\u0131 i\u00e7in yap\u0131lan planlar h\u0131z kazanmaya devam etmektedir. Birle\u015fik Krall\u0131k h\u00fck\u00fcmeti, 2030 y\u0131l\u0131na kadar y\u00fczer solar enerji panellerinden 1 GW enerji \u00fcretme giri\u015fiminin bir par\u00e7as\u0131 olarak \u0130ngiliz sular\u0131 etraf\u0131ndaki a\u00e7\u0131k deniz r\u00fczgar liman\u0131 tesislerine yat\u0131r\u0131m yapmak i\u00e7in 220 milyon dolarl\u0131k bir sermaye ay\u0131rm\u0131\u015ft\u0131r.<a href=\"#_ftn13\" name=\"_ftnref13\">[13]<\/a> Birle\u015fik Krall\u0131k, kaynaklar\u0131n\u0131 ayn\u0131 zamanda \u00fclkelerin yenilenebilir enerji altyap\u0131s\u0131 kurmalar\u0131na ve salg\u0131n sonras\u0131 \u201cye\u015fil b\u00fcy\u00fcme\u201d hareketini takip etmelerine yard\u0131mc\u0131 olmay\u0131 ama\u00e7layan 4,1 milyar ABD dolar\u0131 tutar\u0131ndaki bir plan olan Temiz Ye\u015fil Giri\u015fimine aktarmaktad\u0131r.<a href=\"#_ftn14\" name=\"_ftnref14\">[14]<\/a> Fosil yak\u0131t \u015firketleri de r\u00fczgar\u0131n mucizesinin fark\u0131na varmaktad\u0131r. Norve\u00e7li petrol devi Equinor, \u00fc\u00e7 adet y\u00fczer kolonu ba\u011flayan \u00e7elik kiri\u015flere sahip yar\u0131 dalg\u0131\u00e7 t\u00fcrbin temelli yeni y\u00fczer r\u00fczgar platformunun tasar\u0131m\u0131na ait ilk g\u00f6r\u00fcnt\u00fcleri sunmu\u015ftur.<a href=\"#_ftn15\" name=\"_ftnref15\">[15]<\/a> Sistem, standart a\u00e7\u0131k deniz t\u00fcrbin tasar\u0131mlar\u0131na g\u00f6re bir\u00e7ok avantaja sahiptir: Ar\u0131zaya kar\u015f\u0131 daha dayan\u0131kl\u0131d\u0131r ve daha h\u0131zl\u0131 monte edilebilir. Yeni t\u00fcrbinler, GW\u2019l\u0131k kapasitelere sahip y\u00fczer projelerin tek bir fazda konu\u015fland\u0131r\u0131lmas\u0131na olanak sa\u011flayacak ve Equinor\u2019un 15 d\u00f6n\u00fcml\u00fck ScotWind a\u00e7\u0131k deniz kiralama teklifini sundu\u011fu ihalede yer alacakt\u0131r.<\/p>\n<p>Sekt\u00f6r\u00fcn gelece\u011fine y\u00f6nelik bahse girmek, i\u015f a\u00e7\u0131s\u0131ndan mant\u0131kl\u0131 g\u00f6r\u00fcnmektedir. Avrupa R\u00fczgar Teknolojisi ve Yenilikleri Platformu\u2019nun (<a href=\"https:\/\/etipwind.eu\/\">ETIPWind<\/a>) yeni raporunda yenilenebilir enerji \u00fcretiminin, Avrupa ekonomisini karbondan ar\u0131nd\u0131rman\u0131n en ucuz yolu oldu\u011funu ifade edilmektedir. Bu platformun ger\u00e7ekle\u015ftirdi\u011fi ara\u015ft\u0131rmalar, 2050 y\u0131l\u0131na kadar Avrupa\u2019n\u0131n enerji ihtiyac\u0131n\u0131n %75\u2019inin elektrikle kar\u015f\u0131lanaca\u011f\u0131n\u0131 ve r\u00fczgar\u0131n bu rakam\u0131n \u00fc\u00e7te ikisini sa\u011flayaca\u011f\u0131n\u0131 g\u00f6stermektedir.<a href=\"#_ftn16\" name=\"_ftnref16\">[16]<\/a><\/p>\n<p>Her yeni t\u00fcrbin, Avrupa\u2019da tahmini olarak 10 milyon euro\u2019luk bir ekonomik faaliyet olu\u015fturmaktad\u0131r; do\u011fru destek ve te\u015fviklerle sekt\u00f6r\u00fcn 2030 y\u0131l\u0131na kadar 150.000 yeni i\u015f yaratabilece\u011fi d\u00fc\u015f\u00fcn\u00fclmektedir.<a href=\"#_ftn17\" name=\"_ftnref17\"><sup>[17]<\/sup><\/a><\/p>\n<h2>Kurallar\u0131 ba\u015ftan yazan teknoloji<\/h2>\n<p>Yenilenebilir enerjiye kar\u015f\u0131 gelen yayg\u0131n arg\u00fcmanlardan biri de dalgal\u0131 tedarik sorunudur, \u00f6rne\u011fin r\u00fczgar canl\u0131 bir \u015fekilde esmedi\u011finde, fabrikalar\u0131m\u0131z\u0131n ve ta\u015f\u0131ma sistemlerimizin \u00e7al\u0131\u015fmaya devam etmesi i\u00e7in ne yap\u0131lmas\u0131 gerekti\u011fi gibi. 2020 ve 2021 y\u0131llar\u0131nda batarya depolama ve \u201cPower-to-X\u201d teknolojisi ile ilgili kavramlar konusundaki ilerlemeler te\u015fvik edici bir \u015fekilde devam etmi\u015ftir.<\/p>\n<p>Power-to-X, arz fazlas\u0131n\u0131n olu\u015ftu\u011fu d\u00f6nemlerde fazla enerjinin \u015febekeye y\u00f6nlendirilmesini ve farkl\u0131 sekt\u00f6rlerde, \u00f6rne\u011fin kimyasallar, yak\u0131t ve gaz d\u00f6n\u00fc\u015f\u00fcm\u00fc i\u00e7in kullan\u0131larak elektrolizle hidrojene d\u00f6n\u00fc\u015ft\u00fcr\u00fclmesini ifade etmektedir. Son 12 ay i\u00e7inde <a href=\"https:\/\/en.wikipedia.org\/wiki\/Gas_turbine#Industrial_gas_turbines_for_power_generation\">gaz t\u00fcrbinleri<\/a>, <a href=\"https:\/\/en.wikipedia.org\/wiki\/Combined_cycle\">kombine<\/a> \u00e7evrim santralleri, <a href=\"https:\/\/en.wikipedia.org\/wiki\/Reciprocating_engine\">pistonlu<\/a> motorlar ve yak\u0131t h\u00fccreleri gibi yeniden d\u00f6n\u00fc\u015ft\u00fcrme teknolojilerinde daha fazla ilerleme kaydedilmi\u015ftir.<\/p>\n<p><img decoding=\"async\" loading=\"lazy\" class=\"aligncenter size-full wp-image-94446\" src=\"https:\/\/www.alj.com\/app\/uploads\/2021\/11\/ALJ-Wind-Power-Green-Hydrogen.jpg\" alt=\"\" width=\"2560\" height=\"1810\" \/><\/p>\n<p>Bu t\u00fcr at\u0131l\u0131mlar, Hollanda k\u0131y\u0131s\u0131nda bulunan b\u00fcy\u00fck bir a\u00e7\u0131k deniz r\u00fczgar \u00e7iftli\u011fi olan NortH2 (Equinor, Gasunie, Groningen Seaports, RWE ve Shell Nederland aras\u0131nda bir i\u015f ortakl\u0131\u011f\u0131) gibi projelere g\u00fc\u00e7l\u00fc bir destek sa\u011flamaktad\u0131r. NortH2, 2030 y\u0131l\u0131na kadar 4 GW ye\u015fil hidrojen \u00fcretmeyi ve on y\u0131l sonra bu rakam\u0131 10 GW\u2019a y\u00fckseltmeyi hedeflemektedir.<a href=\"#_ftn18\" name=\"_ftnref18\">[18]<\/a><\/p>\n<p>\u00c7in\u2019in Hebei eyaletinde ise 2021 sonu itibar\u0131yla devreye al\u0131nmas\u0131 beklenen 200 MW\u2019l\u0131k bir k\u0131y\u0131 r\u00fczgar \u00e7iftli\u011finde elektroliz kullan\u0131larak y\u0131lda 10 MW ye\u015fil hidrojen \u00fcretilmesi planlanmaktad\u0131r.<\/p>\n<p>Daha g\u00fcneyde, Bat\u0131 Avustralya\u2019n\u0131n devasa 15 GW r\u00fczgar\/g\u00fcne\u015f Asya Yenilenebilir Enerji Merkezinin, 2027 y\u0131l\u0131nda faaliyete ge\u00e7mesi ve 26 GW\u2019a kadar yenilenebilir enerjiyi ye\u015fil hidrojen ve amonyak \u00fcretimi i\u00e7in kullanmas\u0131 beklenmektedir.<\/p>\n<p>Son on y\u0131lda %90\u2019a kadar d\u00fc\u015fen batarya fiyatlar\u0131 nedeniyle, batarya depolama teknolojisindeki maliyetler de d\u00fc\u015fmeye devam etmektedir.<\/p>\n<p>Abdul Latif Jameel\u2019de b\u00fcy\u00fck de\u011fi\u015fiklikler yapman\u0131n cesur ad\u0131mlar atmay\u0131 gerektirdi\u011fini biliyoruz; bu nedenle <a href=\"https:\/\/alj.com\/energy\">Abdul Latif Jameel Energy<\/a>\u2019nin bir par\u00e7as\u0131 olan \u00f6nemli yenilenebilir enerji i\u015fletmemiz Fotowatio Renewable Ventures (<a href=\"https:\/\/frv.com\/en\/\">FRV<\/a>) arac\u0131l\u0131\u011f\u0131yla en son teknolojiye y\u00f6nelik ara\u015ft\u0131rmalara fon sa\u011flamaktay\u0131z<u>.<\/u><\/p>\n<p><iframe loading=\"lazy\" src=\"\/\/www.youtube.com\/embed\/K5Su-KjYeXg\" width=\"560\" height=\"314\" allowfullscreen=\"allowfullscreen\"><\/iframe><\/p>\n<p>FRV\u2019nin yenilik\u00e7i kolu FRV-X, \u0130ngiliz yenilenebilir enerji geli\u015ftiricisi <a href=\"https:\/\/www.harmonyenergy.co.uk\/\">Harmony Energy<\/a> ile ortakl\u0131k kurarak Birle\u015fik Krall\u0131k\u2019taki \u00e7\u0131\u011f\u0131r a\u00e7an iki enerji depolama projesine kat\u0131lmaktad\u0131r: 68 MWsa kapasite i\u00e7in 28 adet Tesla Megapack batarya serisi kullanan 34 MW <a href=\"https:\/\/www.alj.com\/en\/news\/abdul-latif-jameel-energy-supports-development-of-second-utility-scale-battery-storage-project-in-uk\/\">Contego<\/a> tesisi, yenilenebilir kaynaklardan enerji depolama imkan\u0131 ve Birle\u015fik Krall\u0131k Ulusal \u015eebekesine en \u00fcst d\u00fczeyde esneklik sunan 7,5 MW kapasiteli <a href=\"https:\/\/www.alj.com\/en\/news\/abdul-latif-jameel-energys-frv-harmony-energy-commission-first-megapack-uk-energy-storage-project\/\">Holes Bay<\/a> tesisi. Ayr\u0131ca, bu ortaklar k\u0131sa s\u00fcre \u00f6nce Essex\u2019teki Clay Tye\u2019de bulunan, Birle\u015fik Krall\u0131k\u2019\u0131n en b\u00fcy\u00fck Batarya ile Enerji Depolama Sistemi (Battery Energy Storage System, BESS) planlar\u0131n\u0131 duyurdular.<\/p>\n<p><iframe loading=\"lazy\" src=\"\/\/www.youtube.com\/embed\/wOrmFDNHlns\" width=\"560\" height=\"314\" allowfullscreen=\"allowfullscreen\"><\/iframe><\/p>\n<p><em>FRV-X Genel M\u00fcd\u00fcr\u00fc Felipe Hern\u00e1ndez<\/em> \u015funlar\u0131 s\u00f6ylemi\u015ftir: <em>\u201cBu projeler, Birle\u015fik Krall\u0131k\u2019ta yenilenebilir enerjiye olan ba\u011fl\u0131l\u0131\u011f\u0131m\u0131z\u0131n ve karbonsuzla\u015ft\u0131r\u0131lm\u0131\u015f enerji sistemine ge\u00e7i\u015fe y\u00f6nelik s\u00fcrekli deste\u011fimizi vurgulamaktad\u0131r.<\/em> <em>Yak\u0131n gelecekte, sadece Birle\u015fik Krall\u0131k\u2019ta de\u011fil, faaliyet g\u00f6sterdi\u011fimiz di\u011fer pazarlarda da enerji depolama hatt\u0131m\u0131z\u0131 b\u00fcy\u00fctmeyi hedefliyoruz.\u201d<\/em><\/p>\n<p>FRV ayr\u0131ca, Avustralya\u2019n\u0131n Queensland \u015fehrinin Dalby b\u00f6lgesindeki 5 MW kapasiteli Dalby 1 hibrit g\u00fcne\u015f enerjisi ve Batarya Enerjisi Depolama Sistemi (BESS) projesini desteklemektedir ve projenin, bu y\u0131l\u0131n Aral\u0131k ay\u0131nda tamamlanmas\u0131 planlanmaktad\u0131r.<\/p>\n<p><img decoding=\"async\" loading=\"lazy\" class=\"aligncenter  wp-image-94405\" src=\"https:\/\/www.alj.com\/app\/uploads\/2021\/11\/Wind-turbine-landscape.jpg\" alt=\"\" width=\"967\" height=\"489\" srcset=\"https:\/\/media.alj.com\/app\/uploads\/2021\/11\/Wind-turbine-landscape.jpg 496w, https:\/\/media.alj.com\/app\/uploads\/2021\/11\/Wind-turbine-landscape-300x152.jpg 300w, https:\/\/media.alj.com\/app\/uploads\/2021\/11\/Wind-turbine-landscape-150x76.jpg 150w\" sizes=\"(max-width: 967px) 100vw, 967px\" \/><\/p>\n<p>Bu faaliyetler, FRV\u2019nin \u015eili\u2019deki Hybrid Wind Rarinco ve Solar Punta del Viento 343 MW hibrit 945 MWsa\/y\u0131l kapasiteli projeleri de dahil olmak \u00fczere, di\u011fer ye\u015fil enerji \u00fcretim projeleri de tamamlanarak 2023 y\u0131l\u0131nda faaliyete ge\u00e7ti\u011finde 391.841 haneye elektrik tedarik edecektir ve k\u0131sa s\u00fcre \u00f6nce <a href=\"https:\/\/www.linkedin.com\/feed\/update\/urn:li:activity:6851886567154294785\">\u00e7evre<\/a> i\u015fleri lisans onay\u0131 alm\u0131\u015ft\u0131r.<\/p>\n<p>R\u00fczgar enerjisindeki en heyecan verici geli\u015fmelerden baz\u0131lar\u0131 Abdul Latif Jameel\u2019in yuvas\u0131nda, Suudi Arabistan\u2019da ger\u00e7ekle\u015febilir: \u00dclke, bu y\u0131l GWEC taraf\u0131ndan \u201cizlenmesi gereken pazar\u201d olarak \u00f6ne \u00e7\u0131kar\u0131lm\u0131\u015ft\u0131r.<a href=\"#_ftn19\" name=\"_ftnref19\">[19]<\/a><\/p>\n<p>GWEC, Suudi Arabistan\u2019\u0131 kara r\u00fczgar \u00fcretim potansiyeli bak\u0131m\u0131ndan d\u00fcnyada 13. s\u0131rada de\u011ferlendirmektedir. Belirtilen sahalardaki y\u0131ll\u0131k kara r\u00fczgar h\u0131zlar\u0131 6-8 m\/sa aras\u0131nda kaydedilmi\u015ftir ve y\u0131l\u0131n b\u00fcy\u00fck bir k\u0131sm\u0131nda tutarl\u0131d\u0131r. Tamamen faydalan\u0131lmas\u0131 halinde bu r\u00fczgar potansiyelinin, Suudi Arabistan yenilenebilir enerji sekt\u00f6r\u00fcnde on y\u0131l\u0131n sonuna kadar 750.000\u2019e kadar i\u015f yaratabilece\u011fi d\u00fc\u015f\u00fcn\u00fclmektedir.<\/p>\n<p><img decoding=\"async\" loading=\"lazy\" class=\"alignleft size-full wp-image-94391\" src=\"https:\/\/www.alj.com\/app\/uploads\/2021\/11\/NREP-Logo.jpg\" alt=\"\" width=\"200\" height=\"100\" srcset=\"https:\/\/media.alj.com\/app\/uploads\/2021\/11\/NREP-Logo.jpg 200w, https:\/\/media.alj.com\/app\/uploads\/2021\/11\/NREP-Logo-150x75.jpg 150w\" sizes=\"(max-width: 200px) 100vw, 200px\" \/>\u00dclkedeki <a href=\"https:\/\/ksa-climate.com\/making-a-difference\/nrep\/\">National Renewable Energy Program<\/a> (NREP), 2030 y\u0131l\u0131na kadar 58,7 GW yenilenebilir enerji \u00fcretmeyi hedeflemekte olup bu miktar\u0131n 16 GW\u2019\u0131 r\u00fczgardan elde edilecektir. Suudi Arabistan\u2019\u0131n 2022\u2019nin ilk \u00e7eyre\u011finde faaliyete ge\u00e7ecek olan 500 milyon ABD dolar\u0131 tutar\u0131ndaki 400 MW\u2019l\u0131k Dumat-al-Jandal r\u00fczgar \u00e7iftli\u011fi projesinin ihalesi sonu\u00e7lanm\u0131\u015ft\u0131r.<\/p>\n<p>Suudi Arabistan\u2019daki r\u00fczgar enerjisi ile ilgili iddialar, Tabuk Eyaleti&#8217;nde \u015fu anda in\u015fa edilmekte olan yenilenebilir enerjiye sahip ak\u0131ll\u0131 bir \u015fehir olan Neom taraf\u0131ndan da kan\u0131tlanmaktad\u0131r. 2025 y\u0131l\u0131nda tamamlanmas\u0131 planlanan birinci a\u015famas\u0131 ile Neom \u015fehri, 4 GW r\u00fczgar ve g\u00fcne\u015f enerjisi ile desteklenen d\u00fcnyan\u0131n en b\u00fcy\u00fck ye\u015fil hidrojen projesi olma iddias\u0131na sahip olacakt\u0131r.<\/p>\n<p>G\u00f6rd\u00fc\u011f\u00fcm\u00fcz gibi, r\u00fczgar neredeyse orada bir yol vard\u0131r.<\/p>\n<h2>R\u00fczgar yeni bir y\u00f6n sunuyor<\/h2>\n<figure id=\"attachment_90627\" aria-describedby=\"caption-attachment-90627\" style=\"width: 225px\" class=\"wp-caption alignleft\"><img decoding=\"async\" loading=\"lazy\" class=\"size-medium wp-image-90627\" src=\"https:\/\/www.alj.com\/app\/uploads\/2021\/07\/Fady-Jameel-2-225x300.jpg\" alt=\"Fady Jameel\" width=\"225\" height=\"300\" srcset=\"https:\/\/media.alj.com\/app\/uploads\/2021\/07\/Fady-Jameel-2-225x300.jpg 225w, https:\/\/media.alj.com\/app\/uploads\/2021\/07\/Fady-Jameel-2-768x1025.jpg 768w, https:\/\/media.alj.com\/app\/uploads\/2021\/07\/Fady-Jameel-2-112x150.jpg 112w, https:\/\/media.alj.com\/app\/uploads\/2021\/07\/Fady-Jameel-2-1151x1536.jpg 1151w, https:\/\/media.alj.com\/app\/uploads\/2021\/07\/Fady-Jameel-2.jpg 1224w\" sizes=\"(max-width: 225px) 100vw, 225px\" \/><figcaption id=\"caption-attachment-90627\" class=\"wp-caption-text\">Fady Jameel<br \/>\nBa\u015fkan Vekili ve Y\u00f6netim Kurulu Ba\u015fkan Yard\u0131mc\u0131s\u0131<br \/>\nAbdul Latif Jameel<\/figcaption><\/figure>\n<p>COVID-19\u2019un k\u00fcresel enerji t\u00fcketimini azaltarak iklim de\u011fi\u015fikli\u011fini frenledi\u011fine inanmak kula\u011fa ho\u015f geliyor olabilir. Ancak bu yaln\u0131zca ge\u00e7ici bir molad\u0131r. <a href=\"https:\/\/alj.com\/\">Abdul Latif Jameel<\/a> Ba\u015fkan Vekili ve Y\u00f6netim Kurulu Ba\u015fkan Yard\u0131mc\u0131s\u0131 <a href=\"https:\/\/www.alj.com\/en\/our-people\/fady-jameel\/\">Fady Jameel<\/a>\u2019in Spotlight <u>makalesinde<\/u> belirtti\u011fi gibi, d\u00fcnya COVID-19 ile m\u00fccadele ederken iklim de\u011fi\u015fikli\u011fi ilerleyi\u015fine ara vermemi\u015ftir. Karbon emisyonlar\u0131n\u0131n 2020 y\u0131l\u0131nda %6 oran\u0131nda d\u00fc\u015fmesine kar\u015f\u0131n, sekt\u00f6r\u00fcn tekrar y\u00fckseli\u015fe ge\u00e7ti\u011fi 2021 y\u0131l\u0131nda G20 \u00fclkelerindeki emisyonlar\u0131n %4 oran\u0131nda artmas\u0131 beklenmektedir.<a href=\"#_ftn20\" name=\"_ftnref20\">[20]<\/a> Hindistan ve \u00c7in\u2019in de aralar\u0131nda bulundu\u011fu pek \u00e7ok \u00fclke, 2019 y\u0131l\u0131ndaki emisyon seviyelerinin \u00fczerine \u00e7\u0131kacakt\u0131r.<\/p>\n<p><em>\u201cRakamlar y\u0131ldan y\u0131la farkl\u0131l\u0131k g\u00f6sterebilir ancak temelde yatan ger\u00e7ek, olduk\u00e7a karamsar bir tablo ortaya koyuyor.\u201d <\/em>s\u00f6zleriyle durumu ifade eden <a href=\"https:\/\/www.linkedin.com\/in\/fady-m-jameel\/\">Fady<\/a>, <em>\u201cD\u00fcnyada nerede ya\u015farsak ya\u015fayal\u0131m, g\u00f6receli refah\u0131m\u0131z ne olursa olsun, k\u00fcresel \u0131s\u0131nma, ya\u015fam tarz\u0131m\u0131z i\u00e7in bir tehdit olmaya devam edecek. <\/em><\/p>\n<p><em>\u201cAbdul Latif Jameel\u2019de, \u00f6zel yat\u0131r\u0131mlar\u0131n, insanlar\u0131n ya\u015famlar\u0131n\u0131 ve potansiyel m\u00fc\u015fterilerini \u015fimdi ve gelecekte \u00f6nemli \u00f6l\u00e7\u00fcde iyile\u015ftirmesi i\u00e7in kamu sekt\u00f6r\u00fcn\u00fc nas\u0131l te\u015fvik edebilece\u011fini g\u00f6stererek bu yolda model olarak liderlik etme konusunda tutkuluyuz.<\/em><\/p>\n<p><em>\u201cHi\u00e7 kimse bu k\u00fcresel salg\u0131n\u0131n d\u00fcnya \u00e7ap\u0131nda kontrols\u00fcz bir \u015fekilde yay\u0131laca\u011f\u0131n\u0131 \u00f6ng\u00f6remedi\u011fi gibi, gezegenin 2 derecelik \u0131s\u0131nman\u0131n zirvesine ula\u015fmas\u0131n\u0131 istemedi.<\/em> <em>Ama de\u011fi\u015ftiremedi\u011fimiz \u015feyler i\u00e7in s\u0131zlanmam\u0131z gereksiz, yap\u0131lacak \u00e7ok fazla i\u015f var.\u201d<\/em> diyerek kararl\u0131l\u0131klar\u0131n\u0131 ortaya koymu\u015ftur.<\/p>\n<p>\u0130leriye bakt\u0131\u011f\u0131m\u0131zda, GWEC, r\u00fczgar g\u00fcc\u00fcn\u00fc ye\u015fil enerjiye ge\u00e7i\u015f s\u00fcrecinin merkezine yerle\u015ftirmek i\u00e7in uygulamadan psikolojiye kadar bir\u00e7ok temel ad\u0131m\u0131n alt\u0131n\u0131 \u00e7izmektedir:<a href=\"#_ftn21\" name=\"_ftnref21\">[21]<\/a><\/p>\n<ul>\n<li><strong>D\u00fcr\u00fcstl\u00fck<\/strong>: Yasa yap\u0131c\u0131lar ve d\u00fczenleyiciler, \u015fu anda bulundu\u011fumuz yer ile olmam\u0131z gereken yer aras\u0131ndaki bo\u015flu\u011fu vurgulayarak aciliyet duygusu olu\u015fturmal\u0131d\u0131r.<\/li>\n<li><strong>Aciliyet<\/strong>: Planlay\u0131c\u0131lar, b\u00fcrokrasiye son vererek ve yeni r\u00fczgar \u00e7iftlikleri i\u00e7in izin s\u00fcrecini d\u00fczene sokarak \u201cacil iklim vakas\u0131\u201d yakla\u015f\u0131m\u0131n\u0131 benimsemelidir.<\/li>\n<li><strong>Adillik<\/strong>: H\u00fck\u00fcmetler fosil yak\u0131tlara dayal\u0131 enerji sistemlerinin b\u0131rak\u0131lmas\u0131na yard\u0131mc\u0131 olmal\u0131 ve karbon emisyonlar\u0131n\u0131n sosyal y\u00fck\u00fcml\u00fcl\u00fcklerinin adil bir \u015fekilde dengelenmesini sa\u011flamal\u0131d\u0131r.<\/li>\n<li><strong>Koordinasyon<\/strong>: Yenilenebilir enerji pazar\u0131ndaki payda\u015flar; kimyasal madde, tar\u0131m ve nakliye end\u00fcstrilerini karbondan ar\u0131nd\u0131rmak i\u00e7in gerekli bu zorlu ge\u00e7i\u015f s\u00fcrecinde sekt\u00f6rlere yard\u0131mc\u0131 olmak \u00fczere bir araya gelmelidir.<\/li>\n<\/ul>\n<blockquote>\n<p><em>\u201cHava olaylar\u0131 bizim i\u00e7in faydal\u0131 veya zararl\u0131 olabilir, se\u00e7im bizimdir.\u201d <\/em>diye ekliyor Fady Jameel.<em> \u201cBirlikte \u00e7al\u0131\u015farak ve do\u011fan\u0131n g\u00fcc\u00fcnden yararlanarak r\u00fczgar\u0131, enerji g\u00fcndemine ta\u015f\u0131yabilir ve gezegenimizi korumaya yard\u0131mc\u0131 olabiliriz.\u201d<\/em><\/p>\n<\/blockquote>\n<p>&nbsp;<\/p>\n<p><a href=\"#_ftnref1\" name=\"_ftn1\">[1]<\/a> https:\/\/gwec.net\/wp-content\/uploads\/2021\/03\/GWEC-Global-Wind-Report-2021.pdf<\/p>\n<p><a href=\"#_ftnref2\" name=\"_ftn2\">[2]<\/a> https:\/\/www.irena.org\/-\/media\/Files\/IRENA\/Agency\/Publication\/2019\/Sep\/IRENA_Transforming_2019_Summary.pdf<\/p>\n<p><a href=\"#_ftnref3\" name=\"_ftn3\">[3]<\/a> https:\/\/gwec.net\/wp-content\/uploads\/2021\/03\/GWEC-Global-Wind-Report-2021.pdf<\/p>\n<p><a href=\"#_ftnref4\" name=\"_ftn4\">[4]<\/a> https:\/\/www.iea.org\/reports\/world-energy-outlook-2021<\/p>\n<p><a href=\"#_ftnref5\" name=\"_ftn5\">[5]<\/a> https:\/\/www.theguardian.com\/environment\/2021\/oct\/13\/carbon-emissions-will-drop-just-40-by-2050-with-countries-current-pledges<\/p>\n<p><a href=\"#_ftnref6\" name=\"_ftn6\">[6]<\/a> https:\/\/gwec.net\/wp-content\/uploads\/2021\/03\/GWEC-Global-Wind-Report-2021.pdf<\/p>\n<p><a href=\"#_ftnref7\" name=\"_ftn7\">[7]<\/a> https:\/\/www.theguardian.com\/environment\/2021\/oct\/12\/china-coal-fired-plants-uk-cop26-climate-summit-global-phase-out<\/p>\n<p><a href=\"#_ftnref8\" name=\"_ftn8\">[8]<\/a> https:\/\/www.mckinsey.com\/~\/media\/McKinsey\/Industries\/Oil%20and%20Gas\/Our%20Insights\/Global%20Energy%20Perspective%202019\/McKinsey-Energy-Insights-Global-Energy-Perspective-2019_Reference-Case-Summary.ashx<\/p>\n<p><a href=\"#_ftnref9\" name=\"_ftn9\">[9]<\/a> https:\/\/gwec.net\/wp-content\/uploads\/2021\/03\/GWEC-Global-Wind-Report-2021.pdf<\/p>\n<p><a href=\"#_ftnref10\" name=\"_ftn10\">[10]<\/a> https:\/\/www.consilium.europa.eu\/en\/policies\/green-deal\/eu-plan-for-a-green-transition\/<\/p>\n<p><a href=\"#_ftnref11\" name=\"_ftn11\">[11]<\/a> https:\/\/windeurope.org\/newsroom\/press-releases\/its-official-the-eu-commission-wants-30-gw-of-new-wind-a-year-up-to-2030\/<\/p>\n<p><a href=\"#_ftnref12\" name=\"_ftn12\">[12]<\/a> https:\/\/windeurope.org\/newsroom\/press-releases\/money-pouring-into-wind-energy-despite-covid-but-are-there-enough-projects-out-there\/<\/p>\n<p><a href=\"#_ftnref13\" name=\"_ftn13\">[13]<\/a> https:\/\/www.rechargenews.com\/wind\/britain-bets-on-floating-wind-with-220m-kickstart-pot-for-coastal-industrial-hubs\/2-1-1091349<\/p>\n<p><a href=\"#_ftnref14\" name=\"_ftn14\">[14]<\/a> https:\/\/www.rechargenews.com\/energy-transition\/britain-launches-developing-nations-angled-green-funding-package-plan\/2-1-1091929<\/p>\n<p><a href=\"#_ftnref15\" name=\"_ftn15\">[15]<\/a> https:\/\/www.rechargenews.com\/wind\/equinor-eyes-gigawatt-scale-floating-wind-off-scotland-with-new-foundation-concept\/2-1-1091513<\/p>\n<p><a href=\"#_ftnref16\" name=\"_ftn16\">[16]<\/a> https:\/\/etipwind.eu\/files\/reports\/Flagship\/fit-for-55\/ETIPWind-Flagship-report-Fit-for-55-set-for-2050.pdf<\/p>\n<p><a href=\"#_ftnref17\" name=\"_ftn17\">[17]<\/a> https:\/\/windeurope.org\/newsroom\/press-releases\/money-pouring-into-wind-energy-despite-covid-but-are-there-enough-projects-out-there\/<\/p>\n<p><a href=\"#_ftnref18\" name=\"_ftn18\">[18]<\/a> https:\/\/gwec.net\/wp-content\/uploads\/2021\/03\/GWEC-Global-Wind-Report-2021.pdf<\/p>\n<p><a href=\"#_ftnref19\" name=\"_ftn19\">[19]<\/a> https:\/\/gwec.net\/wp-content\/uploads\/2021\/03\/GWEC-Global-Wind-Report-2021.pdf<\/p>\n<p><a href=\"#_ftnref20\" name=\"_ftn20\">[20]<\/a> https:\/\/www.climate-transparency.org\/g20-climate-performance\/g20report2021<\/p>\n<p><a href=\"#_ftnref21\" name=\"_ftn21\">[21]<\/a> https:\/\/gwec.net\/wp-content\/uploads\/2021\/03\/GWEC-Global-Wind-Report-2021.pdf<\/p>\n","protected":false},"author":18,"featured_media":94502,"template":"","tags":[],"acf":[],"yoast_head":"<!-- This site is optimized with the Yoast SEO plugin v21.5 - https:\/\/yoast.com\/wordpress\/plugins\/seo\/ -->\n<title>Sekt\u00f6rlerde R\u00fczgar Enerjisi B\u00fcy\u00fcmesi | Abdul Latif Jameel\u00ae<\/title>\n<meta name=\"description\" content=\"Abdul Latif Jameel&#039;in 15 \u00fclkede uygulanan r\u00fczgar enerjisi projelerine katk\u0131lar\u0131n\u0131 ke\u015ffedin. Bu end\u00fcstrinin b\u00fcy\u00fcmesi ve kulland\u0131\u011f\u0131 teknoloji hakk\u0131nda daha fazla \u00f6\u011frenin.\" \/>\n<meta name=\"robots\" content=\"index, follow, max-snippet:-1, max-image-preview:large, max-video-preview:-1\" \/>\n<link rel=\"canonical\" href=\"https:\/\/alj.com\/tr\/perspective\/yenilenebilir-enerji-pazarinda-ruzgar-icin-rekor-yil\/\" \/>\n<meta property=\"og:locale\" content=\"tr_TR\" \/>\n<meta property=\"og:type\" content=\"article\" \/>\n<meta property=\"og:title\" content=\"Sekt\u00f6rlerde R\u00fczgar Enerjisi B\u00fcy\u00fcmesi | Abdul Latif Jameel\u00ae\" \/>\n<meta property=\"og:description\" content=\"Abdul Latif Jameel&#039;in 15 \u00fclkede uygulanan r\u00fczgar enerjisi projelerine katk\u0131lar\u0131n\u0131 ke\u015ffedin. Bu end\u00fcstrinin b\u00fcy\u00fcmesi ve kulland\u0131\u011f\u0131 teknoloji hakk\u0131nda daha fazla \u00f6\u011frenin.\" \/>\n<meta property=\"og:url\" content=\"https:\/\/alj.com\/tr\/perspective\/yenilenebilir-enerji-pazarinda-ruzgar-icin-rekor-yil\/\" \/>\n<meta property=\"og:site_name\" content=\"Abdul Latif Jameel\" \/>\n<meta property=\"article:publisher\" content=\"https:\/\/www.facebook.com\/Abdul.Latif.Jameel.Official\" \/>\n<meta property=\"article:modified_time\" content=\"2022-04-12T09:28:30+00:00\" \/>\n<meta property=\"og:image\" content=\"https:\/\/media.alj.com\/app\/uploads\/2021\/11\/raychel-sanner-9MlgEX2eIkg-unsplash.jpg\" \/>\n\t<meta property=\"og:image:width\" content=\"1920\" \/>\n\t<meta property=\"og:image:height\" content=\"1440\" \/>\n\t<meta property=\"og:image:type\" content=\"image\/jpeg\" \/>\n<meta name=\"twitter:card\" content=\"summary_large_image\" \/>\n<meta name=\"twitter:label1\" content=\"Est. reading time\" \/>\n\t<meta name=\"twitter:data1\" content=\"13 minutes\" \/>\n<script type=\"application\/ld+json\" class=\"yoast-schema-graph\">{\"@context\":\"https:\/\/schema.org\",\"@graph\":[{\"@type\":\"WebPage\",\"@id\":\"https:\/\/alj.com\/tr\/perspective\/yenilenebilir-enerji-pazarinda-ruzgar-icin-rekor-yil\/\",\"url\":\"https:\/\/alj.com\/tr\/perspective\/yenilenebilir-enerji-pazarinda-ruzgar-icin-rekor-yil\/\",\"name\":\"Sekt\u00f6rlerde R\u00fczgar Enerjisi B\u00fcy\u00fcmesi | Abdul Latif Jameel\u00ae\",\"isPartOf\":{\"@id\":\"https:\/\/alj.com\/en\/#website\"},\"datePublished\":\"2021-11-23T05:10:01+00:00\",\"dateModified\":\"2022-04-12T09:28:30+00:00\",\"description\":\"Abdul Latif Jameel'in 15 \u00fclkede uygulanan r\u00fczgar enerjisi projelerine katk\u0131lar\u0131n\u0131 ke\u015ffedin. Bu end\u00fcstrinin b\u00fcy\u00fcmesi ve kulland\u0131\u011f\u0131 teknoloji hakk\u0131nda daha fazla \u00f6\u011frenin.\",\"breadcrumb\":{\"@id\":\"https:\/\/alj.com\/tr\/perspective\/yenilenebilir-enerji-pazarinda-ruzgar-icin-rekor-yil\/#breadcrumb\"},\"inLanguage\":\"tr\",\"potentialAction\":[{\"@type\":\"ReadAction\",\"target\":[\"https:\/\/alj.com\/tr\/perspective\/yenilenebilir-enerji-pazarinda-ruzgar-icin-rekor-yil\/\"]}]},{\"@type\":\"BreadcrumbList\",\"@id\":\"https:\/\/alj.com\/tr\/perspective\/yenilenebilir-enerji-pazarinda-ruzgar-icin-rekor-yil\/#breadcrumb\",\"itemListElement\":[{\"@type\":\"ListItem\",\"position\":1,\"name\":\"Home\",\"item\":\"https:\/\/alj.com\/tr\/\"},{\"@type\":\"ListItem\",\"position\":2,\"name\":\"Perspectives\",\"item\":\"https:\/\/alj.com\/ja\/perspective\/\"},{\"@type\":\"ListItem\",\"position\":3,\"name\":\"Yenilenebilir enerji pazar\u0131nda r\u00fczgar i\u00e7in rekor y\u0131l\"}]},{\"@type\":\"WebSite\",\"@id\":\"https:\/\/alj.com\/en\/#website\",\"url\":\"https:\/\/alj.com\/en\/\",\"name\":\"Abdul Latif Jameel\",\"description\":\"Abdul Latif Jameel\",\"potentialAction\":[{\"@type\":\"SearchAction\",\"target\":{\"@type\":\"EntryPoint\",\"urlTemplate\":\"https:\/\/alj.com\/en\/?s={search_term_string}\"},\"query-input\":\"required name=search_term_string\"}],\"inLanguage\":\"tr\"}]}<\/script>\n<!-- \/ Yoast SEO plugin. -->","yoast_head_json":{"title":"Sekt\u00f6rlerde R\u00fczgar Enerjisi B\u00fcy\u00fcmesi | Abdul Latif Jameel\u00ae","description":"Abdul Latif Jameel'in 15 \u00fclkede uygulanan r\u00fczgar enerjisi projelerine katk\u0131lar\u0131n\u0131 ke\u015ffedin. Bu end\u00fcstrinin b\u00fcy\u00fcmesi ve kulland\u0131\u011f\u0131 teknoloji hakk\u0131nda daha fazla \u00f6\u011frenin.","robots":{"index":"index","follow":"follow","max-snippet":"max-snippet:-1","max-image-preview":"max-image-preview:large","max-video-preview":"max-video-preview:-1"},"canonical":"https:\/\/alj.com\/tr\/perspective\/yenilenebilir-enerji-pazarinda-ruzgar-icin-rekor-yil\/","og_locale":"tr_TR","og_type":"article","og_title":"Sekt\u00f6rlerde R\u00fczgar Enerjisi B\u00fcy\u00fcmesi | Abdul Latif Jameel\u00ae","og_description":"Abdul Latif Jameel'in 15 \u00fclkede uygulanan r\u00fczgar enerjisi projelerine katk\u0131lar\u0131n\u0131 ke\u015ffedin. Bu end\u00fcstrinin b\u00fcy\u00fcmesi ve kulland\u0131\u011f\u0131 teknoloji hakk\u0131nda daha fazla \u00f6\u011frenin.","og_url":"https:\/\/alj.com\/tr\/perspective\/yenilenebilir-enerji-pazarinda-ruzgar-icin-rekor-yil\/","og_site_name":"Abdul Latif Jameel","article_publisher":"https:\/\/www.facebook.com\/Abdul.Latif.Jameel.Official","article_modified_time":"2022-04-12T09:28:30+00:00","og_image":[{"width":1920,"height":1440,"url":"https:\/\/media.alj.com\/app\/uploads\/2021\/11\/raychel-sanner-9MlgEX2eIkg-unsplash.jpg","type":"image\/jpeg"}],"twitter_card":"summary_large_image","twitter_misc":{"Est. reading time":"13 minutes"},"schema":{"@context":"https:\/\/schema.org","@graph":[{"@type":"WebPage","@id":"https:\/\/alj.com\/tr\/perspective\/yenilenebilir-enerji-pazarinda-ruzgar-icin-rekor-yil\/","url":"https:\/\/alj.com\/tr\/perspective\/yenilenebilir-enerji-pazarinda-ruzgar-icin-rekor-yil\/","name":"Sekt\u00f6rlerde R\u00fczgar Enerjisi B\u00fcy\u00fcmesi | Abdul Latif Jameel\u00ae","isPartOf":{"@id":"https:\/\/alj.com\/en\/#website"},"datePublished":"2021-11-23T05:10:01+00:00","dateModified":"2022-04-12T09:28:30+00:00","description":"Abdul Latif Jameel'in 15 \u00fclkede uygulanan r\u00fczgar enerjisi projelerine katk\u0131lar\u0131n\u0131 ke\u015ffedin. Bu end\u00fcstrinin b\u00fcy\u00fcmesi ve kulland\u0131\u011f\u0131 teknoloji hakk\u0131nda daha fazla \u00f6\u011frenin.","breadcrumb":{"@id":"https:\/\/alj.com\/tr\/perspective\/yenilenebilir-enerji-pazarinda-ruzgar-icin-rekor-yil\/#breadcrumb"},"inLanguage":"tr","potentialAction":[{"@type":"ReadAction","target":["https:\/\/alj.com\/tr\/perspective\/yenilenebilir-enerji-pazarinda-ruzgar-icin-rekor-yil\/"]}]},{"@type":"BreadcrumbList","@id":"https:\/\/alj.com\/tr\/perspective\/yenilenebilir-enerji-pazarinda-ruzgar-icin-rekor-yil\/#breadcrumb","itemListElement":[{"@type":"ListItem","position":1,"name":"Home","item":"https:\/\/alj.com\/tr\/"},{"@type":"ListItem","position":2,"name":"Perspectives","item":"https:\/\/alj.com\/ja\/perspective\/"},{"@type":"ListItem","position":3,"name":"Yenilenebilir enerji pazar\u0131nda r\u00fczgar i\u00e7in rekor y\u0131l"}]},{"@type":"WebSite","@id":"https:\/\/alj.com\/en\/#website","url":"https:\/\/alj.com\/en\/","name":"Abdul Latif Jameel","description":"Abdul Latif Jameel","potentialAction":[{"@type":"SearchAction","target":{"@type":"EntryPoint","urlTemplate":"https:\/\/alj.com\/en\/?s={search_term_string}"},"query-input":"required name=search_term_string"}],"inLanguage":"tr"}]}},"post-meta-fields":{"_alp_processed":["1637580730"],"_wpml_word_count":["{\"total\":2725,\"to_translate\":{\"ar\":2725,\"zh-hans\":2725,\"fr\":2725,\"ja\":2725,\"es\":2725,\"tr\":2725}}"],"push_notification":["no"],"_push_notification":["field_5c3b1fb67034d"],"_wpml_media_featured":["1"],"_wpml_media_duplicate":["1"],"perspective_short_title":["Yenilenebilir enerji pazar\u0131nda r\u00fczgar i\u00e7in rekor y\u0131l"],"perspective_summury":["<p>Rekor say\u0131da yeni r\u00fczgar enerjisi tesisi kurulmu\u015f ve r\u00fczgar\u0131 t\u00fcm g\u00fc\u00e7leriyle desteklemek i\u00e7in h\u00fck\u00fcmetler ve yat\u0131r\u0131mc\u0131lar bir araya gelmi\u015ftir. Sekt\u00f6r; durmak bilmeyen, yok edilemez ve t\u00fcm d\u00fcnyada co\u015fku uyand\u0131ran ger\u00e7ek bir g\u00fc\u00e7 olarak kendini kan\u0131tlam\u0131\u015ft\u0131r.<\/p>\n"],"perspective_location":["Dubai, UAE"],"wpcf-featured-news":["0"],"is_latest_news":["0"],"wpcf-show-news-at-homepage":["1"],"publish_mobile":[""],"_publish_mobile":["field_5bfa8eb2e65cf"],"mobile_featured_image":["https:\/\/media.alj.com\/app\/uploads\/2021\/11\/Wind-Raychel-Sanner-credit.jpg"],"_mobile_featured_image":["field_5c3b204983dea"],"content_series_applied":[""],"_content_series_applied":["field_60f3d3faf82ac"],"_bsf_post_type":["0"],"_bsf_item_review_type":["none"],"_yoast_wpseo_title":["Sekt\u00f6rlerde R\u00fczgar Enerjisi B\u00fcy\u00fcmesi | Abdul Latif Jameel\u00ae"],"_yoast_wpseo_metadesc":["Abdul Latif Jameel'in 15 \u00fclkede uygulanan r\u00fczgar enerjisi projelerine katk\u0131lar\u0131n\u0131 ke\u015ffedin. Bu end\u00fcstrinin b\u00fcy\u00fcmesi ve kulland\u0131\u011f\u0131 teknoloji hakk\u0131nda daha fazla \u00f6\u011frenin."],"_yoast_wpseo_content_score":["30"],"_yoast_wpseo_estimated-reading-time-minutes":["13"],"_thumbnail_id":["94502"],"_edit_lock":["1649755719:25"],"_edit_last":["25"],"_last_translation_edit_mode":["native-editor"],"_wp_old_date":["2021-11-22"],"wpcf-perspective-published-date":["1637625600"],"featured_on_listing_page":["0"],"_featured_on_listing_page":["field_62458ea7383c3"],"wpcf-perspective-downloadable_file":[""],"wpcf-card-image":[""],"_wpcf-card-image-sort-order":["a:1:{i:0;i:1142879;}"],"wpcf-video-description":[""],"wpcf-layoutvideourl":[""],"wpcf-video-thumb":[""],"wpcf-social4-svg":[""],"wpcf-social4-background-image":[""],"wpcf-social4-text":[""],"wpcf-social4-url":[""],"wpcf-social3-svg":[""],"wpcf-social3-background-image":[""],"wpcf-social3-text":[""],"wpcf-social3-url":[""],"wpcf-social-text-svg-square":[""],"wpcf-social-text-image-square":[""],"wpcf-social-text-text-square":[""],"wpcf-social-text-url-square":[""],"wpcf-social2-svg":[""],"wpcf-social2-background-image":[""],"wpcf-social2-text":[""],"wpcf-social2-url":[""],"wpcf-social-svg-square":[""],"wpcf-social-image-square":[""],"wpcf-social-text-square":[""],"wpcf-social-url-square":[""],"wpcf-social1-svg":[""],"wpcf-social1-background-image":[""],"wpcf-social1-text":[""],"wpcf-social1-url":[""],"wpcf-quotes-with-auther-text-1":[""],"wpcf-card_article_with_title_content":[""],"wpcf-card_article_content":["<p>write your content<\/p>"],"wpcf-quotes-with-auther-text":[""]},"_links":{"self":[{"href":"https:\/\/alj.com\/tr\/wp-json\/wp\/v2\/perspective\/94471"}],"collection":[{"href":"https:\/\/alj.com\/tr\/wp-json\/wp\/v2\/perspective"}],"about":[{"href":"https:\/\/alj.com\/tr\/wp-json\/wp\/v2\/types\/perspective"}],"author":[{"embeddable":true,"href":"https:\/\/alj.com\/tr\/wp-json\/wp\/v2\/users\/18"}],"wp:featuredmedia":[{"embeddable":true,"href":"https:\/\/alj.com\/tr\/wp-json\/wp\/v2\/media\/94502"}],"wp:attachment":[{"href":"https:\/\/alj.com\/tr\/wp-json\/wp\/v2\/media?parent=94471"}],"wp:term":[{"taxonomy":"post_tag","embeddable":true,"href":"https:\/\/alj.com\/tr\/wp-json\/wp\/v2\/tags?post=94471"}],"curies":[{"name":"wp","href":"https:\/\/api.w.org\/{rel}","templated":true}]}}