{"id":98381,"date":"2022-04-07T09:35:37","date_gmt":"2022-04-07T09:35:37","guid":{"rendered":"https:\/\/alj.com\/perspective\/abdul-latif-jameel-energys-frv-charging-ahead-in-mexico\/"},"modified":"2022-06-29T06:47:28","modified_gmt":"2022-06-29T06:47:28","slug":"abdul-latif-jameel-energys-frv-charging-ahead-in-mexico","status":"publish","type":"perspective","link":"https:\/\/alj.com\/tr\/perspective\/abdul-latif-jameel-energys-frv-charging-ahead-in-mexico\/","title":{"rendered":"FRV, \u00e7al\u0131\u015fmalar\u0131na Meksika\u2019da tam \u015farj devam ediyor"},"content":{"rendered":"<p><a href=\"https:\/\/alj.com\">Abdul Latif Jameel<\/a>\u2019in amiral gemisi yenilenebilir enerji i\u015fletmesi ve <a href=\"https:\/\/alj.com\/energy\">Abdul Latif Jameel Enerji<\/a>\u2019nin bir par\u00e7as\u0131 olan Fotowatio Renewable Ventures (<a href=\"https:\/\/frv.com\">FRV<\/a>), halihaz\u0131rda g\u00fc\u00e7l\u00fc bir geni\u015fleme ve inovasyon ge\u00e7mi\u015fine sahip.<\/p>\n<p>Be\u015f k\u0131tada faaliyet g\u00f6steren FRV\u2019nin <a href=\"https:\/\/alj.com\/en\/perspective\/setting-a-shining-example\/\">g\u00fcne\u015f enerjisi<\/a> ve enerji depolama uzmanlar\u0131 Avustralya, Avrupa, Orta Do\u011fu, Hindistan, Afrika, ABD ve Latin Amerika\u2019daki g\u00fcne\u015f enerjisi pazarlar\u0131nda 2,5 GW\u2019\u0131n \u00fczerinde bir portf\u00f6y\u00fc y\u00f6neterek d\u00fcnya \u00e7ap\u0131nda 50\u2019den fazla yenilenebilir enerji tesisi geli\u015ftirdi. Bunlara \u015eili\u2019de y\u0131l boyunca yakla\u015f\u0131k 250.000 haneye temiz enerji sa\u011flama potansiyeline sahip bir <a href=\"https:\/\/frv.com\/en\/projects\/solar-punta-colorada\/\">hibrit g\u00fcne\u015f ve r\u00fczgar enerjisi<\/a> projesi de dahil.<\/p>\n<p>Ayr\u0131ca Avustralya Queensland\u2019deki <a href=\"https:\/\/alj.com\/en\/news\/abdul-latif-jameel-energys-frv-announces-first-hybrid-pv-solar-storage-project-in-australia\/\">Dalby<\/a>\u2019de farkl\u0131 bir hibrit tesis geli\u015ftiriyor. Bu proje 2,4 MW fotovoltaik g\u00fcne\u015f enerjisi \u00fcretim tesisini ve 2,5 MW\/5 MWh ortak konumlu ak\u00fc depolama tesisini bir araya getiriyor. Bu proje, FRV\u2019nin \u00fclkedeki ilk hibrit projesi ve Queensland\u2019deki ilk ak\u00fc enerji depolama sistemi projelerinden biri.<\/p>\n<figure id=\"attachment_97965\" aria-describedby=\"caption-attachment-97965\" style=\"width: 300px\" class=\"wp-caption alignleft\"><img decoding=\"async\" loading=\"lazy\" class=\"size-medium wp-image-97965\" src=\"https:\/\/media.alj.com\/app\/uploads\/2022\/04\/FRV-BESS-Contego-300x200.jpg\" alt=\"FRV\u2019s Battery Energy Storage System (BESS) at Contego, West Sussex, UK.\" width=\"300\" height=\"200\" srcset=\"https:\/\/media.alj.com\/app\/uploads\/2022\/04\/FRV-BESS-Contego-300x200.jpg 300w, https:\/\/media.alj.com\/app\/uploads\/2022\/04\/FRV-BESS-Contego-1024x682.jpg 1024w, https:\/\/media.alj.com\/app\/uploads\/2022\/04\/FRV-BESS-Contego-150x100.jpg 150w, https:\/\/media.alj.com\/app\/uploads\/2022\/04\/FRV-BESS-Contego-768x512.jpg 768w, https:\/\/media.alj.com\/app\/uploads\/2022\/04\/FRV-BESS-Contego.jpg 1147w\" sizes=\"(max-width: 300px) 100vw, 300px\" \/><figcaption id=\"caption-attachment-97965\" class=\"wp-caption-text\">FRV\u2019nin \u0130ngiltere, West Sussex\u2019teki Contego Ak\u00fc Enerji Depolama Sistemi (Battery Energy Storage System, BESS).<\/figcaption><\/figure>\n<p>Dalby\u2019deki gibi \u015febeke \u00f6l\u00e7e\u011finde <a href=\"https:\/\/www.alj.com\/en\/perspective\/storing-success-batteries-revolutionizing-global-energy-market\/\">ak\u00fc enerji depolama<\/a> tesisleri, enerji tedarik piyasas\u0131nda FRV ve <a href=\"https:\/\/frv.com\/en\/services\/frv-x\/\">FRV-X<\/a>\u2019in \u00f6nc\u00fcl\u00fc\u011f\u00fcn\u00fc yapt\u0131\u011f\u0131 h\u0131zla b\u00fcy\u00fcyen bir sekt\u00f6rd\u00fcr. FRV-X, <a href=\"https:\/\/alj.com\/en\/news\/abdul-latif-jameel-energys-frv-and-harmony-energy-launch-uks-largest-battery-storage-project-with-tesla-megapack-in-mission-to-decarbonize-britains-energy-grid\/\">Harmony Energy<\/a> ile ortakla\u015fa geli\u015ftirilen \u00fc\u00e7\u00fcnc\u00fc \u015febeke \u00f6l\u00e7ekli ak\u00fc depolama projesi <a href=\"https:\/\/www.harmonyenergy.co.uk\/\">Clay Tye<\/a>\u2019a Eyl\u00fcl 2021\u2019de Birle\u015fik Krall\u0131k\u2019\u0131n Essex \u015fehrinde ba\u015flad\u0131. Bu, 99 MW\/198 MWh kapasitesi ile \u0130ngiltere\u2019de in\u015fa edilen en b\u00fcy\u00fck ak\u00fc enerji depolama sistemi.<\/p>\n<p>Clay Tye, Birle\u015fik Krall\u0131k\u2019taki \u00f6nceki FRV-X ak\u00fc depolama projelerinin ba\u015far\u0131s\u0131n\u0131n \u00fczerine in\u015fa edildi. West Sussex\u2019teki 34 MW kapasiteli <a href=\"https:\/\/www.alj.com\/en\/news\/abdul-latif-jameel-energy-supports-development-of-second-utility-scale-battery-storage-project-in-uk\/\">Contego<\/a> projesi, 28 Tesla Megapack lityum-iyon ak\u00fc sistemi i\u00e7eriyor.<\/p>\n<p><a href=\"https:\/\/alj.com\/en\/news\/abdul-latif-jameel-energys-frv-achieves-financial-close-with-natwest-for-its-holes-bay-battery-project-in-the-uk\/\">Holes Bay<\/a>, Dorset\u2019teki 7,5 MW kapasiteli ak\u00fc tesisi ise \u0130ngiltere Ulusal \u015eebekesi\u2019nden enerji depolayarak yo\u011fun saatlerde tedarik esnekli\u011fi sa\u011fl\u0131yor, a\u011f istikrar\u0131na katk\u0131da bulunuyor ve Britanya\u2019n\u0131n karbonsuzla\u015fma plan\u0131na destek oluyor.<\/p>\n<p><iframe loading=\"lazy\" src=\"\/\/www.youtube.com\/embed\/wOrmFDNHlns\" width=\"560\" height=\"314\" allowfullscreen=\"allowfullscreen\"><\/iframe><\/p>\n<p>FRV, geli\u015fmi\u015f ak\u00fc depolama teknolojilerindeki pazar lideri uzmanl\u0131\u011f\u0131n\u0131 sergilemek i\u00e7in en son yenilik\u00e7i projesinde, Meksika\u2019da end\u00fcstriyel sekt\u00f6re odaklanan yenilik\u00e7i bir \u201cHizmet Olarak Enerji Depolama\u201d (Energy Storage-as-a-Service, EnSaS) modeli alt\u0131nda enerji depolama projeleri geli\u015ftirip konu\u015fland\u0131rmak i\u00e7in enerji yaz\u0131l\u0131m \u015firketi <a href=\"https:\/\/www.energytoolbase.com\/\">Energy Toolbase<\/a> ve Meksikal\u0131 geli\u015ftirici <a href=\"https:\/\/ecopulse.mx\/ecohome\/\">Ecopulse<\/a> ile i\u015f birli\u011fi yapt\u0131.<\/p>\n<figure id=\"attachment_97973\" aria-describedby=\"caption-attachment-97973\" style=\"width: 743px\" class=\"wp-caption aligncenter\"><img decoding=\"async\" loading=\"lazy\" class=\" wp-image-97973\" src=\"https:\/\/media.alj.com\/app\/uploads\/2022\/04\/The-Iztapalapa-Industrial-Center-BESS-system-Mexico-City.png\" alt=\"The Iztapalapa Industrial Center, BESS system in Mexico City\" width=\"743\" height=\"353\" srcset=\"https:\/\/media.alj.com\/app\/uploads\/2022\/04\/The-Iztapalapa-Industrial-Center-BESS-system-Mexico-City.png 636w, https:\/\/media.alj.com\/app\/uploads\/2022\/04\/The-Iztapalapa-Industrial-Center-BESS-system-Mexico-City-300x142.png 300w, https:\/\/media.alj.com\/app\/uploads\/2022\/04\/The-Iztapalapa-Industrial-Center-BESS-system-Mexico-City-150x71.png 150w\" sizes=\"(max-width: 743px) 100vw, 743px\" \/><figcaption id=\"caption-attachment-97973\" class=\"wp-caption-text\">Iztapalapa Sanayi Merkezi, Meksika\u2019daki BESS sistemi<\/figcaption><\/figure>\n<p>Yeni Ak\u00fc Enerji Depolama Sistemi; Meksika \u015fehrinin kalbinde, Iztapalapa\u2019n\u0131n end\u00fcstriyel merkezinde yer alacak.<\/p>\n<p>Sistem, iki saate kadar depolanm\u0131\u015f enerji sa\u011flamak i\u00e7in 480 kW nominal g\u00fcce sahip ve Iztapalapa\u2019daki sanayi i\u015fletmesi m\u00fc\u015fterilerinin \u00fcretime ara vermeden enerji t\u00fcketimini optimize etmesine olanak vererek sermaye yat\u0131r\u0131m\u0131 veya bununla ilgili i\u015fletme maliyetleri olmadan elektrik tarifesinde tasarruf sa\u011flayacak.<\/p>\n<p>FRV, Meksika\u2019daki ikinci en b\u00fcy\u00fck yenilenebilir enerji tesisi geli\u015ftiricisi ve yakla\u015f\u0131k 1 GW kapasiteli fotovoltaik projeleri i\u015fletiyor. Bu, \u00fclkedeki ilk b\u00fcy\u00fck enerji depolama projesi ve EnSaaS modelinin Meksika genelinde ve daha geni\u015f bir alanda daha da geni\u015flemesi i\u00e7in bir zemin olu\u015fturuyor.<\/p>\n<figure id=\"attachment_97981\" aria-describedby=\"caption-attachment-97981\" style=\"width: 207px\" class=\"wp-caption alignleft\"><img decoding=\"async\" loading=\"lazy\" class=\"size-medium wp-image-97981\" src=\"https:\/\/media.alj.com\/app\/uploads\/2022\/04\/Alejandro-Limon-MD-FRV-Mexico-207x300.jpg\" alt=\"Alejandro Lim\u00f3n Managing Director FRV Mexico and Central America\" width=\"207\" height=\"300\" srcset=\"https:\/\/media.alj.com\/app\/uploads\/2022\/04\/Alejandro-Limon-MD-FRV-Mexico-207x300.jpg 207w, https:\/\/media.alj.com\/app\/uploads\/2022\/04\/Alejandro-Limon-MD-FRV-Mexico-706x1024.jpg 706w, https:\/\/media.alj.com\/app\/uploads\/2022\/04\/Alejandro-Limon-MD-FRV-Mexico-103x150.jpg 103w, https:\/\/media.alj.com\/app\/uploads\/2022\/04\/Alejandro-Limon-MD-FRV-Mexico-768x1114.jpg 768w, https:\/\/media.alj.com\/app\/uploads\/2022\/04\/Alejandro-Limon-MD-FRV-Mexico-1059x1536.jpg 1059w, https:\/\/media.alj.com\/app\/uploads\/2022\/04\/Alejandro-Limon-MD-FRV-Mexico-1412x2048.jpg 1412w, https:\/\/media.alj.com\/app\/uploads\/2022\/04\/Alejandro-Limon-MD-FRV-Mexico-scaled.jpg 1764w\" sizes=\"(max-width: 207px) 100vw, 207px\" \/><figcaption id=\"caption-attachment-97981\" class=\"wp-caption-text\">Alejandro Lim\u00f3n<br \/>\nGenel M\u00fcd\u00fcr<br \/>\nFRV Meksika ve Orta Amerika<\/figcaption><\/figure>\n<p>FRV-X Genel M\u00fcd\u00fcr\u00fc <a href=\"https:\/\/es.linkedin.com\/in\/felipe-hernandez-fernandez-3212612b\">Felipe Hern\u00e1ndez<\/a> ve FRV Meksika ve Orta Amerika Genel M\u00fcd\u00fcr\u00fc <a href=\"https:\/\/mx.linkedin.com\/in\/alejandrolimong1983\">Alejandro Lim\u00f3n<\/a> ile Iztapalapa projesi ve bu projenin Meksika enerji pazar\u0131 i\u00e7in \u00f6nemi hakk\u0131nda konu\u015ftuk.<\/p>\n<h2>FRV ve FRV-X ne kadar s\u00fcredir Meksika\u2019da faaliyet g\u00f6steriyor?<\/h2>\n<p><strong>AL: <\/strong>FRV, devletin sekt\u00f6r\u00fc yabanc\u0131 ve \u00f6zel yat\u0131r\u0131mlara a\u00e7maya ba\u015flad\u0131\u011f\u0131 2012 y\u0131l\u0131nda Meksika\u2019daki ofisini a\u00e7t\u0131.<\/p>\n<p>O zamandan beri, g\u00fcne\u015f fotovoltaik (PV) geli\u015ftiricisi olarak bu \u00fclkedeki i\u015flerimizi b\u00fcy\u00fct\u00fcyoruz.<\/p>\n<p>Yakla\u015f\u0131k 700 MW \u00e7al\u0131\u015f\u0131r durumda kapasitesiyle Meksika, d\u00fcnyadaki en b\u00fcy\u00fck ikinci PV enerjisi \u00fcreticisi. Bu nedenle burada bizim i\u00e7in b\u00fcy\u00fck bir potansiyel var.<\/p>\n<p><strong>FH:<\/strong> FRV-X, 2020 y\u0131l\u0131nda resmi olarak burada faaliyetlerine ba\u015flad\u0131 ve ilk projemize 2021 y\u0131l\u0131nda ba\u015flad\u0131k. Bu en son EnSaaS projesinin, Meksika\u2019daki ve b\u00f6lgedeki di\u011fer konumlarda tan\u0131tabilece\u011fimiz bir model olmas\u0131n\u0131 umuyoruz.<\/p>\n<h2>Iztapalapa gibi bir end\u00fcstriyel b\u00f6lgede neden b\u00f6yle \u00f6zel bir enerji \u00e7\u00f6z\u00fcm\u00fcne ihtiya\u00e7 duyuluyor?<\/h2>\n<p><strong>AL: <\/strong>B\u00f6yle bir teknolojiden yararlanabilecek tek b\u00f6lge sadece Iztapalapa de\u011fil. Neredeyse t\u00fcm \u00fclkenin i\u015fine yarayabilir. Sekt\u00f6re odaklanmam\u0131z\u0131n nedeni burada b\u00fcy\u00fck enerji t\u00fcketicilerinin bulunmas\u0131.<\/p>\n<p>End\u00fcstriyel t\u00fcketiciler yo\u011fun saatlerde kulland\u0131klar\u0131 enerji i\u00e7in \u00e7ok y\u00fcksek bir maliyet \u00f6der. Ortalama olarak, enerji faturalar\u0131n\u0131n %40\u2019\u0131 g\u00fcn ortas\u0131nda sadece birka\u00e7 saat i\u00e7inde ger\u00e7ekle\u015fen t\u00fcketimden kaynaklan\u0131r. \u00c7\u00f6z\u00fcm\u00fcm\u00fcz, \u201csaya\u00e7 arkas\u0131\u201d bir \u00e7\u00f6z\u00fcm olarak tesislere bir lityum-iyon ak\u00fc yerle\u015ftirmek. Bu ak\u00fc, talebin daha az ve maliyetin daha d\u00fc\u015f\u00fck oldu\u011fu yo\u011fun olmayan saatlerde enerji depolar ve daha sonra enerji tarifesinin pahal\u0131 oldu\u011fu yo\u011fun saatlerde i\u015fletmeye enerji sa\u011flar. Bu sadece istemci i\u00e7in maliyetleri azaltmakla kalmaz, ayn\u0131 zamanda talep en y\u00fcksek seviyede oldu\u011funda \u015febeke \u00fczerindeki bask\u0131y\u0131 azaltarak enerji a\u011f\u0131n\u0131n istikrar\u0131n\u0131 korumas\u0131na yard\u0131mc\u0131 olur.<\/p>\n<h2>Bunu i\u015fletmeler i\u00e7in bu kadar \u00e7ekici bir model yapan nedir?<\/h2>\n<figure id=\"attachment_97991\" aria-describedby=\"caption-attachment-97991\" style=\"width: 197px\" class=\"wp-caption alignright\"><img decoding=\"async\" loading=\"lazy\" class=\"size-full wp-image-97991\" src=\"https:\/\/media.alj.com\/app\/uploads\/2022\/04\/Felipe-Hernandez.jpg\" alt=\"Felipe Hern\u00e1ndez Managing Director, FRV-X\" width=\"197\" height=\"240\" srcset=\"https:\/\/media.alj.com\/app\/uploads\/2022\/04\/Felipe-Hernandez.jpg 197w, https:\/\/media.alj.com\/app\/uploads\/2022\/04\/Felipe-Hernandez-123x150.jpg 123w\" sizes=\"(max-width: 197px) 100vw, 197px\" \/><figcaption id=\"caption-attachment-97991\" class=\"wp-caption-text\">Felipe Hern\u00e1ndez<br \/>\nGenel M\u00fcd\u00fcr, FRV-X<\/figcaption><\/figure>\n<p><strong>FH: <\/strong>Enerji \u00e7ok karma\u015f\u0131k bir i\u015f. Bu t\u00fcr bir \u00e7\u00f6z\u00fcmden yararlanabilecek \u00e7o\u011fu end\u00fcstriyel m\u00fc\u015fteri ve ticari m\u00fc\u015fteri, bu t\u00fcr varl\u0131klar\u0131 kendileri \u00e7al\u0131\u015ft\u0131rmak i\u00e7in gereken uzmanl\u0131ktan veya i\u015f g\u00fcc\u00fcnden yoksun.<\/p>\n<p>EnSaaS \u00e7\u00f6z\u00fcm\u00fcm\u00fczde yat\u0131r\u0131m\u0131 ve teknolojiyi bir araya getiriyoruz. M\u00fc\u015fterilerin temel faaliyetlerine odaklanabilmeleri i\u00e7in sistemi \u00e7al\u0131\u015f\u0131r durumda tutmak amac\u0131yla gerekli t\u00fcm uygulama ve y\u00f6netimi \u00fcstleniyoruz.<\/p>\n<p>M\u00fc\u015fteri i\u00e7in olumsuz bir taraf yok. Her \u015feyi biz, kendimiz yap\u0131yoruz. M\u00fc\u015fterilerimizin enerji faturalar\u0131n\u0131 azalt\u0131p tasarruf edilen tutarlar\u0131 payla\u015f\u0131rken bir yandan da \u015firketlerin i\u015flerine devam etmelerini sa\u011fl\u0131yoruz.<\/p>\n<p>En k\u00f6t\u00fc senaryoda kar\u015f\u0131la\u015facaklar\u0131 \u015fey, beklenen tasarruflar\u0131 yapamamalar\u0131 olabilir ancak sonu\u00e7ta bunun onlar i\u00e7in bir maliyeti olmaz. Sundu\u011fumuz bu hizmet modelini, m\u00fc\u015fterinin kendi ak\u00fc depolama \u00e7\u00f6z\u00fcm\u00fcn\u00fc uygulamak i\u00e7in zaman ve para harcamas\u0131 gereken di\u011fer modellerden ay\u0131ran da bu.<\/p>\n<h2>Bu, her b\u00fcy\u00fckl\u00fckteki i\u015fletme i\u00e7in uygun bir model mi?<\/h2>\n<p><strong>FH<\/strong>: Bence \u00e7o\u011fu i\u015fletme bu plandan faydalanabilir. Enerji t\u00fcketimleri en az 100 kW kadar oldu\u011fu s\u00fcrece \u00e7o\u011fu end\u00fcstriyel \u015firket \u00f6nemli miktarda tasarruf sa\u011flayabilir.<\/p>\n<p><strong>AL: <\/strong>Evet, her end\u00fcstriyel i\u015fletme az ya da \u00e7ok fayda sa\u011flayacakt\u0131r. Ve enerji t\u00fcketimleri ne kadar y\u00fcksek olursa tasarruflar\u0131 da o kadar b\u00fcy\u00fck olur. Enerjiyi geceleri, yani sadece yo\u011fun olmayan saatlerde kullanan bir i\u015fletmeden s\u00f6z edecek olursak bu \u00e7ok cazip bir model olmayabilir ama \u00e7o\u011fu i\u015fletme bu \u015fekilde \u00e7al\u0131\u015fm\u0131yor.<\/p>\n<p>Bu sadece maliyet tasarrufu ile ilgili de\u011fil. Ayr\u0131ca enerji verimlili\u011fi ve \u00fcretim optimizasyonuyla da ilgili. Meksika\u2019daki baz\u0131 \u015fehirlerde enerji fiyatlar\u0131 o kadar y\u00fcksek ki, end\u00fcstriyel i\u015fletmelerin \u00fcretim maliyeti \u00e7ok y\u00fcksek oldu\u011fu i\u00e7in g\u00fcn\u00fcn ortas\u0131nda yo\u011fun saatlerde \u00fcretimi durdurmalar\u0131 gerekiyor. Avrupa\u2019da g\u00fcnd\u00fcz y\u00fcksek enerji maliyetlerinden ka\u00e7\u0131nmak i\u00e7in gece \u00e7al\u0131\u015fan fabrikalar var.<\/p>\n<p>EnSaaS \u00e7\u00f6z\u00fcmlerimiz bu durumu \u00f6nl\u00fcyor ve i\u015fletmelerin yo\u011fun saatlerde bu t\u00fcr d\u00fczenlemelere gerek duymadan g\u00fcn boyunca daha verimli ve daha istikrarl\u0131 bir \u015fekilde \u00e7al\u0131\u015fmas\u0131n\u0131 sa\u011fl\u0131yor.<\/p>\n<h2>Energy Toolbase ve Ecopulse gibi ortaklarla \u00e7al\u0131\u015fmak, sizin i\u00e7in neden \u00f6nemli?<\/h2>\n<p><strong>FH: <\/strong>Bu ikisi, farkl\u0131 ortak t\u00fcrleri. Energy Toolbase, enerji sekt\u00f6r\u00fcnde uzmanla\u015fm\u0131\u015f bir yaz\u0131l\u0131m \u015firketi. \u00c7\u00f6z\u00fcm\u00fcm\u00fcz\u00fc etkili bir \u015fekilde y\u00f6netmek i\u00e7in makine \u00f6\u011frenimi ve yapay zekaya dayal\u0131 ak\u0131ll\u0131 bir yaz\u0131l\u0131m sistemine ihtiyac\u0131m\u0131z var. Energy Toolbase de bu hizmeti sunuyor. Maksimum tasarruf sa\u011flamak i\u00e7in Energy Toolbase\u2019in ak\u00fc performans\u0131n\u0131 y\u00f6neten ve bak\u0131m sa\u011flayan ak\u0131ll\u0131 enerji y\u00f6netim sistemini kullan\u0131yoruz.<\/p>\n<p>Ecopulse, yerel EPC orta\u011f\u0131m\u0131z. Projeleri kuran ve uygulayan, FRV ile m\u00fc\u015fteri aras\u0131nda arac\u0131 olarak hareket eden bir \u015firket. Her iki ortak da bu projenin ba\u015far\u0131s\u0131nda \u00e7ok \u00f6nemli bir rol oynuyor.<\/p>\n<h2>Bu ilk projeyi Mexico City\u2019de ba\u015flatt\u0131n\u0131z, Meksika\u2019da ve di\u011fer \u00fclkelerde daha da geni\u015fletmeyi d\u00fc\u015f\u00fcn\u00fcyor musunuz?<\/h2>\n<p><strong>AL: <\/strong>Evet, 2022 i\u00e7in iddial\u0131 bir i\u015f plan\u0131m\u0131z var. Halihaz\u0131rda potansiyel m\u00fc\u015fterilerden olu\u015fan sa\u011flam bir hatt\u0131m\u0131z var. Deneyim kazand\u0131\u011f\u0131m\u0131z bu ilk projeyle, EnSaaS modelini Meksika genelinde uygulayabilecek bir konumday\u0131z. Bu y\u0131l ak\u00fc depolama projelerinde yakla\u015f\u0131k 20 MW\u2019a ula\u015fmay\u0131 hedefliyoruz. Bu \u015fimdilik Meksika\u2019y\u0131 kaps\u0131yor ancak Latin Amerika genelindeki \u00e7e\u015fitli f\u0131rsatlar\u0131n da fark\u0131nday\u0131z.<\/p>\n<h2>Daha s\u00fcrd\u00fcr\u00fclebilir bir k\u00fcresel enerji kayna\u011f\u0131 olu\u015fturmak i\u00e7in genel anlamda ak\u00fc depolama ne kadar \u00f6nemli?<\/h2>\n<p><strong>AL: <\/strong>Bu on y\u0131l\u0131n, enerji depolama \u00e7a\u011f\u0131 olaca\u011f\u0131na inan\u0131yoruz. Enerji d\u00f6n\u00fc\u015f\u00fcm\u00fcnde b\u00fcy\u00fck bir rol oynamas\u0131 gereken kritik bir sekt\u00f6r. 2010-2019 aras\u0131ndaki 10 y\u0131l, g\u00fcne\u015f PV enerjisi d\u00f6nemiydi. Ak\u00fc depolama sekt\u00f6r\u00fc 2022\u2019de, g\u00fcne\u015f PV sekt\u00f6r\u00fcn\u00fcn on y\u0131l \u00f6nce k\u00fcresel olarak sahip oldu\u011fu b\u00fcy\u00fcme potansiyeliyle ayn\u0131 yerde. \u00d6rne\u011fin Bloomberg Energy, bu on y\u0131l boyunca d\u00fcnya \u00e7ap\u0131nda 300 milyar ABD dolar\u0131n\u0131n \u00fczerinde bir potansiyeli olan k\u00fcresel ak\u00fc yat\u0131r\u0131mlar\u0131 hakk\u0131nda konu\u015fuyor.<\/p>\n<p><strong>FH: <\/strong>Ayr\u0131ca, bu ak\u00fc \u00e7\u00f6z\u00fcm\u00fcn\u00fcn k\u00fc\u00e7\u00fck bir PV sistemiyle birle\u015ftirilerek \u015febekeden gelen enerjiyi g\u00fcne\u015ften elde edilen enerjiyle birle\u015ftirebilece\u011fimizden de bahsetmeliyiz. \u015eu anda Meksika\u2019daki sistem \u015febekeye ba\u011flanarak enerji tedarik ediyor ancak bu mecburi de\u011fil. Bu sistemi g\u00fcne\u015f PV sistemi ile birlikte kullanmak daha fazla tasarruf sa\u011flayabilir ve karbon emisyonlar\u0131n\u0131 belirgin bir \u015fekilde azaltabilir; bu da bu modeli daha da \u00e7ekici hale getiriyor.<\/p>\n<h2>\u015eu anda FRV-X\u2019in ke\u015ffetmekte oldu\u011fu ve \u00fczerine konu\u015fabilece\u011finiz ba\u015fka yeni enerji teknolojileri var m\u0131?<\/h2>\n<figure id=\"attachment_98005\" aria-describedby=\"caption-attachment-98005\" style=\"width: 300px\" class=\"wp-caption alignright\"><img decoding=\"async\" loading=\"lazy\" class=\"size-medium wp-image-98005\" src=\"https:\/\/media.alj.com\/app\/uploads\/2022\/04\/Boceto-Taxi-Toyota-1-300x200.jpg\" alt=\"Toyota Mirai hydrogen fuel cell taxi, Madrid, Spain\" width=\"300\" height=\"200\" srcset=\"https:\/\/media.alj.com\/app\/uploads\/2022\/04\/Boceto-Taxi-Toyota-1-300x200.jpg 300w, https:\/\/media.alj.com\/app\/uploads\/2022\/04\/Boceto-Taxi-Toyota-1-1024x683.jpg 1024w, https:\/\/media.alj.com\/app\/uploads\/2022\/04\/Boceto-Taxi-Toyota-1-150x100.jpg 150w, https:\/\/media.alj.com\/app\/uploads\/2022\/04\/Boceto-Taxi-Toyota-1-768x512.jpg 768w, https:\/\/media.alj.com\/app\/uploads\/2022\/04\/Boceto-Taxi-Toyota-1-1536x1024.jpg 1536w, https:\/\/media.alj.com\/app\/uploads\/2022\/04\/Boceto-Taxi-Toyota-1-2048x1365.jpg 2048w\" sizes=\"(max-width: 300px) 100vw, 300px\" \/><figcaption id=\"caption-attachment-98005\" class=\"wp-caption-text\">Toyota Mirai hidrojen yak\u0131t h\u00fccresi taksisi, Madrid, \u0130spanya.<\/figcaption><\/figure>\n<p><strong>FH:<\/strong> \u0130spanya ve Avustralya\u2019da, ye\u015fil hidrojene dayal\u0131 ta\u015f\u0131ma ve sanayi sekt\u00f6rleri i\u00e7in s\u00fcrd\u00fcr\u00fclebilir \u00e7\u00f6z\u00fcmler \u00fcretme alan\u0131nda hidrojen teknolojilerinin kullan\u0131m\u0131nda \u00e7ok aktifiz.<\/p>\n<p>\u00d6rne\u011fin, Madrid Profesyonel Taksi Federasyonu ile 2026 y\u0131l\u0131na kadar en az 1.000 geleneksel taksi yerine <a href=\"https:\/\/fuelcellsworks.com\/subscribers\/spain-professional-taxi-federation-of-madrid-will-replace-1000-traditional-taxis-with-hydrogen-vehicles\/\">hidrojenle \u00e7al\u0131\u015fan ye\u015fil ara\u00e7lar<\/a> kullan\u0131lmas\u0131 i\u00e7in i\u015f birli\u011fi yap\u0131ld\u0131.<\/p>\n<p><iframe loading=\"lazy\" src=\"\/\/www.youtube.com\/embed\/czl16Nlr898\" width=\"560\" height=\"314\" allowfullscreen=\"allowfullscreen\"><\/iframe><\/p>\n<p>Abdul Latif Jameel\u2019in uzun s\u00fcreli otomotiv orta\u011f\u0131 Toyota, 600 km\u2019ye kadar yol kat ederek s\u0131f\u0131r \u00e7evresel etki yaratma kapasitesine sahip <a href=\"https:\/\/www.toyota.com\/mirai\/\">Toyota Mirai<\/a>\u2019nin yak\u0131t h\u00fccreli modelini taksi olarak tedarik ediyor. \u0130spanya\u2019da, <a href=\"https:\/\/www.vectalia.es\/en\/\">Vectalia<\/a> ile g\u00fc\u00e7lerimizi birle\u015ftirerek Alicante\u2019deki ilk b\u00fcy\u00fck \u00f6l\u00e7ekli <a href=\"https:\/\/www.alj.com\/en\/news\/abdul-latif-jameel-energys-frv-and-vectalia-partner-to-develop-first-green-hydrogen-powered-bus-transport-system-in-spain\/\">ye\u015fil hidrojenle \u00e7al\u0131\u015fan o<\/a>tob\u00fcs ta\u015f\u0131ma sistemini geli\u015ftiriyoruz.<\/p>\n<p><iframe loading=\"lazy\" src=\"\/\/www.youtube.com\/embed\/jPo28GX9gNg\" width=\"560\" height=\"314\" allowfullscreen=\"allowfullscreen\"><\/iframe><\/p>\n<p>Ayr\u0131ca ak\u00fc, hidrojen ve di\u011fer geli\u015fmi\u015f enerji teknolojilerinin \u00e7o\u011funun merkezinde yer alan dijital \u00e7\u00f6z\u00fcmler \u00fczerinde de \u00e7al\u0131\u015f\u0131yoruz. \u00d6rne\u011fin enerjinin y\u00f6netilme \u015feklini geli\u015ftirmek, enerjiyi payla\u015fmak ve ticaretini yapmak i\u00e7in kar\u015f\u0131l\u0131kl\u0131 platformlar olu\u015fturmak amac\u0131yla ak\u0131ll\u0131 g\u00fcne\u015f \u00e7\u00f6z\u00fcmlerine odaklan\u0131yoruz. Deneyimlerimizle ve becerilerimizle geli\u015ftirece\u011fimiz bu t\u00fcr dijital sistemlerle \u00e7ok fazla de\u011fer yaratabilece\u011fimize inan\u0131yoruz ve bu sekt\u00f6rde zaten baz\u0131 heyecan verici \u015feyler \u00fczerinde \u00e7al\u0131\u015f\u0131yoruz.<\/p>\n<h2>Son olarak, FRV ve FRV-X i\u00e7in \u00f6n\u00fcm\u00fczdeki birka\u00e7 y\u0131l i\u00e7inde Meksika\u2019da ne planl\u0131yorsunuz?<\/h2>\n<p><strong>AL: <\/strong>Buras\u0131 i\u00e7in uzun vadeli planlar\u0131m\u0131z var. Pazardaki varl\u0131\u011f\u0131m\u0131z\u0131 s\u00fcrd\u00fcrmek i\u00e7in uzun vadeli bir vizyonumuz var. Halihaz\u0131rda en b\u00fcy\u00fck ikinci PV \u00fcreticisiyiz ve i\u015fimizi burada geli\u015ftirmeye devam etmeyi ama\u00e7l\u0131yoruz. Bu \u00fclkenin temellerine inan\u0131yoruz ve hem FRV hem de FRV-X i\u00e7in Meksika\u2019da iyi bir gelecek \u00f6ng\u00f6r\u00fcyoruz.<\/p>\n","protected":false},"author":16,"featured_media":97957,"template":"","tags":[],"acf":[],"yoast_head":"<!-- This site is optimized with the Yoast SEO plugin v21.5 - https:\/\/yoast.com\/wordpress\/plugins\/seo\/ -->\n<title>FRV, \u00c7al\u0131\u015fmalar\u0131na Meksika\u2019da Tam \u015earj Devam Ediyor | Abdul Latif Jameel\u00ae<\/title>\n<meta name=\"description\" content=\"FRV&#039;nin g\u00fcne\u015f enerjisi ve enerji depolama uzmanlar\u0131n\u0131n d\u00fcnya \u00e7ap\u0131nda 50&#039;den fazla yenilenebilir enerji tesisini nas\u0131l geli\u015ftirdi\u011fini ke\u015ffedin.\" \/>\n<meta name=\"robots\" content=\"index, follow, max-snippet:-1, max-image-preview:large, max-video-preview:-1\" \/>\n<link rel=\"canonical\" href=\"https:\/\/alj.com\/tr\/perspective\/abdul-latif-jameel-energys-frv-charging-ahead-in-mexico\/\" \/>\n<meta property=\"og:locale\" content=\"tr_TR\" \/>\n<meta property=\"og:type\" content=\"article\" \/>\n<meta property=\"og:title\" content=\"FRV, \u00c7al\u0131\u015fmalar\u0131na Meksika\u2019da Tam \u015earj Devam Ediyor | Abdul Latif Jameel\u00ae\" \/>\n<meta property=\"og:description\" content=\"FRV&#039;nin g\u00fcne\u015f enerjisi ve enerji depolama uzmanlar\u0131n\u0131n d\u00fcnya \u00e7ap\u0131nda 50&#039;den fazla yenilenebilir enerji tesisini nas\u0131l geli\u015ftirdi\u011fini ke\u015ffedin.\" \/>\n<meta property=\"og:url\" content=\"https:\/\/alj.com\/tr\/perspective\/abdul-latif-jameel-energys-frv-charging-ahead-in-mexico\/\" \/>\n<meta property=\"og:site_name\" content=\"Abdul Latif Jameel\" \/>\n<meta property=\"article:publisher\" content=\"https:\/\/www.facebook.com\/Abdul.Latif.Jameel.Official\" \/>\n<meta property=\"article:modified_time\" content=\"2022-06-29T06:47:28+00:00\" \/>\n<meta property=\"og:image\" content=\"https:\/\/media.alj.com\/app\/uploads\/2022\/04\/1-scaled.jpg\" \/>\n\t<meta property=\"og:image:width\" content=\"2560\" \/>\n\t<meta property=\"og:image:height\" content=\"1604\" \/>\n\t<meta property=\"og:image:type\" content=\"image\/jpeg\" \/>\n<meta name=\"twitter:card\" content=\"summary_large_image\" \/>\n<meta name=\"twitter:label1\" content=\"Est. reading time\" \/>\n\t<meta name=\"twitter:data1\" content=\"8 minutes\" \/>\n<script type=\"application\/ld+json\" class=\"yoast-schema-graph\">{\"@context\":\"https:\/\/schema.org\",\"@graph\":[{\"@type\":\"WebPage\",\"@id\":\"https:\/\/alj.com\/tr\/perspective\/abdul-latif-jameel-energys-frv-charging-ahead-in-mexico\/\",\"url\":\"https:\/\/alj.com\/tr\/perspective\/abdul-latif-jameel-energys-frv-charging-ahead-in-mexico\/\",\"name\":\"FRV, \u00c7al\u0131\u015fmalar\u0131na Meksika\u2019da Tam \u015earj Devam Ediyor | Abdul Latif Jameel\u00ae\",\"isPartOf\":{\"@id\":\"https:\/\/alj.com\/en\/#website\"},\"datePublished\":\"2022-04-07T09:35:37+00:00\",\"dateModified\":\"2022-06-29T06:47:28+00:00\",\"description\":\"FRV'nin g\u00fcne\u015f enerjisi ve enerji depolama uzmanlar\u0131n\u0131n d\u00fcnya \u00e7ap\u0131nda 50'den fazla yenilenebilir enerji tesisini nas\u0131l geli\u015ftirdi\u011fini ke\u015ffedin.\",\"breadcrumb\":{\"@id\":\"https:\/\/alj.com\/tr\/perspective\/abdul-latif-jameel-energys-frv-charging-ahead-in-mexico\/#breadcrumb\"},\"inLanguage\":\"tr\",\"potentialAction\":[{\"@type\":\"ReadAction\",\"target\":[\"https:\/\/alj.com\/tr\/perspective\/abdul-latif-jameel-energys-frv-charging-ahead-in-mexico\/\"]}]},{\"@type\":\"BreadcrumbList\",\"@id\":\"https:\/\/alj.com\/tr\/perspective\/abdul-latif-jameel-energys-frv-charging-ahead-in-mexico\/#breadcrumb\",\"itemListElement\":[{\"@type\":\"ListItem\",\"position\":1,\"name\":\"Home\",\"item\":\"https:\/\/alj.com\/tr\/\"},{\"@type\":\"ListItem\",\"position\":2,\"name\":\"Perspectives\",\"item\":\"https:\/\/alj.com\/ja\/perspective\/\"},{\"@type\":\"ListItem\",\"position\":3,\"name\":\"FRV, \u00e7al\u0131\u015fmalar\u0131na Meksika\u2019da tam \u015farj devam ediyor\"}]},{\"@type\":\"WebSite\",\"@id\":\"https:\/\/alj.com\/en\/#website\",\"url\":\"https:\/\/alj.com\/en\/\",\"name\":\"Abdul Latif Jameel\",\"description\":\"Abdul Latif Jameel\",\"potentialAction\":[{\"@type\":\"SearchAction\",\"target\":{\"@type\":\"EntryPoint\",\"urlTemplate\":\"https:\/\/alj.com\/en\/?s={search_term_string}\"},\"query-input\":\"required name=search_term_string\"}],\"inLanguage\":\"tr\"}]}<\/script>\n<!-- \/ Yoast SEO plugin. -->","yoast_head_json":{"title":"FRV, \u00c7al\u0131\u015fmalar\u0131na Meksika\u2019da Tam \u015earj Devam Ediyor | Abdul Latif Jameel\u00ae","description":"FRV'nin g\u00fcne\u015f enerjisi ve enerji depolama uzmanlar\u0131n\u0131n d\u00fcnya \u00e7ap\u0131nda 50'den fazla yenilenebilir enerji tesisini nas\u0131l geli\u015ftirdi\u011fini ke\u015ffedin.","robots":{"index":"index","follow":"follow","max-snippet":"max-snippet:-1","max-image-preview":"max-image-preview:large","max-video-preview":"max-video-preview:-1"},"canonical":"https:\/\/alj.com\/tr\/perspective\/abdul-latif-jameel-energys-frv-charging-ahead-in-mexico\/","og_locale":"tr_TR","og_type":"article","og_title":"FRV, \u00c7al\u0131\u015fmalar\u0131na Meksika\u2019da Tam \u015earj Devam Ediyor | Abdul Latif Jameel\u00ae","og_description":"FRV'nin g\u00fcne\u015f enerjisi ve enerji depolama uzmanlar\u0131n\u0131n d\u00fcnya \u00e7ap\u0131nda 50'den fazla yenilenebilir enerji tesisini nas\u0131l geli\u015ftirdi\u011fini ke\u015ffedin.","og_url":"https:\/\/alj.com\/tr\/perspective\/abdul-latif-jameel-energys-frv-charging-ahead-in-mexico\/","og_site_name":"Abdul Latif Jameel","article_publisher":"https:\/\/www.facebook.com\/Abdul.Latif.Jameel.Official","article_modified_time":"2022-06-29T06:47:28+00:00","og_image":[{"width":2560,"height":1604,"url":"https:\/\/media.alj.com\/app\/uploads\/2022\/04\/1-scaled.jpg","type":"image\/jpeg"}],"twitter_card":"summary_large_image","twitter_misc":{"Est. reading time":"8 minutes"},"schema":{"@context":"https:\/\/schema.org","@graph":[{"@type":"WebPage","@id":"https:\/\/alj.com\/tr\/perspective\/abdul-latif-jameel-energys-frv-charging-ahead-in-mexico\/","url":"https:\/\/alj.com\/tr\/perspective\/abdul-latif-jameel-energys-frv-charging-ahead-in-mexico\/","name":"FRV, \u00c7al\u0131\u015fmalar\u0131na Meksika\u2019da Tam \u015earj Devam Ediyor | Abdul Latif Jameel\u00ae","isPartOf":{"@id":"https:\/\/alj.com\/en\/#website"},"datePublished":"2022-04-07T09:35:37+00:00","dateModified":"2022-06-29T06:47:28+00:00","description":"FRV'nin g\u00fcne\u015f enerjisi ve enerji depolama uzmanlar\u0131n\u0131n d\u00fcnya \u00e7ap\u0131nda 50'den fazla yenilenebilir enerji tesisini nas\u0131l geli\u015ftirdi\u011fini ke\u015ffedin.","breadcrumb":{"@id":"https:\/\/alj.com\/tr\/perspective\/abdul-latif-jameel-energys-frv-charging-ahead-in-mexico\/#breadcrumb"},"inLanguage":"tr","potentialAction":[{"@type":"ReadAction","target":["https:\/\/alj.com\/tr\/perspective\/abdul-latif-jameel-energys-frv-charging-ahead-in-mexico\/"]}]},{"@type":"BreadcrumbList","@id":"https:\/\/alj.com\/tr\/perspective\/abdul-latif-jameel-energys-frv-charging-ahead-in-mexico\/#breadcrumb","itemListElement":[{"@type":"ListItem","position":1,"name":"Home","item":"https:\/\/alj.com\/tr\/"},{"@type":"ListItem","position":2,"name":"Perspectives","item":"https:\/\/alj.com\/ja\/perspective\/"},{"@type":"ListItem","position":3,"name":"FRV, \u00e7al\u0131\u015fmalar\u0131na Meksika\u2019da tam \u015farj devam ediyor"}]},{"@type":"WebSite","@id":"https:\/\/alj.com\/en\/#website","url":"https:\/\/alj.com\/en\/","name":"Abdul Latif Jameel","description":"Abdul Latif Jameel","potentialAction":[{"@type":"SearchAction","target":{"@type":"EntryPoint","urlTemplate":"https:\/\/alj.com\/en\/?s={search_term_string}"},"query-input":"required name=search_term_string"}],"inLanguage":"tr"}]}},"post-meta-fields":{"push_notification":["no"],"_push_notification":["field_5c3b1fb67034d"],"_wpml_word_count":["{\"total\":2053,\"to_translate\":{\"ar\":2053,\"zh-hans\":2053,\"fr\":2053,\"ja\":2053,\"es\":2053,\"tr\":2053}}"],"_wpml_media_featured":["1"],"_wpml_media_duplicate":["1"],"wpcf-featured-news":["0"],"is_latest_news":["0"],"wpcf-show-news-at-homepage":["1"],"publish_mobile":[""],"_publish_mobile":["field_5bfa8eb2e65cf"],"mobile_featured_image":["https:\/\/media.alj.com\/app\/uploads\/2022\/04\/1-scaled.jpg"],"_mobile_featured_image":["field_5c3b204983dea"],"content_series_applied":[""],"_content_series_applied":["field_60f3d3faf82ac"],"featured_on_listing_page":["1"],"_featured_on_listing_page":["field_62458ea7383c3"],"wpcf-perspective-downloadable_file":[""],"wpcf-perspective-published-date":["1649376000"],"wpcf-video-description":[""],"wpcf-layoutvideourl":[""],"wpcf-video-thumb":[""],"wpcf-social4-svg":[""],"wpcf-social4-background-image":[""],"wpcf-social4-text":[""],"wpcf-social4-url":[""],"wpcf-social3-svg":[""],"wpcf-social3-background-image":[""],"wpcf-social3-text":[""],"wpcf-social3-url":[""],"wpcf-social-text-svg-square":[""],"wpcf-social-text-image-square":[""],"wpcf-social-text-text-square":[""],"wpcf-social-text-url-square":[""],"wpcf-social2-svg":[""],"wpcf-social2-background-image":[""],"wpcf-social2-text":[""],"wpcf-social2-url":[""],"wpcf-social-svg-square":[""],"wpcf-social-image-square":[""],"wpcf-social-text-square":[""],"wpcf-social-url-square":[""],"wpcf-social1-svg":[""],"wpcf-social1-background-image":[""],"wpcf-social1-text":[""],"wpcf-social1-url":[""],"wpcf-quotes-with-auther-text-1":[""],"wpcf-card_article_with_title_content":[""],"wpcf-card_article_content":["<p>write your content<\/p>"],"wpcf-quotes-with-auther-text":[""],"_bsf_post_type":["0"],"_bsf_item_review_type":["none"],"_yoast_wpseo_content_score":["30"],"_yoast_wpseo_estimated-reading-time-minutes":["8"],"perspective_short_title":["FRV, \u00e7al\u0131\u015fmalar\u0131na Meksika\u2019da tam \u015farj devam ediyor"],"perspective_summury":["<p>Abdul Latif Jameel\u2019in amiral gemisi yenilenebilir enerji i\u015fletmesi ve Abdul Latif Jameel Enerji\u2019nin bir par\u00e7as\u0131 olan Fotowatio Renewable Ventures (FRV), halihaz\u0131rda g\u00fc\u00e7l\u00fc bir geni\u015fleme ve inovasyon ge\u00e7mi\u015fine sahip.<\/p>\n"],"perspective_location":["Meksiko, Meksika"],"_yoast_wpseo_focuskw":["Abdul Latif Jameel Energy's FRV charging ahead in Mexico"],"_yoast_wpseo_metadesc":["FRV'nin g\u00fcne\u015f enerjisi ve enerji depolama uzmanlar\u0131n\u0131n d\u00fcnya \u00e7ap\u0131nda 50'den fazla yenilenebilir enerji tesisini nas\u0131l geli\u015ftirdi\u011fini ke\u015ffedin."],"_yoast_wpseo_linkdex":["52"],"_yoast_wpseo_title":["FRV, \u00c7al\u0131\u015fmalar\u0131na Meksika\u2019da Tam \u015earj Devam Ediyor | Abdul Latif Jameel\u00ae"],"_thumbnail_id":["97957"],"_edit_lock":["1656489574:25"],"_edit_last":["25"],"_last_translation_edit_mode":["native-editor"],"perspective_business_sector":["Enerji ve \u00c7evre Hizmetleri"],"wpcf-card-image":[""],"_wpcf-card-image-sort-order":["a:1:{i:0;i:1204414;}"],"amazonS3_cache":["a:16:{s:50:\"\/\/alj.com\/app\/uploads\/2022\/04\/FRV-BESS-Contego.jpg\";a:2:{s:2:\"id\";i:97965;s:11:\"source_type\";s:13:\"media-library\";}s:58:\"\/\/alj.com\/app\/uploads\/2022\/04\/FRV-BESS-Contego-300x200.jpg\";a:2:{s:2:\"id\";i:97965;s:11:\"source_type\";s:13:\"media-library\";}s:56:\"\/\/media.alj.com\/app\/uploads\/2022\/04\/FRV-BESS-Contego.jpg\";a:2:{s:2:\"id\";i:97965;s:11:\"source_type\";s:13:\"media-library\";}s:64:\"\/\/media.alj.com\/app\/uploads\/2022\/04\/FRV-BESS-Contego-300x200.jpg\";a:2:{s:2:\"id\";i:97965;s:11:\"source_type\";s:13:\"media-library\";}s:90:\"\/\/alj.com\/app\/uploads\/2022\/04\/The-Iztapalapa-Industrial-Center-BESS-system-Mexico-City.png\";a:2:{s:2:\"id\";i:97973;s:11:\"source_type\";s:13:\"media-library\";}s:96:\"\/\/media.alj.com\/app\/uploads\/2022\/04\/The-Iztapalapa-Industrial-Center-BESS-system-Mexico-City.png\";a:2:{s:2:\"id\";i:97973;s:11:\"source_type\";s:13:\"media-library\";}s:63:\"\/\/alj.com\/app\/uploads\/2022\/04\/Alejandro-Limon-MD-FRV-Mexico.jpg\";a:2:{s:2:\"id\";i:97981;s:11:\"source_type\";s:13:\"media-library\";}s:71:\"\/\/alj.com\/app\/uploads\/2022\/04\/Alejandro-Limon-MD-FRV-Mexico-207x300.jpg\";a:2:{s:2:\"id\";i:97981;s:11:\"source_type\";s:13:\"media-library\";}s:76:\"\/\/media.alj.com\/app\/uploads\/2022\/04\/Alejandro-Limon-MD-FRV-Mexico-scaled.jpg\";a:2:{s:2:\"id\";i:97981;s:11:\"source_type\";s:13:\"media-library\";}s:77:\"\/\/media.alj.com\/app\/uploads\/2022\/04\/Alejandro-Limon-MD-FRV-Mexico-207x300.jpg\";a:2:{s:2:\"id\";i:97981;s:11:\"source_type\";s:13:\"media-library\";}s:50:\"\/\/alj.com\/app\/uploads\/2022\/04\/Felipe-Hernandez.jpg\";a:2:{s:2:\"id\";i:97991;s:11:\"source_type\";s:13:\"media-library\";}s:56:\"\/\/media.alj.com\/app\/uploads\/2022\/04\/Felipe-Hernandez.jpg\";a:2:{s:2:\"id\";i:97991;s:11:\"source_type\";s:13:\"media-library\";}s:54:\"\/\/alj.com\/app\/uploads\/2022\/04\/Boceto-Taxi-Toyota-1.jpg\";a:2:{s:2:\"id\";i:98005;s:11:\"source_type\";s:13:\"media-library\";}s:62:\"\/\/alj.com\/app\/uploads\/2022\/04\/Boceto-Taxi-Toyota-1-300x200.jpg\";a:2:{s:2:\"id\";i:98005;s:11:\"source_type\";s:13:\"media-library\";}s:67:\"\/\/media.alj.com\/app\/uploads\/2022\/04\/Boceto-Taxi-Toyota-1-scaled.jpg\";a:2:{s:2:\"id\";i:98005;s:11:\"source_type\";s:13:\"media-library\";}s:68:\"\/\/media.alj.com\/app\/uploads\/2022\/04\/Boceto-Taxi-Toyota-1-300x200.jpg\";a:2:{s:2:\"id\";i:98005;s:11:\"source_type\";s:13:\"media-library\";}}"]},"_links":{"self":[{"href":"https:\/\/alj.com\/tr\/wp-json\/wp\/v2\/perspective\/98381"}],"collection":[{"href":"https:\/\/alj.com\/tr\/wp-json\/wp\/v2\/perspective"}],"about":[{"href":"https:\/\/alj.com\/tr\/wp-json\/wp\/v2\/types\/perspective"}],"author":[{"embeddable":true,"href":"https:\/\/alj.com\/tr\/wp-json\/wp\/v2\/users\/16"}],"wp:featuredmedia":[{"embeddable":true,"href":"https:\/\/alj.com\/tr\/wp-json\/wp\/v2\/media\/97957"}],"wp:attachment":[{"href":"https:\/\/alj.com\/tr\/wp-json\/wp\/v2\/media?parent=98381"}],"wp:term":[{"taxonomy":"post_tag","embeddable":true,"href":"https:\/\/alj.com\/tr\/wp-json\/wp\/v2\/tags?post=98381"}],"curies":[{"name":"wp","href":"https:\/\/api.w.org\/{rel}","templated":true}]}}