{"id":98456,"date":"2022-04-27T05:58:34","date_gmt":"2022-04-27T05:58:34","guid":{"rendered":"https:\/\/alj.com\/?post_type=perspective&#038;p=98456"},"modified":"2022-06-29T06:48:42","modified_gmt":"2022-06-29T06:48:42","slug":"esitsizlik-dunyayi-nasil-daha-riskli-bir-yer-haline-getirerek-tehlike-yaratir","status":"publish","type":"perspective","link":"https:\/\/alj.com\/tr\/perspective\/esitsizlik-dunyayi-nasil-daha-riskli-bir-yer-haline-getirerek-tehlike-yaratir\/","title":{"rendered":"E\u015fitsizlik d\u00fcnyay\u0131 nas\u0131l daha riskli bir yer haline getirerek tehlike yarat\u0131r?"},"content":{"rendered":"<p>Modern ya\u015fam bazen risklerle dolu bitmeyen bir m\u00fccadele gibi gelebilir. 2022 y\u0131l\u0131nda herkes risklerin etkisiyle t\u00fckenmi\u015f gibi g\u00f6r\u00fcn\u00fcyor; \u00e7evresel felaket riski, \u00f6l\u00fcmc\u00fcl vir\u00fcs riski, ulusal s\u0131n\u0131r \u00e7at\u0131\u015fmalar\u0131 riski kontrolden \u00e7\u0131k\u0131yor.<\/p>\n<p>\u00c7o\u011fumuz i\u00e7in bu korkular varsay\u0131ma veya belirsiz bir zaman \u00f6l\u00e7e\u011fine dayal\u0131 olmaya devam ediyor ya da pop\u00fcler man\u015fetlerle ve medyan\u0131n yan\u0131ltmas\u0131yla gereksiz yere \u015fi\u015firiliyor. Peki ya d\u00fcnyam\u0131zdaki <em>ger\u00e7ek<\/em> riskler neler? Risk azaltma konusunda i\u015fletmeleri ve h\u00fck\u00fcmetleri y\u00f6nlendirmekten sorumlu uzmanlar taraf\u0131ndan \u00f6ng\u00f6r\u00fclen a\u00e7\u0131k ve mevcut tehlikeler neler?<\/p>\n<p>Bu uzmanlara g\u00f6re ufkumuzda g\u00f6r\u00fcnen en kritik tehlikeler neler ve bu tehlikelerin potansiyel zararlar\u0131n\u0131 dengelemek i\u00e7in \u015fu an hangi ad\u0131mlar\u0131 atmal\u0131y\u0131z?<\/p>\n<p><img decoding=\"async\" loading=\"lazy\" class=\"alignleft size-medium wp-image-97775\" src=\"https:\/\/media.alj.com\/app\/uploads\/2022\/04\/WEF-Risks-Report-2022-Cover-212x300.png\" alt=\"WEF Risks Report 2022 Cover\" width=\"212\" height=\"300\" srcset=\"https:\/\/media.alj.com\/app\/uploads\/2022\/04\/WEF-Risks-Report-2022-Cover-212x300.png 212w, https:\/\/media.alj.com\/app\/uploads\/2022\/04\/WEF-Risks-Report-2022-Cover-106x150.png 106w, https:\/\/media.alj.com\/app\/uploads\/2022\/04\/WEF-Risks-Report-2022-Cover.png 509w\" sizes=\"(max-width: 212px) 100vw, 212px\" \/>D\u00fcnya Ekonomik Forumu (World Economic Forum &#8211; <a href=\"https:\/\/www.weforum.org\/\">WEF<\/a>) her sene insanl\u0131\u011f\u0131n ve k\u00fcresel toplumun kar\u015f\u0131 kar\u015f\u0131ya oldu\u011fu en b\u00fcy\u00fck zorluklar\u0131 d\u00fcnya genelinde h\u00fck\u00fcmetler, akademisyenler, i\u015fletmeler ve STK\u2019larla ara\u015ft\u0131rarak y\u0131ll\u0131k bir risk raporu yay\u0131nl\u0131yor.<\/p>\n<p>\u015eubat 2022\u2019de yay\u0131mlanan <a href=\"https:\/\/www.weforum.org\/reports\/global-risks-report-2022\">2022 K\u00fcresel Riskler Raporu<\/a>\u2019nda, bir ku\u015fak \u00f6ncesinde hayal edilmesi m\u00fcmk\u00fcn olmayan sorunlar nedeniyle benzeri g\u00f6r\u00fclmemi\u015f bask\u0131larla kar\u015f\u0131 kar\u015f\u0131ya kalan bir d\u00fcnya tan\u0131mlan\u0131yor.<\/p>\n<p>Bu d\u00fcnya, s\u0131k s\u0131k farkl\u0131 y\u00f6nlere giden ve onar\u0131lamaz \u015fekilde kendine zarar veren tehditler yarat\u0131yor. Emekleme d\u00f6neminden sa\u011f salim \u00e7\u0131kmak ve istikrarl\u0131 bir olgunlu\u011fu benimsemek i\u00e7in cesurca \u00e7abalayan bir d\u00fcnya.<\/p>\n<p>\u0130klim de\u011fi\u015fikli\u011fi hepimizi karanl\u0131kta b\u0131rakmakla tehdit etti\u011fi i\u00e7in risk uzmanlar\u0131n\u0131n ba\u015fl\u0131ca endi\u015fesi olmaya devam etse de; COVID-19\u2019un sarst\u0131\u011f\u0131 ve b\u00fcy\u00fck yaralar a\u00e7t\u0131\u011f\u0131 y\u0131k\u0131mdan \u00e7\u0131karak kendini toparlayan bir medeniyet oldu\u011fumuzu da g\u00f6rmezden gelemeyiz.<\/p>\n<p>Mevcut toparlanma y\u00f6r\u00fcngemiz, g\u00fcn\u00fcm\u00fcz\u00fcn birbiriyle ba\u011flant\u0131l\u0131 k\u00fcresel medeniyetindeki k\u0131r\u0131lgan fay hatlar\u0131n\u0131n \u00e7o\u011funu ortaya \u00e7\u0131kar\u0131yor.<\/p>\n<p>2022\u2019ye bakt\u0131\u011f\u0131m\u0131zda en b\u00fcy\u00fck k\u00fcresel tehdit ne COVID-19\u2019un viral silah\u0131 ne de devletler aras\u0131 \u00e7at\u0131\u015fmalar\u0131n gittik\u00e7e geni\u015fleyen etki alan\u0131. K\u0131r\u0131lganl\u0131\u011f\u0131n as\u0131l nedeni, a\u015f\u0131 ve daha kapsaml\u0131 temel sa\u011fl\u0131k hizmetlerine eri\u015fimdeki e\u015fitsizlik ve ekonomik toparlanmada \u00fclkeler aras\u0131ndaki bo\u015flu\u011fun giderek a\u00e7\u0131lmas\u0131 gibi sorunlar\u0131n getirdi\u011fi toplumsal bask\u0131lar.<\/p>\n<p>WEF\u2019in belirtti\u011fi gibi, k\u00fcresel n\u00fcfusun be\u015fte birine ev sahipli\u011fi yapan en fakir 52 \u00fclkedeki insanlar\u0131n sadece %6\u2019s\u0131 \u015fu anda a\u015f\u0131 yapt\u0131rabilmi\u015f durumda. Bu rakam\u0131, en zengin 50 \u00fclkenin ula\u015ft\u0131\u011f\u0131 %70\u2019in \u00fczerindeki oranla kar\u015f\u0131la\u015ft\u0131r\u0131n.<\/p>\n<figure id=\"attachment_97782\" aria-describedby=\"caption-attachment-97782\" style=\"width: 789px\" class=\"wp-caption aligncenter\"><img decoding=\"async\" loading=\"lazy\" class=\" wp-image-97782\" src=\"https:\/\/media.alj.com\/app\/uploads\/2022\/04\/Global-South.png\" alt=\"Global South\/Brandt Line\" width=\"789\" height=\"458\" srcset=\"https:\/\/media.alj.com\/app\/uploads\/2022\/04\/Global-South.png 679w, https:\/\/media.alj.com\/app\/uploads\/2022\/04\/Global-South-300x174.png 300w, https:\/\/media.alj.com\/app\/uploads\/2022\/04\/Global-South-150x87.png 150w\" sizes=\"(max-width: 789px) 100vw, 789px\" \/><figcaption id=\"caption-attachment-97782\" class=\"wp-caption-text\">Geli\u015fmekte olan \u201cK\u00fcresel G\u00fcney\u201d: Geli\u015fmi\u015f ve Geli\u015fmemi\u015f\/Geli\u015fmekte olan \u00fclkeleri Kuzey-G\u00fcney olarak ay\u0131ran bu g\u00f6rsel anlat\u0131m, 1980\u2019lerde Bat\u0131 Almanya eski Ba\u015fbakan\u0131 Willy Brandt taraf\u0131ndan \u201cNorth-South: A Programme for Survival (Kuzey-G\u00fcney: Bir Hayatta Kalma Program\u0131) ad\u0131yla haz\u0131rlanan ve daha sonra Brandt Raporu olarak an\u0131lan bir raporda \u00f6ne s\u00fcr\u00fclm\u00fc\u015ft\u00fcr. Foto\u011fraf sahibi \u00a9 Jovan.Gec,<\/figcaption><\/figure>\n<p>Bu durumun b\u00fcy\u00fck sorunlara neden olmas\u0131 ka\u00e7\u0131n\u0131lmaz. 2024 y\u0131l\u0131na kadar, geli\u015fmekte olan ekonomiler pandemi \u00f6ncesi %5,5 olan b\u00fcy\u00fcme rakamlar\u0131n\u0131n alt\u0131nda bir b\u00fcy\u00fcme sergileyecekler ancak geli\u015fmi\u015f ekonomiler ortalama b\u00fcy\u00fcme rakamlar\u0131n\u0131 %0,9 a\u015facaklar. Bu anket, artan bu gelir fark\u0131n\u0131n \u00f6n\u00fcm\u00fczdeki be\u015f y\u0131l boyunca sosyal uyumu erozyona u\u011fratarak ve uzun d\u00f6nemde ge\u00e7im krizlerini tetikleyerek \u201c\u00fclke s\u0131n\u0131rlar\u0131 i\u00e7inde ve d\u0131\u015f\u0131nda\u201d gerginlikler yarataca\u011f\u0131na dair yayg\u0131n bir endi\u015feyi g\u00f6zler \u00f6n\u00fcne seriyor.<\/p>\n<p>\u0130nsan a\u00e7\u0131s\u0131ndan bakacak oldu\u011fumuzda ise COVID-19, d\u00fcnya \u00e7ap\u0131nda 53 milyon maj\u00f6r depresyon vakas\u0131ndan sorumluydu. Bu durum, salg\u0131n s\u0131ras\u0131nda en ani y\u00fckselen risklerden birinin ak\u0131l ve ruh sa\u011fl\u0131\u011f\u0131 olmas\u0131na neden oldu.<\/p>\n<p><img decoding=\"async\" loading=\"lazy\" class=\"aligncenter size-full wp-image-98420\" src=\"https:\/\/media.alj.com\/app\/uploads\/2022\/04\/1724-ALJ-World-Risks-Lighter-scaled.jpg\" alt=\"\" width=\"2560\" height=\"1465\" srcset=\"https:\/\/media.alj.com\/app\/uploads\/2022\/04\/1724-ALJ-World-Risks-Lighter-scaled.jpg 2560w, https:\/\/media.alj.com\/app\/uploads\/2022\/04\/1724-ALJ-World-Risks-Lighter-300x172.jpg 300w, https:\/\/media.alj.com\/app\/uploads\/2022\/04\/1724-ALJ-World-Risks-Lighter-1024x586.jpg 1024w, https:\/\/media.alj.com\/app\/uploads\/2022\/04\/1724-ALJ-World-Risks-Lighter-150x86.jpg 150w, https:\/\/media.alj.com\/app\/uploads\/2022\/04\/1724-ALJ-World-Risks-Lighter-768x440.jpg 768w, https:\/\/media.alj.com\/app\/uploads\/2022\/04\/1724-ALJ-World-Risks-Lighter-1536x879.jpg 1536w, https:\/\/media.alj.com\/app\/uploads\/2022\/04\/1724-ALJ-World-Risks-Lighter-2048x1172.jpg 2048w\" sizes=\"(max-width: 2560px) 100vw, 2560px\" \/><\/p>\n<p>Bu s\u0131k\u0131nt\u0131lar\u0131n yan\u0131 s\u0131ra WEF anketine kat\u0131lanlar, dijital e\u015fitsizli\u011fin giderek artmas\u0131yla birlikte gitgide artan bor\u00e7 krizi, siber g\u00fcvenlikteki ba\u015far\u0131s\u0131zl\u0131klar ve bilimsel ger\u00e7eklere kar\u015f\u0131 yayg\u0131n bir toplumsal itiraz art\u0131\u015f\u0131na dikkat \u00e7ekiyorlar.<\/p>\n<p>Ankete kat\u0131lanlar\u0131n sadece %16\u2019s\u0131 d\u00fcnyan\u0131n gelece\u011fi hakk\u0131nda olumlu veya iyimser hissederken \u00e7o\u011fu ki\u015fi yak\u0131n gelece\u011fi \u201ckal\u0131c\u0131 bir istikrars\u0131zl\u0131k ortam\u0131n\u0131n ve \u00e7ok say\u0131da s\u00fcrprizin hakim oldu\u011fu veya g\u00f6receli kazananlar\u0131 ve kaybedenleri birbirinden ay\u0131racak par\u00e7al\u0131 bir y\u00f6r\u00fcngede ilerleyen bir d\u00fcnya\u201d olarak karakterize ediyor.<\/p>\n<p>Bu t\u00fcr e\u015fitsizlikler, ka\u00e7\u0131n\u0131lmaz olarak mevcut tehditlerin en korkuncu olan iklim de\u011fi\u015fikli\u011fine kar\u015f\u0131 koordineli savunma giri\u015fimlerimizi tehlikeye atacak.<\/p>\n<p><img decoding=\"async\" loading=\"lazy\" class=\"aligncenter size-full wp-image-98427\" src=\"https:\/\/media.alj.com\/app\/uploads\/2022\/04\/1724-ALJ-World-Risks-Lighter2-scaled.jpg\" alt=\"\" width=\"2560\" height=\"1449\" srcset=\"https:\/\/media.alj.com\/app\/uploads\/2022\/04\/1724-ALJ-World-Risks-Lighter2-scaled.jpg 2560w, https:\/\/media.alj.com\/app\/uploads\/2022\/04\/1724-ALJ-World-Risks-Lighter2-300x170.jpg 300w, https:\/\/media.alj.com\/app\/uploads\/2022\/04\/1724-ALJ-World-Risks-Lighter2-1024x580.jpg 1024w, https:\/\/media.alj.com\/app\/uploads\/2022\/04\/1724-ALJ-World-Risks-Lighter2-150x85.jpg 150w, https:\/\/media.alj.com\/app\/uploads\/2022\/04\/1724-ALJ-World-Risks-Lighter2-768x435.jpg 768w, https:\/\/media.alj.com\/app\/uploads\/2022\/04\/1724-ALJ-World-Risks-Lighter2-1536x870.jpg 1536w, https:\/\/media.alj.com\/app\/uploads\/2022\/04\/1724-ALJ-World-Risks-Lighter2-2048x1159.jpg 2048w\" sizes=\"(max-width: 2560px) 100vw, 2560px\" \/><\/p>\n<h2>\u00c7evre, k\u00fcresel korkular aras\u0131nda en bask\u0131n\u0131<\/h2>\n<p>Pandeminin neden oldu\u011fu mevcut \u00f6ng\u00f6r\u00fcs\u00fczl\u00fck penceremizden bakt\u0131\u011f\u0131m\u0131zda WEF anketi, iklim krizinin hala uzun vadeli tehditlerinin bask\u0131n geldi\u011fini kan\u0131tl\u0131yor.<\/p>\n<p>\u00d6n\u00fcm\u00fczdeki on y\u0131l boyunca en \u00e7ok bask\u0131ya neden olaca\u011f\u0131 d\u00fc\u015f\u00fcn\u00fclen en \u00f6nemli be\u015f risk ve \u015fiddetleri g\u00f6z \u00f6n\u00fcne al\u0131nd\u0131\u011f\u0131nda en \u00f6nemli \u00fc\u00e7 risk, \u00e7evreyle ilgili olanlar. Verilen yan\u0131tlara derinlemesine bakt\u0131\u011f\u0131m\u0131zda bu durumun, ger\u00e7ekle\u015fme olas\u0131l\u0131\u011f\u0131 ve tehlikeleri nedeniyle i\u00e7 karart\u0131c\u0131 bir tablo ortaya koydu\u011fu a\u00e7\u0131k\u00e7a g\u00f6r\u00fcl\u00fcyor.<\/p>\n<p>\u00d6n\u00fcm\u00fczdeki 5 ila 10 y\u0131l i\u00e7inde ortaya \u00e7\u0131kma ihtimali en y\u00fcksek riskler \u015funlard\u0131r:<\/p>\n<ol>\n<li>\u0130klim konusunda eyleme ge\u00e7me ba\u015far\u0131s\u0131zl\u0131\u011f\u0131 \u2013 %42,1<\/li>\n<li>A\u015f\u0131r\u0131 zorlu hava ko\u015fullar\u0131 \u2013 %32,4<\/li>\n<li>Biyolojik \u00e7e\u015fitlilik kayb\u0131 \u2013 %27<\/li>\n<li>Do\u011fal kaynak krizleri \u2013 %23<\/li>\n<li>\u0130nsanlar\u0131n \u00e7evreye verdi\u011fi hasar \u2013 %21,7<\/li>\n<li>Sosyal uyum erozyonu \u2013 %19,1<\/li>\n<li>Zorunlu g\u00f6\u00e7 \u2013 %15<\/li>\n<li>Teknolojik geli\u015fmelerin olumsuz yan etkileri \u2013 %14,9<\/li>\n<li>Jeoekonomik \u00e7at\u0131\u015fmalar \u2013 %14,1<\/li>\n<li>Jeopolitik kaynak m\u00fccadelesi \u2013 %13,5<\/li>\n<\/ol>\n<p>\u00d6ng\u00f6r\u00fclen \u015fiddetleri ba\u011flam\u0131nda iklim konusunda eyleme ge\u00e7me ba\u015far\u0131s\u0131zl\u0131\u011f\u0131, a\u015f\u0131r\u0131 zorlu hava ko\u015fullar\u0131 ve biyolojik \u00e7e\u015fitlilik kayb\u0131 gibi riskler ilk \u00fc\u00e7 s\u0131rada yer al\u0131yor. \u0130nsanlar\u0131n \u00e7evreye verdi\u011fi hasar ve do\u011fal kaynak krizleri gibi risklerden de s\u0131k\u00e7a bahsediliyor.<\/p>\n<p><img decoding=\"async\" loading=\"lazy\" class=\"aligncenter size-full wp-image-98434\" src=\"https:\/\/media.alj.com\/app\/uploads\/2022\/04\/1724-ALJ-World-Risks-Lighter3-scaled.jpg\" alt=\"\" width=\"2560\" height=\"1379\" srcset=\"https:\/\/media.alj.com\/app\/uploads\/2022\/04\/1724-ALJ-World-Risks-Lighter3-scaled.jpg 2560w, https:\/\/media.alj.com\/app\/uploads\/2022\/04\/1724-ALJ-World-Risks-Lighter3-300x162.jpg 300w, https:\/\/media.alj.com\/app\/uploads\/2022\/04\/1724-ALJ-World-Risks-Lighter3-1024x552.jpg 1024w, https:\/\/media.alj.com\/app\/uploads\/2022\/04\/1724-ALJ-World-Risks-Lighter3-150x81.jpg 150w, https:\/\/media.alj.com\/app\/uploads\/2022\/04\/1724-ALJ-World-Risks-Lighter3-768x414.jpg 768w, https:\/\/media.alj.com\/app\/uploads\/2022\/04\/1724-ALJ-World-Risks-Lighter3-1536x828.jpg 1536w, https:\/\/media.alj.com\/app\/uploads\/2022\/04\/1724-ALJ-World-Risks-Lighter3-2048x1103.jpg 2048w\" sizes=\"(max-width: 2560px) 100vw, 2560px\" \/><\/p>\n<p>\u0130klim krizi, COVID-19\u2019un de\u011fi\u015fken yap\u0131s\u0131ndan ve Do\u011fu Avrupa\u2019daki herhangi bir \u00e7at\u0131\u015fma ortam\u0131ndan ba\u011f\u0131ms\u0131z olarak g\u00fcnl\u00fck hayat\u0131m\u0131zda bizi takip etmeye devam ediyor.<\/p>\n<p>2021 y\u0131l\u0131nda 1,5 milyar ABD dolar\u0131n\u0131n \u00fczerinde hasara neden olan a\u015f\u0131r\u0131 hava felaketlerinin say\u0131s\u0131 \u00e7ift haneli rakamlara ula\u015ft\u0131. Ida Kas\u0131rgas\u0131, A\u011fustos ay\u0131nda ABD&#8217;yi vurdu ve 95 ki\u015finin \u00f6l\u00fcm\u00fcne yol a\u00e7t\u0131. Temmuz ay\u0131nda Avrupa\u2019n\u0131n d\u00f6rt bir yan\u0131ndaki f\u0131rt\u0131nalar nedeniyle 240 ki\u015fi ya\u015fam\u0131n\u0131 yitirdi. Almanya, Fransa ve di\u011fer \u00fclkeler geni\u015f alanlara yay\u0131lan sel felaketleri ya\u015fad\u0131. G\u00fcney Sudan\u2019daki ta\u015fk\u0131nlar 800.000 ki\u015fiyi evsiz b\u0131rak\u0131rken Hindistan, Sri Lanka ve Maldivler\u2019i etkisi alt\u0131na alan f\u0131rt\u0131nada 200.000 ki\u015fi evsiz kald\u0131.<a href=\"#_ftn1\" name=\"_ftnref1\">[1]<\/a><\/p>\n<p><img decoding=\"async\" loading=\"lazy\" class=\"alignright size-medium wp-image-97810\" src=\"https:\/\/media.alj.com\/app\/uploads\/2022\/04\/David-Attenborough-at-COP26-300x193.jpg\" alt=\"Sir David Attenborough at COP26\" width=\"300\" height=\"193\" srcset=\"https:\/\/media.alj.com\/app\/uploads\/2022\/04\/David-Attenborough-at-COP26-300x193.jpg 300w, https:\/\/media.alj.com\/app\/uploads\/2022\/04\/David-Attenborough-at-COP26-150x97.jpg 150w, https:\/\/media.alj.com\/app\/uploads\/2022\/04\/David-Attenborough-at-COP26.jpg 307w\" sizes=\"(max-width: 300px) 100vw, 300px\" \/>Ge\u00e7en y\u0131l Glasgow, Birle\u015fik Krall\u0131k\u2019ta d\u00fczenlenen <a href=\"https:\/\/alj.com\/en\/perspective\/cop26-a-degree-of-success\/\">COP26 iklim konferans\u0131<\/a>, yeni k\u00fcresel \u00e7evre taahh\u00fctlerinin g\u00fcvence alt\u0131na al\u0131nmas\u0131nda inkar edilemez bir yol kat etti. 46 \u00fclke 2040 y\u0131l\u0131na kadar temiz enerjiye ge\u00e7ecek, Hindistan 2030 y\u0131l\u0131na kadar %50 yenilenebilir enerji hedefliyor ve 141 \u00fclke 2030 y\u0131l\u0131na kadar orman tahribat\u0131n\u0131n a\u015famal\u0131 olarak durdurulmas\u0131na karar verdi.<\/p>\n<p>WEF, bu taahh\u00fctler hayata ge\u00e7se bile mevcut gidi\u015fatta 2016 Paris \u0130klim Anla\u015fmas\u0131\u2019ndaki 1,5\u00a0<sup>o<\/sup>C\u2019nin alt\u0131nda k\u00fcresel s\u0131cakl\u0131k art\u0131\u015f\u0131 hedefinin gerisinde kal\u0131naca\u011f\u0131n\u0131 belirtiyor: En iyimser senaryo 1,8\u00a0<sup>o<\/sup>C.<\/p>\n<p>Bunun yan\u0131 s\u0131ra Birle\u015fik Krall\u0131k, AB ve ABD, geli\u015fmekte olan \u00fclkelere sunulacak resmi bir iklim finansman\u0131 paketi \u00fczerinde durdu. Bu arada \u00c7in ve Hindistan, taahh\u00fcd\u00fcn nihai onayl\u0131 tasla\u011f\u0131nda \u201ck\u00f6m\u00fcr kullan\u0131m\u0131n\u0131 a\u015famal\u0131 olarak sonland\u0131rmak\u201d ifadesi yerine \u201ca\u015famal\u0131 olarak azaltmak\u201d ifadesini kullanmay\u0131 tercih etti.<\/p>\n<p><img decoding=\"async\" loading=\"lazy\" class=\"aligncenter size-full wp-image-97817\" src=\"https:\/\/media.alj.com\/app\/uploads\/2022\/04\/World-Leaders-at-COP26.png\" alt=\"World Leaders at COP26\" width=\"1378\" height=\"772\" srcset=\"https:\/\/media.alj.com\/app\/uploads\/2022\/04\/World-Leaders-at-COP26.png 1378w, https:\/\/media.alj.com\/app\/uploads\/2022\/04\/World-Leaders-at-COP26-300x168.png 300w, https:\/\/media.alj.com\/app\/uploads\/2022\/04\/World-Leaders-at-COP26-1024x574.png 1024w, https:\/\/media.alj.com\/app\/uploads\/2022\/04\/World-Leaders-at-COP26-150x84.png 150w, https:\/\/media.alj.com\/app\/uploads\/2022\/04\/World-Leaders-at-COP26-768x430.png 768w, https:\/\/media.alj.com\/app\/uploads\/2022\/04\/World-Leaders-at-COP26-226x126.png 226w\" sizes=\"(max-width: 1378px) 100vw, 1378px\" \/><\/p>\n<p>COVID-19 s\u00fcrecinin sonras\u0131nda uluslar\u0131n kendisine \u00f6ncelik vermesi, k\u0131sa vadeli ekonomik faydac\u0131l\u0131k ad\u0131na k\u00fcresel taahh\u00fctlerden daha da fazla taviz verilmesine yol a\u00e7abilir.<\/p>\n<p>Bununla birlikte, kapanma s\u0131ras\u0131nda \u00fcretim ve nakliye i\u015flerinin durmas\u0131 nedeniyle kirlilik emisyonlar\u0131nda ge\u00e7ici bir d\u00fc\u015f\u00fc\u015f sa\u011flanmas\u0131na ra\u011fmen iklim konusunda eyleme ge\u00e7me ba\u015far\u0131s\u0131zl\u0131\u011f\u0131 nedeniyle bu durumunun asl\u0131nda salg\u0131n ba\u015flad\u0131\u011f\u0131ndan bu yana %25 oran\u0131nda k\u00f6t\u00fcle\u015fti\u011fi d\u00fc\u015f\u00fcn\u00fcl\u00fcyor.<\/p>\n<p><img decoding=\"async\" loading=\"lazy\" class=\"aligncenter size-full wp-image-98441\" src=\"https:\/\/media.alj.com\/app\/uploads\/2022\/04\/1724-ALJ-World-Risks-Lighter4-scaled.jpg\" alt=\"\" width=\"2560\" height=\"1250\" srcset=\"https:\/\/media.alj.com\/app\/uploads\/2022\/04\/1724-ALJ-World-Risks-Lighter4-scaled.jpg 2560w, https:\/\/media.alj.com\/app\/uploads\/2022\/04\/1724-ALJ-World-Risks-Lighter4-300x146.jpg 300w, https:\/\/media.alj.com\/app\/uploads\/2022\/04\/1724-ALJ-World-Risks-Lighter4-1024x500.jpg 1024w, https:\/\/media.alj.com\/app\/uploads\/2022\/04\/1724-ALJ-World-Risks-Lighter4-150x73.jpg 150w, https:\/\/media.alj.com\/app\/uploads\/2022\/04\/1724-ALJ-World-Risks-Lighter4-768x375.jpg 768w, https:\/\/media.alj.com\/app\/uploads\/2022\/04\/1724-ALJ-World-Risks-Lighter4-1536x750.jpg 1536w, https:\/\/media.alj.com\/app\/uploads\/2022\/04\/1724-ALJ-World-Risks-Lighter4-2048x1000.jpg 2048w\" sizes=\"(max-width: 2560px) 100vw, 2560px\" \/><\/p>\n<p>K\u00fcresel \u0131s\u0131nmaya dair toplumsal alg\u0131 artmaya devam etse de 2020 y\u0131l\u0131nda 50\u2019den fazla geli\u015fmi\u015f ve geli\u015fmekte olan ekonomi, fosil yak\u0131t s\u00fcbvansiyonuna 345 milyar ABD dolar\u0131 tutar\u0131nda daha fazla para yat\u0131rd\u0131.<\/p>\n<p>WEF, geri bildirim d\u00f6ng\u00fcleri \u00e7evre i\u00e7in barda\u011f\u0131 ta\u015f\u0131rmadan ve karbonsuzla\u015fma d\u00fcrt\u00fcs\u00fc yetersiz ve ge\u00e7 kalmadan \u00f6nce iklim risklerini azaltma \u00f6nlemlerinin acilen benimsenmesi gerekti\u011fini belirtiyor.<\/p>\n<p>\u0130klim konusunda <a href=\"https:\/\/www.alj.com\/en\/spotlight-by-fady-jameel\/the-economic-costs-of-climate-change\/\">eyleme ge\u00e7me ba\u015far\u0131s\u0131zl\u0131\u011f\u0131n\u0131n maliyeti<\/a> \u00e7ok y\u00fcksek. Bu durumun 2050 y\u0131l\u0131na kadar k\u00fcresel GSY\u0130H\u2019de %4 ila %18\u2019lik bir kayba neden olaca\u011f\u0131 tahmin ediliyor.<\/p>\n<p><a href=\"https:\/\/www.alj.com\/en\/spotlight-by-fady-jameel\/delivering-decarbonization-how-achievable-is-net-zero\/\">Net s\u0131f\u0131r d\u00fcnya<\/a> hedefine ula\u015fman\u0131n toplumsal, ekonomik ve teknolojik zorluklar\u0131 nedeniyle WEF, bu olas\u0131 ge\u00e7i\u015f s\u00fcrecini \u201cintizams\u0131z\u201d olarak s\u0131n\u0131fland\u0131r\u0131yor. \u00dclkeler aras\u0131ndaki b\u00f6l\u00fcnm\u00fc\u015f toplumlar\u0131 ve ideolojik fay hatlar\u0131n\u0131 \u00f6nlemek i\u00e7in h\u00fck\u00fcmetlerin, i\u015fletmelerin ve vatanda\u015flar\u0131n politika taahh\u00fctleri, finansal te\u015fvikler, d\u00fczenlemeler ve acil ihtiya\u00e7lar aras\u0131nda ortak bir denge \u00fczerinde anla\u015fmaya varmalar\u0131 \u00f6neriliyor.<\/p>\n<p>Peki iklim de\u011fi\u015fikli\u011fine kar\u015f\u0131 m\u00fccadeledeki en \u00f6nemli m\u00fcttefikimiz nedir? Fark\u0131ndal\u0131k.<\/p>\n<h2>Riskin de\u011fi\u015fken g\u00fcc\u00fcne kar\u015f\u0131 m\u00fccadele<\/h2>\n<p>Risklere dair olumlu bir \u015fey varsa o da \u015fu: Bir riskin tespit edilmesi, ona kar\u015f\u0131 haz\u0131rl\u0131k yap\u0131labilece\u011fi anlam\u0131na geliyor.<\/p>\n<p>WEF, \u00e7evre ile ilgili tahminler yapan uzmanlara umut veren \u00e7ok say\u0131da giri\u015fim ve e\u011filimin bulundu\u011funu zaten g\u00f6r\u00fcyor.<\/p>\n<ul>\n<li>Ye\u015fil politikalar, hatta ye\u015fil partiler, k\u00fcresel se\u00e7menler aras\u0131nda daha \u00e7ok ilgi \u00e7ekiyor.<\/li>\n<li>Yeni <a href=\"https:\/\/www.ifrs.org\/groups\/international-sustainability-standards-board\/\">Uluslararas\u0131 S\u00fcrd\u00fcr\u00fclebilirlik Standartlar\u0131 Kurulu<\/a> iklim eylemini izlemek ve ye\u015fil g\u00f6z boyamay\u0131 \u00f6nlemek i\u00e7in bir araya geliyor.<\/li>\n<li>\u00c7evresel, sosyal ve y\u00f6neti\u015fim yat\u0131r\u0131m ilkeleriyle birlikte payda\u015f aktivizmi, finansal piyasay\u0131 \u00e7evre bilinciyle y\u00f6nlendiriyor.<\/li>\n<li>Karbon n\u00f6tr ko\u015fuluna ba\u011fl\u0131 130 trilyon ABD dolar\u0131 tutar\u0131nda \u00f6zel sermaye.<\/li>\n<li>Yenilenebilir enerji alan\u0131nda yeniden beceri kazanarak d\u00fcnya \u00e7ap\u0131nda yarat\u0131lacak 40 milyon yeni i\u015f imkan\u0131.<\/li>\n<li>COP26\u2019da k\u00fcresel karbon piyasalar\u0131n\u0131n faaliyete ge\u00e7mesi i\u00e7in ye\u015fil \u0131\u015f\u0131k yakan bir \u00e7er\u00e7eve anla\u015fma ve karbon kredilerinin al\u0131n\u0131p sat\u0131labilmesi i\u00e7in g\u00f6revlendirilmi\u015f yeni bir BM denetim kurumu.<\/li>\n<\/ul>\n<p>Her zaman oldu\u011fu gibi, ertelemeye kar\u015f\u0131 dikkatli olmal\u0131y\u0131z. Biyoteknik ve jeoloji m\u00fchendisli\u011fi \u00e7\u00f6z\u00fcmleri birer \u201csihirli de\u011fnek\u201d gibi sunulabilir; ancak \u00f6ng\u00f6r\u00fclemeyen riskler bar\u0131nd\u0131rabilir veya jeopolitik nedenlerle k\u00f6t\u00fcye kullan\u0131labilir. Karbon Yakalama ve Depolama (CCS) ve Karbondioksit Giderme (CDR) teknolojileri, karbon i\u015ftah\u0131 on y\u0131llar boyunca devam edecek bir d\u00fcnyay\u0131 dengelemek i\u00e7in ciddi bir geli\u015fim sergilemelidir.<\/p>\n<p><img decoding=\"async\" loading=\"lazy\" class=\"aligncenter size-full wp-image-98448\" src=\"https:\/\/media.alj.com\/app\/uploads\/2022\/04\/1724-ALJ-World-Risks-Lighter5-scaled.jpg\" alt=\"\" width=\"2560\" height=\"1551\" srcset=\"https:\/\/media.alj.com\/app\/uploads\/2022\/04\/1724-ALJ-World-Risks-Lighter5-scaled.jpg 2560w, https:\/\/media.alj.com\/app\/uploads\/2022\/04\/1724-ALJ-World-Risks-Lighter5-300x182.jpg 300w, https:\/\/media.alj.com\/app\/uploads\/2022\/04\/1724-ALJ-World-Risks-Lighter5-1024x621.jpg 1024w, https:\/\/media.alj.com\/app\/uploads\/2022\/04\/1724-ALJ-World-Risks-Lighter5-150x91.jpg 150w, https:\/\/media.alj.com\/app\/uploads\/2022\/04\/1724-ALJ-World-Risks-Lighter5-768x465.jpg 768w, https:\/\/media.alj.com\/app\/uploads\/2022\/04\/1724-ALJ-World-Risks-Lighter5-1536x931.jpg 1536w, https:\/\/media.alj.com\/app\/uploads\/2022\/04\/1724-ALJ-World-Risks-Lighter5-2048x1241.jpg 2048w\" sizes=\"(max-width: 2560px) 100vw, 2560px\" \/><\/p>\n<p>\u0130klim de\u011fi\u015fikli\u011fini \u015fimdi kontrol alt\u0131na almak, yani onu, bizleri \u015fa\u015f\u0131rtma ve ivmelenerek artma yetene\u011finden mahrum b\u0131rakmak; gelecekteki riskleri azaltmaya yard\u0131mc\u0131 olacak. K\u0131sacas\u0131, net s\u0131f\u0131r emisyonlu bir d\u00fcnyaya zorunlu ge\u00e7i\u015f s\u00fcrecimizin d\u00fczensiz ve \u00f6ng\u00f6r\u00fclemez olmaktan ziyade istikrarl\u0131 ve y\u00f6netilebilir olma \u015fans\u0131n\u0131 art\u0131racak.<\/p>\n<p>Ortak riskler, iklim m\u00fccadelesinin ne kadar acil bir gereklilik oldu\u011funu ortaya koyuyor<\/p>\n<p>2022 K\u00fcresel Risk Raporu, iklim risklerini azaltmak i\u00e7in at\u0131lan ad\u0131mlar\u0131n yeterince h\u0131zl\u0131 ve yeterli olup olmad\u0131\u011f\u0131na dair yayg\u0131n \u015f\u00fcpheleri yans\u0131t\u0131yor.<\/p>\n<p>Ankete kat\u0131lanlar\u0131n %68\u2019i iklim de\u011fi\u015fikli\u011fi riskini azaltma \u00e7al\u0131\u015fmalar\u0131n\u0131n halen \u201cerken geli\u015fim\u201d d\u00f6neminde oldu\u011funu kabul ederken %9\u2019u bu s\u00fcrecin hen\u00fcz ba\u015flamad\u0131\u011f\u0131n\u0131 d\u00fc\u015f\u00fcn\u00fcyor. Kat\u0131l\u0131mc\u0131lar\u0131n sadece %21\u2019i iklim de\u011fi\u015fikli\u011fi risklerini azaltma ad\u0131mlar\u0131n\u0131n \u201cyerine oturmu\u015f durumda\u201d oldu\u011funu ve sadece %2\u2019si bu ad\u0131mlar\u0131n \u201cetkili oldu\u011funu d\u00fc\u015f\u00fcn\u00fcyor.<\/p>\n<p>Biyolojik \u00e7e\u015fitlili\u011fin korunmas\u0131 ile ilgili rakamlar da hemen hemen ayn\u0131.<\/p>\n<p>Olaylara daha geni\u015f bir a\u00e7\u0131dan bakan bu rapor, iklim de\u011fi\u015fikli\u011finin k\u00fcresel \u0131s\u0131nma nedeniyle potansiyel olarak \u015fiddetlenen baz\u0131 alt riskleriyle ilgili risk azaltma \u00e7al\u0131\u015fmalar\u0131na ayn\u0131 derecede daha az g\u00fcven duyuldu\u011funa dikkat \u00e7ekiyor. Bu nedenle g\u00f6\u00e7 ve m\u00fcltecilerle ile ilgili risklerin sadece %37\u2019sinin \u201cyerine oturmu\u015f durumda\u201d, %3\u2019\u00fcn\u00fcn \u201cetkili\u201d; kaynak g\u00fcvenli\u011fi ile ilgili risklerin s\u0131ras\u0131yla %39 ve %3; yoksulluk ile ilgili risklerin %39 ve %2; insan sa\u011fl\u0131\u011f\u0131 ile ilgili risklerin ise %49 ve %4 oranlar\u0131nda \u201cyerine oturmu\u015f durumda\u201d ve \u201cetkili\u201d oldu\u011funun d\u00fc\u015f\u00fcn\u00fcld\u00fc\u011f\u00fcn\u00fc g\u00f6r\u00fcyoruz.<\/p>\n<figure id=\"attachment_97842\" aria-describedby=\"caption-attachment-97842\" style=\"width: 694px\" class=\"wp-caption aligncenter\"><img decoding=\"async\" loading=\"lazy\" class=\" wp-image-97842\" src=\"https:\/\/media.alj.com\/app\/uploads\/2022\/04\/Graeme-MacKay-Four-Waves-Cartoon.jpg\" alt=\"Graeme MacKay Four Waves Cartoon\" width=\"694\" height=\"536\" srcset=\"https:\/\/media.alj.com\/app\/uploads\/2022\/04\/Graeme-MacKay-Four-Waves-Cartoon.jpg 602w, https:\/\/media.alj.com\/app\/uploads\/2022\/04\/Graeme-MacKay-Four-Waves-Cartoon-300x232.jpg 300w, https:\/\/media.alj.com\/app\/uploads\/2022\/04\/Graeme-MacKay-Four-Waves-Cartoon-150x116.jpg 150w\" sizes=\"(max-width: 694px) 100vw, 694px\" \/><figcaption id=\"caption-attachment-97842\" class=\"wp-caption-text\">Resim Sahibi \u00a9 Graeme MacKay<\/figcaption><\/figure>\n<p>G\u00f6rmezden geldi\u011fimiz bir ger\u00e7ek olan iklim de\u011fi\u015fikli\u011finin \u00f6tesinde, WEF\u2019in risk azaltma verileri di\u011fer k\u00fcresel risk \u00f6l\u00e7\u00fctleriyle birlikte yayg\u0131n bir ilgisizli\u011fin varl\u0131\u011f\u0131na i\u015faret ediyor. Siber sald\u0131r\u0131lar, yapay zeka ve uzay ke\u015ffi, risk azaltma \u00e7al\u0131\u015fmalar\u0131n\u0131n hen\u00fcz uygun \u015fekilde ba\u015flamad\u0131\u011f\u0131 risk alanlar\u0131 olarak vurgulan\u0131yor.<\/p>\n<p>K\u00fcresel olarak en az riske maruz kald\u0131\u011f\u0131 d\u00fc\u015f\u00fcn\u00fclen \u201cticaretin kolayla\u015ft\u0131r\u0131lmas\u0131\u201d konusunda bile kat\u0131l\u0131mc\u0131lar\u0131n sadece d\u00f6rtte \u00fc\u00e7\u00fc at\u0131lan risk azaltma ad\u0131mlar\u0131n\u0131 \u201cyerine oturmu\u015f durumda\u201d veya \u201cetkili\u201d olarak alg\u0131l\u0131yor; \u00fcstelik bu rakamlar Rusya\u2019n\u0131n uluslararas\u0131 Swift \u00f6deme sisteminden \u00e7\u0131kar\u0131ld\u0131\u011f\u0131 \u015eubat 2022\u2019den \u00f6nce elde edilmi\u015fti.<\/p>\n<p>WEF\u2019in uyar\u0131s\u0131na g\u00f6re d\u00fcnyan\u0131n dijital k\u0131r\u0131lganl\u0131k, benzeri g\u00f6r\u00fclmemi\u015f bir g\u00f6\u00e7 dalgas\u0131 (y\u00fczy\u0131l ortas\u0131nda 200 milyona yak\u0131n iklim m\u00fcltecisi) ve uzay gibi yeni s\u0131n\u0131rlar\u0131n bile a\u015f\u0131r\u0131 kalabal\u0131k ve \u00e7\u0131kar \u00e7at\u0131\u015fmas\u0131 sorunlar\u0131yla kar\u015f\u0131 kar\u015f\u0131ya kalaca\u011f\u0131 bir d\u00f6neme giriyoruz.<\/p>\n<p>Bu ba\u011flamda, iklim de\u011fi\u015fikli\u011finin t\u00fcm ya\u015fam\u0131 etkileyen risklerini azaltmak i\u00e7in elimizden gelen her \u015feyi yapmak bizim g\u00f6revimiz.<\/p>\n<p>\u00d6zel sekt\u00f6r\u00fcn d\u00fcnya \u00e7ap\u0131nda h\u00fck\u00fcmetleri destekleyebildi\u011fi, \u00e7evresel istikrars\u0131zl\u0131\u011f\u0131n neden oldu\u011fu belirsizlikler \u00fczerinde bir miktar kontrol sa\u011flamaya yard\u0131mc\u0131 olacak inovasyon ve kaynaklar\u0131 serbest b\u0131rakabildi\u011fi yer buras\u0131.<\/p>\n<p><img decoding=\"async\" loading=\"lazy\" class=\"aligncenter  wp-image-97852\" src=\"https:\/\/media.alj.com\/app\/uploads\/2022\/04\/UN-SDG-Wall.jpg\" alt=\"UN SDG Wall\" width=\"805\" height=\"536\" srcset=\"https:\/\/media.alj.com\/app\/uploads\/2022\/04\/UN-SDG-Wall.jpg 602w, https:\/\/media.alj.com\/app\/uploads\/2022\/04\/UN-SDG-Wall-300x200.jpg 300w, https:\/\/media.alj.com\/app\/uploads\/2022\/04\/UN-SDG-Wall-150x100.jpg 150w\" sizes=\"(max-width: 805px) 100vw, 805px\" \/><\/p>\n<h2>Risk azaltma vizyonunun arkas\u0131nda birle\u015fme<\/h2>\n<p><a href=\"https:\/\/alj.com\">Abdul Latif Jameel<\/a>\u2019de, \u00e7evresel toparlanma s\u00fcrecini h\u0131zland\u0131rarak ve <a href=\"https:\/\/alj.com\/en\/perspective\/time-for-action\/\">iklim de\u011fi\u015fikli\u011fiyle m\u00fccadele ederek<\/a> k\u00fcresel riski azaltmada \u00fczerimize d\u00fc\u015feni yapmaya kararl\u0131y\u0131z.<\/p>\n<p><iframe loading=\"lazy\" src=\"\/\/www.youtube.com\/embed\/tB0cUgRSUAM?list=PLHXEfCEwu45u6wesosb2M4BGbQiYbmrTt\" width=\"560\" height=\"314\" allowfullscreen=\"allowfullscreen\"><\/iframe><\/p>\n<p>Jameel Ailesinin ticari ve ticari olmayan faaliyetleri y\u00fczy\u0131l\u0131n son d\u00f6rtte \u00fc\u00e7l\u00fck d\u00f6nemi boyunca olumlu de\u011fi\u015fimler yaratt\u0131 ve bug\u00fcn <a href=\"https:\/\/jameel75.com\/en\/sdg\">\u00a0Birle\u015fmi\u015f Milletler G\u00fcndem 2030<\/a> ve ilgili S\u00fcrd\u00fcr\u00fclebilir Kalk\u0131nma Hedefleri (SDG) ile uyumlu bir \u00e7izgi yakalad\u0131.<\/p>\n<p>Temel hedeflerimizden biri de herkes i\u00e7in uygun fiyatl\u0131 <a href=\"https:\/\/www.alj.com\/en\/perspective\/feel-the-power\/\">temiz enerji<\/a> sa\u011flamak. Alan\u0131nda \u00f6nc\u00fc yenilenebilir enerji i\u015fletmemiz Fotowatio Renewable Ventures (<a href=\"https:\/\/frv.com\/en\/\">FRV<\/a>) arac\u0131l\u0131\u011f\u0131yla Orta Do\u011fu, Avustralya, Avrupa ve Latin Amerika genelinde s\u00fcrekli geni\u015fleyen bir temiz enerji projeleri portf\u00f6y\u00fcn\u00fc y\u00f6netiyoruz.<\/p>\n<p><iframe loading=\"lazy\" src=\"\/\/www.youtube.com\/embed\/K5Su-KjYeXg\" width=\"560\" height=\"314\" allowfullscreen=\"allowfullscreen\"><\/iframe><\/p>\n<p>FRV\u2019nin <a href=\"https:\/\/frv.com\/en\/services\/frv-x\/\">FRV-X<\/a>\u2019teki \u00f6zel inovasyon ekibi, r\u00fczgar esmedi\u011finde veya g\u00fcne\u015f par\u0131ldamad\u0131\u011f\u0131nda bile \u015fehirlerimize gece g\u00fcnd\u00fcz g\u00fc\u00e7 sa\u011flayabilmek amac\u0131yla yenilenebilir enerjiyi ger\u00e7ek s\u00fcrd\u00fcr\u00fclebilirli\u011fe biraz daha yakla\u015ft\u0131racak pil depolama ve di\u011fer geli\u015fmi\u015f enerji teknolojilerini ara\u015ft\u0131r\u0131yor.<\/p>\n<p>FRV-X\u2019in <a href=\"https:\/\/alj.com\/en\/news\/abdul-latif-jameel-energys-frv-harmony-energy-commission-first-megapack-uk-energy-storage-project\/\">Holes Bay<\/a>, Dorset\u2019teki ve <a href=\"https:\/\/alj.com\/en\/news\/abdul-latif-jameel-energys-frv-energizes-contego-battery-energy-storage-plant\/\">Contego,<\/a> West Sussex\u2019teki d\u00f6n\u00fcm noktas\u0131 niteli\u011findeki Birle\u015fik Krall\u0131k projeleri halihaz\u0131rda \u00e7al\u0131\u015f\u0131r durumda; Birle\u015fik Krall\u0131k\u2019\u0131n en b\u00fcy\u00fck ak\u00fc depolama projesi ise <a href=\"https:\/\/alj.com\/en\/news\/abdul-latif-jameel-energys-frv-and-harmony-energy-launch-uks-largest-battery-storage-project-with-tesla-megapack-in-mission-to-decarbonize-britains-energy-grid\/\">Clay Tye<\/a><u>,<\/u> Essex\u2019te geli\u015ftiriliyor.<\/p>\n<p>Hep birlikte hareket etti\u011fimiz bir yakla\u015f\u0131m sergilesek bile iklim de\u011fi\u015fikli\u011finin etkilerinden tamamen ka\u00e7\u0131nabilmemiz pek m\u00fcmk\u00fcn de\u011fil. Bu nedenle, gelecekte belirsizlik riskini ortadan kald\u0131rmak i\u00e7in teknolojilere yat\u0131r\u0131m yap\u0131yoruz.<\/p>\n<p><a href=\"https:\/\/alj.com\/energy\">Abdul Latif Jameel Enerji ve \u00c7evre Hizmetleri<\/a>\u2019nin bir par\u00e7as\u0131 olan <a href=\"https:\/\/almarwater.com\/\">Almar Water Solutions<\/a> ekibi, lider teknolojilerle donat\u0131lm\u0131\u015f tuzdan ar\u0131nd\u0131rma ve at\u0131k su ar\u0131tma ve geri d\u00f6n\u00fc\u015f\u00fcm tesisleri ve yeni teknolojiler arac\u0131l\u0131\u011f\u0131yla insan ve end\u00fcstriyel ama\u00e7l\u0131 kullan\u0131ma y\u00f6nelik su \u00fcreten tam su d\u00f6ng\u00fcs\u00fc y\u00f6netimi i\u00e7in \u00f6zel olarak g\u00f6revlendirilmi\u015ftir.<\/p>\n<p>MIT\u2019nin 2014 y\u0131l\u0131nda <a href=\"https:\/\/communityjameel.org\/\">Community Jameel<\/a> ile ortakla\u015fa kurulan su ve g\u0131da sistemleri laboratuvar\u0131 <a href=\"https:\/\/jwafs.mit.edu\/\">J-WAFS<\/a>, s\u00fcrekli artan bir n\u00fcfus i\u00e7in hayati kaynaklar\u0131n g\u00fcvenli, tutarl\u0131 ve \u00e7evre dostu bir \u015fekilde tedarik edilmesini sa\u011flamaya y\u00f6nelik teknikleri ara\u015ft\u0131r\u0131yor.<\/p>\n<p><iframe loading=\"lazy\" src=\"\/\/www.youtube.com\/embed\/SZVUn5clNp4\" width=\"560\" height=\"314\" allowfullscreen=\"allowfullscreen\"><\/iframe><\/p>\n<p>Bir di\u011fer Community Jameel &#8211; MIT i\u015f birli\u011fi olan Abdul Latif Jameel Yoksulluk Eylem Laboratuvar\u0131 (<a href=\"https:\/\/www.povertyactionlab.org\/\">J-PAL<\/a>), iklim de\u011fi\u015fikli\u011fi gibi sorunlardan orant\u0131s\u0131z bi\u00e7imde etkilenen topluluklar\u0131n, bilimin \u00f6nderli\u011findeki politikalardan faydalanmas\u0131n\u0131 sa\u011flayarak k\u00fcresel yoksullu\u011fu azaltmay\u0131 hedefliyor.<\/p>\n<figure id=\"attachment_90627\" aria-describedby=\"caption-attachment-90627\" style=\"width: 225px\" class=\"wp-caption alignleft\"><img decoding=\"async\" loading=\"lazy\" class=\"size-medium wp-image-90627\" src=\"https:\/\/media.alj.com\/app\/uploads\/2021\/07\/Fady-Jameel-2-225x300.jpg\" alt=\"Fady Jameel\" width=\"225\" height=\"300\" srcset=\"https:\/\/media.alj.com\/app\/uploads\/2021\/07\/Fady-Jameel-2-225x300.jpg 225w, https:\/\/media.alj.com\/app\/uploads\/2021\/07\/Fady-Jameel-2-768x1025.jpg 768w, https:\/\/media.alj.com\/app\/uploads\/2021\/07\/Fady-Jameel-2-112x150.jpg 112w, https:\/\/media.alj.com\/app\/uploads\/2021\/07\/Fady-Jameel-2-1151x1536.jpg 1151w, https:\/\/media.alj.com\/app\/uploads\/2021\/07\/Fady-Jameel-2.jpg 1224w\" sizes=\"(max-width: 225px) 100vw, 225px\" \/><figcaption id=\"caption-attachment-90627\" class=\"wp-caption-text\">Fady Jameel<br \/>\nBa\u015fkan Vekili ve Y\u00f6netim Kurulu Ba\u015fkan Yard\u0131mc\u0131s\u0131<br \/>\nAbdul Latif Jameel<\/figcaption><\/figure>\n<p>Abdul Latif Jameel Ba\u015fkan Vekili ve Y\u00f6netim Kurulu Ba\u015fkan Yard\u0131mc\u0131s\u0131 Fady Jameel\u2019in s\u00f6zleriyle, \u201cTehlikenin bizim anlay\u0131\u015f\u0131m\u0131z\u0131n \u00f6tesinde sonsuza kadar hayal edilemez ve kontrol edilemez oldu\u011fu d\u00fc\u015f\u00fcncesine boyun e\u011fmek kolayd\u0131r. Ancak b\u00f6yle bir yakla\u015f\u0131m, insan \u00e7abas\u0131n\u0131n ve bilimsel ara\u015ft\u0131rmalar\u0131n potansiyelini g\u00f6z ard\u0131 eder.<\/p>\n<p>D\u00fcnyam\u0131z \u015fimdiden karma\u015f\u0131k bir i\u015fleyi\u015fe sahip ve \u00f6n\u00fcm\u00fczdeki y\u0131llarda yapay zekan\u0131n y\u00fckseli\u015fi, <a href=\"https:\/\/aljhealth.com\">insan sa\u011fl\u0131\u011f\u0131 <\/a>ve finansal istikrars\u0131zl\u0131k ile ilgili pek \u00e7ok alanda benzeri g\u00f6r\u00fclmemi\u015f zorluklarla kar\u015f\u0131la\u015facakt\u0131r.<\/p>\n<p>Bu de\u011fi\u015fikliklere uyum sa\u011flamak i\u00e7in daha fazla zaman kazanmam\u0131z gerekiyorsa, t\u00fcm tehditler aras\u0131nda risk olu\u015fturma potansiyeli en \u00e7ok olan ve halen s\u0131n\u0131rlama g\u00fcc\u00fcne sahip oldu\u011fumuz bu iklim de\u011fi\u015fikli\u011fi tehdidine kar\u015f\u0131 g\u00fc\u00e7lerimizi birle\u015ftirmeliyiz. Abdul Latif Jameel aile i\u015fletmelerinin tamam\u0131nda, herkes i\u00e7in daha temiz ve daha g\u00fcvenli bir gelecek yaratma misyonuna sa\u011flad\u0131\u011f\u0131m\u0131z b\u00fcy\u00fck veya k\u00fc\u00e7\u00fck t\u00fcm katk\u0131lardan gurur duyuyoruz.\u201d<\/p>\n<p><a href=\"#_ftnref1\" name=\"_ftn1\">[1]<\/a> <sup>https:\/\/www.bbc.co.uk\/news\/science-environment-59761839<\/sup><\/p>\n","protected":false},"author":18,"featured_media":97860,"template":"","tags":[525,526,527,528,529],"acf":[],"yoast_head":"<!-- This site is optimized with the Yoast SEO plugin v21.5 - https:\/\/yoast.com\/wordpress\/plugins\/seo\/ -->\n<title>WEF&#039;in K\u00fcresel Riskler Raporu\u2019na Bir Bak\u0131\u015f | Abdul Latif Jameel\u00ae<\/title>\n<meta name=\"description\" content=\"WEF&#039;in 2022 K\u00fcresel Risk Raporlar\u0131nda k\u00fcresel e\u015fitsizlik risklerini, ve Abdul Latif Jameel&#039;in insanlar\u0131n ya\u015fam tarz\u0131n\u0131 iyile\u015ftirmek i\u00e7in nas\u0131l \u00e7al\u0131\u015ft\u0131\u011f\u0131n\u0131 ke\u015ffedin.\" \/>\n<meta name=\"robots\" content=\"index, follow, max-snippet:-1, max-image-preview:large, max-video-preview:-1\" \/>\n<link rel=\"canonical\" href=\"https:\/\/alj.com\/tr\/perspective\/esitsizlik-dunyayi-nasil-daha-riskli-bir-yer-haline-getirerek-tehlike-yaratir\/\" \/>\n<meta property=\"og:locale\" content=\"tr_TR\" \/>\n<meta property=\"og:type\" content=\"article\" \/>\n<meta property=\"og:title\" content=\"How inequality threatens a riskier world.\" \/>\n<meta property=\"og:description\" content=\"Modern life can sometimes feel like an endless negotiation with jeopardy. In 2022, we seem addicted to collectively running the gauntlet of risk \u2013 the risk of environmental collapse, the risk of contracting a deadly virus, the risk of nationalistic border strife spiraling out of control. Yet, for most of us, such fears remain hypothetical, or of uncertain timescale, or unnecessarily inflated by trending headlines and media hype. So, what about the real world of risk?\" \/>\n<meta property=\"og:url\" content=\"https:\/\/alj.com\/tr\/perspective\/esitsizlik-dunyayi-nasil-daha-riskli-bir-yer-haline-getirerek-tehlike-yaratir\/\" \/>\n<meta property=\"og:site_name\" content=\"Abdul Latif Jameel\" \/>\n<meta property=\"article:publisher\" content=\"https:\/\/www.facebook.com\/Abdul.Latif.Jameel.Official\" \/>\n<meta property=\"article:modified_time\" content=\"2022-06-29T06:48:42+00:00\" \/>\n<meta property=\"og:image\" content=\"https:\/\/media.alj.com\/app\/uploads\/2022\/04\/WEF-Word-Risks-2022-Hero-Image.jpg\" \/>\n\t<meta property=\"og:image:width\" content=\"1389\" \/>\n\t<meta property=\"og:image:height\" content=\"815\" \/>\n\t<meta property=\"og:image:type\" content=\"image\/jpeg\" \/>\n<meta name=\"twitter:card\" content=\"summary_large_image\" \/>\n<meta name=\"twitter:title\" content=\"How inequality threatens a riskier world.\" \/>\n<meta name=\"twitter:description\" content=\"Modern life can sometimes feel like an endless negotiation with jeopardy. In 2022, we seem addicted to collectively running the gauntlet of risk \u2013 the risk of environmental collapse, the risk of contracting a deadly virus, the risk of nationalistic border strife spiraling out of control. Yet, for most of us, such fears remain hypothetical, or of uncertain timescale, or unnecessarily inflated by trending headlines and media hype. So, what about the real world of risk?\" \/>\n<meta name=\"twitter:image\" content=\"https:\/\/media.alj.com\/app\/uploads\/2022\/04\/WEF-Word-Risks-2022-Hero-Image.jpg\" \/>\n<meta name=\"twitter:label1\" content=\"Est. reading time\" \/>\n\t<meta name=\"twitter:data1\" content=\"12 minutes\" \/>\n<script type=\"application\/ld+json\" class=\"yoast-schema-graph\">{\"@context\":\"https:\/\/schema.org\",\"@graph\":[{\"@type\":\"WebPage\",\"@id\":\"https:\/\/alj.com\/tr\/perspective\/esitsizlik-dunyayi-nasil-daha-riskli-bir-yer-haline-getirerek-tehlike-yaratir\/\",\"url\":\"https:\/\/alj.com\/tr\/perspective\/esitsizlik-dunyayi-nasil-daha-riskli-bir-yer-haline-getirerek-tehlike-yaratir\/\",\"name\":\"WEF'in K\u00fcresel Riskler Raporu\u2019na Bir Bak\u0131\u015f | Abdul Latif Jameel\u00ae\",\"isPartOf\":{\"@id\":\"https:\/\/alj.com\/en\/#website\"},\"datePublished\":\"2022-04-27T05:58:34+00:00\",\"dateModified\":\"2022-06-29T06:48:42+00:00\",\"description\":\"WEF'in 2022 K\u00fcresel Risk Raporlar\u0131nda k\u00fcresel e\u015fitsizlik risklerini, ve Abdul Latif Jameel'in insanlar\u0131n ya\u015fam tarz\u0131n\u0131 iyile\u015ftirmek i\u00e7in nas\u0131l \u00e7al\u0131\u015ft\u0131\u011f\u0131n\u0131 ke\u015ffedin.\",\"breadcrumb\":{\"@id\":\"https:\/\/alj.com\/tr\/perspective\/esitsizlik-dunyayi-nasil-daha-riskli-bir-yer-haline-getirerek-tehlike-yaratir\/#breadcrumb\"},\"inLanguage\":\"tr\",\"potentialAction\":[{\"@type\":\"ReadAction\",\"target\":[\"https:\/\/alj.com\/tr\/perspective\/esitsizlik-dunyayi-nasil-daha-riskli-bir-yer-haline-getirerek-tehlike-yaratir\/\"]}]},{\"@type\":\"BreadcrumbList\",\"@id\":\"https:\/\/alj.com\/tr\/perspective\/esitsizlik-dunyayi-nasil-daha-riskli-bir-yer-haline-getirerek-tehlike-yaratir\/#breadcrumb\",\"itemListElement\":[{\"@type\":\"ListItem\",\"position\":1,\"name\":\"Home\",\"item\":\"https:\/\/alj.com\/tr\/\"},{\"@type\":\"ListItem\",\"position\":2,\"name\":\"Perspectives\",\"item\":\"https:\/\/alj.com\/ja\/perspective\/\"},{\"@type\":\"ListItem\",\"position\":3,\"name\":\"E\u015fitsizlik d\u00fcnyay\u0131 nas\u0131l daha riskli bir yer haline getirerek tehlike yarat\u0131r?\"}]},{\"@type\":\"WebSite\",\"@id\":\"https:\/\/alj.com\/en\/#website\",\"url\":\"https:\/\/alj.com\/en\/\",\"name\":\"Abdul Latif Jameel\",\"description\":\"Abdul Latif Jameel\",\"potentialAction\":[{\"@type\":\"SearchAction\",\"target\":{\"@type\":\"EntryPoint\",\"urlTemplate\":\"https:\/\/alj.com\/en\/?s={search_term_string}\"},\"query-input\":\"required name=search_term_string\"}],\"inLanguage\":\"tr\"}]}<\/script>\n<!-- \/ Yoast SEO plugin. -->","yoast_head_json":{"title":"WEF'in K\u00fcresel Riskler Raporu\u2019na Bir Bak\u0131\u015f | Abdul Latif Jameel\u00ae","description":"WEF'in 2022 K\u00fcresel Risk Raporlar\u0131nda k\u00fcresel e\u015fitsizlik risklerini, ve Abdul Latif Jameel'in insanlar\u0131n ya\u015fam tarz\u0131n\u0131 iyile\u015ftirmek i\u00e7in nas\u0131l \u00e7al\u0131\u015ft\u0131\u011f\u0131n\u0131 ke\u015ffedin.","robots":{"index":"index","follow":"follow","max-snippet":"max-snippet:-1","max-image-preview":"max-image-preview:large","max-video-preview":"max-video-preview:-1"},"canonical":"https:\/\/alj.com\/tr\/perspective\/esitsizlik-dunyayi-nasil-daha-riskli-bir-yer-haline-getirerek-tehlike-yaratir\/","og_locale":"tr_TR","og_type":"article","og_title":"How inequality threatens a riskier world.","og_description":"Modern life can sometimes feel like an endless negotiation with jeopardy. In 2022, we seem addicted to collectively running the gauntlet of risk \u2013 the risk of environmental collapse, the risk of contracting a deadly virus, the risk of nationalistic border strife spiraling out of control. Yet, for most of us, such fears remain hypothetical, or of uncertain timescale, or unnecessarily inflated by trending headlines and media hype. So, what about the real world of risk?","og_url":"https:\/\/alj.com\/tr\/perspective\/esitsizlik-dunyayi-nasil-daha-riskli-bir-yer-haline-getirerek-tehlike-yaratir\/","og_site_name":"Abdul Latif Jameel","article_publisher":"https:\/\/www.facebook.com\/Abdul.Latif.Jameel.Official","article_modified_time":"2022-06-29T06:48:42+00:00","og_image":[{"width":1389,"height":815,"url":"https:\/\/media.alj.com\/app\/uploads\/2022\/04\/WEF-Word-Risks-2022-Hero-Image.jpg","type":"image\/jpeg"}],"twitter_card":"summary_large_image","twitter_title":"How inequality threatens a riskier world.","twitter_description":"Modern life can sometimes feel like an endless negotiation with jeopardy. In 2022, we seem addicted to collectively running the gauntlet of risk \u2013 the risk of environmental collapse, the risk of contracting a deadly virus, the risk of nationalistic border strife spiraling out of control. Yet, for most of us, such fears remain hypothetical, or of uncertain timescale, or unnecessarily inflated by trending headlines and media hype. So, what about the real world of risk?","twitter_image":"https:\/\/media.alj.com\/app\/uploads\/2022\/04\/WEF-Word-Risks-2022-Hero-Image.jpg","twitter_misc":{"Est. reading time":"12 minutes"},"schema":{"@context":"https:\/\/schema.org","@graph":[{"@type":"WebPage","@id":"https:\/\/alj.com\/tr\/perspective\/esitsizlik-dunyayi-nasil-daha-riskli-bir-yer-haline-getirerek-tehlike-yaratir\/","url":"https:\/\/alj.com\/tr\/perspective\/esitsizlik-dunyayi-nasil-daha-riskli-bir-yer-haline-getirerek-tehlike-yaratir\/","name":"WEF'in K\u00fcresel Riskler Raporu\u2019na Bir Bak\u0131\u015f | Abdul Latif Jameel\u00ae","isPartOf":{"@id":"https:\/\/alj.com\/en\/#website"},"datePublished":"2022-04-27T05:58:34+00:00","dateModified":"2022-06-29T06:48:42+00:00","description":"WEF'in 2022 K\u00fcresel Risk Raporlar\u0131nda k\u00fcresel e\u015fitsizlik risklerini, ve Abdul Latif Jameel'in insanlar\u0131n ya\u015fam tarz\u0131n\u0131 iyile\u015ftirmek i\u00e7in nas\u0131l \u00e7al\u0131\u015ft\u0131\u011f\u0131n\u0131 ke\u015ffedin.","breadcrumb":{"@id":"https:\/\/alj.com\/tr\/perspective\/esitsizlik-dunyayi-nasil-daha-riskli-bir-yer-haline-getirerek-tehlike-yaratir\/#breadcrumb"},"inLanguage":"tr","potentialAction":[{"@type":"ReadAction","target":["https:\/\/alj.com\/tr\/perspective\/esitsizlik-dunyayi-nasil-daha-riskli-bir-yer-haline-getirerek-tehlike-yaratir\/"]}]},{"@type":"BreadcrumbList","@id":"https:\/\/alj.com\/tr\/perspective\/esitsizlik-dunyayi-nasil-daha-riskli-bir-yer-haline-getirerek-tehlike-yaratir\/#breadcrumb","itemListElement":[{"@type":"ListItem","position":1,"name":"Home","item":"https:\/\/alj.com\/tr\/"},{"@type":"ListItem","position":2,"name":"Perspectives","item":"https:\/\/alj.com\/ja\/perspective\/"},{"@type":"ListItem","position":3,"name":"E\u015fitsizlik d\u00fcnyay\u0131 nas\u0131l daha riskli bir yer haline getirerek tehlike yarat\u0131r?"}]},{"@type":"WebSite","@id":"https:\/\/alj.com\/en\/#website","url":"https:\/\/alj.com\/en\/","name":"Abdul Latif Jameel","description":"Abdul Latif Jameel","potentialAction":[{"@type":"SearchAction","target":{"@type":"EntryPoint","urlTemplate":"https:\/\/alj.com\/en\/?s={search_term_string}"},"query-input":"required name=search_term_string"}],"inLanguage":"tr"}]}},"post-meta-fields":{"push_notification":["no"],"_push_notification":["field_5c3b1fb67034d"],"_wpml_word_count":["{\"total\":2559,\"to_translate\":{\"ar\":2559,\"zh-hans\":2559,\"fr\":2559,\"ja\":2559,\"es\":2559,\"tr\":2559}}"],"_wpml_media_featured":["1"],"_wpml_media_duplicate":["1"],"perspective_short_title":["E\u015fitsizlik d\u00fcnyay\u0131 nas\u0131l daha riskli bir yer haline getirerek tehlike yarat\u0131r?"],"wpcf-featured-news":["0"],"is_latest_news":["0"],"wpcf-show-news-at-homepage":["1"],"publish_mobile":[""],"_publish_mobile":["field_5bfa8eb2e65cf"],"mobile_featured_image":["https:\/\/media.alj.com\/app\/uploads\/2022\/04\/WEF-Word-Risks-2022-Hero-Image.jpg"],"_mobile_featured_image":["field_5c3b204983dea"],"content_series_applied":[""],"_content_series_applied":["field_60f3d3faf82ac"],"featured_on_listing_page":["1"],"_featured_on_listing_page":["field_62458ea7383c3"],"wpcf-perspective-downloadable_file":[""],"wpcf-perspective-published-date":["1651017600"],"wpcf-video-description":[""],"wpcf-layoutvideourl":[""],"wpcf-video-thumb":[""],"wpcf-social4-svg":[""],"wpcf-social4-background-image":[""],"wpcf-social4-text":[""],"wpcf-social4-url":[""],"wpcf-social3-svg":[""],"wpcf-social3-background-image":[""],"wpcf-social3-text":[""],"wpcf-social3-url":[""],"wpcf-social-text-svg-square":[""],"wpcf-social-text-image-square":[""],"wpcf-social-text-text-square":[""],"wpcf-social-text-url-square":[""],"wpcf-social2-svg":[""],"wpcf-social2-background-image":[""],"wpcf-social2-text":[""],"wpcf-social2-url":[""],"wpcf-social-svg-square":[""],"wpcf-social-image-square":[""],"wpcf-social-text-square":[""],"wpcf-social-url-square":[""],"wpcf-social1-svg":[""],"wpcf-social1-background-image":[""],"wpcf-social1-text":[""],"wpcf-social1-url":[""],"wpcf-quotes-with-auther-text-1":[""],"wpcf-card_article_with_title_content":[""],"wpcf-card_article_content":["<p>write your content<\/p>"],"wpcf-quotes-with-auther-text":[""],"_bsf_post_type":["0"],"_bsf_item_review_type":["none"],"_yoast_wpseo_focuskw":["How inequality threatens a riskier world."],"_yoast_wpseo_metadesc":["WEF'in 2022 K\u00fcresel Risk Raporlar\u0131nda k\u00fcresel e\u015fitsizlik risklerini, ve Abdul Latif Jameel'in insanlar\u0131n ya\u015fam tarz\u0131n\u0131 iyile\u015ftirmek i\u00e7in nas\u0131l \u00e7al\u0131\u015ft\u0131\u011f\u0131n\u0131 ke\u015ffedin."],"_yoast_wpseo_linkdex":["54"],"_yoast_wpseo_content_score":["30"],"_yoast_wpseo_estimated-reading-time-minutes":["12"],"_yoast_wpseo_opengraph-title":["How inequality threatens a riskier world."],"_yoast_wpseo_twitter-title":["How inequality threatens a riskier world."],"perspective_summury":["<p>Bu uzmanlara g\u00f6re ufkumuzda g\u00f6r\u00fcnen en kritik tehlikeler neler ve bu tehlikelerin potansiyel zararlar\u0131n\u0131 dengelemek i\u00e7in \u015fu an hangi ad\u0131mlar\u0131 atmal\u0131y\u0131z?\u00a0D\u00fcnya Ekonomik Forumu (World Economic Forum - <a href=\"https:\/\/www.weforum.org\/\">WEF<\/a>) her sene insanl\u0131\u011f\u0131n ve k\u00fcresel toplumun kar\u015f\u0131 kar\u015f\u0131ya oldu\u011fu en b\u00fcy\u00fck zorluklar\u0131 d\u00fcnya genelinde h\u00fck\u00fcmetler, akademisyenler, i\u015fletmeler ve STK\u2019larla ara\u015ft\u0131rarak y\u0131ll\u0131k bir risk raporu yay\u0131nl\u0131yor.<\/p>\n"],"perspective_location":["Dubai, UAE"],"_yoast_wpseo_opengraph-description":["Modern life can sometimes feel like an endless negotiation with jeopardy. In 2022, we seem addicted to collectively running the gauntlet of risk \u2013 the risk of environmental collapse, the risk of contracting a deadly virus, the risk of nationalistic border strife spiraling out of control. Yet, for most of us, such fears remain hypothetical, or of uncertain timescale, or unnecessarily inflated by trending headlines and media hype. So, what about the real world of risk?"],"_yoast_wpseo_opengraph-image":["https:\/\/media.alj.com\/app\/uploads\/2022\/04\/WEF-Word-Risks-2022-Hero-Image-1024x601.jpg"],"_yoast_wpseo_opengraph-image-id":["97854"],"_yoast_wpseo_twitter-description":["Modern life can sometimes feel like an endless negotiation with jeopardy. In 2022, we seem addicted to collectively running the gauntlet of risk \u2013 the risk of environmental collapse, the risk of contracting a deadly virus, the risk of nationalistic border strife spiraling out of control. Yet, for most of us, such fears remain hypothetical, or of uncertain timescale, or unnecessarily inflated by trending headlines and media hype. So, what about the real world of risk?"],"_yoast_wpseo_twitter-image":["https:\/\/media.alj.com\/app\/uploads\/2022\/04\/WEF-Word-Risks-2022-Hero-Image-1024x601.jpg"],"_yoast_wpseo_twitter-image-id":["97854"],"_yoast_wpseo_title":["WEF'in K\u00fcresel Riskler Raporu\u2019na Bir Bak\u0131\u015f | Abdul Latif Jameel\u00ae"],"_thumbnail_id":["97860"],"_edit_lock":["1656489574:25"],"_edit_last":["25"],"_last_translation_edit_mode":["native-editor"],"wpcf-card-image":[""],"_wpcf-card-image-sort-order":["a:1:{i:0;i:1204461;}"],"amazonS3_cache":["a:30:{s:61:\"\/\/alj.com\/app\/uploads\/2022\/04\/WEF-Risks-Report-2022-Cover.png\";a:2:{s:2:\"id\";i:97775;s:11:\"source_type\";s:13:\"media-library\";}s:69:\"\/\/alj.com\/app\/uploads\/2022\/04\/WEF-Risks-Report-2022-Cover-212x300.png\";a:2:{s:2:\"id\";i:97775;s:11:\"source_type\";s:13:\"media-library\";}s:67:\"\/\/media.alj.com\/app\/uploads\/2022\/04\/WEF-Risks-Report-2022-Cover.png\";a:2:{s:2:\"id\";i:97775;s:11:\"source_type\";s:13:\"media-library\";}s:75:\"\/\/media.alj.com\/app\/uploads\/2022\/04\/WEF-Risks-Report-2022-Cover-212x300.png\";a:2:{s:2:\"id\";i:97775;s:11:\"source_type\";s:13:\"media-library\";}s:46:\"\/\/alj.com\/app\/uploads\/2022\/04\/Global-South.png\";a:2:{s:2:\"id\";i:97782;s:11:\"source_type\";s:13:\"media-library\";}s:52:\"\/\/media.alj.com\/app\/uploads\/2022\/04\/Global-South.png\";a:2:{s:2:\"id\";i:97782;s:11:\"source_type\";s:13:\"media-library\";}s:69:\"\/\/alj.com\/app\/uploads\/2022\/04\/1724-ALJ-World-Risks-Lighter-scaled.jpg\";a:2:{s:2:\"id\";i:98420;s:11:\"source_type\";s:13:\"media-library\";}s:75:\"\/\/media.alj.com\/app\/uploads\/2022\/04\/1724-ALJ-World-Risks-Lighter-scaled.jpg\";a:2:{s:2:\"id\";i:98420;s:11:\"source_type\";s:13:\"media-library\";}s:70:\"\/\/alj.com\/app\/uploads\/2022\/04\/1724-ALJ-World-Risks-Lighter2-scaled.jpg\";a:2:{s:2:\"id\";i:98427;s:11:\"source_type\";s:13:\"media-library\";}s:76:\"\/\/media.alj.com\/app\/uploads\/2022\/04\/1724-ALJ-World-Risks-Lighter2-scaled.jpg\";a:2:{s:2:\"id\";i:98427;s:11:\"source_type\";s:13:\"media-library\";}s:70:\"\/\/alj.com\/app\/uploads\/2022\/04\/1724-ALJ-World-Risks-Lighter3-scaled.jpg\";a:2:{s:2:\"id\";i:98434;s:11:\"source_type\";s:13:\"media-library\";}s:76:\"\/\/media.alj.com\/app\/uploads\/2022\/04\/1724-ALJ-World-Risks-Lighter3-scaled.jpg\";a:2:{s:2:\"id\";i:98434;s:11:\"source_type\";s:13:\"media-library\";}s:61:\"\/\/alj.com\/app\/uploads\/2022\/04\/David-Attenborough-at-COP26.jpg\";a:2:{s:2:\"id\";i:97810;s:11:\"source_type\";s:13:\"media-library\";}s:69:\"\/\/alj.com\/app\/uploads\/2022\/04\/David-Attenborough-at-COP26-300x193.jpg\";a:2:{s:2:\"id\";i:97810;s:11:\"source_type\";s:13:\"media-library\";}s:67:\"\/\/media.alj.com\/app\/uploads\/2022\/04\/David-Attenborough-at-COP26.jpg\";a:2:{s:2:\"id\";i:97810;s:11:\"source_type\";s:13:\"media-library\";}s:75:\"\/\/media.alj.com\/app\/uploads\/2022\/04\/David-Attenborough-at-COP26-300x193.jpg\";a:2:{s:2:\"id\";i:97810;s:11:\"source_type\";s:13:\"media-library\";}s:56:\"\/\/alj.com\/app\/uploads\/2022\/04\/World-Leaders-at-COP26.png\";a:2:{s:2:\"id\";i:97817;s:11:\"source_type\";s:13:\"media-library\";}s:62:\"\/\/media.alj.com\/app\/uploads\/2022\/04\/World-Leaders-at-COP26.png\";a:2:{s:2:\"id\";i:97817;s:11:\"source_type\";s:13:\"media-library\";}s:70:\"\/\/alj.com\/app\/uploads\/2022\/04\/1724-ALJ-World-Risks-Lighter4-scaled.jpg\";a:2:{s:2:\"id\";i:98441;s:11:\"source_type\";s:13:\"media-library\";}s:76:\"\/\/media.alj.com\/app\/uploads\/2022\/04\/1724-ALJ-World-Risks-Lighter4-scaled.jpg\";a:2:{s:2:\"id\";i:98441;s:11:\"source_type\";s:13:\"media-library\";}s:70:\"\/\/alj.com\/app\/uploads\/2022\/04\/1724-ALJ-World-Risks-Lighter5-scaled.jpg\";a:2:{s:2:\"id\";i:98448;s:11:\"source_type\";s:13:\"media-library\";}s:76:\"\/\/media.alj.com\/app\/uploads\/2022\/04\/1724-ALJ-World-Risks-Lighter5-scaled.jpg\";a:2:{s:2:\"id\";i:98448;s:11:\"source_type\";s:13:\"media-library\";}s:66:\"\/\/alj.com\/app\/uploads\/2022\/04\/Graeme-MacKay-Four-Waves-Cartoon.jpg\";a:2:{s:2:\"id\";i:97842;s:11:\"source_type\";s:13:\"media-library\";}s:72:\"\/\/media.alj.com\/app\/uploads\/2022\/04\/Graeme-MacKay-Four-Waves-Cartoon.jpg\";a:2:{s:2:\"id\";i:97842;s:11:\"source_type\";s:13:\"media-library\";}s:45:\"\/\/alj.com\/app\/uploads\/2022\/04\/UN-SDG-Wall.jpg\";a:2:{s:2:\"id\";i:97852;s:11:\"source_type\";s:13:\"media-library\";}s:51:\"\/\/media.alj.com\/app\/uploads\/2022\/04\/UN-SDG-Wall.jpg\";a:2:{s:2:\"id\";i:97852;s:11:\"source_type\";s:13:\"media-library\";}s:47:\"\/\/alj.com\/app\/uploads\/2021\/07\/Fady-Jameel-2.jpg\";a:2:{s:2:\"id\";i:90627;s:11:\"source_type\";s:13:\"media-library\";}s:55:\"\/\/alj.com\/app\/uploads\/2021\/07\/Fady-Jameel-2-225x300.jpg\";a:2:{s:2:\"id\";i:90627;s:11:\"source_type\";s:13:\"media-library\";}s:53:\"\/\/media.alj.com\/app\/uploads\/2021\/07\/Fady-Jameel-2.jpg\";a:2:{s:2:\"id\";i:90627;s:11:\"source_type\";s:13:\"media-library\";}s:61:\"\/\/media.alj.com\/app\/uploads\/2021\/07\/Fady-Jameel-2-225x300.jpg\";a:2:{s:2:\"id\";i:90627;s:11:\"source_type\";s:13:\"media-library\";}}"]},"_links":{"self":[{"href":"https:\/\/alj.com\/tr\/wp-json\/wp\/v2\/perspective\/98456"}],"collection":[{"href":"https:\/\/alj.com\/tr\/wp-json\/wp\/v2\/perspective"}],"about":[{"href":"https:\/\/alj.com\/tr\/wp-json\/wp\/v2\/types\/perspective"}],"author":[{"embeddable":true,"href":"https:\/\/alj.com\/tr\/wp-json\/wp\/v2\/users\/18"}],"wp:featuredmedia":[{"embeddable":true,"href":"https:\/\/alj.com\/tr\/wp-json\/wp\/v2\/media\/97860"}],"wp:attachment":[{"href":"https:\/\/alj.com\/tr\/wp-json\/wp\/v2\/media?parent=98456"}],"wp:term":[{"taxonomy":"post_tag","embeddable":true,"href":"https:\/\/alj.com\/tr\/wp-json\/wp\/v2\/tags?post=98456"}],"curies":[{"name":"wp","href":"https:\/\/api.w.org\/{rel}","templated":true}]}}