{"id":98812,"date":"2022-05-10T09:30:26","date_gmt":"2022-05-10T09:30:26","guid":{"rendered":"https:\/\/alj.com\/perspective\/the-skys-the-limit\/"},"modified":"2022-06-29T06:52:11","modified_gmt":"2022-06-29T06:52:11","slug":"the-skys-the-limit","status":"publish","type":"perspective","link":"https:\/\/alj.com\/tr\/perspective\/the-skys-the-limit\/","title":{"rendered":"\u0130stikbal g\u00f6klerde"},"content":{"rendered":"<h4>Jameel Ailesinin yat\u0131r\u0131m kolu <u><a href=\"jimco.com\">JIMCO<\/a><\/u>\u2019dan (Jameel Investment Management Co.) al\u0131narak tekrar yay\u0131mlanm\u0131\u015ft\u0131r.<\/h4>\n<p>\u015eehirlerimiz kalabal\u0131kla\u015ft\u0131k\u00e7a daha \u00e7ok yer kaplayan otomobil, kamyon ve motosiklet gibi kara ta\u015f\u0131ma ara\u00e7lar\u0131; daha fazla trafik s\u0131k\u0131\u015f\u0131kl\u0131\u011f\u0131na, daha fazla g\u00fcr\u00fclt\u00fcye, daha fazla kirlili\u011fe ve daha fazla g\u00fcvenlik tehlikesine neden oluyor. Elektrikli hava ula\u015f\u0131m\u0131 daha temiz, daha sessiz, kalabal\u0131\u011f\u0131n daha az oldu\u011fu ve daha s\u00fcrd\u00fcr\u00fclebilir bir kentsel ta\u015f\u0131mac\u0131l\u0131k modeline do\u011fru bir y\u00fckseli\u015f sa\u011flayabilir mi?<\/p>\n<p>Tarihte ilk kez, kentte ya\u015fayan insanlar\u0131n say\u0131s\u0131 k\u0131rsal alanlarda ya\u015fayan insan say\u0131s\u0131n\u0131 ge\u00e7ti. \u00d6n\u00fcm\u00fczdeki otuz y\u0131l i\u00e7inde k\u00fcresel n\u00fcfus art\u0131\u015f\u0131n\u0131n neredeyse tamam\u0131n\u0131n \u015fehirlerde ve kasabalarda ger\u00e7ekle\u015fece\u011fi \u00f6ng\u00f6r\u00fcl\u00fcyor. BM\u2019ye g\u00f6re, bug\u00fcn yakla\u015f\u0131k 4,4 milyar olan \u015fehir n\u00fcfusunun 2050 y\u0131l\u0131nda yakla\u015f\u0131k 6,7 milyara \u00e7\u0131kmas\u0131 bekleniyor<a href=\"#_ftn1\" name=\"_ftnref1\">[1]<\/a>.<\/p>\n<p>D\u00fcnyada, \u00f6zellikle \u00c7in ve Hindistan gibi h\u0131zla b\u00fcy\u00fcyen pazarlarda artan \u00f6zel ara\u00e7 sahipli\u011fi oran\u0131n\u0131n yan\u0131 s\u0131ra tren, tramvay ve otob\u00fcs gibi toplu ta\u015f\u0131ma altyap\u0131lar\u0131na yap\u0131lan yat\u0131r\u0131mlar\u0131n art\u0131\u015f\u0131n\u0131 da hesaba katt\u0131\u011f\u0131m\u0131zda, kentsel alanlar\u0131m\u0131z gitgide daha kalabal\u0131k ve s\u0131k\u0131\u015f\u0131k olacak gibi g\u00f6r\u00fcn\u00fcyor. Elektrikli araba, otob\u00fcs veya tramvay gibi ye\u015fil ula\u015f\u0131m \u00e7\u00f6z\u00fcmleri her ne kadar CO<sub>2 <\/sub>emisyonlar\u0131n\u0131 kontrol etmeye yard\u0131mc\u0131 olsa da trafik s\u0131k\u0131\u015f\u0131kl\u0131\u011f\u0131ndan ve g\u00fcr\u00fclt\u00fcs\u00fcnden t\u00fcm benzin t\u00fcketen ara\u00e7lar kadar sorumlular.<\/p>\n<p><img decoding=\"async\" loading=\"lazy\" class=\"aligncenter size-full wp-image-98682\" src=\"https:\/\/media.alj.com\/app\/uploads\/2022\/05\/ALJ-Air-Mobility-scaled.jpg\" alt=\"\" width=\"2560\" height=\"1638\" srcset=\"https:\/\/media.alj.com\/app\/uploads\/2022\/05\/ALJ-Air-Mobility-scaled.jpg 2560w, https:\/\/media.alj.com\/app\/uploads\/2022\/05\/ALJ-Air-Mobility-300x192.jpg 300w, https:\/\/media.alj.com\/app\/uploads\/2022\/05\/ALJ-Air-Mobility-1024x655.jpg 1024w, https:\/\/media.alj.com\/app\/uploads\/2022\/05\/ALJ-Air-Mobility-150x96.jpg 150w, https:\/\/media.alj.com\/app\/uploads\/2022\/05\/ALJ-Air-Mobility-768x491.jpg 768w, https:\/\/media.alj.com\/app\/uploads\/2022\/05\/ALJ-Air-Mobility-1536x983.jpg 1536w, https:\/\/media.alj.com\/app\/uploads\/2022\/05\/ALJ-Air-Mobility-2048x1310.jpg 2048w\" sizes=\"(max-width: 2560px) 100vw, 2560px\" \/><\/p>\n<p>Neredeyse tamamen sessiz bir \u015fekilde dikey kalk\u0131\u015f ve ini\u015f yapabilen elektrikli hava ara\u00e7lar\u0131 (electric vertical take-off and landing craft &#8211; eVTOL), insanlar\u0131 ve mallar\u0131 yo\u011fun kent merkezlerinden uza\u011fa, bo\u015f g\u00f6ky\u00fcz\u00fcne \u00e7\u0131kararak \u015fehirlerimizi d\u00f6n\u00fc\u015ft\u00fcrecek ve daha huzurlu, daha ye\u015fil ve daha g\u00fcvenli hale getirecektir.<\/p>\n<p>Yo\u011fun n\u00fcfuslu merkezlerden 80 km\u2019ye kadar uzakta bulunan k\u0131rsal kesimler, aradaki yollar\u0131n durumu ne olursa olsun ya\u015famak i\u00e7in daha uygun yerler haline gelebilir. \u0130nsanlar <em>zorunda olduklar\u0131<\/em> yerde de\u011fil, <em>istedikleri<\/em> yerde ya\u015fayabilirler. \u0130zole topluluklar daha ba\u011flant\u0131l\u0131 hale gelebilir ve hem t\u0131bbi \u00fcr\u00fcnlere hem de g\u0131da \u00fcr\u00fcnlerine daha kolay ula\u015fabilirler.<\/p>\n<p>Tekerlekli ta\u015f\u0131mac\u0131l\u0131k paradigmas\u0131n\u0131n hakim oldu\u011fu g\u00fcn\u00fcm\u00fcz d\u00fcnyas\u0131nda, b\u00f6yle alternatif \u00e7\u00f6z\u00fcmleri bir bilim kurgu senaryosu gibi asla ger\u00e7ekle\u015fmeyecek imkans\u0131z hayaller olarak g\u00f6rmek olduk\u00e7a m\u00fcmk\u00fcn. Ancak biraz daha yak\u0131ndan bakt\u0131\u011f\u0131n\u0131zda pek \u00e7ok elektrikli u\u00e7u\u015f uygulamas\u0131n\u0131n zaten mevcut oldu\u011funu, daha pek \u00e7ok teknolojinin de geli\u015ftirilmekte oldu\u011funu ve bu ekonomik modelin eri\u015filebilir oldu\u011funu g\u00f6receksiniz. Morgan Stanley<a href=\"#_ftn2\" name=\"_ftnref2\"><sup>[2]<\/sup><\/a> taraf\u0131ndan yap\u0131lan bir ara\u015ft\u0131rmada, 2050 y\u0131l\u0131na kadar eVTOL vas\u0131tas\u0131yla ta\u015f\u0131mac\u0131l\u0131\u011f\u0131n 9 trilyon ABD dolar\u0131 de\u011ferinde bir pazar hacmine ula\u015faca\u011f\u0131 \u00f6ng\u00f6r\u00fcl\u00fcyor ve bu raporda hava ula\u015f\u0131m sekt\u00f6r\u00fcn\u00fcn kara ula\u015f\u0131m\u0131na bask\u0131n <em>gelip gelmeyece\u011fine<\/em> dair bir ku\u015fku olmad\u0131\u011f\u0131, yaln\u0131zca bunun <em>ne zaman<\/em> ger\u00e7ekle\u015fece\u011finin merak konusu oldu\u011fu g\u00fcvenle belirtiliyor.<\/p>\n<p><img decoding=\"async\" loading=\"lazy\" class=\"aligncenter  wp-image-98731\" src=\"https:\/\/media.alj.com\/app\/uploads\/2022\/05\/Joby-Aviation-evolution.jpg\" alt=\"\" width=\"788\" height=\"524\" srcset=\"https:\/\/media.alj.com\/app\/uploads\/2022\/05\/Joby-Aviation-evolution.jpg 496w, https:\/\/media.alj.com\/app\/uploads\/2022\/05\/Joby-Aviation-evolution-300x200.jpg 300w, https:\/\/media.alj.com\/app\/uploads\/2022\/05\/Joby-Aviation-evolution-150x100.jpg 150w\" sizes=\"(max-width: 788px) 100vw, 788px\" \/><\/p>\n<h2>\u0130nsanlar\u0131 ta\u015f\u0131ma<\/h2>\n<figure id=\"attachment_98710\" aria-describedby=\"caption-attachment-98710\" style=\"width: 244px\" class=\"wp-caption alignright\"><img decoding=\"async\" loading=\"lazy\" class=\"size-full wp-image-98710\" src=\"https:\/\/media.alj.com\/app\/uploads\/2022\/05\/Helicopters-Brazil.jpg\" alt=\"\" width=\"244\" height=\"134\" srcset=\"https:\/\/media.alj.com\/app\/uploads\/2022\/05\/Helicopters-Brazil.jpg 244w, https:\/\/media.alj.com\/app\/uploads\/2022\/05\/Helicopters-Brazil-150x82.jpg 150w\" sizes=\"(max-width: 244px) 100vw, 244px\" \/><figcaption id=\"caption-attachment-98710\" class=\"wp-caption-text\">Brezilya\u2019n\u0131n S\u00e3o Paulo \u015fehrindeki helikopter trafi\u011fi.\u00a0 2013 y\u0131l\u0131nda yap\u0131lan bir ara\u015ft\u0131rmaya g\u00f6re bu kalabal\u0131k mega \u015fehir, g\u00fcnde 700\u2019\u00fcn \u00fczerinde u\u00e7u\u015f yapan 400 (eyalet genelinde ise 700\u2019\u00fcn \u00fczerinde) kay\u0131tl\u0131 helikopter ile New York ve Tokyo\u2019nun \u00f6n\u00fcnde yer al\u0131yor. Yani 12 milyon n\u00fcfusa sahip olan bu \u015fehirde 17.000 ki\u015fi ba\u015f\u0131na bir helikopter d\u00fc\u015f\u00fcyor. Bu, d\u00fcnyan\u0131n en y\u00fcksek de\u011feri. Foto\u011fraf Sahibi\u00a9 Ashley Harper<\/figcaption><\/figure>\n<p>U\u00e7ak taksiler, d\u00fcnyan\u0131n en yo\u011fun \u015fehirlerinde y\u00fczlerce ki\u015fi i\u00e7in halihaz\u0131rda g\u00fcnl\u00fck i\u015fe gidi\u015f-geli\u015f seyahatlerinin bir par\u00e7as\u0131<a href=\"#_ftn3\" name=\"_ftnref3\"><sup>[3]<\/sup><\/a>. Brezilya\u2019n\u0131n k\u0131rsal b\u00f6lgelerinden S\u00e3o Paulo\u2019ya gelen, Hong Kong ile Macau aras\u0131nda seyahat eden veya Dubai\u2019deki yapay adadan g\u00f6kdelenlere ge\u00e7en zengin gezginler, trafik s\u0131k\u0131\u015f\u0131kl\u0131\u011f\u0131n\u0131n \u201c\u00fczerine\u201d \u00e7\u0131kmak ve g\u00f6klerden s\u00fcz\u00fclerek var\u0131\u015f noktalar\u0131na gitmek i\u00e7in binlerce dolar \u00f6d\u00fcyorlar.<\/p>\n<p>G\u00fcn\u00fcm\u00fcz\u00fcn geli\u015fmi\u015f teknolojileri sayesinde, yollar\u0131n \u00fczerinde ilerleyebilen eVTOL hava ara\u00e7lar\u0131yla \u00e7o\u011fu insan\u0131n \u00e7ok daha kolay eri\u015febilece\u011fi fiyatlarla toplu ta\u015f\u0131ma olanaklar\u0131 sunuluyor.<\/p>\n<p>Mevcut durumda pek \u00e7ok insan i\u015fe u\u00e7arak gitme fikrine hala \u00e7ekimser yakla\u015fsa da McKinsey<a href=\"#_ftn4\" name=\"_ftnref4\"><sup>[4]<\/sup><\/a> taraf\u0131ndan yap\u0131lan ara\u015ft\u0131rmalar, yollardaki yo\u011funluk artt\u0131k\u00e7a bu \u00e7ekimserli\u011fin azald\u0131\u011f\u0131n\u0131 g\u00f6steriyor. Di\u011fer t\u00fcm \u00fclkelerden daha k\u00f6t\u00fc bir trafi\u011fe sahip olan Hindistan; i\u015fe gidi\u015f geli\u015f, i\u015f seyahatleri ve havaalan\u0131 transferleri gibi ula\u015f\u0131ma en \u00e7ok ihtiya\u00e7 duyulan durumlara ba\u011fl\u0131 olarak kat\u0131l\u0131mc\u0131lar\u0131n %31 ila %47\u2019sinin hava ula\u015f\u0131m\u0131 fikrine en s\u0131cak bakt\u0131\u011f\u0131 \u00fclke olarak \u00f6ne \u00e7\u0131k\u0131yor.<\/p>\n<p><img decoding=\"async\" loading=\"lazy\" class=\"aligncenter size-full wp-image-98689\" src=\"https:\/\/media.alj.com\/app\/uploads\/2022\/05\/ALJ-Air-Mobility2-scaled.jpg\" alt=\"\" width=\"2560\" height=\"1810\" srcset=\"https:\/\/media.alj.com\/app\/uploads\/2022\/05\/ALJ-Air-Mobility2-scaled.jpg 2560w, https:\/\/media.alj.com\/app\/uploads\/2022\/05\/ALJ-Air-Mobility2-300x212.jpg 300w, https:\/\/media.alj.com\/app\/uploads\/2022\/05\/ALJ-Air-Mobility2-1024x724.jpg 1024w, https:\/\/media.alj.com\/app\/uploads\/2022\/05\/ALJ-Air-Mobility2-150x106.jpg 150w, https:\/\/media.alj.com\/app\/uploads\/2022\/05\/ALJ-Air-Mobility2-768x543.jpg 768w, https:\/\/media.alj.com\/app\/uploads\/2022\/05\/ALJ-Air-Mobility2-1536x1086.jpg 1536w, https:\/\/media.alj.com\/app\/uploads\/2022\/05\/ALJ-Air-Mobility2-2048x1448.jpg 2048w\" sizes=\"(max-width: 2560px) 100vw, 2560px\" \/><\/p>\n<p>&nbsp;<\/p>\n<p>The Jameel Investment Management Company (<u><a href=\"https:\/\/jimco.com\/en\/\">JIMCO<\/a><\/u>), bu heyecan verici sekt\u00f6rde m\u00fcmk\u00fcn olan\u0131n s\u0131n\u0131rlar\u0131n\u0131 zorlamaya destek olan bir ka\u00e7 b\u00fcy\u00fck yat\u0131r\u0131mc\u0131dan biri. <u><a href=\"https:\/\/alj\/com\">Abdul Latif Jameel<\/a><\/u>, uzun s\u00fcredir i\u015f orta\u011f\u0131 oldu\u011fu <u><a href=\"https:\/\/www.forbes.com\/sites\/grantmartin\/2020\/01\/18\/toyota-invests-590-million-in-electric-air-taxi-company-joby-aviation\/#:~:text=Last%20week%2C%20Toyota%20Motor%20Corporation,used%20for%20urban%20air%20mobility.\">Toyota <\/a><\/u>Motor Corporation, Intel Capital ve JetBlue Technology Ventures\u2019\u0131n yan\u0131 s\u0131ra, bireysel kullan\u0131ma y\u00f6nelik bir eVTOL in\u015fa eden \u015firketler aras\u0131nda en \u00e7ok ilerleme kaydeden Kaliforniya merkezli <a href=\"https:\/\/www.jobyaviation.com\/\">Joby Aviation<\/a>\u2019da bir erken yat\u0131r\u0131mc\u0131yd\u0131. \u015eirketteki di\u011fer yat\u0131r\u0131mc\u0131lar aras\u0131nda Uber ve Capricorn Investment Group (Tesla ve SpaceX\u2019in \u00f6nemli destek\u00e7ileri) bulunuyor.<\/p>\n<p><iframe loading=\"lazy\" src=\"\/\/www.youtube.com\/embed\/vj3p1WM_bSY\" width=\"560\" height=\"314\" allowfullscreen=\"allowfullscreen\"><\/iframe><\/p>\n<p>Bu yat\u0131r\u0131m, <u><a href=\"https:\/\/jimco.com\/en\/funds\/technology\/\">JIMCO Teknoloji Fonu<\/a><\/u>\u2019nun ula\u015f\u0131m\u0131n gelece\u011fine y\u00f6nelik stratejik yat\u0131r\u0131mlar yapma yakla\u015f\u0131m\u0131yla uyumludur. <u><a href=\"https:\/\/jimco.com\/en\/who-we-are\/our-people\/#jameelfamily\">Jameel Ailesi<\/a><\/u> geli\u015fen ula\u015f\u0131m sekt\u00f6r\u00fcnde yenilik\u00e7i giri\u015fimleri destekleyen ve uzun s\u00fcreli b\u00f6lgesel uzmanl\u0131\u011f\u0131n\u0131 ve k\u00fcresel ortaklar a\u011f\u0131na eri\u015fimini ortaya koyan katma de\u011ferli bir yat\u0131r\u0131mc\u0131 olarak g\u00fc\u00e7l\u00fc bir ge\u00e7mi\u015fe sahiptir.<\/p>\n<p>Joby eVTOL, d\u00f6rt yolcu ve bir pilotu 161 km\u2019den uzun bir menzile, 332 km\/sa\u2019dan y\u00fcksek h\u0131zlarda ta\u015f\u0131mak \u00fczere tasarlanm\u0131\u015f payla\u015f\u0131ml\u0131 bir taksidir. Joby, ABD Hava Kuvvetleri taraf\u0131ndan u\u00e7u\u015f g\u00fcvenli\u011fi sertifikas\u0131 alan ilk \u015firkettir. \u015eirket, bu sayede teknolojisini u\u00e7arak test etme konusunda b\u00fcy\u00fck bir avantaj sa\u011flad\u0131 ve 2021 y\u0131l\u0131nda <u><a href=\"https:\/\/www.nasa.gov\/press-release\/nasa-begins-air-taxi-flight-testing-with-joby\">NASA ile test s\u00fcrecini <\/a><\/u>tamamlad\u0131.<\/p>\n<p><img decoding=\"async\" loading=\"lazy\" class=\"aligncenter  wp-image-98717\" src=\"https:\/\/media.alj.com\/app\/uploads\/2022\/05\/Joby-Aviation-2.jpg\" alt=\"\" width=\"878\" height=\"585\" srcset=\"https:\/\/media.alj.com\/app\/uploads\/2022\/05\/Joby-Aviation-2.jpg 662w, https:\/\/media.alj.com\/app\/uploads\/2022\/05\/Joby-Aviation-2-300x200.jpg 300w, https:\/\/media.alj.com\/app\/uploads\/2022\/05\/Joby-Aviation-2-150x100.jpg 150w\" sizes=\"(max-width: 878px) 100vw, 878px\" \/><\/p>\n<p><a href=\"https:\/\/jimco.com\/en\/portfolio\/joby-aviation\/\">Joby<\/a> geli\u015fmi\u015f bir \u015firket olsa da pillerle \u00e7al\u0131\u015fan ula\u015f\u0131m ara\u00e7lar\u0131 \u00fcretmek i\u00e7in \u00e7abalayan tek \u015firket de\u011fil. Havac\u0131l\u0131k devi Embraer\u2019in bir i\u015ftiraki olan <u><a href=\"https:\/\/eveairmobility.com\/\">Eve<\/a><\/u>; Almanya\u2019da bulunan <u><a href=\"https:\/\/www.volocopter.com\/\">Volocopter<\/a><\/u>; Airbus\u2019\u0131n Frans\u0131z konsorsiyumu <u><a href=\"https:\/\/www.airbus.com\/en\/innovation\/zero-emission\/urban-air-mobility\/cityairbus-nextgen\">CityAirbus NextGen<\/a><\/u> program\u0131 ve \u0130srailli ba\u015flang\u0131\u00e7 \u015firketi <u><a href=\"https:\/\/www.urbanaero.com\/\">Urban Aeronautics<\/a><\/u> gibi di\u011fer \u015firketler de onlarca rakip aras\u0131ndan sadece birka\u00e7 tanesi. Bunlar, insan ta\u015f\u0131ma teknolojilerini d\u00f6n\u00fc\u015ft\u00fcrme s\u00fcrecine \u00f6nc\u00fcl\u00fck eden \u015firketlerdir.<\/p>\n<h2>Mallar\u0131n ta\u015f\u0131nmas\u0131<\/h2>\n<p>Yeni hava ta\u015f\u0131ma \u00e7\u00f6z\u00fcmlerinin sa\u011flayaca\u011f\u0131 avantajlardan sadece insanlar yararlanmayacak. Yollar\u0131m\u0131z, mal ta\u015f\u0131yan kamyonetler ve scooter\u2019lar ile t\u0131kanm\u0131\u015f durumda. Hava ta\u015f\u0131mac\u0131l\u0131\u011f\u0131, geli\u015fmi\u015f hava ta\u015f\u0131mac\u0131l\u0131\u011f\u0131n\u0131n (Advance Air Mobility, AAM) kullan\u0131labilece\u011fini g\u00f6stermekle sokaklar\u0131m\u0131z \u00fczerindeki y\u00fck\u00fc hafifletmeye de yard\u0131mc\u0131 olabilir mi?<\/p>\n<p>AAM ve eVTOL ara\u00e7lar\u0131 \u00fczerinde \u00e7al\u0131\u015fan start-up \u015firketlerinin ve yerle\u015fik havac\u0131l\u0131k \u015firketlerinin b\u00fcy\u00fck \u00e7o\u011funlu\u011fu, bireysel ta\u015f\u0131mac\u0131l\u0131k i\u00e7in \u00e7\u00f6z\u00fcmler geli\u015ftiriyor. Ancak mal, hafif kargo ve evsel ihtiya\u00e7lar\u0131n teslimat\u0131n\u0131n hava yoluyla otonom nakliye i\u00e7in m\u00fckemmel birer aday olduklar\u0131 g\u00f6r\u00fcl\u00fcyor.<\/p>\n<p><img decoding=\"async\" loading=\"lazy\" class=\"alignleft size-medium wp-image-98773\" src=\"https:\/\/media.alj.com\/app\/uploads\/2022\/05\/Starship-robots-300x200.jpg\" alt=\"\" width=\"300\" height=\"200\" srcset=\"https:\/\/media.alj.com\/app\/uploads\/2022\/05\/Starship-robots-300x200.jpg 300w, https:\/\/media.alj.com\/app\/uploads\/2022\/05\/Starship-robots-1024x684.jpg 1024w, https:\/\/media.alj.com\/app\/uploads\/2022\/05\/Starship-robots-150x100.jpg 150w, https:\/\/media.alj.com\/app\/uploads\/2022\/05\/Starship-robots-768x513.jpg 768w, https:\/\/media.alj.com\/app\/uploads\/2022\/05\/Starship-robots.jpg 1200w\" sizes=\"(max-width: 300px) 100vw, 300px\" \/>2014 y\u0131l\u0131nda San Francisco\u2019da kurulan <u><a href=\"https:\/\/www.starship.xyz\/\">Starship<\/a><\/u> taraf\u0131ndan \u00fcretilen tekerlekli mini otonom teslimat ara\u00e7lar\u0131, halihaz\u0131rda ABD\u2019deki birka\u00e7 \u00fcniversite kamp\u00fcs\u00fcnde ve Birle\u015fik Krall\u0131k\u2019taki Milton Keynes ve Northampton sokaklar\u0131nda teslimatlar yap\u0131yor ancak bu i\u015fi havaya ta\u015f\u0131yabilmek i\u00e7in daha geli\u015fmi\u015f bir m\u00fchendislik ve titiz bir \u00e7al\u0131\u015fma isteyen g\u00fcvenlik standartlar\u0131 gerekiyor.<\/p>\n<p>Amazon\u2019un Prime Air hizmeti<a href=\"#_ftn5\" name=\"_ftnref5\">[5]<\/a> 2016 y\u0131l\u0131nda duyuruldu, ancak \u0130ngiltere Cambridge\u2019de k\u00fc\u00e7\u00fck bir denemenin d\u0131\u015f\u0131nda hen\u00fcz herhangi bir teslimat yapmad\u0131. Ancak \u0130rlanda\u2019da Dublin\u2019in birka\u00e7 mil kuzeyinde k\u00fc\u00e7\u00fck bir kasaba olan Balbriggan\u2019\u0131n sakinleri \u015fimdi kahve, hamur i\u015fi, sebze ve paket teslimatlar\u0131n\u0131 \u00fcrk\u00fct\u00fcc\u00fc sesli ara\u00e7lar ve motosiklet s\u00fcr\u00fcc\u00fclerinin agresif korna sesleri e\u015fli\u011finde teslim almak yerine pervanelerin zay\u0131f v\u0131z\u0131lt\u0131s\u0131 e\u015fli\u011finde teslim almaya al\u0131\u015ft\u0131.<\/p>\n<p><img decoding=\"async\" loading=\"lazy\" class=\"alignleft size-medium wp-image-98745\" src=\"https:\/\/media.alj.com\/app\/uploads\/2022\/05\/Manna-300x203.jpg\" alt=\"\" width=\"300\" height=\"203\" srcset=\"https:\/\/media.alj.com\/app\/uploads\/2022\/05\/Manna-300x203.jpg 300w, https:\/\/media.alj.com\/app\/uploads\/2022\/05\/Manna-150x102.jpg 150w, https:\/\/media.alj.com\/app\/uploads\/2022\/05\/Manna-768x520.jpg 768w, https:\/\/media.alj.com\/app\/uploads\/2022\/05\/Manna.jpg 884w\" sizes=\"(max-width: 300px) 100vw, 300px\" \/>\u0130rlandal\u0131 \u015firket <u><a href=\"https:\/\/www.manna.aero\/\">Manna<\/a><\/u>, \u00fclkede drone ile teslimat hizmetini y\u0131llard\u0131r sunuyor ve bu hizmetini Galway\u2019de g\u00fcneye do\u011fru geli\u015ftiriyor. Ayr\u0131ca halihaz\u0131rda u\u00e7u\u015f lisanslar\u0131na sahip oldu\u011fu Avrupa genelinde b\u00fcy\u00fcmeye haz\u0131rlan\u0131yor. Saatte iki veya \u00fc\u00e7 paket teslim edebilen motosikletli kuryelerin aksine \u00fc\u00e7 dakika veya daha k\u0131sa s\u00fcrede bir teslimat yaparak saatte on paketi teslim edebiliyor.<\/p>\n<p><img decoding=\"async\" loading=\"lazy\" class=\"alignright size-full wp-image-98759\" src=\"https:\/\/media.alj.com\/app\/uploads\/2022\/05\/Zipline.jpg\" alt=\"\" width=\"252\" height=\"227\" srcset=\"https:\/\/media.alj.com\/app\/uploads\/2022\/05\/Zipline.jpg 252w, https:\/\/media.alj.com\/app\/uploads\/2022\/05\/Zipline-150x135.jpg 150w\" sizes=\"(max-width: 252px) 100vw, 252px\" \/>San Francisco\u2019da bulunan <a href=\"https:\/\/flyzipline.com\/\">Zipline<\/a>, teslimatlar\u0131n\u0131 yapmak i\u00e7in helikopter yerine \u201czip\u201d olarak adland\u0131rd\u0131\u011f\u0131 k\u00fc\u00e7\u00fck otonom u\u00e7aklar kullan\u0131yor. Drone\u2019lar\u0131yla Ruanda k\u0131rsal\u0131ndaki 350 t\u0131p merkezine kan ve t\u0131bbi malzemeler temin ediyor.<a href=\"#_ftn6\" name=\"_ftnref6\"><sup>[6]<\/sup><\/a> \u00c7\u00fcnk\u00fc bu hastaneler genellikle y\u0131l\u0131n b\u00fcy\u00fck bir k\u0131sm\u0131nda arabalar\u0131n eri\u015femedi\u011fi yerlerde bulunuyor.<\/p>\n<p>Ruanda\u2019da kan malzemelerinin y\u00fczde yetmi\u015f be\u015fi ba\u015fkent Kigali d\u0131\u015f\u0131na teslim ediliyor. Bu teslimat s\u00fcreci Zipline\u2019\u0131n malzemeleri 30 dakikada teslim edebilen pilotsuz hava ara\u00e7lar\u0131yla hava yolu \u00fczerinden tamamlan\u0131yor. Art\u0131k 30 dakika i\u00e7inde yap\u0131labilen bu teslimatlar karayoluyla m\u00fcmk\u00fcn olsayd\u0131 bile birka\u00e7 g\u00fcn s\u00fcrecekti. \u015eirket, ABD\u2019li Walmart ile yapt\u0131\u011f\u0131 bir s\u00f6zle\u015fme sayesinde Afrika\u2019da geni\u015fliyor.<\/p>\n<h2>Pillerde b\u00fcy\u00fck at\u0131l\u0131m<\/h2>\n<p>Pil teknolojisi, bir teslimat drone\u2019unun ne kadar y\u00fck\u00fc ve ne kadar mesafeye ta\u015f\u0131yabilece\u011fi konusunda s\u0131n\u0131rlay\u0131c\u0131 bir fakt\u00f6r olmaya devam ediyor. \u0130talya\u2019daki <u><a href=\"https:\/\/flyingbasket.com\/\">Flying Basket<\/a><\/u> 100 kg\u2019l\u0131k y\u00fckleri 10 km\u2019ye kadar ta\u015f\u0131may\u0131 deniyor olsa da iki kilodan fazla y\u00fckler hala \u00e7o\u011fu modelin \u00f6tesinde. Ancak bug\u00fcn yollarda ta\u015f\u0131nan paket ve haz\u0131r g\u0131da teslimatlar\u0131n\u0131n b\u00fcy\u00fck \u00e7o\u011funlu\u011funu 2 kg civar\u0131nda.<\/p>\n<p>Tesla\u2019n\u0131n kurucusu Elon Musk, eVTOL ara\u00e7lar\u0131n\u0131n ekonomik olarak kullan\u0131labilir hale gelmesi i\u00e7in pillerin enerji yo\u011funlu\u011funun kilogram ba\u015f\u0131na 400 watt-saatin \u00fczerine \u00e7\u0131kmas\u0131 gerekti\u011fini \u00f6ng\u00f6r\u00fcyor<a href=\"#_ftn7\" name=\"_ftnref7\"><sup>[7]<\/sup><\/a>. Mevcut Tesla Model 3\u2019\u00fcn pilleri kilogram ba\u015f\u0131na 260 watt-saat enerji elde ediyor<a href=\"#_ftn8\" name=\"_ftnref8\"><sup>[8]<\/sup><\/a>. Japonya Ulusal Malzeme Bilimi Enstit\u00fcs\u00fc\u2019ndeki ara\u015ft\u0131rmac\u0131lar<a href=\"#_ftn9\" name=\"_ftnref9\"><sup>[9]<\/sup><\/a>, kilogram ba\u015f\u0131na 500 watt-saat kapasiteli lityum hava pilleri \u00fcrettiler ve \u015fimdi bu teknolojinin yeniden \u015farj edilebilirli\u011fini ve g\u00fcvenilirli\u011fini art\u0131rmak i\u00e7in \u00e7al\u0131\u015f\u0131yorlar.<\/p>\n<p>K\u00fc\u00e7\u00fck ve orta boyutlu da\u011f\u0131t\u0131m drone\u2019lar\u0131ndan olu\u015fan filolarla donat\u0131lm\u0131\u015f b\u00fcy\u00fck da\u011f\u0131t\u0131m kamyonetleri, her bir teslimat i\u00e7in kamyonetlerin durdu\u011fu mevcut modelden \u00e7ok daha y\u00fcksek bir verimlilikle \u00e7ok say\u0131da paket teslimat\u0131 sa\u011flayabilir. Kamyonetteki b\u00fcy\u00fck piller, depoya d\u00f6nmeye gerek kalmadan olas\u0131 u\u00e7u\u015f s\u00fcrelerini uzatmak i\u00e7in drone\u2019lar\u0131n g\u00f6z a\u00e7\u0131p kapay\u0131ncaya kadar \u015farj edilmesini sa\u011flayabilir. A\u011f\u0131r y\u00fcklerin drone\u2019larla ta\u015f\u0131nabilece\u011fi g\u00fcnler i\u00e7in hala onlarca y\u0131l beklememiz gerekiyor. Ancak son teslimat s\u00fcre\u00e7leri, bu teknoloji i\u00e7in potansiyel olarak b\u00fcy\u00fck bir pazar ve k\u00fc\u00e7\u00fck \u00f6l\u00e7ekli u\u00e7u\u015flar\u0131n daha \u00e7ok benimsenmesinin kap\u0131lar\u0131n\u0131 a\u00e7abilir.<\/p>\n<p>T\u00fcketicilerin de de\u011fi\u015fime a\u00e7\u0131k oldu\u011fu g\u00f6r\u00fcl\u00fcyor. Drone teslimatlar\u0131yla ilgili endi\u015feleri soruldu\u011funda, ankete kat\u0131lanlar\u0131n %12\u2019sinden az\u0131, bir ki\u015finin paketlerini elden teslim etmesini ilk \u00fc\u00e7 fakt\u00f6r aras\u0131nda s\u0131ral\u0131yor; ancak \u00c7in\u2019deki kat\u0131l\u0131mc\u0131lar\u0131n %74\u2019\u00fc drone ile daha h\u0131zl\u0131 teslimat i\u00e7in ekstra \u00f6deme yapaca\u011f\u0131n\u0131 ifade ediyor<a href=\"#_ftn10\" name=\"_ftnref10\"><sup>[10]<\/sup><\/a>.<\/p>\n<h2>Altyap\u0131 zorluklar\u0131<\/h2>\n<p>Elektrikli otomobillerde oldu\u011fu gibi, geli\u015fmi\u015f hava ta\u015f\u0131mac\u0131l\u0131\u011f\u0131 da elektrik altyap\u0131s\u0131na bir y\u00fck getirecek. Ancak bu, \u00fcstesinden gelemeyece\u011fimiz bir zorluk de\u011fil. AAM\u2019nin ger\u00e7ekten toplu ta\u015f\u0131ma yapabilmesi i\u00e7in maliyetleri d\u00fc\u015f\u00fcrmek amac\u0131yla, bir b\u00f6lgedeki ini\u015f yerlerinin say\u0131s\u0131 m\u00fcmk\u00fcn oldu\u011funca \u00e7ok olmal\u0131.<\/p>\n<p>McKinsey \u00fc\u00e7 t\u00fcr ini\u015f yeri \u00f6neriyor:<\/p>\n<ol>\n<li>Yo\u011fun yolcu trafi\u011finin oldu\u011fu yerlerde ini\u015f ve perakende f\u0131rsatlar\u0131 i\u00e7in \u00e7ok say\u0131da rampaya sahip, amaca y\u00f6nelik yeni yap\u0131lar olan Vertihub\u2019lar.<\/li>\n<li>Yeni binalar veya mevcut b\u00fcy\u00fck \u00e7at\u0131 veya otoparklar\u0131n geni\u015fletilmesiyle olu\u015fturulabilecek ve \u00fc\u00e7 ini\u015f rampas\u0131 ile belirli bir kapasitede depolama alan\u0131 i\u00e7eren Vertibase\u2019ler.<\/li>\n<li>Sadece bir ini\u015f rampas\u0131na sahip olan Vertipod\u2019lar\u0131n ise uzak bir k\u0131rsal konuma veya k\u00fc\u00e7\u00fck bir banliy\u00f6ye hizmet veren \u00f6zel bir arazideki ki\u015fisel bir tesis olmas\u0131 \u00f6ng\u00f6r\u00fcl\u00fcyor.<\/li>\n<\/ol>\n<p><img decoding=\"async\" loading=\"lazy\" class=\"aligncenter size-full wp-image-98696\" src=\"https:\/\/media.alj.com\/app\/uploads\/2022\/05\/ALJ-Air-Mobility3-scaled.jpg\" alt=\"\" width=\"2560\" height=\"1551\" srcset=\"https:\/\/media.alj.com\/app\/uploads\/2022\/05\/ALJ-Air-Mobility3-scaled.jpg 2560w, https:\/\/media.alj.com\/app\/uploads\/2022\/05\/ALJ-Air-Mobility3-300x182.jpg 300w, https:\/\/media.alj.com\/app\/uploads\/2022\/05\/ALJ-Air-Mobility3-1024x621.jpg 1024w, https:\/\/media.alj.com\/app\/uploads\/2022\/05\/ALJ-Air-Mobility3-150x91.jpg 150w, https:\/\/media.alj.com\/app\/uploads\/2022\/05\/ALJ-Air-Mobility3-768x465.jpg 768w, https:\/\/media.alj.com\/app\/uploads\/2022\/05\/ALJ-Air-Mobility3-1536x931.jpg 1536w, https:\/\/media.alj.com\/app\/uploads\/2022\/05\/ALJ-Air-Mobility3-2048x1241.jpg 2048w\" sizes=\"(max-width: 2560px) 100vw, 2560px\" \/><\/p>\n<p>Bu tesislerin her biri, pille \u00e7al\u0131\u015fan eVTOL\u2019ler i\u00e7in \u015farj tesislerine ihtiya\u00e7 duyacak. U\u00e7u\u015fta, karadan ta\u015f\u0131maya k\u0131yasla daha fazla g\u00fc\u00e7 kullan\u0131lacak ancak ve drone\u2019lar\u0131 \u015farj edebilecek b\u00fcy\u00fck kamyonlar ve otob\u00fcsler i\u00e7in \u201cfla\u015f \u015farj\u201d olarak adland\u0131r\u0131lan \u00e7ok h\u0131zl\u0131 \u015farj kapasitesine sahip \u015farj tesisleri geli\u015ftiriliyor. Banliy\u00f6deki hi\u00e7bir mevcut elektrik \u015febekesi, do\u011frudan elektrik hatt\u0131ndan 1 MW veya 2 MW \u015farj\u0131 veremez. Ancak her bir ini\u015f merkezine konu\u015fland\u0131r\u0131lm\u0131\u015f enerji depolama tesisleri, normal elektrik hatlar\u0131 \u00fczerinden yava\u015f yava\u015f \u015farj edilebilir ve ard\u0131ndan bu enerjiyi eVTOL pillerine \u00e7ok h\u0131zl\u0131 bir \u015fekilde de\u015farj edebilir. Bu, \u015febeke kapasitelerinin y\u00fckseltilmesi nedeniyle olu\u015facak maliyeti en aza indirecek ve izole b\u00f6lgelerdeki ini\u015f rampalar\u0131n\u0131n konu\u015fland\u0131r\u0131lmas\u0131n\u0131 m\u00fcmk\u00fcn k\u0131larak hava ta\u015f\u0131mac\u0131l\u0131\u011f\u0131n\u0131n menzilini \u015fehir s\u0131n\u0131rlar\u0131n\u0131n d\u0131\u015f\u0131na ta\u015f\u0131yacak.<\/p>\n<p>McKinsey\u2019in hesaplamalar\u0131na g\u00f6re, b\u00fcy\u00fck ula\u015f\u0131m merkezlerinin etraf\u0131nda ve uzak yerle\u015fim alanlar\u0131nda 85 ila 100 ini\u015f rampas\u0131 bulunan bir \u015fehir; insanlar\u0131n g\u00fcnde yakla\u015f\u0131k 2.200 sefer yapmas\u0131n\u0131 gerektirir. Bu da yolcu ba\u015f\u0131na yakla\u015f\u0131k bir limuzin seferi maliyetiyle e\u015f de\u011fer 50 ila 75 ABD dolar\u0131 kar\u015f\u0131l\u0131\u011f\u0131 \u00fccret al\u0131nmas\u0131n\u0131 gerektirir.<\/p>\n<p>Maliyetleri taksiler gibi mevcut kara yolu toplu ta\u015f\u0131ma y\u00f6ntemlerine yakla\u015ft\u0131rmak i\u00e7in g\u00fcnl\u00fck 10.000 seferin ger\u00e7ekle\u015fti\u011fi, yani en yo\u011fun zamanlarda rampa ba\u015f\u0131na her be\u015f dakikada bir seferin d\u00fczenlendi\u011fi bir a\u011f olu\u015fturmak gerekir. Bu, u\u00e7u\u015f i\u00e7in gerekli g\u00fcvenlik \u00f6nlemleri g\u00f6z \u00f6n\u00fcnde bulunduruldu\u011funda ula\u015f\u0131lmas\u0131 olduk\u00e7a zor bir hedef. McKinsey ayr\u0131ca AAM \u00e7\u00f6z\u00fcmlerinin kitlesel fizibilitesi i\u00e7in kritik \u00f6nemde olabilecek bir dizi ba\u015fka fakt\u00f6r\u00fcn de \u00fczerinde duruyor. Bu fakt\u00f6rler aras\u0131nda; ara\u00e7lar\u0131n h\u0131zl\u0131 \u015farj edilmesini de i\u00e7eren h\u0131zl\u0131 sefer d\u00f6ng\u00fcs\u00fc, vertihub\u2019lardaki perakende sat\u0131\u015f gibi ek gelir kaynaklar\u0131n\u0131n operat\u00f6rlere sa\u011flanmas\u0131, kamu sekt\u00f6r\u00fc te\u015fvikleri, rampalar\u0131n in\u015faat maliyetlerini d\u00fc\u015f\u00fcrecek mod\u00fcler altyap\u0131 \u00e7\u00f6z\u00fcmleri ve yenilik\u00e7i enerji \u00e7\u00f6z\u00fcmleri yer al\u0131yor.<\/p>\n<p>Otomobil \u015farj merkezlerindeki gibi, \u00f6rne\u011fin Essex, \u0130ngiltere\u2019deki<a href=\"#_ftn11\" name=\"_ftnref11\">[11]<\/a> Gridserve elektrikli \u015farj alan\u0131ndaki \u00f6zel kablo a\u011flar\u0131 ile eVTOL ba\u011flant\u0131 merkezine ba\u011flanan \u00f6zel g\u00fcne\u015f paneli k\u00fcmeleri, \u015febeke \u00fczerindeki bask\u0131y\u0131 azaltabilir ve karbon yo\u011fun gaz ve petrolle \u00e7al\u0131\u015fan g\u00fc\u00e7 istasyonlar\u0131n\u0131 daha da ileri ta\u015f\u0131yarak karbon n\u00f6tr hava ta\u015f\u0131mac\u0131l\u0131\u011f\u0131 olas\u0131l\u0131\u011f\u0131n\u0131 artt\u0131rabilir.<\/p>\n<h2>U\u00e7u\u015f lisans\u0131<\/h2>\n<p>Pazara girmek \u00fczere olan t\u00fcm yolcu eVTOL modelleri i\u00e7in insan pilotlar gerekiyor<a href=\"#_ftn12\" name=\"_ftnref12\"><sup>[12]<\/sup><\/a>. Hi\u00e7bir \u00fclke, insanlar\u0131n otonom u\u00e7u\u015fla ta\u015f\u0131nmas\u0131na izin veren hava trafik d\u00fczenlemelerine sahip de\u011fil. Elektrikli u\u00e7u\u015fun hala pek \u00e7ok insan i\u00e7in denenmemi\u015f bir teknoloji olmas\u0131ndan dolay\u0131 b\u00f6yle bir hizmetin, \u015fu anda haz\u0131r bir hedef kitleye sahip olmas\u0131 pek olas\u0131 de\u011fil.<\/p>\n<p>Bu, helikopter pilotlar\u0131 i\u00e7in yak\u0131n gelecekte \u00e7ok say\u0131da i\u015f f\u0131rsat\u0131 yaratacak. eVTOL\u2019lar\u0131n geleneksel helikopterlere g\u00f6re daha kolay kullan\u0131lmas\u0131, daha fazla say\u0131da insan\u0131n e\u011fitim alabilmesini sa\u011flayacak. Ayr\u0131ca, bu teknolojinin k\u0131sa mesafeli olmas\u0131, hava taksileri u\u00e7uran pilotlar\u0131n vardiyalar\u0131ndan sonra eve d\u00f6nmesini sa\u011flayarak aile dostu bir i\u015f yaratacak, maliyetleri d\u00fc\u015f\u00fcrecek ve f\u0131rsatlar yaratacak.<\/p>\n<p><img decoding=\"async\" loading=\"lazy\" class=\"aligncenter size-full wp-image-98703\" src=\"https:\/\/media.alj.com\/app\/uploads\/2022\/05\/ALJ-Air-Mobility4-scaled.jpg\" alt=\"\" width=\"2560\" height=\"1638\" srcset=\"https:\/\/media.alj.com\/app\/uploads\/2022\/05\/ALJ-Air-Mobility4-scaled.jpg 2560w, https:\/\/media.alj.com\/app\/uploads\/2022\/05\/ALJ-Air-Mobility4-300x192.jpg 300w, https:\/\/media.alj.com\/app\/uploads\/2022\/05\/ALJ-Air-Mobility4-1024x655.jpg 1024w, https:\/\/media.alj.com\/app\/uploads\/2022\/05\/ALJ-Air-Mobility4-150x96.jpg 150w, https:\/\/media.alj.com\/app\/uploads\/2022\/05\/ALJ-Air-Mobility4-768x491.jpg 768w, https:\/\/media.alj.com\/app\/uploads\/2022\/05\/ALJ-Air-Mobility4-1536x983.jpg 1536w, https:\/\/media.alj.com\/app\/uploads\/2022\/05\/ALJ-Air-Mobility4-2048x1310.jpg 2048w\" sizes=\"(max-width: 2560px) 100vw, 2560px\" \/><\/p>\n<p>Ancak bir \u015fehrin \u00fcst\u00fcndeki g\u00f6ky\u00fcz\u00fcnde hava trafi\u011finin yo\u011fun olmas\u0131 amat\u00f6r pilotlar i\u00e7in pek uygun de\u011fil. Bu nedenle, insanlar\u0131n kendi hava ara\u00e7lar\u0131na sahip olaca\u011f\u0131 ve bunlar\u0131 kullanaca\u011f\u0131 bir gelece\u011fi hayal eden analistlerin say\u0131s\u0131 olduk\u00e7a az. Bunun yerine, otomatik g\u00fcvenlik ve navigasyon sistemleri hava trafi\u011fini kontrol edecek, insan pilotlar devre d\u0131\u015f\u0131 kalacak, maliyetler daha da d\u00fc\u015fecek ve mevcut yol trafi\u011findeki g\u00fcvenlik seviyeleri artacakt\u0131r<a href=\"#_ftn13\" name=\"_ftnref13\"><sup>[13]<\/sup><\/a>. \u0130nsans\u0131z trafik y\u00f6netimi (Unmanned Traffic Management, UTM) sistemleri \u015fu anda ABD\u2019de FSA ve NASA<a href=\"#_ftn14\" name=\"_ftnref14\"><sup>[14]<\/sup><\/a> aras\u0131ndaki bir i\u015f birli\u011fiyle geli\u015ftiriliyor ve 400 fit alt\u0131nda u\u00e7an drone\u2019lar\u0131 kontrol etmeyi ama\u00e7l\u0131yor.<\/p>\n<h2>Hayallerde kalmayacak bir u\u00e7u\u015f<\/h2>\n<p>Vertihub\u2019lar\u0131, vertibase\u2019leri ve vertipod\u2019lar\u0131 bulunan ve daha k\u00fc\u00e7\u00fck y\u00fcklerin son teslimat\u0131n\u0131 ger\u00e7ekle\u015ftiren UTM \u015firketleri Manna ve Zipwire\u2019\u0131n yan\u0131 s\u0131ra k\u0131sa mesafede verimli bir \u015fekilde yolcu ta\u015f\u0131yan eVTOL \u015firketi Joby, hava ta\u015f\u0131mac\u0131l\u0131\u011f\u0131 teknolojisinin kendini ispatlamas\u0131n\u0131 sa\u011fl\u0131yor. Ekonomik arg\u00fcmanlar g\u00fcn ge\u00e7tik\u00e7e daha da ula\u015f\u0131labilir g\u00f6r\u00fcn\u00fcyor ve iyi bir planlama, giri\u015fimcilik zekas\u0131, maliyetlerin s\u0131k\u0131 kontrol\u00fc ve d\u00fczenleyici kurumlarla i\u015f birli\u011fi sayesinde hava ta\u015f\u0131mac\u0131l\u0131\u011f\u0131 k\u0131sa s\u00fcrede elektrikli bir araba veya e-scooter kadar yayg\u0131n olabilir. \u0130nsanlar geleneksel kara yolu ula\u015f\u0131m\u0131 yerine u\u00e7ma fikrine al\u0131\u015ft\u0131k\u00e7a, \u00f6zellikle sokaklar\u0131m\u0131z sessiz, daha ho\u015f ve yaya trafi\u011fine daha uygun hale geldik\u00e7e g\u00fcvenlikle ilgili endi\u015feler azalacak.<\/p>\n<p><a href=\"https:\/\/jimco.com\">JIMCO<\/a> gibi ileri g\u00f6r\u00fc\u015fl\u00fc yat\u0131r\u0131mc\u0131lar\u0131n kaynaklar\u0131 ve kararl\u0131l\u0131\u011f\u0131ndan g\u00fc\u00e7 alarak pil g\u00fc\u00e7 yo\u011funlu\u011fu ve yenilenebilir enerji kaynaklar\u0131 gibi teknolojik zorluklara kar\u015f\u0131 y\u00fcr\u00fct\u00fclen geli\u015ftirme faaliyetleri, ilerleme kaydetmeye devam edecek ve a\u011f\u0131r y\u00fcklerin ve konteyner ta\u015f\u0131mac\u0131l\u0131\u011f\u0131n\u0131n hava yoluyla yap\u0131labilece\u011fi bir noktaya kadar vararak geli\u015fmi\u015f hava ta\u015f\u0131mac\u0131l\u0131\u011f\u0131 devrimini tamamlayacak.<\/p>\n<p>\u00d6n\u00fcm\u00fczdeki 30 y\u0131l i\u00e7inde sokaklar\u0131m\u0131z, hepimizin olmas\u0131n\u0131 istedi\u011fi gibi huzurlu, temiz ve sessiz yerlere d\u00f6n\u00fc\u015ft\u00fcr\u00fclebilir ve ya\u015famay\u0131 tercih etti\u011fimiz her yere daha h\u0131zl\u0131 seyahat edebiliriz. O g\u00fcnleri sab\u0131rs\u0131zl\u0131kla bekliyoruz!<\/p>\n<p><img decoding=\"async\" loading=\"lazy\" class=\"aligncenter size-full wp-image-98724\" src=\"https:\/\/media.alj.com\/app\/uploads\/2022\/05\/Joby-Aviation-at-dusk.jpg\" alt=\"\" width=\"2067\" height=\"1378\" srcset=\"https:\/\/media.alj.com\/app\/uploads\/2022\/05\/Joby-Aviation-at-dusk.jpg 2067w, https:\/\/media.alj.com\/app\/uploads\/2022\/05\/Joby-Aviation-at-dusk-300x200.jpg 300w, https:\/\/media.alj.com\/app\/uploads\/2022\/05\/Joby-Aviation-at-dusk-1024x683.jpg 1024w, https:\/\/media.alj.com\/app\/uploads\/2022\/05\/Joby-Aviation-at-dusk-150x100.jpg 150w, https:\/\/media.alj.com\/app\/uploads\/2022\/05\/Joby-Aviation-at-dusk-768x512.jpg 768w, https:\/\/media.alj.com\/app\/uploads\/2022\/05\/Joby-Aviation-at-dusk-1536x1024.jpg 1536w, https:\/\/media.alj.com\/app\/uploads\/2022\/05\/Joby-Aviation-at-dusk-2048x1365.jpg 2048w\" sizes=\"(max-width: 2067px) 100vw, 2067px\" \/><\/p>\n<p>&nbsp;<\/p>\n<p><a href=\"#_ftnref1\" name=\"_ftn1\">[1]<\/a> https:\/\/www.un.org\/development\/desa\/en\/news\/social\/urbanization-expanding-opportunities-but-deeper-divides.html<\/p>\n<p><a href=\"#_ftnref2\" name=\"_ftn2\"><sup>[2]<\/sup><\/a> <a href=\"https:\/\/assets.verticalmag.com\/wp-content\/uploads\/2021\/05\/Morgan-Stanley-URBAN_20210506_0000.pdf\">https:\/\/assets.verticalmag.com\/wp-content\/uploads\/2021\/05\/Morgan-Stanley-URBAN_20210506_0000.pdf<\/a><\/p>\n<p><a href=\"#_ftnref3\" name=\"_ftn3\"><sup>[3]<\/sup><\/a> https:\/\/www.mckinsey.com\/industries\/travel-logistics-and-infrastructure\/our-insights\/taxiing-for-takeoff-the-flying-cab-in-your-future<\/p>\n<p><a href=\"#_ftnref4\" name=\"_ftn4\"><sup>[4]<\/sup><\/a> https:\/\/www.mckinsey.com\/industries\/aerospace-and-defense\/our-insights\/up-in-the-air-how-do-consumers-view-advanced-air-mobility<\/p>\n<p><a href=\"#_ftnref5\" name=\"_ftn5\">[5]<\/a> <a href=\"https:\/\/www.amazon.com\/Amazon-Prime-Air\/b?ie=UTF8&amp;node=8037720011\">https:\/\/www.amazon.com\/Amazon-Prime-Air\/b?ie=UTF8&amp;node=8037720011<\/a><\/p>\n<p><a href=\"#_ftnref6\" name=\"_ftn6\">[6]<\/a> <a href=\"https:\/\/flyzipline.com\/global-healthcare\">https:\/\/flyzipline.com\/global-healthcare<\/a><\/p>\n<p><a href=\"#_ftnref7\" name=\"_ftn7\"><sup>[7]<\/sup><\/a> <a href=\"https:\/\/electrek.co\/2020\/08\/25\/tesla-elon-musk-batteries-enabling-electric-aircraft-coming\/\">https:\/\/electrek.co\/2020\/08\/25\/tesla-elon-musk-batteries-enabling-electric-aircraft-coming\/<\/a>\u00a0<\/p>\n<p><a href=\"#_ftnref8\" name=\"_ftn8\"><sup>[8]<\/sup><\/a> <a href=\"https:\/\/www.forbes.com\/sites\/jamesmorris\/2021\/09\/04\/this-company-has-the-battery-technology-to-beat-tesla\/?sh=2582807e48f3\">https:\/\/www.forbes.com\/sites\/jamesmorris\/2021\/09\/04\/this-company-has-the-battery-technology-to-beat-tesla\/?sh=2582807e48f3<\/a><\/p>\n<p><a href=\"#_ftnref9\" name=\"_ftn9\"><sup>[9]<\/sup><\/a> <a href=\"https:\/\/www.sciencedaily.com\/releases\/2022\/01\/220120140724.htm\">https:\/\/www.sciencedaily.com\/releases\/2022\/01\/220120140724.htm<\/a><\/p>\n<p><a href=\"#_ftnref10\" name=\"_ftn10\"><sup>[10]<\/sup><\/a> <a href=\"https:\/\/www.mckinsey.com\/industries\/aerospace-and-defense\/our-insights\/up-in-the-air-how-do-consumers-view-advanced-air-mobility\">https:\/\/www.mckinsey.com\/industries\/aerospace-and-defense\/our-insights\/up-in-the-air-how-do-consumers-view-advanced-air-mobility<\/a><\/p>\n<p><a href=\"#_ftnref11\" name=\"_ftn11\">[11]<\/a> <a href=\"https:\/\/www.gridserve.com\/braintree-overview\/\">https:\/\/www.gridserve.com\/braintree-overview\/<\/a><\/p>\n<p><a href=\"#_ftnref12\" name=\"_ftn12\"><sup>[12]<\/sup><\/a> <a href=\"https:\/\/www.mckinsey.com\/industries\/travel-logistics-and-infrastructure\/our-insights\/commercial-drones-are-here-the-future-of-unmanned-aerial-systems\">https:\/\/www.mckinsey.com\/industries\/travel-logistics-and-infrastructure\/our-insights\/commercial-drones-are-here-the-future-of-unmanned-aerial-systems<\/a><\/p>\n<p><a href=\"#_ftnref13\" name=\"_ftn13\"><sup>[13]<\/sup><\/a> <a href=\"https:\/\/www.mckinsey.com\/industries\/travel-logistics-and-infrastructure\/our-insights\/taxiing-for-takeoff-the-flying-cab-in-your-future\">https:\/\/www.mckinsey.com\/industries\/travel-logistics-and-infrastructure\/our-insights\/taxiing-for-takeoff-the-flying-cab-in-your-future<\/a><\/p>\n<p><a href=\"#_ftnref14\" name=\"_ftn14\"><sup>[14]<\/sup><\/a> <a href=\"https:\/\/www.faa.gov\/uas\/research_development\/traffic_management\/media\/FAA_NASA_UAS_Traffic_Management_Research_Plan.pdf\">https:\/\/www.faa.gov\/uas\/research_development\/traffic_management\/media\/FAA_NASA_UAS_Traffic_Management_Research_Plan.pdf<\/a><\/p>\n","protected":false},"author":18,"featured_media":98783,"template":"","tags":[],"acf":[],"yoast_head":"<!-- This site is optimized with the Yoast SEO plugin v21.5 - https:\/\/yoast.com\/wordpress\/plugins\/seo\/ -->\n<title>Hava Ula\u015f\u0131m\u0131 Se\u00e7eneklerini Ke\u015ffet | Abdul Latif Jameel\u00ae<\/title>\n<meta name=\"description\" content=\"Gelecekte seyahat ve ulas\u0131m daha h\u0131zl\u0131 ve daha kolay olacak. Kentsel ta\u015f\u0131mac\u0131l\u0131k i\u00e7in h\u0131zl\u0131, uygun ve s\u00fcrd\u00fcr\u00fclebilir bir geleck vizyonumuzu ke\u015ffedin.\" \/>\n<meta name=\"robots\" content=\"index, follow, max-snippet:-1, max-image-preview:large, max-video-preview:-1\" \/>\n<link rel=\"canonical\" href=\"https:\/\/alj.com\/tr\/perspective\/the-skys-the-limit\/\" \/>\n<meta property=\"og:locale\" content=\"tr_TR\" \/>\n<meta property=\"og:type\" content=\"article\" \/>\n<meta property=\"og:title\" content=\"Hava Ula\u015f\u0131m\u0131 Se\u00e7eneklerini Ke\u015ffet | Abdul Latif Jameel\u00ae\" \/>\n<meta property=\"og:description\" content=\"Gelecekte seyahat ve ulas\u0131m daha h\u0131zl\u0131 ve daha kolay olacak. Kentsel ta\u015f\u0131mac\u0131l\u0131k i\u00e7in h\u0131zl\u0131, uygun ve s\u00fcrd\u00fcr\u00fclebilir bir geleck vizyonumuzu ke\u015ffedin.\" \/>\n<meta property=\"og:url\" content=\"https:\/\/alj.com\/tr\/perspective\/the-skys-the-limit\/\" \/>\n<meta property=\"og:site_name\" content=\"Abdul Latif Jameel\" \/>\n<meta property=\"article:publisher\" content=\"https:\/\/www.facebook.com\/Abdul.Latif.Jameel.Official\" \/>\n<meta property=\"article:modified_time\" content=\"2022-06-29T06:52:11+00:00\" \/>\n<meta property=\"og:image\" content=\"https:\/\/media.alj.com\/app\/uploads\/2022\/05\/Sky-limit-LI.jpg\" \/>\n\t<meta property=\"og:image:width\" content=\"1200\" \/>\n\t<meta property=\"og:image:height\" content=\"627\" \/>\n\t<meta property=\"og:image:type\" content=\"image\/jpeg\" \/>\n<meta name=\"twitter:card\" content=\"summary_large_image\" \/>\n<meta name=\"twitter:label1\" content=\"Est. reading time\" \/>\n\t<meta name=\"twitter:data1\" content=\"12 minutes\" \/>\n<script type=\"application\/ld+json\" class=\"yoast-schema-graph\">{\"@context\":\"https:\/\/schema.org\",\"@graph\":[{\"@type\":\"WebPage\",\"@id\":\"https:\/\/alj.com\/tr\/perspective\/the-skys-the-limit\/\",\"url\":\"https:\/\/alj.com\/tr\/perspective\/the-skys-the-limit\/\",\"name\":\"Hava Ula\u015f\u0131m\u0131 Se\u00e7eneklerini Ke\u015ffet | Abdul Latif Jameel\u00ae\",\"isPartOf\":{\"@id\":\"https:\/\/alj.com\/en\/#website\"},\"datePublished\":\"2022-05-10T09:30:26+00:00\",\"dateModified\":\"2022-06-29T06:52:11+00:00\",\"description\":\"Gelecekte seyahat ve ulas\u0131m daha h\u0131zl\u0131 ve daha kolay olacak. Kentsel ta\u015f\u0131mac\u0131l\u0131k i\u00e7in h\u0131zl\u0131, uygun ve s\u00fcrd\u00fcr\u00fclebilir bir geleck vizyonumuzu ke\u015ffedin.\",\"breadcrumb\":{\"@id\":\"https:\/\/alj.com\/tr\/perspective\/the-skys-the-limit\/#breadcrumb\"},\"inLanguage\":\"tr\",\"potentialAction\":[{\"@type\":\"ReadAction\",\"target\":[\"https:\/\/alj.com\/tr\/perspective\/the-skys-the-limit\/\"]}]},{\"@type\":\"BreadcrumbList\",\"@id\":\"https:\/\/alj.com\/tr\/perspective\/the-skys-the-limit\/#breadcrumb\",\"itemListElement\":[{\"@type\":\"ListItem\",\"position\":1,\"name\":\"Home\",\"item\":\"https:\/\/alj.com\/tr\/\"},{\"@type\":\"ListItem\",\"position\":2,\"name\":\"Perspectives\",\"item\":\"https:\/\/alj.com\/ja\/perspective\/\"},{\"@type\":\"ListItem\",\"position\":3,\"name\":\"\u0130stikbal g\u00f6klerde\"}]},{\"@type\":\"WebSite\",\"@id\":\"https:\/\/alj.com\/en\/#website\",\"url\":\"https:\/\/alj.com\/en\/\",\"name\":\"Abdul Latif Jameel\",\"description\":\"Abdul Latif Jameel\",\"potentialAction\":[{\"@type\":\"SearchAction\",\"target\":{\"@type\":\"EntryPoint\",\"urlTemplate\":\"https:\/\/alj.com\/en\/?s={search_term_string}\"},\"query-input\":\"required name=search_term_string\"}],\"inLanguage\":\"tr\"}]}<\/script>\n<!-- \/ Yoast SEO plugin. -->","yoast_head_json":{"title":"Hava Ula\u015f\u0131m\u0131 Se\u00e7eneklerini Ke\u015ffet | Abdul Latif Jameel\u00ae","description":"Gelecekte seyahat ve ulas\u0131m daha h\u0131zl\u0131 ve daha kolay olacak. Kentsel ta\u015f\u0131mac\u0131l\u0131k i\u00e7in h\u0131zl\u0131, uygun ve s\u00fcrd\u00fcr\u00fclebilir bir geleck vizyonumuzu ke\u015ffedin.","robots":{"index":"index","follow":"follow","max-snippet":"max-snippet:-1","max-image-preview":"max-image-preview:large","max-video-preview":"max-video-preview:-1"},"canonical":"https:\/\/alj.com\/tr\/perspective\/the-skys-the-limit\/","og_locale":"tr_TR","og_type":"article","og_title":"Hava Ula\u015f\u0131m\u0131 Se\u00e7eneklerini Ke\u015ffet | Abdul Latif Jameel\u00ae","og_description":"Gelecekte seyahat ve ulas\u0131m daha h\u0131zl\u0131 ve daha kolay olacak. Kentsel ta\u015f\u0131mac\u0131l\u0131k i\u00e7in h\u0131zl\u0131, uygun ve s\u00fcrd\u00fcr\u00fclebilir bir geleck vizyonumuzu ke\u015ffedin.","og_url":"https:\/\/alj.com\/tr\/perspective\/the-skys-the-limit\/","og_site_name":"Abdul Latif Jameel","article_publisher":"https:\/\/www.facebook.com\/Abdul.Latif.Jameel.Official","article_modified_time":"2022-06-29T06:52:11+00:00","og_image":[{"width":1200,"height":627,"url":"https:\/\/media.alj.com\/app\/uploads\/2022\/05\/Sky-limit-LI.jpg","type":"image\/jpeg"}],"twitter_card":"summary_large_image","twitter_misc":{"Est. reading time":"12 minutes"},"schema":{"@context":"https:\/\/schema.org","@graph":[{"@type":"WebPage","@id":"https:\/\/alj.com\/tr\/perspective\/the-skys-the-limit\/","url":"https:\/\/alj.com\/tr\/perspective\/the-skys-the-limit\/","name":"Hava Ula\u015f\u0131m\u0131 Se\u00e7eneklerini Ke\u015ffet | Abdul Latif Jameel\u00ae","isPartOf":{"@id":"https:\/\/alj.com\/en\/#website"},"datePublished":"2022-05-10T09:30:26+00:00","dateModified":"2022-06-29T06:52:11+00:00","description":"Gelecekte seyahat ve ulas\u0131m daha h\u0131zl\u0131 ve daha kolay olacak. Kentsel ta\u015f\u0131mac\u0131l\u0131k i\u00e7in h\u0131zl\u0131, uygun ve s\u00fcrd\u00fcr\u00fclebilir bir geleck vizyonumuzu ke\u015ffedin.","breadcrumb":{"@id":"https:\/\/alj.com\/tr\/perspective\/the-skys-the-limit\/#breadcrumb"},"inLanguage":"tr","potentialAction":[{"@type":"ReadAction","target":["https:\/\/alj.com\/tr\/perspective\/the-skys-the-limit\/"]}]},{"@type":"BreadcrumbList","@id":"https:\/\/alj.com\/tr\/perspective\/the-skys-the-limit\/#breadcrumb","itemListElement":[{"@type":"ListItem","position":1,"name":"Home","item":"https:\/\/alj.com\/tr\/"},{"@type":"ListItem","position":2,"name":"Perspectives","item":"https:\/\/alj.com\/ja\/perspective\/"},{"@type":"ListItem","position":3,"name":"\u0130stikbal g\u00f6klerde"}]},{"@type":"WebSite","@id":"https:\/\/alj.com\/en\/#website","url":"https:\/\/alj.com\/en\/","name":"Abdul Latif Jameel","description":"Abdul Latif Jameel","potentialAction":[{"@type":"SearchAction","target":{"@type":"EntryPoint","urlTemplate":"https:\/\/alj.com\/en\/?s={search_term_string}"},"query-input":"required name=search_term_string"}],"inLanguage":"tr"}]}},"post-meta-fields":{"push_notification":["no"],"_push_notification":["field_5c3b1fb67034d"],"_wpml_word_count":["{\"total\":2611,\"to_translate\":{\"ar\":2611,\"zh-hans\":2611,\"fr\":2611,\"ja\":2611,\"es\":2611,\"tr\":2611}}"],"_wpml_media_featured":["1"],"_wpml_media_duplicate":["1"],"perspective_short_title":["\u0130stikbal g\u00f6klerde"],"perspective_summury":["<p>Elektrikli hava ula\u015f\u0131m\u0131 daha temiz, daha sessiz, kalabal\u0131\u011f\u0131n daha az oldu\u011fu ve daha s\u00fcrd\u00fcr\u00fclebilir bir kentsel ta\u015f\u0131mac\u0131l\u0131k modeline do\u011fru bir y\u00fckseli\u015f sa\u011flayabilir mi?<\/p>\n"],"perspective_location":["Dubai, BAE"],"wpcf-featured-news":["1"],"is_latest_news":["0"],"wpcf-show-news-at-homepage":["1"],"publish_mobile":[""],"_publish_mobile":["field_5bfa8eb2e65cf"],"mobile_featured_image":["https:\/\/media.alj.com\/app\/uploads\/2022\/05\/06_Joby-Aviation_Aircraft-scaled.jpg"],"_mobile_featured_image":["field_5c3b204983dea"],"featured_on_listing_page":["0"],"_featured_on_listing_page":["field_62458ea7383c3"],"content_series_applied":[""],"_content_series_applied":["field_60f3d3faf82ac"],"wpcf-perspective-downloadable_file":[""],"wpcf-perspective-published-date":["1652140800"],"wpcf-video-description":[""],"wpcf-layoutvideourl":[""],"wpcf-video-thumb":[""],"wpcf-social4-svg":[""],"wpcf-social4-background-image":[""],"wpcf-social4-text":[""],"wpcf-social4-url":[""],"wpcf-social3-svg":[""],"wpcf-social3-background-image":[""],"wpcf-social3-text":[""],"wpcf-social3-url":[""],"wpcf-social-text-svg-square":[""],"wpcf-social-text-image-square":[""],"wpcf-social-text-text-square":[""],"wpcf-social-text-url-square":[""],"wpcf-social2-svg":[""],"wpcf-social2-background-image":[""],"wpcf-social2-text":[""],"wpcf-social2-url":[""],"wpcf-social-svg-square":[""],"wpcf-social-image-square":[""],"wpcf-social-text-square":[""],"wpcf-social-url-square":[""],"wpcf-social1-svg":[""],"wpcf-social1-background-image":[""],"wpcf-social1-text":[""],"wpcf-social1-url":[""],"wpcf-quotes-with-auther-text-1":[""],"wpcf-card_article_with_title_content":[""],"wpcf-card_article_content":["<p>write your content<\/p>"],"wpcf-quotes-with-auther-text":[""],"_bsf_post_type":["0"],"_bsf_item_review_type":["none"],"_yoast_wpseo_title":["Hava Ula\u015f\u0131m\u0131 Se\u00e7eneklerini Ke\u015ffet | Abdul Latif Jameel\u00ae"],"_yoast_wpseo_metadesc":["Gelecekte seyahat ve ulas\u0131m daha h\u0131zl\u0131 ve daha kolay olacak. Kentsel ta\u015f\u0131mac\u0131l\u0131k i\u00e7in h\u0131zl\u0131, uygun ve s\u00fcrd\u00fcr\u00fclebilir bir geleck vizyonumuzu ke\u015ffedin."],"_yoast_wpseo_content_score":["30"],"_yoast_wpseo_estimated-reading-time-minutes":["12"],"_yoast_wpseo_opengraph-image":["https:\/\/media.alj.com\/app\/uploads\/2022\/05\/Sky-limit-LI-1024x535.jpg"],"_yoast_wpseo_opengraph-image-id":["98796"],"_thumbnail_id":["98783"],"_edit_lock":["1656489575:25"],"_edit_last":["25"],"_last_translation_edit_mode":["native-editor"],"perspective_business_sector":["Ula\u015f\u0131m"],"wpcf-card-image":[""],"_wpcf-card-image-sort-order":["a:1:{i:0;i:1204557;}"],"amazonS3_cache":["a:26:{s:57:\"\/\/alj.com\/app\/uploads\/2022\/05\/ALJ-Air-Mobility-scaled.jpg\";a:2:{s:2:\"id\";i:98682;s:11:\"source_type\";s:13:\"media-library\";}s:63:\"\/\/media.alj.com\/app\/uploads\/2022\/05\/ALJ-Air-Mobility-scaled.jpg\";a:2:{s:2:\"id\";i:98682;s:11:\"source_type\";s:13:\"media-library\";}s:57:\"\/\/alj.com\/app\/uploads\/2022\/05\/Joby-Aviation-evolution.jpg\";a:2:{s:2:\"id\";i:98731;s:11:\"source_type\";s:13:\"media-library\";}s:63:\"\/\/media.alj.com\/app\/uploads\/2022\/05\/Joby-Aviation-evolution.jpg\";a:2:{s:2:\"id\";i:98731;s:11:\"source_type\";s:13:\"media-library\";}s:52:\"\/\/alj.com\/app\/uploads\/2022\/05\/Helicopters-Brazil.jpg\";a:2:{s:2:\"id\";i:98710;s:11:\"source_type\";s:13:\"media-library\";}s:58:\"\/\/media.alj.com\/app\/uploads\/2022\/05\/Helicopters-Brazil.jpg\";a:2:{s:2:\"id\";i:98710;s:11:\"source_type\";s:13:\"media-library\";}s:58:\"\/\/alj.com\/app\/uploads\/2022\/05\/ALJ-Air-Mobility2-scaled.jpg\";a:2:{s:2:\"id\";i:98689;s:11:\"source_type\";s:13:\"media-library\";}s:64:\"\/\/media.alj.com\/app\/uploads\/2022\/05\/ALJ-Air-Mobility2-scaled.jpg\";a:2:{s:2:\"id\";i:98689;s:11:\"source_type\";s:13:\"media-library\";}s:49:\"\/\/alj.com\/app\/uploads\/2022\/05\/Joby-Aviation-2.jpg\";a:2:{s:2:\"id\";i:98717;s:11:\"source_type\";s:13:\"media-library\";}s:55:\"\/\/media.alj.com\/app\/uploads\/2022\/05\/Joby-Aviation-2.jpg\";a:2:{s:2:\"id\";i:98717;s:11:\"source_type\";s:13:\"media-library\";}s:49:\"\/\/alj.com\/app\/uploads\/2022\/05\/Starship-robots.jpg\";a:2:{s:2:\"id\";i:98773;s:11:\"source_type\";s:13:\"media-library\";}s:57:\"\/\/alj.com\/app\/uploads\/2022\/05\/Starship-robots-300x200.jpg\";a:2:{s:2:\"id\";i:98773;s:11:\"source_type\";s:13:\"media-library\";}s:55:\"\/\/media.alj.com\/app\/uploads\/2022\/05\/Starship-robots.jpg\";a:2:{s:2:\"id\";i:98773;s:11:\"source_type\";s:13:\"media-library\";}s:63:\"\/\/media.alj.com\/app\/uploads\/2022\/05\/Starship-robots-300x200.jpg\";a:2:{s:2:\"id\";i:98773;s:11:\"source_type\";s:13:\"media-library\";}s:39:\"\/\/alj.com\/app\/uploads\/2022\/05\/Manna.jpg\";a:2:{s:2:\"id\";i:98745;s:11:\"source_type\";s:13:\"media-library\";}s:47:\"\/\/alj.com\/app\/uploads\/2022\/05\/Manna-300x203.jpg\";a:2:{s:2:\"id\";i:98745;s:11:\"source_type\";s:13:\"media-library\";}s:45:\"\/\/media.alj.com\/app\/uploads\/2022\/05\/Manna.jpg\";a:2:{s:2:\"id\";i:98745;s:11:\"source_type\";s:13:\"media-library\";}s:53:\"\/\/media.alj.com\/app\/uploads\/2022\/05\/Manna-300x203.jpg\";a:2:{s:2:\"id\";i:98745;s:11:\"source_type\";s:13:\"media-library\";}s:41:\"\/\/alj.com\/app\/uploads\/2022\/05\/Zipline.jpg\";a:2:{s:2:\"id\";i:98759;s:11:\"source_type\";s:13:\"media-library\";}s:47:\"\/\/media.alj.com\/app\/uploads\/2022\/05\/Zipline.jpg\";a:2:{s:2:\"id\";i:98759;s:11:\"source_type\";s:13:\"media-library\";}s:58:\"\/\/alj.com\/app\/uploads\/2022\/05\/ALJ-Air-Mobility3-scaled.jpg\";a:2:{s:2:\"id\";i:98696;s:11:\"source_type\";s:13:\"media-library\";}s:64:\"\/\/media.alj.com\/app\/uploads\/2022\/05\/ALJ-Air-Mobility3-scaled.jpg\";a:2:{s:2:\"id\";i:98696;s:11:\"source_type\";s:13:\"media-library\";}s:58:\"\/\/alj.com\/app\/uploads\/2022\/05\/ALJ-Air-Mobility4-scaled.jpg\";a:2:{s:2:\"id\";i:98703;s:11:\"source_type\";s:13:\"media-library\";}s:64:\"\/\/media.alj.com\/app\/uploads\/2022\/05\/ALJ-Air-Mobility4-scaled.jpg\";a:2:{s:2:\"id\";i:98703;s:11:\"source_type\";s:13:\"media-library\";}s:55:\"\/\/alj.com\/app\/uploads\/2022\/05\/Joby-Aviation-at-dusk.jpg\";a:2:{s:2:\"id\";i:98724;s:11:\"source_type\";s:13:\"media-library\";}s:61:\"\/\/media.alj.com\/app\/uploads\/2022\/05\/Joby-Aviation-at-dusk.jpg\";a:2:{s:2:\"id\";i:98724;s:11:\"source_type\";s:13:\"media-library\";}}"]},"_links":{"self":[{"href":"https:\/\/alj.com\/tr\/wp-json\/wp\/v2\/perspective\/98812"}],"collection":[{"href":"https:\/\/alj.com\/tr\/wp-json\/wp\/v2\/perspective"}],"about":[{"href":"https:\/\/alj.com\/tr\/wp-json\/wp\/v2\/types\/perspective"}],"author":[{"embeddable":true,"href":"https:\/\/alj.com\/tr\/wp-json\/wp\/v2\/users\/18"}],"wp:featuredmedia":[{"embeddable":true,"href":"https:\/\/alj.com\/tr\/wp-json\/wp\/v2\/media\/98783"}],"wp:attachment":[{"href":"https:\/\/alj.com\/tr\/wp-json\/wp\/v2\/media?parent=98812"}],"wp:term":[{"taxonomy":"post_tag","embeddable":true,"href":"https:\/\/alj.com\/tr\/wp-json\/wp\/v2\/tags?post=98812"}],"curies":[{"name":"wp","href":"https:\/\/api.w.org\/{rel}","templated":true}]}}