{"id":100508,"date":"2022-07-12T13:16:47","date_gmt":"2022-07-12T13:16:47","guid":{"rendered":"https:\/\/alj.com\/spotlight-by-fady-jameel\/finding-the-food-of-the-future\/"},"modified":"2022-09-12T08:20:49","modified_gmt":"2022-09-12T08:20:49","slug":"finding-the-food-of-the-future","status":"publish","type":"spotlight-fadyjameel","link":"https:\/\/alj.com\/tr\/spotlight-by-fady-jameel\/finding-the-food-of-the-future\/","title":{"rendered":"G\u0131dan\u0131n gelece\u011fini ke\u015ffetmek"},"content":{"rendered":"<h4>Teknoloji, g\u0131da sistemlerimizi nas\u0131l d\u00f6n\u00fc\u015ft\u00fcr\u00fcyor<\/h4>\n<p>Haz\u0131r g\u0131da tedariki, geli\u015fmi\u015f d\u00fcnyada hafife al\u0131nan bir konudur; ancak d\u00fcnyan\u0131n her yerinde bu kadar rehavete kap\u0131lmak m\u00fcmk\u00fcn de\u011fildir.<\/p>\n<p><img decoding=\"async\" loading=\"lazy\" class=\"alignleft size-thumbnail wp-image-88849\" src=\"https:\/\/media.alj.com\/app\/uploads\/2021\/05\/E_SDG-goals_Goal-02-150x150.png\" alt=\"UN SDG 2\" width=\"150\" height=\"150\" srcset=\"https:\/\/media.alj.com\/app\/uploads\/2021\/05\/E_SDG-goals_Goal-02-150x150.png 150w, https:\/\/media.alj.com\/app\/uploads\/2021\/05\/E_SDG-goals_Goal-02-300x300.png 300w, https:\/\/media.alj.com\/app\/uploads\/2021\/05\/E_SDG-goals_Goal-02-1024x1024.png 1024w, https:\/\/media.alj.com\/app\/uploads\/2021\/05\/E_SDG-goals_Goal-02-768x768.png 768w, https:\/\/media.alj.com\/app\/uploads\/2021\/05\/E_SDG-goals_Goal-02-200x200.png 200w, https:\/\/media.alj.com\/app\/uploads\/2021\/05\/E_SDG-goals_Goal-02-170x170.png 170w, https:\/\/media.alj.com\/app\/uploads\/2021\/05\/E_SDG-goals_Goal-02-70x70.png 70w, https:\/\/media.alj.com\/app\/uploads\/2021\/05\/E_SDG-goals_Goal-02-271x271.png 271w, https:\/\/media.alj.com\/app\/uploads\/2021\/05\/E_SDG-goals_Goal-02.png 1536w\" sizes=\"(max-width: 150px) 100vw, 150px\" \/>2015 y\u0131l\u0131nda ger\u00e7ekle\u015ftirilen <u><a href=\"https:\/\/www.un.org\/sustainabledevelopment\/development-agenda\/\">S\u00fcrd\u00fcr\u00fclebilir Kalk\u0131nma G\u00fcndemi<\/a><\/u>\u2019nde k\u00fcresel a\u00e7l\u0131\u011f\u0131 2030 y\u0131l\u0131nda ortadan kald\u0131rmak \u00f6nemli bir <u><a href=\"https:\/\/www.undp.org\/sustainable-development-goals\">BM S\u00fcrd\u00fcr\u00fclebilir Kalk\u0131nma Hedefi<\/a><\/u> (<a href=\"https:\/\/www.un.org\/sustainabledevelopment\/hunger\/\">Hedef 2<\/a>) olarak duyuruldu ancak birka\u00e7 y\u0131l ge\u00e7ti\u011finde ger\u00e7ek durumun olduk\u00e7a farkl\u0131 oldu\u011fu g\u00f6r\u00fcld\u00fc.<\/p>\n<p>\u00a0Birle\u015fmi\u015f Milletler G\u0131da ve Tar\u0131m \u00d6rg\u00fct\u00fc\u2019ne (<u><a href=\"https:\/\/www.fao.org\/home\/en\">FAO<\/a><\/u>)<a href=\"#_ftn1\" name=\"_ftnref1\">[1]<\/a> g\u00f6re 2020 y\u0131l\u0131nda COVID-19\u2019un g\u0131da \u00fcretimine vurdu\u011fu darbeye ve artan \u00e7evresel bask\u0131lara ra\u011fmen k\u00fcresel g\u0131da talebinin b\u00fcy\u00fcmeye devam etmesiyle 720 milyondan fazla insan a\u00e7l\u0131k ya\u015fad\u0131.<\/p>\n<p>FAO\u2019ya g\u00f6re 2019 y\u0131l\u0131na k\u0131yasla 2020 y\u0131l\u0131nda Asya\u2019da 57 milyon, Afrika\u2019da 46 milyon ve Latin Amerika ve Karayipler\u2019de 14 milyon daha fazla insan a\u00e7l\u0131ktan etkilendi<a href=\"#_ftn2\" name=\"_ftnref2\">[2]<\/a>.<\/p>\n<p><img decoding=\"async\" loading=\"lazy\" class=\"aligncenter size-full wp-image-100419\" src=\"https:\/\/media.alj.com\/app\/uploads\/2022\/07\/1750-ALJ-Food-Systems-scaled.jpg\" alt=\"\" width=\"2560\" height=\"1810\" srcset=\"https:\/\/media.alj.com\/app\/uploads\/2022\/07\/1750-ALJ-Food-Systems-scaled.jpg 2560w, https:\/\/media.alj.com\/app\/uploads\/2022\/07\/1750-ALJ-Food-Systems-300x212.jpg 300w, https:\/\/media.alj.com\/app\/uploads\/2022\/07\/1750-ALJ-Food-Systems-1024x724.jpg 1024w, https:\/\/media.alj.com\/app\/uploads\/2022\/07\/1750-ALJ-Food-Systems-150x106.jpg 150w, https:\/\/media.alj.com\/app\/uploads\/2022\/07\/1750-ALJ-Food-Systems-768x543.jpg 768w, https:\/\/media.alj.com\/app\/uploads\/2022\/07\/1750-ALJ-Food-Systems-1536x1086.jpg 1536w, https:\/\/media.alj.com\/app\/uploads\/2022\/07\/1750-ALJ-Food-Systems-2048x1448.jpg 2048w\" sizes=\"(max-width: 2560px) 100vw, 2560px\" \/><\/p>\n<p>\u0130\u00e7inde bulundu\u011fumuz 2022 y\u0131l\u0131nda Ukrayna\u2019da devam eden durum, d\u00fcnyan\u0131n en b\u00fcy\u00fck \u201ctah\u0131l ambarlar\u0131ndan\u201d biri olarak bilinen bu b\u00f6lgede hasatlar\u0131 tehdit ederek g\u0131da piyasalar\u0131 i\u00e7in yeni bir s\u0131k\u0131nt\u0131 yaratt\u0131. D\u00fcnya Bankas\u0131, giderek daha fazla insan\u0131n yoksulluk ve yetersiz beslenme ya\u015famas\u0131yla birlikte g\u0131da fiyatlar\u0131nda %37\u2019lik bir art\u0131\u015f \u00f6ng\u00f6r\u00fcyor.<a href=\"#_ftn3\" name=\"_ftnref3\">[3]<\/a><\/p>\n<figure id=\"attachment_91266\" aria-describedby=\"caption-attachment-91266\" style=\"width: 300px\" class=\"wp-caption alignleft\"><img decoding=\"async\" loading=\"lazy\" class=\"size-medium wp-image-91266\" src=\"https:\/\/media.alj.com\/app\/uploads\/2021\/08\/Antonio-Guterres-300x174.jpg\" alt=\"Ant\u00f3nio Guterres\" width=\"300\" height=\"174\" srcset=\"https:\/\/media.alj.com\/app\/uploads\/2021\/08\/Antonio-Guterres-300x174.jpg 300w, https:\/\/media.alj.com\/app\/uploads\/2021\/08\/Antonio-Guterres-1024x593.jpg 1024w, https:\/\/media.alj.com\/app\/uploads\/2021\/08\/Antonio-Guterres-150x87.jpg 150w, https:\/\/media.alj.com\/app\/uploads\/2021\/08\/Antonio-Guterres-768x445.jpg 768w, https:\/\/media.alj.com\/app\/uploads\/2021\/08\/Antonio-Guterres.jpg 1200w\" sizes=\"(max-width: 300px) 100vw, 300px\" \/><figcaption id=\"caption-attachment-91266\" class=\"wp-caption-text\">BM Genel Sekreteri, Ant\u00f3nio Guterres<\/figcaption><\/figure>\n<p>BM Genel Sekreteri Ant\u00f3nio Guterres, d\u00fcnyan\u0131n son yar\u0131m y\u00fczy\u0131ldaki en k\u00f6t\u00fc g\u0131da krizinin e\u015fi\u011finde oldu\u011funu belirterek \u015fu uyar\u0131larda bulundu <em>\u201cAcil \u00f6nlem al\u0131nmad\u0131\u011f\u0131 takdirde, y\u00fcz milyonlarca \u00e7ocu\u011fu ve yeti\u015fkini uzun vadeli olarak etkileyebilecek bir <a href=\"https:\/\/www.theguardian.com\/world\/2020\/apr\/09\/coronavirus-could-double-number-of-people-going-hungry\">k\u00fcresel g\u0131da acil durumunun<\/a> yakla\u015fmakta oldu\u011fu giderek daha a\u00e7\u0131k bir \u015fekilde g\u00f6r\u00fcl\u00fcyor<\/em>\u201d.<a href=\"#_ftn4\" name=\"_ftnref4\">[4]<\/a><\/p>\n<p>Talep a\u00e7\u0131s\u0131ndan bak\u0131ld\u0131\u011f\u0131nda, bu sorunun yak\u0131n bir tarihte hafiflemesi olas\u0131 g\u00f6r\u00fcnm\u00fcyor.<\/p>\n<p>2050 y\u0131l\u0131na kadar Sahraalt\u0131 Afrika\u2019daki n\u00fcfusun potansiyel olarak iki kat\u0131na \u00e7\u0131kmas\u0131yla bug\u00fcn D\u00fcnyada ya\u015fayan n\u00fcfusa 2 milyar insan\u0131n daha eklenerek k\u00fcresel n\u00fcfusun e\u015fi benzeri g\u00f6r\u00fclmemi\u015f bir \u015fekilde 10 milyara ula\u015fmas\u0131 bekleniyor.<a href=\"#_ftn5\" name=\"_ftnref5\">[5]<\/a><\/p>\n<p><a href=\"https:\/\/alj.com\/en\/spotlight-by-fady-jameel\/nutrition-critical-combatting-food-security-in-a-post-pandemic-world\/\">\u0130klim krizinin d\u00fcnyadaki a\u00e7l\u0131\u011f\u0131 \u015fiddetlendirme<\/a> potansiyeli zaten a\u00e7\u0131k\u00e7a g\u00f6r\u00fcl\u00fcyor. Okyanuslardaki asiditenin artmas\u0131 deniztara\u011f\u0131 ve istiridyeleri \u00f6ld\u00fcr\u00fcyor; kas\u0131rga ve kurakl\u0131klar mahsulleri vuruyor; pirin\u00e7 tarlalar\u0131 tuzlu sular alt\u0131nda kal\u0131yor. Ara\u015ft\u0131rmalar, mevcut trendlerin hafiflemeden devam etmesi durumunda hasat miktarlar\u0131n\u0131n bu y\u00fczy\u0131l\u0131n sonunda m\u0131s\u0131rda %28, bu\u011fdayda %22, soya fasulyesinde %12 ve pirin\u00e7te %11 d\u00fc\u015febilece\u011fini g\u00f6steriyor.<a href=\"#_ftn6\" name=\"_ftnref6\">[6]<\/a><\/p>\n<p><img decoding=\"async\" loading=\"lazy\" class=\"aligncenter size-full wp-image-100426\" src=\"https:\/\/media.alj.com\/app\/uploads\/2022\/07\/1750-ALJ-Food-Systems2-scaled.jpg\" alt=\"\" width=\"2560\" height=\"1551\" srcset=\"https:\/\/media.alj.com\/app\/uploads\/2022\/07\/1750-ALJ-Food-Systems2-scaled.jpg 2560w, https:\/\/media.alj.com\/app\/uploads\/2022\/07\/1750-ALJ-Food-Systems2-300x182.jpg 300w, https:\/\/media.alj.com\/app\/uploads\/2022\/07\/1750-ALJ-Food-Systems2-1024x621.jpg 1024w, https:\/\/media.alj.com\/app\/uploads\/2022\/07\/1750-ALJ-Food-Systems2-150x91.jpg 150w, https:\/\/media.alj.com\/app\/uploads\/2022\/07\/1750-ALJ-Food-Systems2-768x465.jpg 768w, https:\/\/media.alj.com\/app\/uploads\/2022\/07\/1750-ALJ-Food-Systems2-1536x931.jpg 1536w, https:\/\/media.alj.com\/app\/uploads\/2022\/07\/1750-ALJ-Food-Systems2-2048x1241.jpg 2048w\" sizes=\"(max-width: 2560px) 100vw, 2560px\" \/><\/p>\n<p>\u00c7\u00f6z\u00fcmleri belirlemek kolay, uygulamas\u0131 zordur.<\/p>\n<p>K\u00fcresel g\u0131da sisteminde besin de\u011feri daha fazla olan daha \u00e7ok miktarda g\u0131dan\u0131n, daha ekonomik ve verimli bir \u015fekilde \u00fcretilmesi ve daha e\u015fit bir \u015fekilde da\u011f\u0131lmas\u0131 gerekiyor.<\/p>\n<p>G\u0131da \u00fcretiminde daha \u00f6nceki ilerlemeler makinelerin mekanik geli\u015fimi ve sonras\u0131nda daha g\u00fc\u00e7l\u00fc tohumlar\u0131n ve daha g\u00fc\u00e7l\u00fc g\u00fcbrelerin genetik d\u00f6n\u00fc\u015f\u00fcmleri \u015feklinde ger\u00e7ekle\u015fti. Bu alanlardaki geli\u015fmeler devam ederken, genellikle dijitalle\u015fme ve ba\u011flant\u0131 alanlar\u0131nda yeni ortaya \u00e7\u0131kan teknolojiler daha ba\u015far\u0131l\u0131 bir g\u0131da g\u00fcvenli\u011fine giden yolu ayd\u0131nlatmaya yard\u0131mc\u0131 olabilir.<\/p>\n<h2>Ham verilerden robot teknolojilerine<\/h2>\n<p>\u00c7iftlikler global olarak \u015fiddetli hava ko\u015fullar\u0131n\u0131n yaratt\u0131\u011f\u0131 krizlere daha \u00e7ok maruz kal\u0131yor ve yoksullu\u011fun vurdu\u011fu tar\u0131m alanlar\u0131ndaki \u00e7at\u0131\u015fmalar art\u0131yor. Teknoloji, bu noktada k\u0131rsal kesimde dayan\u0131kl\u0131l\u0131\u011f\u0131 te\u015fvik etmek ve besin verimini en \u00fcst d\u00fczeye \u00e7\u0131karmak i\u00e7in aranan hayati bir silah oldu\u011funu kan\u0131tlayacakt\u0131r.<\/p>\n<p><a href=\"https:\/\/www.weforum.org\/\">D\u00fcnya Ekonomik Forumu<\/a> b\u00f6yle bir arka plan\u0131n oldu\u011fu ortamda geli\u015fimin \u00e7e\u015fitli a\u015famalar\u0131nda en umut vaat eden teknolojik stratejilerin birka\u00e7\u0131n\u0131 tan\u0131mlam\u0131\u015ft\u0131r.<\/p>\n<p>Geli\u015fmekte olan ekonomiler mobil a\u011flara daha fazla eri\u015fim imkan\u0131 elde ettik\u00e7e, \u00e7ift\u00e7ilerin tar\u0131msal verileri kaydetmelerine ve payla\u015fmalar\u0131na, piyasalarla senkronize bir \u015fekilde hareket etmelerine ve finansal hizmetlere eri\u015fmelerine olanak sa\u011flayan yeni nesil uygulamalar kullan\u0131ma sunuldu.<a href=\"#_ftn7\" name=\"_ftnref7\">[7]<\/a> T\u00fcm bunlar ekimden g\u00fcbrelemeye, hasattan en son sat\u0131\u015f an\u0131na kadar daha verimli bir g\u0131da zinciri anlam\u0131na gelir.<\/p>\n<p>B\u00f6yle bir veri payla\u015f\u0131m\u0131 nas\u0131l \u015fekillenebilir? Olu\u015fum a\u015famas\u0131nda olsa da bu teknoloji zaten mevcut.<\/p>\n<p>\u00d6rne\u011fin Afrika topraklar\u0131nda M\u0131s\u0131r, Etiyopya ve Sudan\u2019da bulunan sebze \u00e7ift\u00e7ileri, dalgalanan iklim ko\u015fullar\u0131n\u0131 bir ad\u0131m \u00f6nden takip etmelerine yard\u0131mc\u0131 olmas\u0131 i\u00e7in ger\u00e7ek zamanl\u0131 hava durumu verilerinden faydalan\u0131yorlar. Asya\u2019da ise Mo\u011folistan\u2019daki da\u011f \u00e7ift\u00e7ileri, s\u00fcr\u00fclerin sa\u011fl\u0131kl\u0131 kalmas\u0131n\u0131 sa\u011flamak i\u00e7in salg\u0131n hastal\u0131klar konusunda uyar\u0131l\u0131yor. Hatta geli\u015fmekte olan \u00fclkelerdeki \u00e7ift\u00e7iler, hangi yeni mahsullerin ekilece\u011fi ve hangi yeti\u015ftirme tekniklerinin faydal\u0131 olaca\u011f\u0131 konusunda tavsiyeler sunan SMS a\u011flar\u0131na g\u00fcn ge\u00e7tik\u00e7e daha fazla kat\u0131l\u0131yorlar<a href=\"#_ftn8\" name=\"_ftnref8\">[8]<\/a>.<\/p>\n<p>Bu devrim niteli\u011findeki ba\u011flant\u0131 imkan\u0131, \u00e7ift\u00e7ilerin nakliye lojisti\u011fini koordine etmelerine, hayvan yemi gibi \u00e7abuk bozulabilir \u00fcr\u00fcnleri takas etmelerine, hasatlar i\u00e7in tohumlar\u0131 ve g\u00fcbreyi g\u00fcvence alt\u0131na almalar\u0131na ve gelecekteki \u00e7evresel ko\u015fullar\u0131 g\u00f6z \u00f6n\u00fcne alarak s\u00fcr\u00fc b\u00fcy\u00fckl\u00fcklerini optimize etmelerine olanak tan\u0131yor.<\/p>\n<p>Tar\u0131mdaki teknolojik d\u00f6n\u00fc\u015f\u00fcm, veri payla\u015f\u0131m\u0131 ve s\u00fcper h\u0131zl\u0131 ba\u011flant\u0131n\u0131n \u00f6tesine ge\u00e7iyor.<\/p>\n<blockquote>\n<p>Global dan\u0131\u015fmanl\u0131k firmas\u0131 McKinsey\u2019in ara\u015ft\u0131rmac\u0131lar\u0131 \u015fu tahminlerde bulunuyor: \u201c<em>Yapay zeka, analiz, ba\u011flant\u0131l\u0131 sens\u00f6rler ve di\u011fer geli\u015fmekte olan teknolojiler tar\u0131msal \u00fcretimin etkinli\u011finin yan\u0131 s\u0131ra su ve di\u011fer girdilerin verimlili\u011fini art\u0131rabilir ve mahsul yeti\u015ftirme ve hayvanc\u0131l\u0131ktaki s\u00fcrd\u00fcr\u00fclebilirli\u011fi ve dayan\u0131kl\u0131l\u0131\u011f\u0131 geli\u015ftirebilir<\/em>\u201d.<a href=\"#_ftn9\" name=\"_ftnref9\">[9]<\/a><\/p>\n<\/blockquote>\n<p>Yeni nesil makineler, \u00e7e\u015fitli disiplinlerde g\u0131da yeti\u015ftirme \u00fczerinde radikal bir etkiye sahip olabilir:<\/p>\n<ul>\n<li><strong>Drone \u00e7ift\u00e7ili\u011fi:<\/strong> Drone ile izleme ve uzaktan g\u00f6r\u00fcnt\u00fc analizi, sens\u00f6r ile yerinde izleme teknolojileriyle bir araya geldi\u011finde b\u00fcy\u00fck \u00f6l\u00e7ekli ekilebilir alanlar\u0131n y\u00f6netilmesine yard\u0131mc\u0131 olman\u0131n yan\u0131 s\u0131ra verimi art\u0131rmak ve zararl\u0131 b\u00f6cekler gibi yayg\u0131n tehlikelerin etkisini azaltmak i\u00e7in otomatik m\u00fcdahaleleri m\u00fcmk\u00fcn k\u0131lacakt\u0131r.<\/li>\n<li><strong>Ak\u0131ll\u0131 hayvanc\u0131l\u0131k izleme teknolojileri:<\/strong> V\u00fccut sens\u00f6r\u00fc verileri ve hareket izleme teknolojisi, b\u00fcy\u00fcmeyi en \u00fcst d\u00fczeye \u00e7\u0131karmak i\u00e7in \u00f6zelle\u015ftirilmi\u015f yem ve ila\u00e7 kombinasyonlar\u0131 tasarlarken s\u00fcr\u00fcler aras\u0131ndaki hastal\u0131klar\u0131 azaltmaya yard\u0131mc\u0131 olacakt\u0131r.<\/li>\n<li><strong>Otonom tar\u0131m makineleri:<\/strong> Gelecekte mahsuller ve hayvanlar benzer \u015fekilde, kendi kendine \u00e7al\u0131\u015fan makineler ve robotlar taraf\u0131ndan yap\u0131lan hedefe y\u00f6nelik m\u00fcdahalelerin yan\u0131 s\u0131ra kararlar\u0131n sens\u00f6r verileri, GPS bilgileri ve geli\u015fmi\u015f g\u00f6r\u00fcnt\u00fc analizi bile\u015fiminden olu\u015fan teknolojilerle belirlenmesinden yararlanacakt\u0131r.<\/li>\n<li><strong>Ak\u0131ll\u0131 bina ve ekipman y\u00f6netimi:<\/strong> Optimize edilmi\u015f bak\u0131m programlar\u0131 ve ger\u00e7ek zamanl\u0131 \u00e7evresel ayarlamalar, maliyetli \u00e7iftlik altyap\u0131s\u0131n\u0131n ve makinelerinin performans\u0131n\u0131 art\u0131racak ve kullan\u0131m \u00f6mr\u00fcn\u00fc uzatacakt\u0131r.<\/li>\n<\/ul>\n<p>K\u00fcresel olarak bir\u00e7ok firman\u0131n konsept teknolojileri, kan\u0131tlama a\u015famas\u0131n\u0131n \u00f6tesine \u00e7oktan ge\u00e7mi\u015ftir.<a href=\"#_ftn10\" name=\"_ftnref10\">[10]<\/a><\/p>\n<figure id=\"attachment_100256\" aria-describedby=\"caption-attachment-100256\" style=\"width: 2560px\" class=\"wp-caption aligncenter\"><img decoding=\"async\" loading=\"lazy\" class=\"size-full wp-image-100256\" src=\"https:\/\/media.alj.com\/app\/uploads\/2022\/07\/AVO_Header-1-scaled-1.jpg\" alt=\"ecoRobotix AVO\" width=\"2560\" height=\"1256\" srcset=\"https:\/\/media.alj.com\/app\/uploads\/2022\/07\/AVO_Header-1-scaled-1.jpg 2560w, https:\/\/media.alj.com\/app\/uploads\/2022\/07\/AVO_Header-1-scaled-1-300x147.jpg 300w, https:\/\/media.alj.com\/app\/uploads\/2022\/07\/AVO_Header-1-scaled-1-1024x502.jpg 1024w, https:\/\/media.alj.com\/app\/uploads\/2022\/07\/AVO_Header-1-scaled-1-150x74.jpg 150w, https:\/\/media.alj.com\/app\/uploads\/2022\/07\/AVO_Header-1-scaled-1-768x377.jpg 768w, https:\/\/media.alj.com\/app\/uploads\/2022\/07\/AVO_Header-1-scaled-1-1536x754.jpg 1536w, https:\/\/media.alj.com\/app\/uploads\/2022\/07\/AVO_Header-1-scaled-1-2048x1005.jpg 2048w\" sizes=\"(max-width: 2560px) 100vw, 2560px\" \/><figcaption id=\"caption-attachment-100256\" class=\"wp-caption-text\">G\u00fcne\u015f enerjisi ile ilerleyen ve de\u011fi\u015ftirilebilir pillere sahip ecoRobotix AVO, g\u00fcnde 10 hektara kadar tarlay\u0131 i\u015fleyebilir ve %95\u2019e kadar daha az zararl\u0131 ot \u00f6ld\u00fcr\u00fcc\u00fc madde kullan\u0131r. (Foto\u011fraf Sahibi \u00a9 ecoRobotix).<\/figcaption><\/figure>\n<p>\u00d6rne\u011fin, \u0130svi\u00e7re\u2019deki <u><a href=\"https:\/\/ecorobotix.com\/en\/\">ecoRobotix<\/a><\/u>, tarlalarda gerekli olan g\u00fcbre ve b\u00f6cek ilac\u0131 miktar\u0131n\u0131 %95 oran\u0131nda azaltabilecek ve ayn\u0131 zamanda \u00fcretim maliyetlerini %40\u2019tan fazla d\u00fc\u015f\u00fcrebilecek zararl\u0131 otlar\u0131 temizleyen otonom robotlar geli\u015ftiriyor. <u><a href=\"https:\/\/www.gamaya.com\/\">Gamaya, <\/a><\/u>dijital tar\u0131m\u0131 m\u00fcmk\u00fcn k\u0131lmak i\u00e7in hiper spektral kameralarla donat\u0131lm\u0131\u015f dronelar\u0131 piyasaya sunuyor. <u><a href=\"https:\/\/www.sensefly.com\/\">SenseFly <\/a><\/u>ayn\u0131 \u015fekilde, tar\u0131m stratejilerini geli\u015ftirmeye yard\u0131mc\u0131 olmas\u0131 i\u00e7in mekansal co\u011frafi veriler toplamak \u00fczere dronelar \u00fcretiyor. <u><a href=\"https:\/\/www.cleangreens.ch\/\">Cleangreens<\/a><\/u> ise daha ekonomik ve \u00e7evre a\u00e7\u0131s\u0131ndan daha verimli mahsuller \u00fcretmek i\u00e7in ta\u015f\u0131nabilir aeroponik (havada bitki yeti\u015ftirme) sistemleri \u00fcretiyor.<\/p>\n<p>Yenilik\u00e7i d\u00fc\u015f\u00fcnce, dolayl\u0131 yollardan da faydal\u0131 olabilir. Bakterilerle sava\u015fmak \u00fczere \u00f6zel nano par\u00e7ac\u0131klarla kapl\u0131 ambalajlar geli\u015ftiriliyor.<a href=\"#_ftn11\" name=\"_ftnref11\">[11]<\/a> Bu yaln\u0131zca i\u00e7indeki \u00fcr\u00fcnlerin raf \u00f6mr\u00fcn\u00fc uzatmakla kalmaz, ayn\u0131 zamanda ABD\u2019de g\u0131dalar\u0131n neredeyse %40\u2019\u0131n\u0131n her y\u0131l \u00e7\u00f6pe at\u0131lmas\u0131na neden olan g\u0131da israf\u0131yla m\u00fccadeleye de yard\u0131mc\u0131 olur.<a href=\"#_ftn12\" name=\"_ftnref12\">[12]<\/a><\/p>\n<h2>Bir yard\u0131m eli olarak d\u00f6n\u00fc\u015f\u00fcme katk\u0131da bulunmak<\/h2>\n<p>Geneti\u011fi de\u011fi\u015ftirme: Bir organizman\u0131n DNA\u2019s\u0131nda ekleme, \u00e7\u0131karma veya de\u011fi\u015fiklik yap\u0131lmas\u0131n\u0131 sa\u011flayan bir grup teknoloji, bilim insanlar\u0131na daha dayan\u0131kl\u0131 ve daha besleyici bitkiler \u00fcretme imkan\u0131 sa\u011fl\u0131yor.<\/p>\n<p>Megan\u00fckleazlar, \u00e7inko parmak n\u00fckleazlar\u0131, transkripsiyon aktivat\u00f6r benzeri efekt\u00f6r n\u00fckleazlar ve D\u00fczenli Aral\u0131klarla B\u00f6l\u00fcnm\u00fc\u015f Palindromik Tekrar K\u00fcmeleri (CRISPR) sistemleri gibi ara\u00e7lar kullan\u0131larak geleneksel yeti\u015ftiricilikten \u00e7ok daha y\u00fcksek verimlili\u011fe sahip temel mahsul niteli\u011finde ya\u011fl\u0131 ve bah\u00e7e bitkileri geli\u015ftiriliyor.<a href=\"#_ftn13\" name=\"_ftnref13\">[13]<\/a> CRISPR son y\u0131llarda \u00f6zellikle \u00e7ok y\u00f6nl\u00fc ve uygun maliyetli bir y\u00f6ntem olarak ortaya \u00e7\u0131km\u0131\u015ft\u0131r.<\/p>\n<p>Bu teknolojiler bir araya geldi\u011finde yaln\u0131zca d\u00fcnya \u00e7ap\u0131nda sofralardaki yemek miktar\u0131n\u0131 art\u0131rmakla kalmaz, ayn\u0131 zamanda g\u0131dalar\u0131n besleyici de\u011ferini art\u0131r\u0131r; hastal\u0131klara ve alerjenlere kar\u015f\u0131 direnci geli\u015ftirir. Mikro \u0131slah olarak adland\u0131r\u0131lan y\u00f6ntem sayesinde toprak ve bitki biyomlar\u0131 \u00fczerinde daha fazla kontrol sa\u011flayarak \u00e7evresel etkileri a\u00e7\u0131s\u0131ndan sorgulanan kimyasallara olan ba\u011f\u0131ml\u0131l\u0131\u011f\u0131 azalt\u0131rken g\u0131da \u00fcretimini d\u00f6n\u00fc\u015ft\u00fcrme potansiyeline sahibiz.<a href=\"#_ftn14\" name=\"_ftnref14\">[14]<\/a><\/p>\n<p><img decoding=\"async\" loading=\"lazy\" class=\"aligncenter size-full wp-image-100440\" src=\"https:\/\/media.alj.com\/app\/uploads\/2022\/07\/1750-ALJ-Food-Systems3-1-scaled.jpg\" alt=\"\" width=\"2560\" height=\"1843\" srcset=\"https:\/\/media.alj.com\/app\/uploads\/2022\/07\/1750-ALJ-Food-Systems3-1-scaled.jpg 2560w, https:\/\/media.alj.com\/app\/uploads\/2022\/07\/1750-ALJ-Food-Systems3-1-300x216.jpg 300w, https:\/\/media.alj.com\/app\/uploads\/2022\/07\/1750-ALJ-Food-Systems3-1-1024x737.jpg 1024w, https:\/\/media.alj.com\/app\/uploads\/2022\/07\/1750-ALJ-Food-Systems3-1-150x108.jpg 150w, https:\/\/media.alj.com\/app\/uploads\/2022\/07\/1750-ALJ-Food-Systems3-1-768x553.jpg 768w, https:\/\/media.alj.com\/app\/uploads\/2022\/07\/1750-ALJ-Food-Systems3-1-1536x1106.jpg 1536w, https:\/\/media.alj.com\/app\/uploads\/2022\/07\/1750-ALJ-Food-Systems3-1-2048x1474.jpg 2048w\" sizes=\"(max-width: 2560px) 100vw, 2560px\" \/><\/p>\n<p>Tar\u0131msal biyoteknolojideki geli\u015fmeler; mikroplara, \u00f6zellikle de b\u00f6lgesel toprak ve bitki \u00f6rt\u00fcs\u00fcn\u00fc veya mikrobiyomlar\u0131 manip\u00fcle etmek i\u00e7in bakteri, mantar ve alg t\u00fcrlerinin nas\u0131l kullan\u0131labilece\u011fine \u0131\u015f\u0131k tutmaya ba\u015fl\u0131yor.<\/p>\n<p>Mikroplar\u0131n havadaki nitrojeni do\u011fal g\u00fcbre g\u00f6revi g\u00f6rmesi i\u00e7in \u00e7\u00f6z\u00fcn\u00fcr nitratlara nas\u0131l d\u00f6n\u00fc\u015ft\u00fcrebildi\u011fi halihaz\u0131rda ispat edilmi\u015ftir. Tohum \u0131slah \u00e7al\u0131\u015fmalar\u0131, sert iklimlere veya daha kurak ko\u015fullara dayanabilen bitkiler yeti\u015ftirmeye yard\u0131mc\u0131 olarak s\u00fcrd\u00fcr\u00fclebilir \u00fcretim i\u00e7in g\u00f6zle g\u00f6r\u00fcl\u00fcr faydalar sa\u011fl\u0131yor.<\/p>\n<p>Devam eden bu \u00e7al\u0131\u015fmalar, \u201ch\u0131zl\u0131 dizileme\u201d teknolojilerindeki geli\u015fmeler sayesinde h\u0131zla art\u0131yor. Yeni ke\u015fif alanlar\u0131 aras\u0131nda sentetik biyomlar, toprak ve su kaynaklar\u0131n\u0131n sa\u011fl\u0131\u011f\u0131n\u0131 d\u00fczenlemek i\u00e7in yeni tan\u0131 ve biyobelirte\u00e7ler ve hem toprak yap\u0131s\u0131nda hem de besin kullan\u0131labilirli\u011finde iyile\u015fmeler yer al\u0131yor.<\/p>\n<p><img decoding=\"async\" loading=\"lazy\" class=\"alignleft size-medium wp-image-100235\" src=\"https:\/\/media.alj.com\/app\/uploads\/2022\/07\/International-Bioeconomy-Forum-300x142.jpg\" alt=\"\" width=\"300\" height=\"142\" srcset=\"https:\/\/media.alj.com\/app\/uploads\/2022\/07\/International-Bioeconomy-Forum-300x142.jpg 300w, https:\/\/media.alj.com\/app\/uploads\/2022\/07\/International-Bioeconomy-Forum-150x71.jpg 150w, https:\/\/media.alj.com\/app\/uploads\/2022\/07\/International-Bioeconomy-Forum.jpg 602w\" sizes=\"(max-width: 300px) 100vw, 300px\" \/>Ekolojik ko\u015fullar\u0131 analiz etme becerilerimizi iyile\u015ftirmek ve hem mikroplar\u0131n hem de bitkilerin molek\u00fcler ileti\u015fim mekanizmalar\u0131n\u0131 anlamak i\u00e7in, geli\u015fen bu teknoloji alan\u0131nda daha fazla ara\u015ft\u0131rma yap\u0131lmas\u0131 gerekiyor. Bununla birlikte, AB Komisyonu\u2019nun g\u0131da ve beslenme g\u00fcvenli\u011fi i\u00e7in mikrobiyomlar\u0131 te\u015fvik eden <a href=\"https:\/\/www.bioeconomy-forum.org\/\">Uluslararas\u0131 Biyoekonomi Forumu<\/a> ve ABD\u2019nin mahsul ve toprak teknolojilerinde yenili\u011fi destekleyen 2016 <a href=\"https:\/\/obamawhitehouse.archives.gov\/blog\/2016\/05\/13\/announcing-national-microbiome-initiative\">Ulusal Mikrobiyom Giri\u015fimi<\/a> ile sa\u011flanan h\u00fck\u00fcmet d\u00fczeyindeki destekler umut veriyor.<\/p>\n<h2>Laboratuvarda yeti\u015ftirilen etler: yapay \u00fcretime do\u011fru bir de\u011fi\u015fim<\/h2>\n<p>Protein; insanlar\u0131n t\u00fcm beslenme t\u00fcrlerinde bulunan temel bir bile\u015fenidir, b\u00fcy\u00fcme ve geli\u015fmeyi sa\u011flar ve v\u00fccudun doku olu\u015fturma ve onarma yetene\u011fi i\u00e7in hayati \u00f6nem ta\u015f\u0131r. Hayvan etleri temel protein kaynaklar\u0131m\u0131zdan biri olsa da hayvan etlerinin \u00e7evresel ayak izi daha dikkat \u00e7ekici boyutlara ula\u015ft\u0131\u011f\u0131 i\u00e7in bu durum tart\u0131\u015fmal\u0131 bir konu haline gelmi\u015ftir.<\/p>\n<p>Ara\u015ft\u0131rmalar, hayvanc\u0131l\u0131k \u00fcretiminde ka\u00e7\u0131n\u0131lmaz olarak ortaya \u00e7\u0131kan <a href=\"https:\/\/alj.com\/en\/spotlight-by-fady-jameel\/not-just-hot-air\/\">metan emisyonlar\u0131n\u0131n<\/a>, \u00e7evreye verdikleri zarar\u0131n karbondioksitten 34 kata kadar daha fazla oldu\u011funu g\u00f6steriyor.<a href=\"#_ftn15\" name=\"_ftnref15\">[15]<\/a> Bu tablonun temel sorumlusu, 100 g protein i\u00e7in yakla\u015f\u0131k 50 kg sera gaz\u0131 olu\u015fumuna neden olan s\u0131\u011f\u0131r etidir. Baz\u0131 tahminlere g\u00f6re hayvanc\u0131l\u0131k faaliyetleri, k\u00fcresel \u00e7apta toplam emisyonlar\u0131n y\u0131ll\u0131k 7,1 milyar ton CO<sub>2<\/sub> e\u015fde\u011ferinden veya t\u00fcm insan kaynakl\u0131 sera gaz\u0131 emisyonlar\u0131n\u0131n %14,5\u2019inden sorumludur.<a href=\"#_ftn16\" name=\"_ftnref16\"><sup>[16]<\/sup><\/a><\/p>\n<h3><img decoding=\"async\" loading=\"lazy\" class=\"aligncenter size-full wp-image-100447\" src=\"https:\/\/media.alj.com\/app\/uploads\/2022\/07\/1750-ALJ-Food-Systems4-scaled.jpg\" alt=\"\" width=\"2560\" height=\"1810\" srcset=\"https:\/\/media.alj.com\/app\/uploads\/2022\/07\/1750-ALJ-Food-Systems4-scaled.jpg 2560w, https:\/\/media.alj.com\/app\/uploads\/2022\/07\/1750-ALJ-Food-Systems4-300x212.jpg 300w, https:\/\/media.alj.com\/app\/uploads\/2022\/07\/1750-ALJ-Food-Systems4-1024x724.jpg 1024w, https:\/\/media.alj.com\/app\/uploads\/2022\/07\/1750-ALJ-Food-Systems4-150x106.jpg 150w, https:\/\/media.alj.com\/app\/uploads\/2022\/07\/1750-ALJ-Food-Systems4-768x543.jpg 768w, https:\/\/media.alj.com\/app\/uploads\/2022\/07\/1750-ALJ-Food-Systems4-1536x1086.jpg 1536w, https:\/\/media.alj.com\/app\/uploads\/2022\/07\/1750-ALJ-Food-Systems4-2048x1448.jpg 2048w\" sizes=\"(max-width: 2560px) 100vw, 2560px\" \/><\/h3>\n<p>Bitki proteini (soya, bezelye, kolza tohumu), b\u00f6cekler (besleme end\u00fcstrisi i\u00e7in c\u0131rc\u0131r b\u00f6cekleri, \u00e7ekirgeler ve kurt\u00e7uklar) ve mikoprotein (fungal biyok\u00fctle) ba\u015fta olmak \u00fczere alternatif protein kaynaklar\u0131n\u0131n pop\u00fclaritesi g\u00fcn ge\u00e7tik\u00e7e art\u0131yor. Ancak, artan n\u00fcfusun \u00f6n\u00fcm\u00fczdeki on y\u0131llarda arz \u00fczerinde neden olaca\u011f\u0131 bask\u0131lar\u0131n artmas\u0131 ihtimali, yapay veya laboratuvarda et \u00fcretimine \u00e7ok fazla yat\u0131r\u0131m\u0131n odaklanmas\u0131na neden oluyor.<a href=\"#_ftn17\" name=\"_ftnref17\">[17]<\/a><\/p>\n<p>Yapay et, d\u00fcnyan\u0131n ilk laboratuvarda yeti\u015ftirilen burger etinin man\u015fet haberlerinde yer ald\u0131\u011f\u0131 2013 y\u0131l\u0131ndan bu yana geli\u015ftirilmeye devam ediyor. 2020 y\u0131l\u0131nda, toplam de\u011feri yakla\u015f\u0131k 366\u00a0milyon ABD dolar\u0131n\u0131 bulan yapay et ara\u015ft\u0131rmalar\u0131na yap\u0131lan yat\u0131r\u0131m ve anla\u015fmalar\u0131n say\u0131s\u0131 49\u2019a ula\u015farak bir rekor k\u0131rd\u0131. 2016\u2019da sadece 6 anla\u015fmay\u0131 i\u00e7eren bu yat\u0131r\u0131mlar\u0131n toplam tutar\u0131 6 milyon ABD dolar\u0131yd\u0131.<a href=\"#_ftn18\" name=\"_ftnref18\">[18]<\/a><\/p>\n<p><img decoding=\"async\" loading=\"lazy\" class=\"aligncenter size-full wp-image-100454\" src=\"https:\/\/media.alj.com\/app\/uploads\/2022\/07\/1750-ALJ-Food-Systems5-scaled.jpg\" alt=\"\" width=\"2560\" height=\"1551\" srcset=\"https:\/\/media.alj.com\/app\/uploads\/2022\/07\/1750-ALJ-Food-Systems5-scaled.jpg 2560w, https:\/\/media.alj.com\/app\/uploads\/2022\/07\/1750-ALJ-Food-Systems5-300x182.jpg 300w, https:\/\/media.alj.com\/app\/uploads\/2022\/07\/1750-ALJ-Food-Systems5-1024x621.jpg 1024w, https:\/\/media.alj.com\/app\/uploads\/2022\/07\/1750-ALJ-Food-Systems5-150x91.jpg 150w, https:\/\/media.alj.com\/app\/uploads\/2022\/07\/1750-ALJ-Food-Systems5-768x465.jpg 768w, https:\/\/media.alj.com\/app\/uploads\/2022\/07\/1750-ALJ-Food-Systems5-1536x931.jpg 1536w, https:\/\/media.alj.com\/app\/uploads\/2022\/07\/1750-ALJ-Food-Systems5-2048x1241.jpg 2048w\" sizes=\"(max-width: 2560px) 100vw, 2560px\" \/><\/p>\n<p>Layman\u2019\u0131n ifadesiyle laboratuvarda et yeti\u015ftirme i\u015fleminde, bir ana t\u00fcrden hayvan h\u00fccrelerini \u00fcretmek i\u00e7in laboratuvar ortam\u0131nda geli\u015fmi\u015f doku k\u00fclt\u00fcr\u00fc teknikleri kullan\u0131l\u0131r ve teorik olarak sonsuz kas dokusu ayn\u0131 protein de\u011ferine sahip olacak \u015fekilde olu\u015fturulur.<\/p>\n<p>Daha teknik olarak a\u00e7\u0131klamak gerekirse, bir laboratuvarda izolasyon ve yapay \u00fcretim i\u00e7in biyopsi yoluyla hayvanlardan kas h\u00fccrelerinin al\u0131nmas\u0131yla ba\u015flar. Bu h\u00fccreler daha sonra biyoreakt\u00f6rler i\u00e7inde beslenir (h\u00fccrelerin kendisi bir lif a\u011f\u0131 i\u00e7inde s\u00fcspansiyon halinde tutulur) ve burada bir b\u00fcy\u00fcme ortam\u0131 olarak i\u015flev g\u00f6ren \u00f6zel bir besin kar\u0131\u015f\u0131m\u0131 banyosuna maruz b\u0131rak\u0131l\u0131r. Son olarak, k\u0131yma veya burger gibi nihai \u00fcr\u00fcnleri olu\u015fturmaya haz\u0131r kas, ya\u011f ve di\u011fer sindirilebilir \u00fcr\u00fcnleri i\u00e7eren bir doku t\u00fcr\u00fcne d\u00f6n\u00fc\u015ft\u00fcr\u00fclmek \u00fczere i\u015flemden ge\u00e7er.<a href=\"#_ftn19\" name=\"_ftnref19\">[19]<\/a><\/p>\n<p><img decoding=\"async\" loading=\"lazy\" class=\"aligncenter size-full wp-image-100346\" src=\"https:\/\/media.alj.com\/app\/uploads\/2022\/07\/shutterstock_1362924098.jpg\" alt=\"Lab grown meat\" width=\"1773\" height=\"1182\" srcset=\"https:\/\/media.alj.com\/app\/uploads\/2022\/07\/shutterstock_1362924098.jpg 1773w, https:\/\/media.alj.com\/app\/uploads\/2022\/07\/shutterstock_1362924098-300x200.jpg 300w, https:\/\/media.alj.com\/app\/uploads\/2022\/07\/shutterstock_1362924098-1024x683.jpg 1024w, https:\/\/media.alj.com\/app\/uploads\/2022\/07\/shutterstock_1362924098-150x100.jpg 150w, https:\/\/media.alj.com\/app\/uploads\/2022\/07\/shutterstock_1362924098-768x512.jpg 768w, https:\/\/media.alj.com\/app\/uploads\/2022\/07\/shutterstock_1362924098-1536x1024.jpg 1536w\" sizes=\"(max-width: 1773px) 100vw, 1773px\" \/><\/p>\n<p>Birden fazla alanda b\u00fcy\u00fcyen bir sekt\u00f6r.<\/p>\n<p>\u015eu anda, d\u00fcnya genelinde 60\u2019tan fazla startup, laboratuvarda et yeti\u015ftirme teknikleri geli\u015ftirmeye odaklanm\u0131\u015ft\u0131r. Bu ara\u015ft\u0131rmalar\u0131n b\u00fcy\u00fck bir k\u0131sm\u0131 tuz, \u015feker, mikro besin ve amino asitler dahil olmak \u00fczere yap\u0131ta\u015f\u0131 elementlerini kullanarak en etkin yeti\u015ftirme ortam\u0131n\u0131 olu\u015fturmaya \u00e7al\u0131\u015fmaktad\u0131r. \u015eu anda yeti\u015ftirme ortam\u0131n\u0131n litre ba\u015f\u0131na maliyeti y\u00fczlerce dolara ula\u015f\u0131yor. Ger\u00e7ek anlamda \u00f6l\u00e7eklenebilirli\u011fe ula\u015fmas\u0131 i\u00e7in litre ba\u015f\u0131na bir dolara yak\u0131n bir fiyat noktas\u0131n\u0131n yakalanmas\u0131 gerekecektir.<\/p>\n<p>Gelece\u011fe uygun bir g\u0131da \u00fcretim \u00e7er\u00e7evesi tasarlaman\u0131n beraberinde getirdi\u011fi bir\u00e7ok zorlukla birlikte, i\u00e7inde bulundu\u011fumuz d\u00f6nemde h\u00fck\u00fcmetlerin ve \u00f6zel sekt\u00f6r\u00fcn ak\u0131ll\u0131 yat\u0131r\u0131mlar yapmas\u0131 i\u00e7in bask\u0131lar art\u0131yor.<\/p>\n<h2>Kamu ve \u00f6zel sekt\u00f6r, ortak bir amac\u0131 payla\u015f\u0131yor<\/h2>\n<p><img decoding=\"async\" loading=\"lazy\" class=\"alignright size-medium wp-image-100242\" src=\"https:\/\/media.alj.com\/app\/uploads\/2022\/07\/JWAFS-300x200.jpg\" alt=\"\" width=\"300\" height=\"200\" srcset=\"https:\/\/media.alj.com\/app\/uploads\/2022\/07\/JWAFS-300x200.jpg 300w, https:\/\/media.alj.com\/app\/uploads\/2022\/07\/JWAFS-150x100.jpg 150w, https:\/\/media.alj.com\/app\/uploads\/2022\/07\/JWAFS.jpg 320w\" sizes=\"(max-width: 300px) 100vw, 300px\" \/>2014 y\u0131l\u0131nda <a href=\"https:\/\/communityjameel.org\">Community Jameel<\/a> ve MIT ortakl\u0131\u011f\u0131yla kurulan ve <a href=\"https:\/\/mit\/edu\">Massachusetts Institute of Technology<\/a>\u2019de bulunan Abdul Latif Jameel Su ve G\u0131da Sistemleri Laboratuvar\u0131n\u0131n (<a href=\"https:\/\/jwafs.mit.edu\/what-we-do\/research\">J-WAFS<\/a>) d\u00fcnyaya daha e\u015fit ve s\u00fcrd\u00fcr\u00fclebilir bir \u015fekilde g\u0131da tedarik etmek amac\u0131yla y\u00fcr\u00fctt\u00fc\u011f\u00fc g\u0131da teknolojisinde \u00e7\u0131\u011f\u0131r a\u00e7an ara\u015ft\u0131rmalar\u0131 desteklemekten b\u00fcy\u00fck gurur duyuyorum.<\/p>\n<p>Devam eden ara\u015ft\u0131rma projelerinin bir\u00e7o\u011fu bu hayati misyonun kapsam\u0131n\u0131 g\u00f6steriyor. Bunlar, a\u015fa\u011f\u0131daki konularda \u00e7\u0131\u011f\u0131r a\u00e7an projeleri i\u00e7eriyor:<\/p>\n<ul>\n<li>S\u0131cakl\u0131k \u015fokuna veya artan tuzlulu\u011fa kar\u015f\u0131 daha diren\u00e7li olan varyantlar\u0131 belirlemek i\u00e7in gen kopya say\u0131lar\u0131n\u0131 de\u011fi\u015ftirerek ve mobil DNA\u2019y\u0131 etkinle\u015ftirerek k\u00fclt\u00fcr bitkilerindeki genetik varyasyonlar\u0131n tetiklenmesi.<a href=\"#_ftn20\" name=\"_ftnref20\"><sup>[20]<\/sup><\/a><\/li>\n<li>Kontamine olmu\u015f g\u0131da t\u00fcketicilere ula\u015fmadan \u00f6nce g\u0131da kaynakl\u0131 patojenlerin i\u015fleme b\u00f6lgelerinde tespit edilerek g\u0131da geri \u00e7a\u011f\u0131rmalar\u0131n\u0131n ve hastal\u0131k salg\u0131nlar\u0131n\u0131n azalt\u0131lmas\u0131.<a href=\"#_ftn21\" name=\"_ftnref21\"><sup>[21]<\/sup><\/a><\/li>\n<li>Su \u00fcr\u00fcnleri yeti\u015ftiricili\u011finde a\u015f\u0131lar\u0131n performans\u0131n\u0131 art\u0131rarak protein a\u00e7\u0131s\u0131ndan zengin deniz \u00fcr\u00fcnlerine y\u00f6nelik artan talebin kar\u015f\u0131lanmas\u0131.<a href=\"#_ftn22\" name=\"_ftnref22\"><sup>[22]<\/sup><\/a><\/li>\n<li>\u015eebeke d\u0131\u015f\u0131 alanlardaki g\u0131dalar\u0131n raf \u00f6mr\u00fcn\u00fc uzatmak i\u00e7in buharl\u0131 ve radyatif hibrit so\u011futma teknolojilerinin kullan\u0131lmas\u0131.<a href=\"#_ftn23\" name=\"_ftnref23\"><sup>[23]<\/sup><\/a><\/li>\n<li>Metabolik m\u00fchendislik yoluyla s\u00fct end\u00fcstrisi at\u0131klar\u0131n\u0131n g\u0131da ve yem i\u00e7eriklerine d\u00f6n\u00fc\u015ft\u00fcr\u00fclmesi.<a href=\"#_ftn24\" name=\"_ftnref24\"><sup>[24]<\/sup><\/a><\/li>\n<li>K\u00fc\u00e7\u00fck \u00e7ift\u00e7ilerin, mahsul verimi korunurken azot g\u00fcbre kullan\u0131m\u0131n\u0131 azaltarak mahsul y\u00f6netiminde verimlilik sa\u011flamalar\u0131 i\u00e7in spektroskopik sens\u00f6rler geli\u015ftirilmesi.<a href=\"#_ftn25\" name=\"_ftnref25\"><sup>[25]<\/sup><\/a><\/li>\n<\/ul>\n<p>Ayr\u0131ca Jameel Yat\u0131r\u0131m Y\u00f6netimi \u015eirketi\u2019nin (<a href=\"https:\/\/jimco.com\/en\/\">JIMCO<\/a>) <a href=\"https:\/\/jimco.com\/en\/funds\/strategic-asset\/\">Stratejik Varl\u0131k Fonu<\/a> arac\u0131l\u0131\u011f\u0131yla d\u00fcnya genelinde g\u0131da teknolojisi ve s\u00fcrd\u00fcr\u00fclebilir tar\u0131m programlar\u0131n\u0131 desteklemeye yard\u0131mc\u0131 olmas\u0131ndan da memnuniyet duyuyorum.<\/p>\n<p>Ancak, ara\u015ft\u0131rma laboratuvarlar\u0131 ve \u00f6zel yat\u0131r\u0131mc\u0131lar tek ba\u015flar\u0131na g\u0131da g\u00fcvenli\u011fi sa\u011flayamazlar. D\u00fcnyan\u0131n d\u00f6rt bir yan\u0131ndaki h\u00fck\u00fcmetler, sa\u011fduyulu ara\u015ft\u0131rma ve yat\u0131r\u0131mlar i\u00e7in uygun zemini gecikmeden haz\u0131rlayarak k\u00fcresel g\u0131da tedarikinin gelece\u011fine katk\u0131da bulunabilirler.<\/p>\n<p>Sahadaki uzmanlar, bir dizi tamamlay\u0131c\u0131 stratejiler \u00f6neriyor.<\/p>\n<p>Yasa koyucular, g\u0131da teknolojilerinin geli\u015ftirilmesini sa\u011flamak ve \u00e7\u0131kar gruplar\u0131n\u0131n beklentileri, risk sermayesi eksikli\u011fi, yetersiz altyap\u0131 ve d\u00fczenleyici kurumlar\u0131n getirdi\u011fi y\u00fckler gibi engelleri a\u015fmak i\u00e7in bilim adamlar\u0131 ve yat\u0131r\u0131mc\u0131lar ile bir araya gelmelidir.<a href=\"#_ftn26\" name=\"_ftnref26\">[26]<\/a><\/p>\n<p>Ayn\u0131 zamanda, tar\u0131m ve g\u0131da teknolojisinde devrim yaratmak i\u00e7in \u201cinternet ba\u011flant\u0131s\u0131\u201d ile elde edilecek potansiyele daha fazla odaklan\u0131lmal\u0131d\u0131r. Genellikle internet ba\u011flant\u0131s\u0131nda \u00f6nc\u00fc olarak kabul edilen ABD\u2019de bile, \u00e7iftliklerin sadece d\u00f6rtte biri \u015fu anda veri payla\u015f\u0131m\u0131n\u0131n sundu\u011fu olanaklardan yararlan\u0131yor. Donan\u0131m ve yaz\u0131l\u0131m fiyatlar\u0131n\u0131n s\u00fcrekli olarak d\u00fc\u015fmesiyle yayg\u0131nla\u015fan Nesnelerin \u0130nterneti (IoT) teknolojilerinin sa\u011flad\u0131\u011f\u0131 geli\u015fmi\u015f mahsul ve \u00e7iftlik hayvan\u0131 izleme imkanlar\u0131, \u201cBirinci Y\u0131lda\u201d yat\u0131r\u0131mlar\u0131n geri d\u00f6nmesini sa\u011flayabilir.<a href=\"#_ftn27\" name=\"_ftnref27\">[27]<\/a><\/p>\n<p>Ancak gelecekteki hasatlar\u0131 en \u00fcst d\u00fczeye \u00e7\u0131karabilmek i\u00e7in yeni nesil analitik uygulamalar\u0131n geni\u015f kapsaml\u0131 bir \u015fekilde benimsenmesi gerekecek ve bu da kar\u015f\u0131l\u0131\u011f\u0131nda yaln\u0131zca LPWAN, 5G ve LEO uydular\u0131 gibi en son teknolojiler taraf\u0131ndan sunulan d\u00fc\u015f\u00fck gecikmeli y\u00fcksek bant geni\u015fli\u011fine sahip ba\u011flant\u0131 t\u00fcr\u00fcn\u00fc gerektirecektir.<\/p>\n<p><img decoding=\"async\" loading=\"lazy\" class=\"aligncenter size-full wp-image-100461\" src=\"https:\/\/media.alj.com\/app\/uploads\/2022\/07\/1750-ALJ-Food-Systems6-scaled.jpg\" alt=\"\" width=\"2560\" height=\"1638\" srcset=\"https:\/\/media.alj.com\/app\/uploads\/2022\/07\/1750-ALJ-Food-Systems6-scaled.jpg 2560w, https:\/\/media.alj.com\/app\/uploads\/2022\/07\/1750-ALJ-Food-Systems6-300x192.jpg 300w, https:\/\/media.alj.com\/app\/uploads\/2022\/07\/1750-ALJ-Food-Systems6-1024x655.jpg 1024w, https:\/\/media.alj.com\/app\/uploads\/2022\/07\/1750-ALJ-Food-Systems6-150x96.jpg 150w, https:\/\/media.alj.com\/app\/uploads\/2022\/07\/1750-ALJ-Food-Systems6-768x491.jpg 768w, https:\/\/media.alj.com\/app\/uploads\/2022\/07\/1750-ALJ-Food-Systems6-1536x983.jpg 1536w, https:\/\/media.alj.com\/app\/uploads\/2022\/07\/1750-ALJ-Food-Systems6-2048x1310.jpg 2048w\" sizes=\"(max-width: 2560px) 100vw, 2560px\" \/><\/p>\n<p>G\u0131da sistemlerimizi d\u00f6n\u00fc\u015ft\u00fcrmek i\u00e7in teknolojiyi konu\u015fland\u0131rmak, tarladan laboratuvara kadar uzanan bir g\u00f6revdir. \u015eimdi do\u011fru teknolojilere yat\u0131r\u0131m yaparsak, gelecekte ortaya \u00e7\u0131kacak acil durumlar bizi bu yat\u0131r\u0131mlar\u0131 yapmaya mecbur k\u0131ld\u0131\u011f\u0131nda toplumun \u00e7ok daha y\u00fcksek bir bedel \u00f6demesini \u00f6nlemi\u015f oluruz.<\/p>\n<p>G\u0131da g\u00fcvenli\u011fi, d\u00fcnya genelinde milyonlarca insan i\u00e7in insan sa\u011fl\u0131\u011f\u0131, \u00e7evresel s\u00fcrd\u00fcr\u00fclebilirlik, ekonomik dayan\u0131kl\u0131l\u0131k ve n\u00fcfus bask\u0131lar\u0131 gibi di\u011fer \u00f6nemli zorluklar\u0131n baz\u0131lar\u0131 ile i\u00e7 i\u00e7edir. D\u00fcnya genelinde enerji sistemlerimizde devrim yaratma \u00e7abalar\u0131m\u0131za benzer \u015fekilde k\u00fcresel g\u0131da sistemlerimizi d\u00f6n\u00fc\u015ft\u00fcrmek i\u00e7in de teknolojinin sundu\u011fu paha bi\u00e7ilmez f\u0131rsatlardan ayn\u0131 canl\u0131l\u0131k ve koordinasyonla faydalanmak hem kamu hem de \u00f6zel sekt\u00f6r\u00fcn g\u00f6revidir.<\/p>\n<p>&nbsp;<\/p>\n<p><a href=\"#_ftnref1\" name=\"_ftn1\">[1]<\/a> <a href=\"https:\/\/www.fao.org\/state-of-food-security-nutrition\">https:\/\/www.fao.org\/state-of-food-security-nutrition<\/a><\/p>\n<p><a href=\"#_ftnref2\" name=\"_ftn2\">[2]<\/a> <a href=\"https:\/\/www.fao.org\/state-of-food-security-nutrition\">https:\/\/www.fao.org\/state-of-food-security-nutrition<\/a><\/p>\n<p><a href=\"#_ftnref3\" name=\"_ftn3\">[3]<\/a> <a href=\"https:\/\/www.worldbank.org\/en\/topic\/agriculture\/brief\/food-security-update\">https:\/\/www.worldbank.org\/en\/topic\/agriculture\/brief\/food-security-update<\/a><\/p>\n<p><a href=\"#_ftnref4\" name=\"_ftn4\">[4]<\/a> <a href=\"https:\/\/www.theguardian.com\/society\/2020\/jun\/09\/world-faces-worst-food-crisis-50-years-un-coronavirus\">https:\/\/www.theguardian.com\/society\/2020\/jun\/09\/world-faces-worst-food-crisis-50-years-un-coronavirus<\/a><\/p>\n<p><a href=\"#_ftnref5\" name=\"_ftn5\">[5]<\/a> <a href=\"https:\/\/institute.global\/policy\/technology-feed-world\">https:\/\/institute.global\/policy\/technology-feed-world<\/a><\/p>\n<p><a href=\"#_ftnref6\" name=\"_ftn6\">[6]<\/a> <a href=\"https:\/\/www.theguardian.com\/environment\/2022\/apr\/22\/climate-food-biodiversity-five-charts\">https:\/\/www.theguardian.com\/environment\/2022\/apr\/22\/climate-food-biodiversity-five-charts<\/a><\/p>\n<p><a href=\"#_ftnref7\" name=\"_ftn7\">[7]<\/a> <a href=\"https:\/\/www.weforum.org\/agenda\/2018\/03\/food-security-s-social-network\">https:\/\/www.weforum.org\/agenda\/2018\/03\/food-security-s-social-network<\/a><\/p>\n<p><a href=\"#_ftnref8\" name=\"_ftn8\">[8]<\/a> <a href=\"https:\/\/www.weforum.org\/agenda\/2018\/03\/food-security-s-social-network\">https:\/\/www.weforum.org\/agenda\/2018\/03\/food-security-s-social-network<\/a><\/p>\n<p><a href=\"#_ftnref9\" name=\"_ftn9\">[9]<\/a> <a href=\"https:\/\/www.mckinsey.com\/industries\/agriculture\/our-insights\/agricultures-connected-future-how-technology-can-yield-new-growth\">https:\/\/www.mckinsey.com\/industries\/agriculture\/our-insights\/agricultures-connected-future-how-technology-can-yield-new-growth<\/a><\/p>\n<p><a href=\"#_ftnref10\" name=\"_ftn10\">[10]<\/a> https:\/\/www.lombardodier.com\/contents\/corporate-news\/responsible-capital\/2021\/january\/how-technology-is-changing-the-f.html<\/p>\n<p><a href=\"#_ftnref11\" name=\"_ftn11\">[11]<\/a> <a href=\"https:\/\/www.israel21c.org\/killer-paper-for-germ-free-food-packaging\/\">https:\/\/www.israel21c.org\/killer-paper-for-germ-free-food-packaging\/<\/a><\/p>\n<p><a href=\"#_ftnref12\" name=\"_ftn12\">[12]<\/a> <a href=\"https:\/\/www.forbes.com\/sites\/nicolemartin1\/2019\/04\/29\/how-technology-is-transforming-the-food-industry\/?sh=7050b49f20a3\">https:\/\/www.forbes.com\/sites\/nicolemartin1\/2019\/04\/29\/how-technology-is-transforming-the-food-industry\/?sh=7050b49f20a3<\/a><\/p>\n<p><a href=\"#_ftnref13\" name=\"_ftn13\">[13]<\/a> <a href=\"https:\/\/www.frontiersin.org\/articles\/10.3389\/fpls.2020.577313\/full\">https:\/\/www.frontiersin.org\/articles\/10.3389\/fpls.2020.577313\/full<\/a><\/p>\n<p><a href=\"#_ftnref14\" name=\"_ftn14\">[14]<\/a> <a href=\"https:\/\/institute.global\/policy\/technology-feed-world\">https:\/\/institute.global\/policy\/technology-feed-world<\/a><\/p>\n<p><a href=\"#_ftnref15\" name=\"_ftn15\">[15]<\/a> <sup>https:\/\/unece.org\/challenge<\/sup><\/p>\n<p><a href=\"#_ftnref16\" name=\"_ftn16\">[16]<\/a> <sup>https:\/\/www.fao.org\/news\/story\/en\/item\/197623\/icode\/<\/sup><\/p>\n<p><a href=\"#_ftnref17\" name=\"_ftn17\">[17]<\/a> <a href=\"https:\/\/www.mckinsey.com\/industries\/agriculture\/our-insights\/alternative-proteins-the-race-for-market-share-is-on\">https:\/\/www.mckinsey.com\/industries\/agriculture\/our-insights\/alternative-proteins-the-race-for-market-share-is-on<\/a><\/p>\n<p><a href=\"#_ftnref18\" name=\"_ftn18\">[18]<\/a> <a href=\"https:\/\/institute.global\/policy\/protein-problem-how-scaling-alternative-proteins-can-help-people-and-planet\">https:\/\/institute.global\/policy\/protein-problem-how-scaling-alternative-proteins-can-help-people-and-planet<\/a><\/p>\n<p><a href=\"#_ftnref19\" name=\"_ftn19\">[19]<\/a> <a href=\"https:\/\/www.newscientist.com\/article\/mg24032080-400-accelerating-the-cultured-meat-revolution\/\">https:\/\/www.newscientist.com\/article\/mg24032080-400-accelerating-the-cultured-meat-revolution\/<\/a><\/p>\n<p><a href=\"#_ftnref20\" name=\"_ftn20\">[20]<\/a> <a href=\"https:\/\/jwafs.mit.edu\/projects\/2021\/new-approach-enhance-genetic-diversity-improve-crop-breeding\">https:\/\/jwafs.mit.edu\/projects\/2021\/new-approach-enhance-genetic-diversity-improve-crop-breeding<\/a><\/p>\n<p><a href=\"#_ftnref21\" name=\"_ftn21\">[21]<\/a> <a href=\"https:\/\/jwafs.mit.edu\/projects\/2021\/site-analysis-foodborne-pathogens-using-density-shift-immunomagnetic-separation-and\">https:\/\/jwafs.mit.edu\/projects\/2021\/site-analysis-foodborne-pathogens-using-density-shift-immunomagnetic-separation-and<\/a><\/p>\n<p><a href=\"#_ftnref22\" name=\"_ftn22\">[22]<\/a> <a href=\"https:\/\/jwafs.mit.edu\/projects\/2021\/precise-fish-vaccine-injection-using-silk-based-biomaterials\">https:\/\/jwafs.mit.edu\/projects\/2021\/precise-fish-vaccine-injection-using-silk-based-biomaterials<\/a><\/p>\n<p><a href=\"#_ftnref23\" name=\"_ftn23\">[23]<\/a> <a href=\"https:\/\/jwafs.mit.edu\/projects\/2021\/hybrid-evaporative-and-radiative-cooling-passive-low-cost-high-performance-solution\">https:\/\/jwafs.mit.edu\/projects\/2021\/hybrid-evaporative-and-radiative-cooling-passive-low-cost-high-performance-solution<\/a><\/p>\n<p><a href=\"#_ftnref24\" name=\"_ftn24\">[24]<\/a> <a href=\"https:\/\/jwafs.mit.edu\/projects\/2021\/converting-dairy-industry-waste-food-and-feed-ingredients\">https:\/\/jwafs.mit.edu\/projects\/2021\/converting-dairy-industry-waste-food-and-feed-ingredients<\/a><\/p>\n<p><a href=\"#_ftnref25\" name=\"_ftn25\">[25]<\/a> <a href=\"https:\/\/jwafs.mit.edu\/projects\/2021\/accurate-optical-sensing-efficient-fertilizer-use-and-increased-yield-small-farms\">https:\/\/jwafs.mit.edu\/projects\/2021\/accurate-optical-sensing-efficient-fertilizer-use-and-increased-yield-small-farms<\/a><\/p>\n<p><a href=\"#_ftnref26\" name=\"_ftn26\">[26]<\/a> <a href=\"https:\/\/institute.global\/policy\/technology-feed-world\">https:\/\/institute.global\/policy\/technology-feed-world<\/a><\/p>\n<p><a href=\"#_ftnref27\" name=\"_ftn27\">[27]<\/a> <a href=\"https:\/\/www.mckinsey.com\/industries\/agriculture\/our-insights\/agricultures-connected-future-how-technology-can-yield-new-growth\">https:\/\/www.mckinsey.com\/industries\/agriculture\/our-insights\/agricultures-connected-future-how-technology-can-yield-new-growth<\/a><\/p>\n","protected":false},"featured_media":100214,"template":"","tags":[],"acf":[],"yoast_head":"<!-- This site is optimized with the Yoast SEO plugin v21.5 - https:\/\/yoast.com\/wordpress\/plugins\/seo\/ -->\n<title>G\u0131dan\u0131n Gelece\u011fini Ke\u015ffetmek | Abdul Latif Jameel\u00ae<\/title>\n<meta name=\"description\" content=\"2020&#039;de 720 milyondan fazla insan a\u00e7l\u0131k ya\u015fad\u0131. Teknoloji, a\u00e7l\u0131\u011f\u0131 ortadan kald\u0131rmak ve g\u0131da sistemleri d\u00f6n\u00fc\u015ft\u00fcrmek i\u00e7in \u00f6nemli bir rol oynuyor. Daha fazla \u00f6\u011frenin.\" \/>\n<meta name=\"robots\" content=\"index, follow, max-snippet:-1, max-image-preview:large, max-video-preview:-1\" \/>\n<link rel=\"canonical\" href=\"https:\/\/alj.com\/tr\/spotlight-by-fady-jameel\/finding-the-food-of-the-future\/\" \/>\n<meta property=\"og:locale\" content=\"tr_TR\" \/>\n<meta property=\"og:type\" content=\"article\" \/>\n<meta property=\"og:title\" content=\"G\u0131dan\u0131n Gelece\u011fini Ke\u015ffetmek | Abdul Latif Jameel\u00ae\" \/>\n<meta property=\"og:description\" content=\"2020&#039;de 720 milyondan fazla insan a\u00e7l\u0131k ya\u015fad\u0131. Teknoloji, a\u00e7l\u0131\u011f\u0131 ortadan kald\u0131rmak ve g\u0131da sistemleri d\u00f6n\u00fc\u015ft\u00fcrmek i\u00e7in \u00f6nemli bir rol oynuyor. Daha fazla \u00f6\u011frenin.\" \/>\n<meta property=\"og:url\" content=\"https:\/\/alj.com\/tr\/spotlight-by-fady-jameel\/finding-the-food-of-the-future\/\" \/>\n<meta property=\"og:site_name\" content=\"Abdul Latif Jameel\" \/>\n<meta property=\"article:publisher\" content=\"https:\/\/www.facebook.com\/Abdul.Latif.Jameel.Official\" \/>\n<meta property=\"article:modified_time\" content=\"2022-09-12T08:20:49+00:00\" \/>\n<meta property=\"og:image\" content=\"https:\/\/media.alj.com\/app\/uploads\/2022\/07\/Food-Tech-hero-image.jpg\" \/>\n\t<meta property=\"og:image:width\" content=\"880\" \/>\n\t<meta property=\"og:image:height\" content=\"440\" \/>\n\t<meta property=\"og:image:type\" content=\"image\/jpeg\" \/>\n<meta name=\"twitter:card\" content=\"summary_large_image\" \/>\n<meta name=\"twitter:label1\" content=\"Est. reading time\" \/>\n\t<meta name=\"twitter:data1\" content=\"13 minutes\" \/>\n<script type=\"application\/ld+json\" class=\"yoast-schema-graph\">{\"@context\":\"https:\/\/schema.org\",\"@graph\":[{\"@type\":\"WebPage\",\"@id\":\"https:\/\/alj.com\/tr\/spotlight-by-fady-jameel\/finding-the-food-of-the-future\/\",\"url\":\"https:\/\/alj.com\/tr\/spotlight-by-fady-jameel\/finding-the-food-of-the-future\/\",\"name\":\"G\u0131dan\u0131n Gelece\u011fini Ke\u015ffetmek | Abdul Latif Jameel\u00ae\",\"isPartOf\":{\"@id\":\"https:\/\/alj.com\/en\/#website\"},\"datePublished\":\"2022-07-12T13:16:47+00:00\",\"dateModified\":\"2022-09-12T08:20:49+00:00\",\"description\":\"2020'de 720 milyondan fazla insan a\u00e7l\u0131k ya\u015fad\u0131. Teknoloji, a\u00e7l\u0131\u011f\u0131 ortadan kald\u0131rmak ve g\u0131da sistemleri d\u00f6n\u00fc\u015ft\u00fcrmek i\u00e7in \u00f6nemli bir rol oynuyor. Daha fazla \u00f6\u011frenin.\",\"breadcrumb\":{\"@id\":\"https:\/\/alj.com\/tr\/spotlight-by-fady-jameel\/finding-the-food-of-the-future\/#breadcrumb\"},\"inLanguage\":\"tr\",\"potentialAction\":[{\"@type\":\"ReadAction\",\"target\":[\"https:\/\/alj.com\/tr\/spotlight-by-fady-jameel\/finding-the-food-of-the-future\/\"]}]},{\"@type\":\"BreadcrumbList\",\"@id\":\"https:\/\/alj.com\/tr\/spotlight-by-fady-jameel\/finding-the-food-of-the-future\/#breadcrumb\",\"itemListElement\":[{\"@type\":\"ListItem\",\"position\":1,\"name\":\"Home\",\"item\":\"https:\/\/alj.com\/tr\/\"},{\"@type\":\"ListItem\",\"position\":2,\"name\":\"Spotlight By Fady Jameel\",\"item\":\"https:\/\/alj.com\/ja\/spotlight-by-fady-jameel\/\"},{\"@type\":\"ListItem\",\"position\":3,\"name\":\"G\u0131dan\u0131n gelece\u011fini ke\u015ffetmek\"}]},{\"@type\":\"WebSite\",\"@id\":\"https:\/\/alj.com\/en\/#website\",\"url\":\"https:\/\/alj.com\/en\/\",\"name\":\"Abdul Latif Jameel\",\"description\":\"Abdul Latif Jameel\",\"potentialAction\":[{\"@type\":\"SearchAction\",\"target\":{\"@type\":\"EntryPoint\",\"urlTemplate\":\"https:\/\/alj.com\/en\/?s={search_term_string}\"},\"query-input\":\"required name=search_term_string\"}],\"inLanguage\":\"tr\"}]}<\/script>\n<!-- \/ Yoast SEO plugin. -->","yoast_head_json":{"title":"G\u0131dan\u0131n Gelece\u011fini Ke\u015ffetmek | Abdul Latif Jameel\u00ae","description":"2020'de 720 milyondan fazla insan a\u00e7l\u0131k ya\u015fad\u0131. Teknoloji, a\u00e7l\u0131\u011f\u0131 ortadan kald\u0131rmak ve g\u0131da sistemleri d\u00f6n\u00fc\u015ft\u00fcrmek i\u00e7in \u00f6nemli bir rol oynuyor. Daha fazla \u00f6\u011frenin.","robots":{"index":"index","follow":"follow","max-snippet":"max-snippet:-1","max-image-preview":"max-image-preview:large","max-video-preview":"max-video-preview:-1"},"canonical":"https:\/\/alj.com\/tr\/spotlight-by-fady-jameel\/finding-the-food-of-the-future\/","og_locale":"tr_TR","og_type":"article","og_title":"G\u0131dan\u0131n Gelece\u011fini Ke\u015ffetmek | Abdul Latif Jameel\u00ae","og_description":"2020'de 720 milyondan fazla insan a\u00e7l\u0131k ya\u015fad\u0131. Teknoloji, a\u00e7l\u0131\u011f\u0131 ortadan kald\u0131rmak ve g\u0131da sistemleri d\u00f6n\u00fc\u015ft\u00fcrmek i\u00e7in \u00f6nemli bir rol oynuyor. Daha fazla \u00f6\u011frenin.","og_url":"https:\/\/alj.com\/tr\/spotlight-by-fady-jameel\/finding-the-food-of-the-future\/","og_site_name":"Abdul Latif Jameel","article_publisher":"https:\/\/www.facebook.com\/Abdul.Latif.Jameel.Official","article_modified_time":"2022-09-12T08:20:49+00:00","og_image":[{"width":880,"height":440,"url":"https:\/\/media.alj.com\/app\/uploads\/2022\/07\/Food-Tech-hero-image.jpg","type":"image\/jpeg"}],"twitter_card":"summary_large_image","twitter_misc":{"Est. reading time":"13 minutes"},"schema":{"@context":"https:\/\/schema.org","@graph":[{"@type":"WebPage","@id":"https:\/\/alj.com\/tr\/spotlight-by-fady-jameel\/finding-the-food-of-the-future\/","url":"https:\/\/alj.com\/tr\/spotlight-by-fady-jameel\/finding-the-food-of-the-future\/","name":"G\u0131dan\u0131n Gelece\u011fini Ke\u015ffetmek | Abdul Latif Jameel\u00ae","isPartOf":{"@id":"https:\/\/alj.com\/en\/#website"},"datePublished":"2022-07-12T13:16:47+00:00","dateModified":"2022-09-12T08:20:49+00:00","description":"2020'de 720 milyondan fazla insan a\u00e7l\u0131k ya\u015fad\u0131. Teknoloji, a\u00e7l\u0131\u011f\u0131 ortadan kald\u0131rmak ve g\u0131da sistemleri d\u00f6n\u00fc\u015ft\u00fcrmek i\u00e7in \u00f6nemli bir rol oynuyor. Daha fazla \u00f6\u011frenin.","breadcrumb":{"@id":"https:\/\/alj.com\/tr\/spotlight-by-fady-jameel\/finding-the-food-of-the-future\/#breadcrumb"},"inLanguage":"tr","potentialAction":[{"@type":"ReadAction","target":["https:\/\/alj.com\/tr\/spotlight-by-fady-jameel\/finding-the-food-of-the-future\/"]}]},{"@type":"BreadcrumbList","@id":"https:\/\/alj.com\/tr\/spotlight-by-fady-jameel\/finding-the-food-of-the-future\/#breadcrumb","itemListElement":[{"@type":"ListItem","position":1,"name":"Home","item":"https:\/\/alj.com\/tr\/"},{"@type":"ListItem","position":2,"name":"Spotlight By Fady Jameel","item":"https:\/\/alj.com\/ja\/spotlight-by-fady-jameel\/"},{"@type":"ListItem","position":3,"name":"G\u0131dan\u0131n gelece\u011fini ke\u015ffetmek"}]},{"@type":"WebSite","@id":"https:\/\/alj.com\/en\/#website","url":"https:\/\/alj.com\/en\/","name":"Abdul Latif Jameel","description":"Abdul Latif Jameel","potentialAction":[{"@type":"SearchAction","target":{"@type":"EntryPoint","urlTemplate":"https:\/\/alj.com\/en\/?s={search_term_string}"},"query-input":"required name=search_term_string"}],"inLanguage":"tr"}]}},"post-meta-fields":{"push_notification":["no"],"_push_notification":["field_5c3b1fb67034d"],"_wpml_word_count":["{\"total\":2557,\"to_translate\":{\"ar\":2557,\"zh-hans\":2557,\"fr\":2557,\"ja\":2557,\"es\":2557,\"tr\":2557}}"],"_wpml_media_featured":["1"],"_wpml_media_duplicate":["1"],"perspective_short_title":["G\u0131dan\u0131n gelece\u011fini ke\u015ffetmek"],"perspective_summury":["<p>Haz\u0131r g\u0131da tedariki, geli\u015fmi\u015f d\u00fcnyada hafife al\u0131nan bir konudur; ancak d\u00fcnyan\u0131n her yerinde bu kadar rehavete kap\u0131lmak m\u00fcmk\u00fcn de\u011fildir.<\/p>\n"],"perspective_location":["Dubai, BAE"],"perspective_author_name":["<p><span style=\"color: #000000;\"><a href=\"https:\/\/www.alj.com\/tr\/our-people\/fady-jameel\/\">Fady Jameel<\/a><br \/>\n<\/span><\/p>\n<p>Ba\u015fkan Vekili ve Y\u00f6netim Kurulu Ba\u015fkan Yard\u0131mc\u0131s\u0131,\u00a0Abdul Latif Jameel International<\/p>\n"],"perspective_author_bio":["<p><a href=\"https:\/\/www.alj.com\/tr\/our-people\/fady-jameel\/\">Fady Jameel<\/a>, 1945\u2019te merhum dedesi Abdul Latif Jameel taraf\u0131ndan kurulan ba\u011f\u0131ms\u0131z, uluslararas\u0131 ve aile k\u00f6kenli ayr\u0131\u015ft\u0131r\u0131lm\u0131\u015f \u015firketler toplulu\u011fu Abdul Latif Jameel\u2019e ba\u011fl\u0131 Abdul Latif Jameel International\u2019in Abdul Latif Jameel Suudi Arabistan Ba\u015fkan Vekili ve Y\u00f6netim Kurulu Ba\u015fkan Yard\u0131mc\u0131s\u0131d\u0131r.<\/p>\n"],"wpcf-featured-news":["1"],"is_latest_news":["0"],"wpcf-show-news-at-homepage":["1"],"publish_mobile":[""],"_publish_mobile":["field_5bfa8eb2e65cf"],"mobile_featured_image":["https:\/\/media.alj.com\/app\/uploads\/2022\/07\/Food-Tech-low-res.jpg"],"_mobile_featured_image":["field_5c3b204983dea"],"content_series_applied":[""],"_content_series_applied":["field_60f3d3faf82ac"],"featured_on_listing_page":["1"],"_featured_on_listing_page":["field_62458ea7383c3"],"is_podcast":["0"],"_is_podcast":["field_5ee1dff933e7f"],"wpcf-perspective-downloadable_file":[""],"wpcf-perspective-published-date":["1657584000"],"wpcf-video-description":[""],"wpcf-layoutvideourl":[""],"wpcf-video-thumb":[""],"wpcf-social4-svg":[""],"wpcf-social4-background-image":[""],"wpcf-social4-text":[""],"wpcf-social4-url":[""],"wpcf-social3-svg":[""],"wpcf-social3-background-image":[""],"wpcf-social3-text":[""],"wpcf-social3-url":[""],"wpcf-social-text-svg-square":[""],"wpcf-social-text-image-square":[""],"wpcf-social-text-text-square":[""],"wpcf-social-text-url-square":[""],"wpcf-social2-svg":[""],"wpcf-social2-background-image":[""],"wpcf-social2-text":[""],"wpcf-social2-url":[""],"wpcf-social-svg-square":[""],"wpcf-social-image-square":[""],"wpcf-social-text-square":[""],"wpcf-social-url-square":[""],"wpcf-social1-svg":[""],"wpcf-social1-background-image":[""],"wpcf-social1-text":[""],"wpcf-social1-url":[""],"wpcf-quotes-with-auther-text-1":[""],"wpcf-card_article_with_title_content":[""],"wpcf-card_article_content":["<p>write your content<\/p>"],"wpcf-quotes-with-auther-text":[""],"_bsf_post_type":["0"],"_bsf_item_review_type":["none"],"_yoast_wpseo_title":["G\u0131dan\u0131n Gelece\u011fini Ke\u015ffetmek | Abdul Latif Jameel\u00ae"],"_yoast_wpseo_metadesc":["2020'de 720 milyondan fazla insan a\u00e7l\u0131k ya\u015fad\u0131. Teknoloji, a\u00e7l\u0131\u011f\u0131 ortadan kald\u0131rmak ve g\u0131da sistemleri d\u00f6n\u00fc\u015ft\u00fcrmek i\u00e7in \u00f6nemli bir rol oynuyor. Daha fazla \u00f6\u011frenin."],"_yoast_wpseo_content_score":["30"],"_yoast_wpseo_estimated-reading-time-minutes":["13"],"_yoast_wpseo_focuskw":["Finding the food of the future"],"_yoast_wpseo_linkdex":["56"],"_thumbnail_id":["100214"],"_edit_lock":["1662970731:25"],"_edit_last":["25"],"_last_translation_edit_mode":["native-editor"],"perspective_business_sector":["Enerji ve \u00c7evre Hizmetleri"],"perspective_author_image":["96334"],"wpcf-card-image":[""],"_wpcf-card-image-sort-order":["a:1:{i:0;i:1255465;}"],"amazonS3_cache":["a:32:{s:53:\"\/\/alj.com\/app\/uploads\/2021\/05\/E_SDG-goals_Goal-02.png\";a:2:{s:2:\"id\";i:88849;s:11:\"source_type\";s:13:\"media-library\";}s:61:\"\/\/alj.com\/app\/uploads\/2021\/05\/E_SDG-goals_Goal-02-150x150.png\";a:2:{s:2:\"id\";i:88849;s:11:\"source_type\";s:13:\"media-library\";}s:59:\"\/\/media.alj.com\/app\/uploads\/2021\/05\/E_SDG-goals_Goal-02.png\";a:2:{s:2:\"id\";i:88849;s:11:\"source_type\";s:13:\"media-library\";}s:67:\"\/\/media.alj.com\/app\/uploads\/2021\/05\/E_SDG-goals_Goal-02-150x150.png\";a:2:{s:2:\"id\";i:88849;s:11:\"source_type\";s:13:\"media-library\";}s:62:\"\/\/alj.com\/app\/uploads\/2022\/07\/1750-ALJ-Food-Systems-scaled.jpg\";a:2:{s:2:\"id\";i:100419;s:11:\"source_type\";s:13:\"media-library\";}s:68:\"\/\/media.alj.com\/app\/uploads\/2022\/07\/1750-ALJ-Food-Systems-scaled.jpg\";a:2:{s:2:\"id\";i:100419;s:11:\"source_type\";s:13:\"media-library\";}s:50:\"\/\/alj.com\/app\/uploads\/2021\/08\/Antonio-Guterres.jpg\";a:2:{s:2:\"id\";i:91266;s:11:\"source_type\";s:13:\"media-library\";}s:58:\"\/\/alj.com\/app\/uploads\/2021\/08\/Antonio-Guterres-300x174.jpg\";a:2:{s:2:\"id\";i:91266;s:11:\"source_type\";s:13:\"media-library\";}s:56:\"\/\/media.alj.com\/app\/uploads\/2021\/08\/Antonio-Guterres.jpg\";a:2:{s:2:\"id\";i:91266;s:11:\"source_type\";s:13:\"media-library\";}s:64:\"\/\/media.alj.com\/app\/uploads\/2021\/08\/Antonio-Guterres-300x174.jpg\";a:2:{s:2:\"id\";i:91266;s:11:\"source_type\";s:13:\"media-library\";}s:63:\"\/\/alj.com\/app\/uploads\/2022\/07\/1750-ALJ-Food-Systems2-scaled.jpg\";a:2:{s:2:\"id\";i:100426;s:11:\"source_type\";s:13:\"media-library\";}s:69:\"\/\/media.alj.com\/app\/uploads\/2022\/07\/1750-ALJ-Food-Systems2-scaled.jpg\";a:2:{s:2:\"id\";i:100426;s:11:\"source_type\";s:13:\"media-library\";}s:55:\"\/\/alj.com\/app\/uploads\/2022\/07\/AVO_Header-1-scaled-1.jpg\";a:2:{s:2:\"id\";i:100256;s:11:\"source_type\";s:13:\"media-library\";}s:61:\"\/\/media.alj.com\/app\/uploads\/2022\/07\/AVO_Header-1-scaled-1.jpg\";a:2:{s:2:\"id\";i:100256;s:11:\"source_type\";s:13:\"media-library\";}s:65:\"\/\/alj.com\/app\/uploads\/2022\/07\/1750-ALJ-Food-Systems3-1-scaled.jpg\";a:2:{s:2:\"id\";i:100440;s:11:\"source_type\";s:13:\"media-library\";}s:71:\"\/\/media.alj.com\/app\/uploads\/2022\/07\/1750-ALJ-Food-Systems3-1-scaled.jpg\";a:2:{s:2:\"id\";i:100440;s:11:\"source_type\";s:13:\"media-library\";}s:64:\"\/\/alj.com\/app\/uploads\/2022\/07\/International-Bioeconomy-Forum.jpg\";a:2:{s:2:\"id\";i:100235;s:11:\"source_type\";s:13:\"media-library\";}s:72:\"\/\/alj.com\/app\/uploads\/2022\/07\/International-Bioeconomy-Forum-300x142.jpg\";a:2:{s:2:\"id\";i:100235;s:11:\"source_type\";s:13:\"media-library\";}s:70:\"\/\/media.alj.com\/app\/uploads\/2022\/07\/International-Bioeconomy-Forum.jpg\";a:2:{s:2:\"id\";i:100235;s:11:\"source_type\";s:13:\"media-library\";}s:78:\"\/\/media.alj.com\/app\/uploads\/2022\/07\/International-Bioeconomy-Forum-300x142.jpg\";a:2:{s:2:\"id\";i:100235;s:11:\"source_type\";s:13:\"media-library\";}s:63:\"\/\/alj.com\/app\/uploads\/2022\/07\/1750-ALJ-Food-Systems4-scaled.jpg\";a:2:{s:2:\"id\";i:100447;s:11:\"source_type\";s:13:\"media-library\";}s:69:\"\/\/media.alj.com\/app\/uploads\/2022\/07\/1750-ALJ-Food-Systems4-scaled.jpg\";a:2:{s:2:\"id\";i:100447;s:11:\"source_type\";s:13:\"media-library\";}s:63:\"\/\/alj.com\/app\/uploads\/2022\/07\/1750-ALJ-Food-Systems5-scaled.jpg\";a:2:{s:2:\"id\";i:100454;s:11:\"source_type\";s:13:\"media-library\";}s:69:\"\/\/media.alj.com\/app\/uploads\/2022\/07\/1750-ALJ-Food-Systems5-scaled.jpg\";a:2:{s:2:\"id\";i:100454;s:11:\"source_type\";s:13:\"media-library\";}s:57:\"\/\/alj.com\/app\/uploads\/2022\/07\/shutterstock_1362924098.jpg\";a:2:{s:2:\"id\";i:100346;s:11:\"source_type\";s:13:\"media-library\";}s:63:\"\/\/media.alj.com\/app\/uploads\/2022\/07\/shutterstock_1362924098.jpg\";a:2:{s:2:\"id\";i:100346;s:11:\"source_type\";s:13:\"media-library\";}s:39:\"\/\/alj.com\/app\/uploads\/2022\/07\/JWAFS.jpg\";a:2:{s:2:\"id\";i:100242;s:11:\"source_type\";s:13:\"media-library\";}s:47:\"\/\/alj.com\/app\/uploads\/2022\/07\/JWAFS-300x200.jpg\";a:2:{s:2:\"id\";i:100242;s:11:\"source_type\";s:13:\"media-library\";}s:45:\"\/\/media.alj.com\/app\/uploads\/2022\/07\/JWAFS.jpg\";a:2:{s:2:\"id\";i:100242;s:11:\"source_type\";s:13:\"media-library\";}s:53:\"\/\/media.alj.com\/app\/uploads\/2022\/07\/JWAFS-300x200.jpg\";a:2:{s:2:\"id\";i:100242;s:11:\"source_type\";s:13:\"media-library\";}s:63:\"\/\/alj.com\/app\/uploads\/2022\/07\/1750-ALJ-Food-Systems6-scaled.jpg\";a:2:{s:2:\"id\";i:100461;s:11:\"source_type\";s:13:\"media-library\";}s:69:\"\/\/media.alj.com\/app\/uploads\/2022\/07\/1750-ALJ-Food-Systems6-scaled.jpg\";a:2:{s:2:\"id\";i:100461;s:11:\"source_type\";s:13:\"media-library\";}}"]},"_links":{"self":[{"href":"https:\/\/alj.com\/tr\/wp-json\/wp\/v2\/spotlight-fadyjameel\/100508"}],"collection":[{"href":"https:\/\/alj.com\/tr\/wp-json\/wp\/v2\/spotlight-fadyjameel"}],"about":[{"href":"https:\/\/alj.com\/tr\/wp-json\/wp\/v2\/types\/spotlight-fadyjameel"}],"wp:featuredmedia":[{"embeddable":true,"href":"https:\/\/alj.com\/tr\/wp-json\/wp\/v2\/media\/100214"}],"wp:attachment":[{"href":"https:\/\/alj.com\/tr\/wp-json\/wp\/v2\/media?parent=100508"}],"wp:term":[{"taxonomy":"post_tag","embeddable":true,"href":"https:\/\/alj.com\/tr\/wp-json\/wp\/v2\/tags?post=100508"}],"curies":[{"name":"wp","href":"https:\/\/api.w.org\/{rel}","templated":true}]}}