{"id":106565,"date":"2023-03-01T06:09:02","date_gmt":"2023-03-01T06:09:02","guid":{"rendered":"https:\/\/alj.com\/spotlight-by-fady-jameel\/countdown-for-carbon\/"},"modified":"2023-05-08T10:52:46","modified_gmt":"2023-05-08T10:52:46","slug":"countdown-for-carbon","status":"publish","type":"spotlight-fadyjameel","link":"https:\/\/alj.com\/tr\/spotlight-by-fady-jameel\/countdown-for-carbon\/","title":{"rendered":"Karbon i\u00e7in geri say\u0131m"},"content":{"rendered":"<p>\u0130\u015fletmeler uzun vadede idealist olmay\u0131 g\u00f6ze alabilirler, ancak k\u0131sa vadede hepimiz g\u00fcnl\u00fck hayat\u0131n getirdi\u011fi ger\u00e7eklerle m\u00fccadele etmek zorunday\u0131z. Bu, idealden \u00e7ok \u201cm\u00fcmk\u00fcn olan\u0131n sanat\u0131\u201dd\u0131r.<\/p>\n<p>Paris Anla\u015fmas\u0131 hedeflerinde belirtildi\u011fi ve COP26\u2019da onayland\u0131\u011f\u0131 gibi net s\u0131f\u0131ra h\u0131zl\u0131 ge\u00e7i\u015f yap\u0131n. Her sekt\u00f6r bir dereceye kadar fosil yak\u0131tlara ba\u011f\u0131ml\u0131d\u0131r ve bu teknoloji onlarca y\u0131ld\u0131r vard\u0131r. Bunu de\u011fi\u015ftirmek ve net s\u0131f\u0131r karbon emisyonuna ula\u015fmak bir gerekliliktir ve kesinlikle buna inan\u0131yorum. Ancak bu, bir anahtar\u0131n tek bir dokunu\u015fuyla yap\u0131lamaz. Bu, s\u00fcrd\u00fcr\u00fclebilir teknolojilere stratejik yat\u0131r\u0131m gerektiren bir s\u00fcre\u00e7tir ve bunlar\u0131n hepsi hemen \u015fimdi \u00f6l\u00e7ekte konu\u015fland\u0131r\u0131lacak kadar olgun veya uygun fiyatl\u0131 de\u011fildir.<\/p>\n<p>Karbon kredileri, \u015firketlerin net s\u0131f\u0131r hedefine ula\u015fman\u0131n getirdi\u011fi zorluklardan baz\u0131lar\u0131n\u0131 ele almak i\u00e7in etkili bir \u015fekilde zaman sat\u0131n alan ge\u00e7ici bir \u00f6nlem olan pragmatik bir uzla\u015fma sunar. Karbon kredisi sat\u0131n almak, i\u015fletmelerin tamamen ortadan kald\u0131ramad\u0131klar\u0131 bu emisyonlar\u0131 azaltmalar\u0131n\u0131n bir yoludur. Umuyorum ki gelecekte tamamen ortadan kald\u0131rabilirler.<\/p>\n<h2>\u201cKarbon kredisi\u201d nedir?<\/h2>\n<p>Karbon kredileri, havaya sal\u0131n\u0131m\u0131 \u00f6nlenen veya havadan temizlenen sera gaz\u0131 (GHG) emisyonlar\u0131n\u0131n miktarlar\u0131n\u0131 temsil eden sertifikalard\u0131r. \u00d6rne\u011fin bir \u015firket bir ton CO<sub>2<\/sub> i\u00e7in karbon kredisi sat\u0131n ald\u0131\u011f\u0131nda, bu krediye e\u015f de\u011fer bir miktar CO<sub>2<\/sub> olu\u015fturmak i\u00e7in izin alm\u0131\u015f olur.<\/p>\n<p><img decoding=\"async\" loading=\"lazy\" class=\"aligncenter size-full wp-image-106384\" src=\"https:\/\/media.alj.com\/app\/uploads\/2023\/03\/1824-ALJ-Carbon-Credits-scaled.jpg\" alt=\"\" width=\"2560\" height=\"1120\" srcset=\"https:\/\/media.alj.com\/app\/uploads\/2023\/03\/1824-ALJ-Carbon-Credits-scaled.jpg 2560w, https:\/\/media.alj.com\/app\/uploads\/2023\/03\/1824-ALJ-Carbon-Credits-300x131.jpg 300w, https:\/\/media.alj.com\/app\/uploads\/2023\/03\/1824-ALJ-Carbon-Credits-1024x448.jpg 1024w, https:\/\/media.alj.com\/app\/uploads\/2023\/03\/1824-ALJ-Carbon-Credits-150x66.jpg 150w, https:\/\/media.alj.com\/app\/uploads\/2023\/03\/1824-ALJ-Carbon-Credits-768x336.jpg 768w, https:\/\/media.alj.com\/app\/uploads\/2023\/03\/1824-ALJ-Carbon-Credits-1536x672.jpg 1536w, https:\/\/media.alj.com\/app\/uploads\/2023\/03\/1824-ALJ-Carbon-Credits-2048x896.jpg 2048w\" sizes=\"(max-width: 2560px) 100vw, 2560px\" \/><\/p>\n<p>Karbon kredileri, sera gazlar\u0131n\u0131 \u00f6l\u00e7\u00fclebilecek ve do\u011frulanabilecek \u015fekilde azaltan, havadan temizleyen veya \u00f6nleyen sertifikal\u0131 iklim eylemi projelerinden gelir. Yayg\u0131n \u00f6rnekleri aras\u0131nda a\u011fa\u00e7 tarlalar\u0131 kurmak veya topluluklara evlerini \u0131s\u0131tmak ve yemek pi\u015firmek i\u00e7in daha enerji verimli yollar sa\u011flamak yer al\u0131r.<\/p>\n<figure id=\"attachment_103761\" aria-describedby=\"caption-attachment-103761\" style=\"width: 1773px\" class=\"wp-caption aligncenter\"><img decoding=\"async\" loading=\"lazy\" class=\"size-full wp-image-103761\" src=\"https:\/\/media.alj.com\/app\/uploads\/2022\/11\/Abdul-Latif-Jameel-VCM-PIF-signing.jpg\" alt=\"Abdul Latif Jameel VCM PIF signing\" width=\"1773\" height=\"1182\" srcset=\"https:\/\/media.alj.com\/app\/uploads\/2022\/11\/Abdul-Latif-Jameel-VCM-PIF-signing.jpg 1773w, https:\/\/media.alj.com\/app\/uploads\/2022\/11\/Abdul-Latif-Jameel-VCM-PIF-signing-300x200.jpg 300w, https:\/\/media.alj.com\/app\/uploads\/2022\/11\/Abdul-Latif-Jameel-VCM-PIF-signing-1024x683.jpg 1024w, https:\/\/media.alj.com\/app\/uploads\/2022\/11\/Abdul-Latif-Jameel-VCM-PIF-signing-150x100.jpg 150w, https:\/\/media.alj.com\/app\/uploads\/2022\/11\/Abdul-Latif-Jameel-VCM-PIF-signing-768x512.jpg 768w, https:\/\/media.alj.com\/app\/uploads\/2022\/11\/Abdul-Latif-Jameel-VCM-PIF-signing-1536x1024.jpg 1536w\" sizes=\"(max-width: 1773px) 100vw, 1773px\" \/><figcaption id=\"caption-attachment-103761\" class=\"wp-caption-text\">Fady Jameel, G\u00f6n\u00fcll\u00fc Karbon Pazar\u0131\u2019nda Riyad\u2019daki Gelece\u011fin Yat\u0131r\u0131m Giri\u015fimi\u2019nin 6. bask\u0131s\u0131n\u0131 imzal\u0131yor<\/figcaption><\/figure>\n<p>Ekim 2022\u2019nin sonunda, <a href=\"https:\/\/alj.com\/tr\/\">Abdul Latif Jameel<\/a>\u2019i Suudi Arabistan Kamu Yat\u0131r\u0131m Fonu\u2019nun (<a href=\"https:\/\/www.pif.gov.sa\/\">PIF<\/a>) Orta Do\u011fu\u2019da d\u00fczenlenen ilk karbon dengeleme a\u00e7\u0131k art\u0131rmas\u0131 olan <a href=\"https:\/\/fii-institute.org\/conference\/fii-6\/\">Riyad\u2019daki Gelece\u011fin Yat\u0131r\u0131m Giri\u015fimi<\/a> konferans\u0131ndaki <a href=\"https:\/\/alj.com\/tr\/news\/abdul-latif-jameel-partners-with-voluntary-carbon-market-to-help-drive-global-net-zero-ambitions\/\">G\u00f6n\u00fcll\u00fc Karbon Kredi A\u00e7\u0131k Art\u0131rmas\u0131\u2019nda<\/a> temsil ettim. Toplamda 1,4 milyon ton karbon kredisi sat\u0131larak bu konferans\u0131 bug\u00fcne kadarki en b\u00fcy\u00fck karbon kredisi sat\u0131\u015f\u0131 haline getirdi. Abdul Latif Jameel, K\u00f6rfez Uluslararas\u0131 Bankas\u0131\u2019ndan Suudi havayollar\u0131na, Aramco\u2019dan Yanbu Cement Company\u2019ye kadar \u00fclkenin ekonomisinin her bir b\u00f6l\u00fcm\u00fcn\u00fc temsil eden 15 Suudi ve b\u00f6lgesel kurulu\u015f aras\u0131nda yer ald\u0131.<\/p>\n<h2>Karbon kredileri nas\u0131l \u00e7al\u0131\u015f\u0131r?<\/h2>\n<p>Net s\u0131f\u0131r hedeflerimize ula\u015fmak i\u00e7in her i\u015fletmenin kendi emisyonlar\u0131n\u0131 olabildi\u011fince azaltmas\u0131 gerekir. Ancak baz\u0131 kurulu\u015flar i\u00e7in g\u00fcn\u00fcm\u00fcz teknolojilerini kullanarak emisyonlar\u0131 azaltmak son derece pahal\u0131d\u0131r, ancak bu teknolojilerin maliyetleri zaman i\u00e7inde daha ucuza gelebilir. Di\u011ferleri i\u00e7in, baz\u0131 emisyon kaynaklar\u0131 mevcut alternatiflere g\u00f6re tamamen ortadan kald\u0131r\u0131lamaz.<\/p>\n<p>\u00d6rne\u011fin, \u00e7imentonun end\u00fcstriyel \u00f6l\u00e7ekte \u00fcretilmesi, tipik olarak \u00e7imento sekt\u00f6r\u00fcn\u00fcn karbon emisyonlar\u0131n\u0131n b\u00fcy\u00fck bir b\u00f6l\u00fcm\u00fcn\u00fc olu\u015fturan kimyasal bir reaksiyon olan kalsinasyon i\u00e7erir. Mevcut \u00e7imento \u00fcretim teknolojilerine dayanarak, bir\u00e7ok \u00e7imento \u00fcreticisi i\u00e7in \u00e7imentonun ba\u015fka bir \u015fekilde yap\u0131lmas\u0131 finansal olarak uygun de\u011fildir. Bu emisyonlar asl\u0131nda bug\u00fcn ka\u00e7\u0131n\u0131lmazd\u0131r. Bunun yerine \u015firket, ortadan kald\u0131ramad\u0131\u011f\u0131 emisyonlar\u0131 dengelemek i\u00e7in karbon kredileri sat\u0131n alabilir.<\/p>\n<p>Karbon kredilerinin g\u00f6n\u00fcll\u00fcl\u00fck esas\u0131na dayand\u0131\u011f\u0131n\u0131 unutmamak \u00f6nemlidir. Ad\u0131ndan da anla\u015f\u0131laca\u011f\u0131 gibi, karbon kredileri i\u00e7in zorunlu planlar\u0131 olan baz\u0131 eyalet ve b\u00f6lgelerin aksine, PIF\u2019nin G\u00f6n\u00fcll\u00fc Karbon Kredisi A\u00e7\u0131k Art\u0131rmas\u0131na kat\u0131lan \u015firketlerin hi\u00e7biri bunu yapmak i\u00e7in herhangi bir yasal y\u00fck\u00fcml\u00fcl\u00fck alt\u0131nda de\u011fildi.<\/p>\n<p>\u00d6rne\u011fin Avrupa Birli\u011fi, Avustralya, Yeni Zelanda, G\u00fcney Kore, California ve Quebec, Kanada\u2019da emisyon ticaret planlar\u0131 (ETS) olarak da bilinen \u201cemisyon \u00fcst s\u0131n\u0131r\u0131 ve ticareti\u201d planlar\u0131 mevcuttur. Emisyon \u00fcst s\u0131n\u0131r\u0131 ve ticareti ilk olarak kirlili\u011fi kontrol etmek i\u00e7in 1980\u2019lerde ve 1990\u2019larda Amerika Birle\u015fik Devletleri\u2019nin petroldeki kur\u015funu ortadan kald\u0131rmak ve asit ya\u011fmuru ile m\u00fccadele etmek i\u00e7in belirli emisyonlar\u0131 azaltmas\u0131 amac\u0131yla kullan\u0131ld\u0131. Bu programlar\u0131n ba\u015far\u0131s\u0131, karbon ve sera gaz\u0131 emisyonlar\u0131n\u0131 azaltmada kullan\u0131mlar\u0131n\u0131n temelini olu\u015fturdu<a href=\"#_ftn1\" name=\"_ftnref1\">[1]<\/a>.<\/p>\n<p>\u0130lke basittir: Bir h\u00fck\u00fcmet, \u015firketleri emisyonlar\u0131n\u0131 azaltmalar\u0131 i\u00e7in te\u015fvik etmek amac\u0131yla maksimum emisyon seviyesine bir s\u0131n\u0131r koyar ve s\u0131n\u0131r alt\u0131nda izin verilen her bir emisyon birimi i\u00e7in \u201ckarbon kredileri\u201d ad\u0131 verilen izinler olu\u015fturur. Emisyona neden olan firmalar, emisyonlar\u0131n\u0131n her birimi i\u00e7in bir izin almal\u0131 ve teslim etmelidir. Devletten veya di\u011fer firmalarla ticaret yoluyla bu izinleri alabilirler. Devlet, izinleri \u00fccretsiz olarak vermeyi veya a\u00e7\u0131k art\u0131rmayla satmay\u0131 se\u00e7ebilir.<\/p>\n<p>Bu durum, karbon kredileri i\u00e7in b\u00fcy\u00fck bir pazar yaratm\u0131\u015ft\u0131r. <a href=\"https:\/\/www.googleadservices.com\/pagead\/aclk?sa=L&amp;ai=DChcSEwjFtoz98PP8AhXCwtUKHbXDCxsYABAAGgJ3cw&amp;ohost=www.google.com&amp;cid=CAESauD2_ryYxPb-ZttTG_lU41G4MFx_OJVOgrDmRid5-YweFPRmViLh9NsWwWWORgLnxt9FB67v8IuYR0BL91LTiAJAhA8_EvX70iWnrPEH4sMNy_lzBzj5uum5yB7NTqHASowOqy5SwJf8ilw&amp;sig=AOD64_3GEkri8fvllWXMDFhH2jtH9XTe_Q&amp;q&amp;adurl&amp;ved=2ahUKEwjG14X98PP8AhXmRqQEHSoBBB8Q0Qx6BAgIEAE\">Refinitiv<\/a>\u2019e g\u00f6re toplam pazar b\u00fcy\u00fckl\u00fc\u011f\u00fc 261 milyar ABD dolar\u0131d\u0131r ve 2020 y\u0131l\u0131nda uyum pazarlar\u0131nda i\u015flem g\u00f6ren 10,3 Gt CO<sub>2<\/sub> e\u015f de\u011ferini temsil etmektedir<a href=\"#_ftn2\" name=\"_ftnref2\">[2]<\/a>.<\/p>\n<p><img decoding=\"async\" loading=\"lazy\" class=\"aligncenter size-full wp-image-106391\" src=\"https:\/\/media.alj.com\/app\/uploads\/2023\/03\/1824-ALJ-Carbon-Credits2.jpg\" alt=\"\" width=\"2421\" height=\"2185\" srcset=\"https:\/\/media.alj.com\/app\/uploads\/2023\/03\/1824-ALJ-Carbon-Credits2.jpg 2421w, https:\/\/media.alj.com\/app\/uploads\/2023\/03\/1824-ALJ-Carbon-Credits2-300x271.jpg 300w, https:\/\/media.alj.com\/app\/uploads\/2023\/03\/1824-ALJ-Carbon-Credits2-1024x924.jpg 1024w, https:\/\/media.alj.com\/app\/uploads\/2023\/03\/1824-ALJ-Carbon-Credits2-150x135.jpg 150w, https:\/\/media.alj.com\/app\/uploads\/2023\/03\/1824-ALJ-Carbon-Credits2-768x693.jpg 768w, https:\/\/media.alj.com\/app\/uploads\/2023\/03\/1824-ALJ-Carbon-Credits2-1536x1386.jpg 1536w, https:\/\/media.alj.com\/app\/uploads\/2023\/03\/1824-ALJ-Carbon-Credits2-2048x1848.jpg 2048w\" sizes=\"(max-width: 2421px) 100vw, 2421px\" \/><\/p>\n<p>Emisyon seviyesi i\u00e7in yeterli izni olmayan i\u015fletmelerin iki se\u00e7ene\u011fi vard\u0131r: emisyonlar\u0131n\u0131 azaltabilirler veya ek emisyonlar\u0131n\u0131 kar\u015f\u0131lamak i\u00e7in ba\u015fka bir i\u015fletmeden ek izinler sat\u0131n alabilirler. Belirli bir izin fiyat\u0131 i\u00e7in, baz\u0131 firmalar emisyonlar\u0131 azaltmay\u0131 di\u011ferlerinden daha kolay veya daha ucuz bulacak ve bu nedenle izinlerini satacakt\u0131r. Bu al\u0131m sat\u0131m s\u00fcreci, faaliyetlerini koordine eden t\u00fcm firmalar i\u00e7in benzersiz bir fiyat olmas\u0131n\u0131 sa\u011flar ve emisyonlar\u0131 \u00fcst limit alt\u0131nda uygun maliyetle izin verilen d\u00fczeye indirir.<\/p>\n<p>Elbette, belli bir zamanda pazar\u0131 dengeleyen bir izin fiyat\u0131n\u0131n gelecekte de bunu yapmaya devam edece\u011fini beklemek i\u00e7in bir neden yoktur. Ekonomik ko\u015fullar ve emisyon yapan firmalar\u0131n ko\u015fullar\u0131 de\u011fi\u015ftik\u00e7e izin fiyatlar\u0131 da dalgalanacakt\u0131r. \u0130zinler, talep arza g\u00f6re y\u00fcksek oldu\u011funda, \u00f6rne\u011fin ekonomi g\u00fc\u00e7l\u00fc bir \u015fekilde geni\u015fledi\u011finde daha pahal\u0131 hale gelecektir. Buna g\u00f6re, yeterli miktarda yenilenebilir elektrik, termal \u00fcretim firmalar\u0131na olan ihtiyac\u0131 azaltt\u0131\u011f\u0131nda oldu\u011fu gibi, talep daha d\u00fc\u015f\u00fck oldu\u011funda fiyatlar d\u00fc\u015fecektir.<\/p>\n<h2>Zorunlu ve g\u00f6n\u00fcll\u00fc pazarlar<\/h2>\n<p><img decoding=\"async\" loading=\"lazy\" class=\"alignright size-full wp-image-106440\" src=\"https:\/\/media.alj.com\/app\/uploads\/2023\/03\/Paris-Climate-Agreement.jpg\" alt=\"\" width=\"315\" height=\"143\" srcset=\"https:\/\/media.alj.com\/app\/uploads\/2023\/03\/Paris-Climate-Agreement.jpg 315w, https:\/\/media.alj.com\/app\/uploads\/2023\/03\/Paris-Climate-Agreement-300x136.jpg 300w, https:\/\/media.alj.com\/app\/uploads\/2023\/03\/Paris-Climate-Agreement-150x68.jpg 150w\" sizes=\"(max-width: 315px) 100vw, 315px\" \/>\u00a0Zorunlu karbon pazarlar\u0131, <a href=\"https:\/\/unfccc.int\/process-and-meetings\/the-paris-agreement\/the-paris-agreement\">Paris Anla\u015fmas\u0131<\/a>\u2019n\u0131n k\u00fcresel \u0131s\u0131nmay\u0131 sanayi \u00f6ncesi seviyelerin 2\u00a0<sup>o<\/sup>C \u00fczerinde s\u0131n\u0131rland\u0131rma hedefini kar\u015f\u0131lama \u00e7abas\u0131n\u0131n \u00f6nemli bir par\u00e7as\u0131d\u0131r ve bu pazarlar\u0131n baz\u0131lar\u0131 Paris\u2019in taahh\u00fctlerine \u00f6nceden ula\u015fm\u0131\u015f olsa da ideal olan seviye 1,5\u00a0<sup>o<\/sup>C\u2019dir.<\/p>\n<p>\u00d6rnekler aras\u0131nda <a href=\"https:\/\/unfccc.int\/kyoto_protocol\">Kyoto Protokol\u00fc<\/a> kapsam\u0131nda Temiz Kalk\u0131nma Mekanizmas\u0131, Avrupa Birli\u011fi Emisyon Ticareti \u015eemas\u0131 (<a href=\"https:\/\/climate.ec.europa.eu\/eu-action\/eu-emissions-trading-system-eu-ets_en\">EU-ETS<\/a>) ve <a href=\"https:\/\/www.c2es.org\/content\/california-cap-and-trade\/\">California Karbon Pazar\u0131<\/a> bulunmaktad\u0131r. Ancak zorunlu pazarlar\u0131n \u00e7o\u011fu belirli sanayi sekt\u00f6rleri ve emisyon kaynaklar\u0131 ile s\u0131n\u0131rl\u0131d\u0131r. <a href=\"https:\/\/alj.com\/tr\/\">Abdul Latif Jameel<\/a> gibi di\u011fer sekt\u00f6rlerde faaliyet g\u00f6steren i\u015fletmeler yine de <em>g\u00f6n\u00fcll\u00fc olarak<\/em> karbon pazarlar\u0131na kat\u0131lmak kayd\u0131yla sera gaz\u0131 emisyonlar\u0131n\u0131 dengeleyebilir.<\/p>\n<p>Suudi Arabistan ileriye d\u00f6n\u00fck <a href=\"https:\/\/www.vision2030.gov.sa\/v2030\/a-sustainable-saudi-vision\/\">Suudi Arabistan\u2019\u0131n 2030 Vizyonu<\/a> kapsam\u0131nda bunu desteklemeye kararl\u0131d\u0131r. Bu ama\u00e7la, Kamu Yat\u0131r\u0131m Fonu (<a href=\"https:\/\/www.pif.gov.sa\/en\/Pages\/Homepage.aspx\">PIF<\/a>) ile \u00fclkenin borsas\u0131n\u0131 i\u015fleten holding \u015firketi Saudi Tadawul Group aras\u0131nda bir ortak giri\u015fim olan B\u00f6lgesel G\u00f6n\u00fcll\u00fc Karbon Piyasas\u0131 \u015eirketini kurmu\u015ftur. Yak\u0131n zamanda Abdul Latif Jameel ad\u0131na kat\u0131ld\u0131\u011f\u0131m karbon kredilerinin a\u00e7\u0131k art\u0131rmas\u0131, net s\u0131f\u0131ra do\u011fru k\u00fcresel ge\u00e7i\u015fe katk\u0131da bulunan b\u00f6lgesel i\u015fletmeleri desteklemedeki rol\u00fcn\u00fc g\u00f6steriyor.<\/p>\n<figure id=\"attachment_106468\" aria-describedby=\"caption-attachment-106468\" style=\"width: 207px\" class=\"wp-caption alignright\"><img decoding=\"async\" loading=\"lazy\" class=\"size-full wp-image-106468\" src=\"https:\/\/media.alj.com\/app\/uploads\/2023\/03\/Yazeed-Al-Humied-PIF.jpg\" alt=\"\" width=\"207\" height=\"166\" srcset=\"https:\/\/media.alj.com\/app\/uploads\/2023\/03\/Yazeed-Al-Humied-PIF.jpg 207w, https:\/\/media.alj.com\/app\/uploads\/2023\/03\/Yazeed-Al-Humied-PIF-150x120.jpg 150w\" sizes=\"(max-width: 207px) 100vw, 207px\" \/><figcaption id=\"caption-attachment-106468\" class=\"wp-caption-text\">Yazeed Al Humied<br \/>\nVali Yard\u0131mc\u0131s\u0131 ve Orta Do\u011fu ve Kuzey Afrika Yat\u0131r\u0131mlar\u0131 Ba\u015fkan\u0131 PIF<\/figcaption><\/figure>\n<p>PIF, g\u00f6n\u00fcll\u00fc karbon kredilerine verdi\u011fi deste\u011fi, iklim de\u011fi\u015fikli\u011finin etkilerini hafifletme ve 2060 y\u0131l\u0131na kadar net s\u0131f\u0131ra ula\u015fma \u00e7abas\u0131n\u0131n \u00f6nemli bir par\u00e7as\u0131 olarak g\u00f6rmektedir.<\/p>\n<p>Vali Yard\u0131mc\u0131s\u0131 ve PIF<a href=\"#_ftn3\" name=\"_ftnref3\">[3]<\/a> Orta Do\u011fu ve Kuzey Afrika Yat\u0131r\u0131mlar\u0131 Ba\u015fkan\u0131 Yazeed Al Humied, <em>\u201cG\u00f6n\u00fcll\u00fc olarak karbon pazarlar\u0131n\u0131n b\u00f6lge genelinde ilave karbon azaltma faydalar\u0131 sa\u011flama potansiyeli konusunda tutkuluyuz, bu nedenle MENA b\u00f6lgesinin iklim eyleminin \u00f6n saflar\u0131nda yer almas\u0131n\u0131 ve Suudi Arabistan\u2019\u0131n iklim sorununu \u00e7\u00f6zmede \u00f6nde gelen bir g\u00fc\u00e7 olmas\u0131n\u0131 sa\u011fl\u0131yoruz.<\/em>\u201d dedi.<\/p>\n<p><img decoding=\"async\" loading=\"lazy\" class=\"aligncenter size-full wp-image-106398\" src=\"https:\/\/media.alj.com\/app\/uploads\/2023\/03\/1824-ALJ-Carbon-Credits3-scaled.jpg\" alt=\"\" width=\"2560\" height=\"1810\" srcset=\"https:\/\/media.alj.com\/app\/uploads\/2023\/03\/1824-ALJ-Carbon-Credits3-scaled.jpg 2560w, https:\/\/media.alj.com\/app\/uploads\/2023\/03\/1824-ALJ-Carbon-Credits3-300x212.jpg 300w, https:\/\/media.alj.com\/app\/uploads\/2023\/03\/1824-ALJ-Carbon-Credits3-1024x724.jpg 1024w, https:\/\/media.alj.com\/app\/uploads\/2023\/03\/1824-ALJ-Carbon-Credits3-150x106.jpg 150w, https:\/\/media.alj.com\/app\/uploads\/2023\/03\/1824-ALJ-Carbon-Credits3-768x543.jpg 768w, https:\/\/media.alj.com\/app\/uploads\/2023\/03\/1824-ALJ-Carbon-Credits3-1536x1086.jpg 1536w, https:\/\/media.alj.com\/app\/uploads\/2023\/03\/1824-ALJ-Carbon-Credits3-2048x1448.jpg 2048w\" sizes=\"(max-width: 2560px) 100vw, 2560px\" \/><\/p>\n<h2>\u0130htilafl\u0131 mahkemeler<\/h2>\n<p>Karbon kredilerinin ileriye d\u00f6n\u00fck \u00f6nemli bir ad\u0131m oldu\u011funa dair geni\u015f bir uluslararas\u0131 fikir birli\u011fi olsa da, baz\u0131 makamlarda tart\u0131\u015fmal\u0131 olmaya devam ediyorlar. Ele\u015ftirmenler \u201ckarbon kredileri asl\u0131nda CO<sub>2<\/sub> emisyonlar\u0131n\u0131 azaltmaz; \u2018ye\u015fil y\u0131kama\u2019 i\u00e7in kullan\u0131labilir; t\u00fcm karbon dengeleme projeleri ger\u00e7ekle\u015ftirilmez ve t\u00fcm CO<sub>2<\/sub> emisyonlar\u0131 i\u00e7in yeterli karbon dengelemesi yoktur\u201d \u015feklinde bir dizi itirazda bulundu. Ele\u015ftiriler, COVID-19 salg\u0131n\u0131n\u0131n, 2. D\u00fcnya Sava\u015f\u0131\u2019ndan bu yana enerjiyle ilgili karbon emisyonlar\u0131nda en b\u00fcy\u00fck d\u00fc\u015f\u00fc\u015f\u00fc tetikledi\u011fini ve bu d\u00fc\u015f\u00fc\u015f\u00fcn 2 milyar ton oldu\u011funu g\u00f6steriyor. Ancak emisyonlar 2020 y\u0131l\u0131n\u0131n sonunda h\u0131zla toparland\u0131 ve Aral\u0131k 2020\u2019deki seviyeleri Aral\u0131k 2019\u2019daki seviyelerine g\u00f6re 60 milyon ton daha y\u00fcksekti. Bu, topra\u011f\u0131n hala h\u0131zl\u0131 bir \u015fekilde \u0131s\u0131nd\u0131\u011f\u0131n\u0131 ve temiz enerji uygulamalar\u0131n\u0131 i\u00e7in yeterli \u00e7aba harcanmad\u0131\u011f\u0131n\u0131 g\u00f6sterir<a href=\"#_ftn4\" name=\"_ftnref4\">[4]<\/a>.<\/p>\n<p>Karbon kredi planlar\u0131n\u0131n nihai \u00e7\u00f6z\u00fcm olmad\u0131\u011f\u0131 <strong><u>inkar edilemez<\/u><\/strong>. Ve baz\u0131 programlar\u0131n tam olmas\u0131 gerekti\u011fi gibi olmad\u0131\u011f\u0131na dair kan\u0131tlar var. \u00d6rne\u011fin, Oddar Meanchey Dengeleme Program\u0131, s\u00f6z konusu ormanlar\u0131n asl\u0131nda Kambo\u00e7ya ordusu taraf\u0131ndan sistematik olarak temizlendi\u011finin ke\u015ffedildi\u011fi 2017 y\u0131l\u0131na kadar Kambo\u00e7ya\u2019daki ormanlar\u0131 korumak i\u00e7in karbon kredileri yay\u0131nlad\u0131.<\/p>\n<p>Ancak bu, karbon kredileri ilkesinin terk edilmesi gerekti\u011fi anlam\u0131na gelmez. Bu sadece etkili ve \u015feffaf bir \u015fekilde izlenmeleri ve y\u00f6netilmeleri gerekti\u011fi anlam\u0131na gelir. Onlar olmadan, \u00f6zel finansman\u0131 iklim eylemi projelerine y\u00f6nlendirmenin ba\u015fka g\u00fcvenilir bir yolu olamazd\u0131.<\/p>\n<h2>\u0130yi y\u00f6neti\u015fim olmazsa olmaz<\/h2>\n<p>G\u00f6n\u00fcll\u00fc karbon dengelemeleri, \u00fcstlenilen faaliyet ile olumlu \u00e7evresel etki aras\u0131nda kan\u0131tlanabilir bir ba\u011flant\u0131n\u0131n bulunmas\u0131na dayan\u0131r. Bazen bu ba\u011flant\u0131 a\u00e7\u0131kt\u0131r: CO<sub>2<\/sub> emisyonlar\u0131n\u0131 ortadan kald\u0131rmak ve bunlar\u0131 hapsetmek i\u00e7in karbon yakalama teknolojisini kullanan \u015firketler emisyonlardaki azalmay\u0131 g\u00f6stermek i\u00e7in veri \u00fcretebilir. Ancak ye\u015fil turizmi te\u015fvik eden veya uluslararas\u0131 seyahatin zarar\u0131n\u0131 dengelemeye \u00e7al\u0131\u015fan dengeleme planlar\u0131 gibi di\u011fer programlar\u0131n \u00f6l\u00e7\u00fclmesi daha zor olabilir. Krediyi veren kurulu\u015fun itibar\u0131, dengeleme de\u011ferini belirler.<\/p>\n<p><img decoding=\"async\" loading=\"lazy\" class=\"alignleft size-full wp-image-106447\" src=\"https:\/\/media.alj.com\/app\/uploads\/2023\/03\/UN-Framework-CCC-logo.jpg\" alt=\"\" width=\"128\" height=\"121\" \/>Sayg\u0131n karbon dengeleme kurulu\u015flar\u0131 karbon projelerini dikkatli bir \u015fekilde se\u00e7er ve bunlar hakk\u0131nda titiz bir \u015fekilde rapor haz\u0131rlar ve \u00fc\u00e7\u00fcnc\u00fc taraf denet\u00e7iler bu t\u00fcr projelerin <a href=\"https:\/\/unfccc.int\/process-and-meetings\/the-kyoto-protocol\/mechanisms-under-the-kyoto-protocol\/the-clean-development-mechanism\">BM Temiz Geli\u015ftirme Mekanizmas\u0131<\/a> taraf\u0131ndan olu\u015fturulanlar gibi kat\u0131 standartlara uygun olarak \u00f6l\u00e7\u00fclmesini sa\u011flamaya yard\u0131mc\u0131 olabilir. Uygun \u015fekilde incelendikten sonra, \u201cy\u00fcksek kaliteli\u201d karbon dengeleme programlar\u0131, \u015firketlerin kendi sera gaz\u0131 emisyonlar\u0131n\u0131 kendileri azaltm\u0131\u015f gibi kullanabilecekleri CO<sub>2<\/sub> emisyonlar\u0131nda somut, \u00f6l\u00e7\u00fclebilir miktarlarda azalmalar\u0131 temsil eder.<\/p>\n<p>\u015eirket asl\u0131nda kendi emisyonlar\u0131n\u0131 azaltmam\u0131\u015f olsa da sonu\u00e7 maddi olarak ayn\u0131d\u0131r. Asl\u0131nda, \u015firket operasyonlar\u0131n\u0131 daha \u00e7evre dostu hale getirmek i\u00e7in daha fazla zaman sat\u0131n alm\u0131\u015f, atmosferdeki CO<sub>2<\/sub> seviyesi azalt\u0131lm\u0131\u015ft\u0131r.<\/p>\n<p><img decoding=\"async\" loading=\"lazy\" class=\"alignright size-full wp-image-106461\" src=\"https:\/\/media.alj.com\/app\/uploads\/2023\/03\/Verified-Carbon-Standard.jpg\" alt=\"\" width=\"318\" height=\"106\" srcset=\"https:\/\/media.alj.com\/app\/uploads\/2023\/03\/Verified-Carbon-Standard.jpg 318w, https:\/\/media.alj.com\/app\/uploads\/2023\/03\/Verified-Carbon-Standard-300x100.jpg 300w, https:\/\/media.alj.com\/app\/uploads\/2023\/03\/Verified-Carbon-Standard-150x50.jpg 150w\" sizes=\"(max-width: 318px) 100vw, 318px\" \/>Ekim 2022\u2019de FI konferans\u0131nda a\u00e7\u0131k art\u0131rmada verilen karbon kredilerini al\u0131n. Bunlar Verra\u2019ya kay\u0131tl\u0131d\u0131r ve akreditasyon ve uyum i\u00e7in alt\u0131n standartlar olan CORSIA ile uyumludur. <a href=\"https:\/\/verra.org\/\">Verra<\/a>, d\u00fcnyan\u0131n en yayg\u0131n olarak kullan\u0131lan sera gaz\u0131 (GHG) kredilendirme program\u0131 olan Do\u011frulanm\u0131\u015f Karbon Standard\u0131 (<a href=\"https:\/\/verra.org\/programs\/verified-carbon-standard\/\">VCS<\/a>) Program\u0131n\u0131 denetleyen k\u00e2r amac\u0131 g\u00fctmeyen bir kurulu\u015ftur.<\/p>\n<p>Finansman kaynaklar\u0131n\u0131, emisyonlar\u0131 azaltan ve ortadan kald\u0131ran, ge\u00e7im kaynaklar\u0131n\u0131 iyile\u015ftiren ve do\u011fay\u0131 koruyan faaliyetlere do\u011fru y\u00f6nlendirir. VCS projeleri atmosferden yakla\u015f\u0131k bir milyar ton karbon ve di\u011fer sera gaz\u0131 emisyonlar\u0131n\u0131 azaltm\u0131\u015f veya kald\u0131rm\u0131\u015ft\u0131r. VCS Program\u0131, ortak ortam\u0131m\u0131z\u0131 korumak i\u00e7in devam eden \u00e7abalarda kritik ve geli\u015fen bir bile\u015fen olarak g\u00f6r\u00fclmektedir<a href=\"#_ftn5\" name=\"_ftnref5\">[5]<\/a>.<\/p>\n<p><img decoding=\"async\" loading=\"lazy\" class=\"alignleft size-medium wp-image-106433\" src=\"https:\/\/media.alj.com\/app\/uploads\/2023\/03\/CORSIA-logo-300x140.jpg\" alt=\"\" width=\"300\" height=\"140\" srcset=\"https:\/\/media.alj.com\/app\/uploads\/2023\/03\/CORSIA-logo-300x140.jpg 300w, https:\/\/media.alj.com\/app\/uploads\/2023\/03\/CORSIA-logo-150x70.jpg 150w, https:\/\/media.alj.com\/app\/uploads\/2023\/03\/CORSIA-logo-768x359.jpg 768w, https:\/\/media.alj.com\/app\/uploads\/2023\/03\/CORSIA-logo.jpg 881w\" sizes=\"(max-width: 300px) 100vw, 300px\" \/><a href=\"https:\/\/www.icao.int\/environmental-protection\/CORSIA\/Pages\/default.aspx\">CORSIA<\/a><a href=\"#_ftn6\" name=\"_ftnref6\">[6]<\/a>, Uluslararas\u0131 Sivil Havac\u0131l\u0131k \u00d6rg\u00fct\u00fc (<a href=\"https:\/\/www.icao.int\/Pages\/default.aspx\">ICAO<\/a>) taraf\u0131ndan geli\u015ftirilmi\u015ftir ve \u201cUluslararas\u0131 Havac\u0131l\u0131k i\u00e7in Karbon Dengeleme ve Azaltma Plan\u0131\u201d anlam\u0131na gelir. Sadece \u00f6zel sekt\u00f6r \u015firketlerinin de\u011fil, kurulu\u015flar\u0131n iklim hedeflerine ula\u015fmak i\u00e7in \u00f6nemli bir ad\u0131m olarak kullanabilecekleri ilk k\u00fcresel pazar tabanl\u0131 \u00e7\u00f6z\u00fcmd\u00fcr.<\/p>\n<p>Yaln\u0131zca Verra gibi g\u00fcvenilir bir \u00fc\u00e7\u00fcnc\u00fc taraf\u00e7a akredite edilmi\u015f projeler CORSIA i\u00e7in uygundur ve s\u00f6z konusu karbon kredilerinin ger\u00e7ek oldu\u011funa dair g\u00fcvence sa\u011flar.<\/p>\n<p>Verra, her biri karbon kredilerinin \u00e7e\u015fitli kriterlere dayal\u0131 olarak farkl\u0131 proje t\u00fcrlerine nas\u0131l atanaca\u011f\u0131n\u0131 belirleyen belirli bir kurallar veya \u201cprotokollere\u201d sahip olan birka\u00e7 karbon dengeleme standard\u0131ndan sadece biridir. Bu standartlar, genellikle devlet kurumlar\u0131 taraf\u0131ndan belirlenen zorunlu bir pazar olup olmad\u0131klar\u0131na veya <a href=\"https:\/\/www.climateactionreserve.org\/\">\u0130klim Eylem Rezervi <\/a>ve <a href=\"https:\/\/americancarbonregistry.org\/\">Amerikan Karbon Sicili<\/a> (Winrock taraf\u0131ndan y\u00f6netilir) gibi k\u00e2r amac\u0131 g\u00fctmeyen kurulu\u015flar\u0131 kullanan g\u00f6n\u00fcll\u00fc bir pazar olup olmad\u0131klar\u0131na g\u00f6re farkl\u0131l\u0131k g\u00f6sterir.<\/p>\n<p>Standartlar\u0131n arkas\u0131ndaki kurulu\u015flar, kredilerin d\u00fczenlenme ve \u00f6denme lojisti\u011fini ele alman\u0131n yan\u0131 s\u0131ra projelerin sertifikalar\u0131n\u0131 y\u00f6neterek \u00fccretleri olu\u015ftururlar. T\u00fcm y\u00fcksek kaliteli projeler \u00fc\u00e7\u00fcnc\u00fc taraf denetim firmalar\u0131 taraf\u0131ndan incelemeye tabidir. Bu firmalar projeleri \u00f6nceden do\u011frular, ard\u0131ndan protokole uygun \u015fekilde \u00e7al\u0131\u015f\u0131p \u00e7al\u0131\u015fmad\u0131klar\u0131n\u0131 kontrol eder. Bu, kat\u0131l\u0131mc\u0131 kurulu\u015flar\u0131n, Oddar Meanchey gibi do\u011frulanmam\u0131\u015f projelerin kurban\u0131 olmaktan ka\u00e7\u0131nmas\u0131n\u0131 sa\u011flar.<\/p>\n<p>Bu g\u00f6zetim veya y\u00f6neti\u015fim hayati \u00f6nem arz etmektedir.<\/p>\n<p>G\u00f6n\u00fcll\u00fc karbon kredi piyasas\u0131 di\u011fer t\u00fcm piyasalara benzer: kalite i\u00e7in \u00f6deme yap\u0131yorsunuz. Mevcut karbon pazarlar\u0131nda, bir karbon kredisinin fiyat\u0131 metrik ton CO<sub>2<\/sub> emisyonu ba\u015f\u0131na birka\u00e7 sentten a\u011fa\u00e7land\u0131rma veya yeniden ormanla\u015ft\u0131rma projeleri i\u00e7in 15\u00a0USD\/mtCO<sub>2<\/sub>\u2019ye, hatta teknoloji tabanl\u0131 tasfiye projeleri i\u00e7in 300\u00a0USD\/mtCO<sup>2<\/sup>\u2019ye kadar de\u011fi\u015febilmektedir<a href=\"#_ftn7\" name=\"_ftnref7\">[7]<\/a>.<\/p>\n<h2>Karma\u015f\u0131k fiyatland\u0131rma<\/h2>\n<p>Ancak karbon kredilerinin fiyatland\u0131r\u0131lmas\u0131 hala karma\u015f\u0131kt\u0131r. Piyasada \u00e7ok \u00e7e\u015fitli krediler vard\u0131r ve fiyat\u0131 etkileyen \u00e7e\u015fitli fakt\u00f6rler vard\u0131r. Bunlardan en \u00f6nemlilerinden biri, genellikle iki kategoriden birine giren altta yatan projenin niteli\u011fidir: \u00f6nleme ve kald\u0131rma. \u00d6nleme projeleri sera gaz\u0131 (GHG) emisyonlar\u0131n\u0131 \u00f6nlerken, kald\u0131rma projeleri sera gazlar\u0131n\u0131 toplar ve atmosferden kald\u0131r\u0131r.<\/p>\n<figure id=\"attachment_102056\" aria-describedby=\"caption-attachment-102056\" style=\"width: 2560px\" class=\"wp-caption aligncenter\"><img decoding=\"async\" loading=\"lazy\" class=\"size-full wp-image-102056\" src=\"https:\/\/media.alj.com\/app\/uploads\/2022\/09\/Metz-Solar-Farm-Aerial-view-scaled.jpg\" alt=\"Metz Solar Farm Aerial view\" width=\"2560\" height=\"1707\" srcset=\"https:\/\/media.alj.com\/app\/uploads\/2022\/09\/Metz-Solar-Farm-Aerial-view-scaled.jpg 2560w, https:\/\/media.alj.com\/app\/uploads\/2022\/09\/Metz-Solar-Farm-Aerial-view-300x200.jpg 300w, https:\/\/media.alj.com\/app\/uploads\/2022\/09\/Metz-Solar-Farm-Aerial-view-1024x683.jpg 1024w, https:\/\/media.alj.com\/app\/uploads\/2022\/09\/Metz-Solar-Farm-Aerial-view-150x100.jpg 150w, https:\/\/media.alj.com\/app\/uploads\/2022\/09\/Metz-Solar-Farm-Aerial-view-768x512.jpg 768w, https:\/\/media.alj.com\/app\/uploads\/2022\/09\/Metz-Solar-Farm-Aerial-view-1536x1024.jpg 1536w, https:\/\/media.alj.com\/app\/uploads\/2022\/09\/Metz-Solar-Farm-Aerial-view-2048x1366.jpg 2048w\" sizes=\"(max-width: 2560px) 100vw, 2560px\" \/><figcaption id=\"caption-attachment-102056\" class=\"wp-caption-text\">Avustralya\u2019daki Metz G\u00fcne\u015f \u00c7iftli\u011fi Eyl\u00fcl 2022\u2019de ticari olarak temiz enerji \u00fcretmeye ba\u015flayan Abdul Latif Jameel Energy\u2019nin bir par\u00e7as\u0131 olan FRV taraf\u0131ndan kuruldu. G\u00fcne\u015f Enerjisi Tesisi 115 MWac kapasiteye sahiptir ve 248 hektarl\u0131k alan\u0131yla 40.000 haneye kadar enerji talebini kar\u015f\u0131layabilir.<\/figcaption><\/figure>\n<p>\u00d6rne\u011fin yenilenebilir enerji projeleri, ormanc\u0131l\u0131k ve \u00e7ift\u00e7ilik emisyonlar\u0131n\u0131 \u00f6nleme projeleri gibi, <a href=\"https:\/\/unfccc.int\/topics\/land-use\/workstreams\/redd\/what-is-redd\">REDD+<\/a> olarak da bilinen \u00f6nleme kategorisindedir. Bunlar orman tahribini veya sulak alan tahribini durdurur veya s\u0131\u011f\u0131rlar\u0131n farkl\u0131 yemlerle besleyerek yayd\u0131\u011f\u0131 metan miktar\u0131n\u0131 azaltma projeleri gibi sera gaz\u0131 emisyonlar\u0131n\u0131 s\u0131n\u0131rlayan tar\u0131m ve toprak y\u00f6netimi uygulamalar\u0131n\u0131 te\u015fvik eder. Di\u011fer \u00f6rnekler, yak\u0131t verimlili\u011fini art\u0131ran, enerji tasarruflu binalar in\u015fa eden veya end\u00fcstriyel kirleticileri yakalayan ve yok eden projelerdir.<\/p>\n<p>Kald\u0131rma kategorisi, atmosferden karbon yakalayan ve depolayan projeleri i\u00e7erir. Bunlar genellikle, a\u011fa\u00e7lar\u0131n veya topra\u011f\u0131n \u00f6rne\u011fin ormanla\u015ft\u0131rma, yeniden a\u011fa\u00e7land\u0131rma ve sulak alan y\u00f6netimi gibi projelerde karbonu gidermek ve yakalamak i\u00e7in kullan\u0131ld\u0131\u011f\u0131 uygulamalard\u0131r. Di\u011ferleri ise do\u011frudan havada yakalama veya <a href=\"https:\/\/alj.com\/tr\/perspective\/karbon-yakalama-dunyayi-co%e2%82%82den-kurtarabilir-mi\/\">karbon yakalama ve depolama<\/a> gibi teknolojiler kullan\u0131r.<\/p>\n<p>T\u00fcm bunlar fiyata yans\u0131r, \u00e7\u00fcnk\u00fc kald\u0131rma kredileri bir primi \u00e7eker, bunun nedeni k\u0131smen altta yatan projenin daha fazla para gerektirmesi ve ayn\u0131 zamanda daha b\u00fcy\u00fck bir talebin olmas\u0131d\u0131r. Yat\u0131r\u0131mc\u0131lar bunun, iklim de\u011fi\u015fikli\u011fine kar\u015f\u0131 m\u00fccadelede daha etkili bir ara\u00e7 oldu\u011funa inan\u0131r.<\/p>\n<p>Altta yatan karbon projesi, BM\u2019nin S\u00fcrd\u00fcr\u00fclebilir Kalk\u0131nma Hedeflerinden (<a href=\"https:\/\/sdgs.un.org\/goals\">SDG<\/a>) baz\u0131lar\u0131n\u0131n kar\u015f\u0131lanmas\u0131na da yard\u0131mc\u0131 oldu\u011funda, bu projeden elde edilen kredinin de\u011feri daha y\u00fcksek olabilir. \u00d6rne\u011fin, proje <a href=\"https:\/\/jameel75.com\/en\/sdg\">SDG<\/a>\u2019lerden ikisi olan temiz su sa\u011fl\u0131yorsa ve ayn\u0131 zamanda yoksullukla da m\u00fccadele ediyorsa, olu\u015fturdu\u011fu karbon kredisi di\u011fer proje t\u00fcrlerine k\u0131yasla daha y\u00fcksek bir bedelle i\u015flem g\u00f6rebilir.<\/p>\n<p><img decoding=\"async\" loading=\"lazy\" class=\"aligncenter  wp-image-106454\" src=\"https:\/\/media.alj.com\/app\/uploads\/2023\/03\/UN-SDGs.jpg\" alt=\"\" width=\"798\" height=\"399\" srcset=\"https:\/\/media.alj.com\/app\/uploads\/2023\/03\/UN-SDGs.jpg 662w, https:\/\/media.alj.com\/app\/uploads\/2023\/03\/UN-SDGs-300x150.jpg 300w, https:\/\/media.alj.com\/app\/uploads\/2023\/03\/UN-SDGs-150x75.jpg 150w\" sizes=\"(max-width: 798px) 100vw, 798px\" \/><\/p>\n<p>Bu nedenle, SDG\u2019leri kar\u015f\u0131layan topluluk tabanl\u0131 projelerden sal\u0131nan krediler genellikle end\u00fcstriyel projeler gibi SDG\u2019leri kar\u015f\u0131lamayan projelere k\u0131yasla daha y\u00fcksek bir fiyatla i\u015flem g\u00f6r\u00fcr. Bu projeler, end\u00fcstriyel projelerin tipik olarak daha b\u00fcy\u00fck \u00f6l\u00e7ekli olmas\u0131na ve genellikle topluluk tabanl\u0131 projelere k\u0131yasla daha kolay do\u011frulanan sera gaz\u0131 dengeleme potansiyeli ile b\u00fcy\u00fck hacimlerde kredi \u00fcretebilmesine ra\u011fmen b\u00f6yledir. Ayr\u0131ca yerel gruplar veya STK\u2019ler taraf\u0131ndan daha fazla yerelle\u015ftirilmi\u015f, tasarlanm\u0131\u015f ve y\u00f6netilmi\u015f olma e\u011filimindedirler, daha k\u00fc\u00e7\u00fck miktarlarda karbon kredisi \u00fcretirler ve sertifikaland\u0131rmas\u0131 genellikle daha pahal\u0131d\u0131r.<\/p>\n<p>Fiyat\u0131 etkileyen di\u011fer fakt\u00f6rler; talep ve arz, projenin nerede oldu\u011fu, teslim s\u00fcresi ve ne kadar eski oldu\u011fu gibi herhangi bir piyasada g\u00f6r\u00fclmesi gereken fakt\u00f6rlerdir. Bir proje ne kadar eskiyse karbon kredileri de o kadar ucuzdur.<\/p>\n<h2>S\u00fcrd\u00fcr\u00fclebilir bir gelece\u011fe ad\u0131m atmak<\/h2>\n<p>Buras\u0131 her ikisinin de h\u0131zla b\u00fcy\u00fcd\u00fc\u011f\u00fc bir pazard\u0131r. \u00d6l\u00e7eklendirme G\u00f6n\u00fcll\u00fc Karbon Pazarlar\u0131 G\u00f6rev G\u00fcc\u00fc (<a href=\"https:\/\/www.iif.com\/tsvcm\">TSVCM<\/a>), karbon kredilerine olan talebin 2030 y\u0131l\u0131na kadar 15 veya daha fazla ve 2050 y\u0131l\u0131na kadar 100 kata kadar artabilece\u011fini tahmin etmektedir. Genel olarak karbon kredileri pazar\u0131 2030 y\u0131l\u0131nda 50 milyar ABD dolar\u0131n\u0131n \u00fczerinde bir de\u011fere sahip olabilir.<a href=\"#_ftn8\" name=\"_ftnref8\">[8]<\/a><\/p>\n<p><img decoding=\"async\" loading=\"lazy\" class=\"aligncenter size-full wp-image-106405\" src=\"https:\/\/media.alj.com\/app\/uploads\/2023\/03\/1824-ALJ-Carbon-Credits4-scaled.jpg\" alt=\"\" width=\"2560\" height=\"1894\" srcset=\"https:\/\/media.alj.com\/app\/uploads\/2023\/03\/1824-ALJ-Carbon-Credits4-scaled.jpg 2560w, https:\/\/media.alj.com\/app\/uploads\/2023\/03\/1824-ALJ-Carbon-Credits4-300x222.jpg 300w, https:\/\/media.alj.com\/app\/uploads\/2023\/03\/1824-ALJ-Carbon-Credits4-1024x758.jpg 1024w, https:\/\/media.alj.com\/app\/uploads\/2023\/03\/1824-ALJ-Carbon-Credits4-150x111.jpg 150w, https:\/\/media.alj.com\/app\/uploads\/2023\/03\/1824-ALJ-Carbon-Credits4-768x568.jpg 768w, https:\/\/media.alj.com\/app\/uploads\/2023\/03\/1824-ALJ-Carbon-Credits4-1536x1137.jpg 1536w, https:\/\/media.alj.com\/app\/uploads\/2023\/03\/1824-ALJ-Carbon-Credits4-2048x1515.jpg 2048w\" sizes=\"(max-width: 2560px) 100vw, 2560px\" \/><\/p>\n<p>Bu b\u00fcy\u00fcme tahminlerine ula\u015f\u0131lmas\u0131 kritik \u00f6nem ta\u015f\u0131maktad\u0131r. Karbon kredi piyasas\u0131, aksi takdirde ba\u015far\u0131s\u0131z olacak veya ger\u00e7ekle\u015femeyecek iklim pozitif projelerine ula\u015fmak i\u00e7in \u00f6zel bir finansman kanal\u0131 olu\u015fturmu\u015ftur. Ayr\u0131ca, yabanc\u0131 yard\u0131mlar\u0131n genellikle sa\u011flayamad\u0131\u011f\u0131 bir \u015fekilde d\u00fcr\u00fcstl\u00fck ve \u015feffafl\u0131k sa\u011flayan bir y\u00f6neti\u015fime sahiptir. Karbon kredileri, gezegenimizin iklim krizi i\u00e7in nihai \u00e7\u00f6z\u00fcm olmayabilir; ancak \u015fimdilik sahip oldu\u011fumuz en umut verici ara\u00e7lardan biridir.<\/p>\n<p>&nbsp;<\/p>\n<p><a href=\"#_ftnref1\" name=\"_ftn1\">[1]<\/a> <a href=\"https:\/\/www.lse.ac.uk\/granthaminstitute\/explainers\/how-do-emissions-trading-systems-work\/#:~:text=Emissions%20trading%2C%20also%20known%20as,emissions%20allowed%20under%20the%20cap\">https:\/\/www.lse.ac.uk\/granthaminstitute\/explainers\/how-do-emissions-trading-systems-work\/#:~:text=Emissions%20trading%2C%20also%20known%20as,emissions%20allowed%20under%20the%20cap<\/a>.<\/p>\n<p><a href=\"#_ftnref2\" name=\"_ftn2\">[2]<\/a> <a href=\"https:\/\/carboncredits.com\/the-ultimate-guide-to-understanding-carbon-credits\/#9\">https:\/\/carboncredits.com\/the-ultimate-guide-to-understanding-carbon-credits\/#9<\/a><\/p>\n<p><a href=\"#_ftnref3\" name=\"_ftn3\">[3]<\/a> https:\/\/carboncredits.com\/saudi-pif-largest-corsia-compliant-carbon-credits-auction\/<\/p>\n<p><a href=\"#_ftnref4\" name=\"_ftn4\">[4]<\/a> <a href=\"https:\/\/impactful.ninja\/reasons-that-make-carbon-offsetting-a-bad-idea\/#:~:text=Carbon%20offsetting%20is%20not%20economically,world's%20poor%20is%20highly%20disproportionate\">https:\/\/impactful.ninja\/reasons-that-make-carbon-offsetting-a-bad-idea\/#:~:text=Carbon%20offsetting%20is%20not%20economically,world&#8217;s%20poor%20is%20highly%20disproportionate<\/a>.<\/p>\n<p><a href=\"#_ftnref5\" name=\"_ftn5\">[5]<\/a> <a href=\"https:\/\/verra.org\/programs\/verified-carbon-standard\/#how-it-works\">https:\/\/verra.org\/programs\/verified-carbon-standard\/#how-it-works<\/a><\/p>\n<p><a href=\"#_ftnref6\" name=\"_ftn6\">[6]<\/a> <a href=\"https:\/\/www.iata.org\/en\/iata-repository\/pressroom\/fact-sheets\/fact-sheet---corsia\/\">https:\/\/www.iata.org\/en\/iata-repository\/pressroom\/fact-sheets\/fact-sheet&#8212;corsia\/<\/a><\/p>\n<p><a href=\"#_ftnref7\" name=\"_ftn7\">[7]<\/a> <a href=\"https:\/\/www.spglobal.com\/commodityinsights\/en\/market-insights\/blogs\/energy-transition\/061021-voluntary-carbon-markets-pricing-participants-trading-corsia-credits\">https:\/\/www.spglobal.com\/commodityinsights\/en\/market-insights\/blogs\/energy-transition\/061021-voluntary-carbon-markets-pricing-participants-trading-corsia-credits<\/a><\/p>\n<p><a href=\"#_ftnref8\" name=\"_ftn8\">[8]<\/a> <a href=\"https:\/\/www.mckinsey.com\/capabilities\/sustainability\/our-insights\/a-blueprint-for-scaling-voluntary-carbon-markets-to-meet-the-climate-challenge\">https:\/\/www.mckinsey.com\/capabilities\/sustainability\/our-insights\/a-blueprint-for-scaling-voluntary-carbon-markets-to-meet-the-climate-challenge<\/a><\/p>\n","protected":false},"featured_media":106419,"template":"","tags":[],"acf":[],"yoast_head":"<!-- This site is optimized with the Yoast SEO plugin v21.5 - https:\/\/yoast.com\/wordpress\/plugins\/seo\/ -->\n<title>Karbon i\u00e7in Geri Say\u0131m | Abdul Latif Jameel\u00ae<\/title>\n<meta name=\"description\" content=\"Karbon Azaltma&#039;n\u0131n \u00f6nemini, Karbon Ayak \u0130zinizi nas\u0131l azaltaca\u011f\u0131n\u0131z\u0131 ke\u015ffedin ve net s\u0131f\u0131ra h\u0131zl\u0131 ge\u00e7i\u015fi sa\u011flay\u0131n. \u015eimdi \u00e7\u00f6z\u00fcm\u00fcn bir par\u00e7as\u0131 olun.\" \/>\n<meta name=\"robots\" content=\"index, follow, max-snippet:-1, max-image-preview:large, max-video-preview:-1\" \/>\n<link rel=\"canonical\" href=\"https:\/\/alj.com\/tr\/spotlight-by-fady-jameel\/countdown-for-carbon\/\" \/>\n<meta property=\"og:locale\" content=\"tr_TR\" \/>\n<meta property=\"og:type\" content=\"article\" \/>\n<meta property=\"og:title\" content=\"Karbon i\u00e7in Geri Say\u0131m | Abdul Latif Jameel\u00ae\" \/>\n<meta property=\"og:description\" content=\"Karbon Azaltma&#039;n\u0131n \u00f6nemini, Karbon Ayak \u0130zinizi nas\u0131l azaltaca\u011f\u0131n\u0131z\u0131 ke\u015ffedin ve net s\u0131f\u0131ra h\u0131zl\u0131 ge\u00e7i\u015fi sa\u011flay\u0131n. \u015eimdi \u00e7\u00f6z\u00fcm\u00fcn bir par\u00e7as\u0131 olun.\" \/>\n<meta property=\"og:url\" content=\"https:\/\/alj.com\/tr\/spotlight-by-fady-jameel\/countdown-for-carbon\/\" \/>\n<meta property=\"og:site_name\" content=\"Abdul Latif Jameel\" \/>\n<meta property=\"article:publisher\" content=\"https:\/\/www.facebook.com\/Abdul.Latif.Jameel.Official\" \/>\n<meta property=\"article:modified_time\" content=\"2023-05-08T10:52:46+00:00\" \/>\n<meta property=\"og:image\" content=\"https:\/\/media.alj.com\/app\/uploads\/2023\/03\/ALJ-CarbonCredits880x440.jpg\" \/>\n\t<meta property=\"og:image:width\" content=\"887\" \/>\n\t<meta property=\"og:image:height\" content=\"440\" \/>\n\t<meta property=\"og:image:type\" content=\"image\/jpeg\" \/>\n<meta name=\"twitter:card\" content=\"summary_large_image\" \/>\n<meta name=\"twitter:label1\" content=\"Est. reading time\" \/>\n\t<meta name=\"twitter:data1\" content=\"16 minutes\" \/>\n<script type=\"application\/ld+json\" class=\"yoast-schema-graph\">{\"@context\":\"https:\/\/schema.org\",\"@graph\":[{\"@type\":\"WebPage\",\"@id\":\"https:\/\/alj.com\/tr\/spotlight-by-fady-jameel\/countdown-for-carbon\/\",\"url\":\"https:\/\/alj.com\/tr\/spotlight-by-fady-jameel\/countdown-for-carbon\/\",\"name\":\"Karbon i\u00e7in Geri Say\u0131m | Abdul Latif Jameel\u00ae\",\"isPartOf\":{\"@id\":\"https:\/\/alj.com\/en\/#website\"},\"datePublished\":\"2023-03-01T06:09:02+00:00\",\"dateModified\":\"2023-05-08T10:52:46+00:00\",\"description\":\"Karbon Azaltma'n\u0131n \u00f6nemini, Karbon Ayak \u0130zinizi nas\u0131l azaltaca\u011f\u0131n\u0131z\u0131 ke\u015ffedin ve net s\u0131f\u0131ra h\u0131zl\u0131 ge\u00e7i\u015fi sa\u011flay\u0131n. \u015eimdi \u00e7\u00f6z\u00fcm\u00fcn bir par\u00e7as\u0131 olun.\",\"breadcrumb\":{\"@id\":\"https:\/\/alj.com\/tr\/spotlight-by-fady-jameel\/countdown-for-carbon\/#breadcrumb\"},\"inLanguage\":\"tr\",\"potentialAction\":[{\"@type\":\"ReadAction\",\"target\":[\"https:\/\/alj.com\/tr\/spotlight-by-fady-jameel\/countdown-for-carbon\/\"]}]},{\"@type\":\"BreadcrumbList\",\"@id\":\"https:\/\/alj.com\/tr\/spotlight-by-fady-jameel\/countdown-for-carbon\/#breadcrumb\",\"itemListElement\":[{\"@type\":\"ListItem\",\"position\":1,\"name\":\"Home\",\"item\":\"https:\/\/alj.com\/tr\/\"},{\"@type\":\"ListItem\",\"position\":2,\"name\":\"Spotlight By Fady Jameel\",\"item\":\"https:\/\/alj.com\/ja\/spotlight-by-fady-jameel\/\"},{\"@type\":\"ListItem\",\"position\":3,\"name\":\"Karbon i\u00e7in geri say\u0131m\"}]},{\"@type\":\"WebSite\",\"@id\":\"https:\/\/alj.com\/en\/#website\",\"url\":\"https:\/\/alj.com\/en\/\",\"name\":\"Abdul Latif Jameel\",\"description\":\"Abdul Latif Jameel\",\"potentialAction\":[{\"@type\":\"SearchAction\",\"target\":{\"@type\":\"EntryPoint\",\"urlTemplate\":\"https:\/\/alj.com\/en\/?s={search_term_string}\"},\"query-input\":\"required name=search_term_string\"}],\"inLanguage\":\"tr\"}]}<\/script>\n<!-- \/ Yoast SEO plugin. -->","yoast_head_json":{"title":"Karbon i\u00e7in Geri Say\u0131m | Abdul Latif Jameel\u00ae","description":"Karbon Azaltma'n\u0131n \u00f6nemini, Karbon Ayak \u0130zinizi nas\u0131l azaltaca\u011f\u0131n\u0131z\u0131 ke\u015ffedin ve net s\u0131f\u0131ra h\u0131zl\u0131 ge\u00e7i\u015fi sa\u011flay\u0131n. \u015eimdi \u00e7\u00f6z\u00fcm\u00fcn bir par\u00e7as\u0131 olun.","robots":{"index":"index","follow":"follow","max-snippet":"max-snippet:-1","max-image-preview":"max-image-preview:large","max-video-preview":"max-video-preview:-1"},"canonical":"https:\/\/alj.com\/tr\/spotlight-by-fady-jameel\/countdown-for-carbon\/","og_locale":"tr_TR","og_type":"article","og_title":"Karbon i\u00e7in Geri Say\u0131m | Abdul Latif Jameel\u00ae","og_description":"Karbon Azaltma'n\u0131n \u00f6nemini, Karbon Ayak \u0130zinizi nas\u0131l azaltaca\u011f\u0131n\u0131z\u0131 ke\u015ffedin ve net s\u0131f\u0131ra h\u0131zl\u0131 ge\u00e7i\u015fi sa\u011flay\u0131n. \u015eimdi \u00e7\u00f6z\u00fcm\u00fcn bir par\u00e7as\u0131 olun.","og_url":"https:\/\/alj.com\/tr\/spotlight-by-fady-jameel\/countdown-for-carbon\/","og_site_name":"Abdul Latif Jameel","article_publisher":"https:\/\/www.facebook.com\/Abdul.Latif.Jameel.Official","article_modified_time":"2023-05-08T10:52:46+00:00","og_image":[{"width":887,"height":440,"url":"https:\/\/media.alj.com\/app\/uploads\/2023\/03\/ALJ-CarbonCredits880x440.jpg","type":"image\/jpeg"}],"twitter_card":"summary_large_image","twitter_misc":{"Est. reading time":"16 minutes"},"schema":{"@context":"https:\/\/schema.org","@graph":[{"@type":"WebPage","@id":"https:\/\/alj.com\/tr\/spotlight-by-fady-jameel\/countdown-for-carbon\/","url":"https:\/\/alj.com\/tr\/spotlight-by-fady-jameel\/countdown-for-carbon\/","name":"Karbon i\u00e7in Geri Say\u0131m | Abdul Latif Jameel\u00ae","isPartOf":{"@id":"https:\/\/alj.com\/en\/#website"},"datePublished":"2023-03-01T06:09:02+00:00","dateModified":"2023-05-08T10:52:46+00:00","description":"Karbon Azaltma'n\u0131n \u00f6nemini, Karbon Ayak \u0130zinizi nas\u0131l azaltaca\u011f\u0131n\u0131z\u0131 ke\u015ffedin ve net s\u0131f\u0131ra h\u0131zl\u0131 ge\u00e7i\u015fi sa\u011flay\u0131n. \u015eimdi \u00e7\u00f6z\u00fcm\u00fcn bir par\u00e7as\u0131 olun.","breadcrumb":{"@id":"https:\/\/alj.com\/tr\/spotlight-by-fady-jameel\/countdown-for-carbon\/#breadcrumb"},"inLanguage":"tr","potentialAction":[{"@type":"ReadAction","target":["https:\/\/alj.com\/tr\/spotlight-by-fady-jameel\/countdown-for-carbon\/"]}]},{"@type":"BreadcrumbList","@id":"https:\/\/alj.com\/tr\/spotlight-by-fady-jameel\/countdown-for-carbon\/#breadcrumb","itemListElement":[{"@type":"ListItem","position":1,"name":"Home","item":"https:\/\/alj.com\/tr\/"},{"@type":"ListItem","position":2,"name":"Spotlight By Fady Jameel","item":"https:\/\/alj.com\/ja\/spotlight-by-fady-jameel\/"},{"@type":"ListItem","position":3,"name":"Karbon i\u00e7in geri say\u0131m"}]},{"@type":"WebSite","@id":"https:\/\/alj.com\/en\/#website","url":"https:\/\/alj.com\/en\/","name":"Abdul Latif Jameel","description":"Abdul Latif Jameel","potentialAction":[{"@type":"SearchAction","target":{"@type":"EntryPoint","urlTemplate":"https:\/\/alj.com\/en\/?s={search_term_string}"},"query-input":"required name=search_term_string"}],"inLanguage":"tr"}]}},"post-meta-fields":{"push_notification":["no"],"_push_notification":["field_5c3b1fb67034d"],"_wpml_word_count":["{\"total\":2897,\"to_translate\":{\"ar\":2897,\"zh-hans\":2897,\"fr\":2897,\"ja\":2897,\"es\":2897,\"tr\":2897}}"],"_wpml_media_featured":["1"],"_wpml_media_duplicate":["1"],"perspective_short_title":["Karbon i\u00e7in geri say\u0131m"],"perspective_summury":["<p>Karbon kredileri, \u015firketlerin net s\u0131f\u0131r hedefine ula\u015fman\u0131n getirdi\u011fi zorluklardan baz\u0131lar\u0131n\u0131 ele almak i\u00e7in etkili bir \u015fekilde zaman sat\u0131n alan ge\u00e7ici bir \u00f6nlem olan pragmatik bir uzla\u015fma sunar.<\/p>\n"],"perspective_location":["Dubai, BAE"],"perspective_author_name":["<p><span style=\"color: #000000;\"><a href=\"https:\/\/www.alj.com\/tr\/our-people\/fady-jameel\/\">Fady Jameel<\/a><br \/>\n<\/span><\/p>\n<p>Ba\u015fkan Vekili ve Y\u00f6netim Kurulu Ba\u015fkan Yard\u0131mc\u0131s\u0131,\u00a0Abdul Latif Jameel International<\/p>\n"],"perspective_author_bio":["<p><a href=\"https:\/\/www.alj.com\/tr\/our-people\/fady-jameel\/\">Fady Jameel<\/a>, 1945\u2019te merhum dedesi Abdul Latif Jameel taraf\u0131ndan kurulan ba\u011f\u0131ms\u0131z, uluslararas\u0131 ve aile k\u00f6kenli ayr\u0131\u015ft\u0131r\u0131lm\u0131\u015f \u015firketler toplulu\u011fu Abdul Latif Jameel\u2019e ba\u011fl\u0131 Abdul Latif Jameel International\u2019in Abdul Latif Jameel Suudi Arabistan Ba\u015fkan Vekili ve Y\u00f6netim Kurulu Ba\u015fkan Yard\u0131mc\u0131s\u0131d\u0131r.<\/p>\n"],"wpcf-featured-news":["0"],"is_latest_news":["0"],"wpcf-show-news-at-homepage":["1"],"publish_mobile":[""],"_publish_mobile":["field_5bfa8eb2e65cf"],"mobile_featured_image":["https:\/\/media.alj.com\/app\/uploads\/2023\/03\/ALJ-CarbonCredits760x360.jpg"],"_mobile_featured_image":["field_5c3b204983dea"],"content_series_applied":[""],"_content_series_applied":["field_60f3d3faf82ac"],"featured_on_listing_page":["0"],"_featured_on_listing_page":["field_62458ea7383c3"],"is_podcast":["0"],"_is_podcast":["field_5ee1dff933e7f"],"wpcf-perspective-downloadable_file":[""],"wpcf-perspective-published-date":["1677628800"],"wpcf-video-description":[""],"wpcf-layoutvideourl":[""],"wpcf-video-thumb":[""],"wpcf-social4-svg":[""],"wpcf-social4-background-image":[""],"wpcf-social4-text":[""],"wpcf-social4-url":[""],"wpcf-social3-svg":[""],"wpcf-social3-background-image":[""],"wpcf-social3-text":[""],"wpcf-social3-url":[""],"wpcf-social-text-svg-square":[""],"wpcf-social-text-image-square":[""],"wpcf-social-text-text-square":[""],"wpcf-social-text-url-square":[""],"wpcf-social2-svg":[""],"wpcf-social2-background-image":[""],"wpcf-social2-text":[""],"wpcf-social2-url":[""],"wpcf-social-svg-square":[""],"wpcf-social-image-square":[""],"wpcf-social-text-square":[""],"wpcf-social-url-square":[""],"wpcf-social1-svg":[""],"wpcf-social1-background-image":[""],"wpcf-social1-text":[""],"wpcf-social1-url":[""],"wpcf-quotes-with-auther-text-1":[""],"wpcf-card_article_with_title_content":[""],"wpcf-card_article_content":["<p>write your content<\/p>"],"wpcf-quotes-with-auther-text":[""],"_bsf_post_type":["0"],"_bsf_item_review_type":["none"],"_yoast_wpseo_title":["Karbon i\u00e7in Geri Say\u0131m | Abdul Latif Jameel\u00ae"],"_yoast_wpseo_metadesc":["Karbon Azaltma'n\u0131n \u00f6nemini, Karbon Ayak \u0130zinizi nas\u0131l azaltaca\u011f\u0131n\u0131z\u0131 ke\u015ffedin ve net s\u0131f\u0131ra h\u0131zl\u0131 ge\u00e7i\u015fi sa\u011flay\u0131n. \u015eimdi \u00e7\u00f6z\u00fcm\u00fcn bir par\u00e7as\u0131 olun."],"_yoast_wpseo_content_score":["30"],"_yoast_wpseo_estimated-reading-time-minutes":[""],"_yoast_wpseo_wordproof_timestamp":[""],"_thumbnail_id":["106419"],"_edit_lock":["1683543046:25"],"_edit_last":["25"],"wpcf-projecttitle":[""],"wpcf-projectdescription":[""],"wpcf-projectimage-video1":["image"],"wpcf-projectimage-1":[""],"wpcf-projectvideo-1":[""],"wpcf-projectdescription-1":[""],"wpcf-projectimage-video2":["image"],"wpcf-projectimage-2":[""],"wpcf-projectvideo-2":[""],"wpcf-projectdescription-2":[""],"wpcf-projectimage-video3":["image"],"wpcf-projectimage-3":[""],"wpcf-projectvideo-3":[""],"wpcf-projectdescription-3":[""],"wpcf-projectimage-video4":["image"],"wpcf-projectimage-4":[""],"wpcf-projectvideo-4":[""],"wpcf-projectdescription-4":[""],"_last_translation_edit_mode":["native-editor"],"perspective_business_sector":["Enerji ve \u00c7evre Hizmetleri"],"perspective_author_image":["96334"],"wpcf-card-image":[""],"_wpcf-card-image-sort-order":["a:1:{i:0;i:1482225;}"],"amazonS3_cache":["a:26:{s:64:\"\/\/alj.com\/app\/uploads\/2023\/03\/1824-ALJ-Carbon-Credits-scaled.jpg\";a:2:{s:2:\"id\";i:106384;s:11:\"source_type\";s:13:\"media-library\";}s:70:\"\/\/media.alj.com\/app\/uploads\/2023\/03\/1824-ALJ-Carbon-Credits-scaled.jpg\";a:2:{s:2:\"id\";i:106384;s:11:\"source_type\";s:13:\"media-library\";}s:68:\"\/\/alj.com\/app\/uploads\/2022\/11\/Abdul-Latif-Jameel-VCM-PIF-signing.jpg\";a:2:{s:2:\"id\";i:103761;s:11:\"source_type\";s:13:\"media-library\";}s:74:\"\/\/media.alj.com\/app\/uploads\/2022\/11\/Abdul-Latif-Jameel-VCM-PIF-signing.jpg\";a:2:{s:2:\"id\";i:103761;s:11:\"source_type\";s:13:\"media-library\";}s:58:\"\/\/alj.com\/app\/uploads\/2023\/03\/1824-ALJ-Carbon-Credits2.jpg\";a:2:{s:2:\"id\";i:106391;s:11:\"source_type\";s:13:\"media-library\";}s:64:\"\/\/media.alj.com\/app\/uploads\/2023\/03\/1824-ALJ-Carbon-Credits2.jpg\";a:2:{s:2:\"id\";i:106391;s:11:\"source_type\";s:13:\"media-library\";}s:57:\"\/\/alj.com\/app\/uploads\/2023\/03\/Paris-Climate-Agreement.jpg\";a:2:{s:2:\"id\";i:106440;s:11:\"source_type\";s:13:\"media-library\";}s:63:\"\/\/media.alj.com\/app\/uploads\/2023\/03\/Paris-Climate-Agreement.jpg\";a:2:{s:2:\"id\";i:106440;s:11:\"source_type\";s:13:\"media-library\";}s:54:\"\/\/alj.com\/app\/uploads\/2023\/03\/Yazeed-Al-Humied-PIF.jpg\";a:2:{s:2:\"id\";i:106468;s:11:\"source_type\";s:13:\"media-library\";}s:60:\"\/\/media.alj.com\/app\/uploads\/2023\/03\/Yazeed-Al-Humied-PIF.jpg\";a:2:{s:2:\"id\";i:106468;s:11:\"source_type\";s:13:\"media-library\";}s:65:\"\/\/alj.com\/app\/uploads\/2023\/03\/1824-ALJ-Carbon-Credits3-scaled.jpg\";a:2:{s:2:\"id\";i:106398;s:11:\"source_type\";s:13:\"media-library\";}s:71:\"\/\/media.alj.com\/app\/uploads\/2023\/03\/1824-ALJ-Carbon-Credits3-scaled.jpg\";a:2:{s:2:\"id\";i:106398;s:11:\"source_type\";s:13:\"media-library\";}s:55:\"\/\/alj.com\/app\/uploads\/2023\/03\/UN-Framework-CCC-logo.jpg\";a:2:{s:2:\"id\";i:106447;s:11:\"source_type\";s:13:\"media-library\";}s:61:\"\/\/media.alj.com\/app\/uploads\/2023\/03\/UN-Framework-CCC-logo.jpg\";a:2:{s:2:\"id\";i:106447;s:11:\"source_type\";s:13:\"media-library\";}s:58:\"\/\/alj.com\/app\/uploads\/2023\/03\/Verified-Carbon-Standard.jpg\";a:2:{s:2:\"id\";i:106461;s:11:\"source_type\";s:13:\"media-library\";}s:64:\"\/\/media.alj.com\/app\/uploads\/2023\/03\/Verified-Carbon-Standard.jpg\";a:2:{s:2:\"id\";i:106461;s:11:\"source_type\";s:13:\"media-library\";}s:45:\"\/\/alj.com\/app\/uploads\/2023\/03\/CORSIA-logo.jpg\";a:2:{s:2:\"id\";i:106433;s:11:\"source_type\";s:13:\"media-library\";}s:53:\"\/\/alj.com\/app\/uploads\/2023\/03\/CORSIA-logo-300x140.jpg\";a:2:{s:2:\"id\";i:106433;s:11:\"source_type\";s:13:\"media-library\";}s:51:\"\/\/media.alj.com\/app\/uploads\/2023\/03\/CORSIA-logo.jpg\";a:2:{s:2:\"id\";i:106433;s:11:\"source_type\";s:13:\"media-library\";}s:59:\"\/\/media.alj.com\/app\/uploads\/2023\/03\/CORSIA-logo-300x140.jpg\";a:2:{s:2:\"id\";i:106433;s:11:\"source_type\";s:13:\"media-library\";}s:68:\"\/\/alj.com\/app\/uploads\/2022\/09\/Metz-Solar-Farm-Aerial-view-scaled.jpg\";a:2:{s:2:\"id\";i:102056;s:11:\"source_type\";s:13:\"media-library\";}s:74:\"\/\/media.alj.com\/app\/uploads\/2022\/09\/Metz-Solar-Farm-Aerial-view-scaled.jpg\";a:2:{s:2:\"id\";i:102056;s:11:\"source_type\";s:13:\"media-library\";}s:41:\"\/\/alj.com\/app\/uploads\/2023\/03\/UN-SDGs.jpg\";a:2:{s:2:\"id\";i:106454;s:11:\"source_type\";s:13:\"media-library\";}s:47:\"\/\/media.alj.com\/app\/uploads\/2023\/03\/UN-SDGs.jpg\";a:2:{s:2:\"id\";i:106454;s:11:\"source_type\";s:13:\"media-library\";}s:65:\"\/\/alj.com\/app\/uploads\/2023\/03\/1824-ALJ-Carbon-Credits4-scaled.jpg\";a:2:{s:2:\"id\";i:106405;s:11:\"source_type\";s:13:\"media-library\";}s:71:\"\/\/media.alj.com\/app\/uploads\/2023\/03\/1824-ALJ-Carbon-Credits4-scaled.jpg\";a:2:{s:2:\"id\";i:106405;s:11:\"source_type\";s:13:\"media-library\";}}"]},"_links":{"self":[{"href":"https:\/\/alj.com\/tr\/wp-json\/wp\/v2\/spotlight-fadyjameel\/106565"}],"collection":[{"href":"https:\/\/alj.com\/tr\/wp-json\/wp\/v2\/spotlight-fadyjameel"}],"about":[{"href":"https:\/\/alj.com\/tr\/wp-json\/wp\/v2\/types\/spotlight-fadyjameel"}],"wp:featuredmedia":[{"embeddable":true,"href":"https:\/\/alj.com\/tr\/wp-json\/wp\/v2\/media\/106419"}],"wp:attachment":[{"href":"https:\/\/alj.com\/tr\/wp-json\/wp\/v2\/media?parent=106565"}],"wp:term":[{"taxonomy":"post_tag","embeddable":true,"href":"https:\/\/alj.com\/tr\/wp-json\/wp\/v2\/tags?post=106565"}],"curies":[{"name":"wp","href":"https:\/\/api.w.org\/{rel}","templated":true}]}}