{"id":124276,"date":"2025-10-29T06:08:22","date_gmt":"2025-10-29T06:08:22","guid":{"rendered":"https:\/\/alj.com\/?post_type=spotlight-fadyjameel&#038;p=124276"},"modified":"2026-01-09T06:35:15","modified_gmt":"2026-01-09T06:35:15","slug":"why-are-female-leaders-vital-for-sustainable-success","status":"publish","type":"spotlight-fadyjameel","link":"https:\/\/alj.com\/tr\/spotlight-by-fady-jameel\/why-are-female-leaders-vital-for-sustainable-success\/","title":{"rendered":"Kad\u0131n liderler s\u00fcrd\u00fcr\u00fclebilir ba\u015far\u0131 i\u00e7in neden vazge\u00e7ilmezdir?"},"content":{"rendered":"<p>Bundan \u00e7ok da uzun olmayan bir s\u00fcre \u00f6nce, d\u00fcnyan\u0131n herhangi bir yerindeki \u00fcst d\u00fczey bir y\u00f6netim toplant\u0131s\u0131na girseniz, kad\u0131n liderlere rastlamak neredeyse imkans\u0131zd\u0131. \u0130\u015f hayat\u0131, \u00f6zellikle \u00fcst d\u00fczey pozisyonlar s\u00f6z konusu oldu\u011funda, kad\u0131nlara uygun g\u00f6r\u00fclmezdi. Neyse ki o g\u00fcnler art\u0131k geride kald\u0131. Ve i\u015f d\u00fcnyas\u0131 bu de\u011fi\u015fim sayesinde \u00e7ok daha g\u00fc\u00e7l\u00fc ve ba\u015far\u0131l\u0131.<\/p>\n<p>\u00d6zellikle son on y\u0131lda toplumsal beklentiler, hedefler ve tercihler b\u00fcy\u00fck \u00f6l\u00e7\u00fcde de\u011fi\u015fti. Art\u0131k kad\u0131nlar\u0131n i\u015f d\u00fcnyas\u0131n\u0131n ve kamusal ya\u015fam\u0131n en \u00fcst kademelerinde ba\u015far\u0131yla yer almas\u0131 eskisi kadar \u015fa\u015f\u0131rt\u0131c\u0131 de\u011fil. Bu gurur verici de\u011fi\u015fimin bir \u00f6rne\u011fini de <a href=\"https:\/\/alj.com\/en\/\">Abdul Latif Jameel<\/a>\u2019de g\u00f6rmekten mutluluk duyuyorum.<\/p>\n<p>Geleneksel olarak kad\u0131nlar i\u015f d\u00fcnyas\u0131nda insan kaynaklar\u0131 ya da pazarlama gibi belirli alanlara y\u00f6nelirdi. G\u00fcn\u00fcm\u00fczde de bu alanlarda ilham veren pek \u00e7ok kad\u0131n, m\u00fckemmel i\u015flere imza atmaya devam ediyor. Ancak g\u00fcn\u00fcm\u00fcz\u00fcn kad\u0131n liderleri art\u0131k i\u015f d\u00fcnyas\u0131n\u0131n her alan\u0131nda y\u00f6netim kurullar\u0131n\u0131 d\u00f6n\u00fc\u015ft\u00fcr\u00fcyor. Abdul Latif Jameel olarak biz de farkl\u0131 i\u015f fonksiyonlar\u0131m\u0131z\u0131n en \u00fcst kademelerinde kad\u0131n liderlerin bak\u0131\u015f a\u00e7\u0131s\u0131n\u0131 ve katk\u0131s\u0131n\u0131 benimsiyor ve destekliyoruz.<\/p>\n<p>\u00d6rne\u011fin uluslararas\u0131 ula\u015f\u0131m faaliyetlerimizi y\u00f6neten <a href=\"https:\/\/jameelmotors.com\/en\/\">Jameel Motors<\/a> CEO\u2019su <a href=\"https:\/\/jameelmotors.com\/en\/insights\/driving-force\/\">Jasmmine Wong<\/a>; Jameel Motors b\u00fcnyesindeki <a href=\"https:\/\/jameelmotors.com\/en\/news\/jameel-motors-to-launch-geely-farizon-sv-electric-van-in-the-uk\/\">Farizon Auto UK<\/a>\u2019nin Pazarlama ve Sat\u0131\u015f Operasyonlar\u0131 Ba\u015fkan\u0131 <a href=\"https:\/\/www.linkedin.com\/in\/fkmclaren\/\">Kate McLaren<\/a>; Ula\u015f\u0131m sekt\u00f6r\u00fcm\u00fcz\u00fcn \u0130nsan Kaynaklar\u0131 Direkt\u00f6r\u00fc <a href=\"https:\/\/www.linkedin.com\/in\/marianamerino\/\">Mariana Merino<\/a> ve <a href=\"https:\/\/lltoyota.com.ma\/\">Toyota<\/a>, <a href=\"http:\/\/www.lexus.ma\/\">Lexus<\/a> ile <a href=\"https:\/\/llwww.mg-maroc.com\/\">MG Motor<\/a> distrib\u00fct\u00f6rl\u00fcklerinin operasyon ve geli\u015fiminden sorumlu Jameel Motors Fas Genel M\u00fcd\u00fcr\u00fc <a href=\"https:\/\/alj.com\/en\/perspective\/jameel-motors-leading-the-pack-in-the-moroccan-ev-market\/\">Salma Moukbil<\/a> gibi lider kad\u0131nlar, \u015firketimizin ba\u015far\u0131s\u0131na y\u00f6n veriyor. Abdul Latif Jameel\u2019in Vergi Direkt\u00f6r\u00fc <a href=\"https:\/\/www.linkedin.com\/in\/sunitajuma100\/\">Sunita Juma<\/a> ve Orta Do\u011fu\u2019nun \u00f6nde gelen sanat kurulu\u015flar\u0131ndan Art Jameel\u2019in Direkt\u00f6r\u00fc <a href=\"https:\/\/jameelartscentre.org\/about\/team\/\">Antonia Carver<\/a> gibi otomotiv faaliyetlerimizin d\u0131\u015f\u0131ndaki kad\u0131n liderlerimizin de ba\u015far\u0131 hikayelerine tan\u0131kl\u0131k ediyoruz.<\/p>\n<p>Abdul Latif Jameel\u2019in \u00fcst y\u00f6netiminde ilerlemeye \u00f6nc\u00fcl\u00fck eden bu ba\u015far\u0131l\u0131 kad\u0131nlardan baz\u0131lar\u0131n\u0131n g\u00f6r\u00fc\u015flerini birazdan daha yak\u0131ndan dinleyece\u011fiz. Ancak \u00f6ncelikle, giderek daha fazla \u015firketin kad\u0131n profesyonellerin hen\u00fcz tam olarak de\u011ferlendirilmeyen potansiyeline neden g\u00f6zlerini a\u00e7maya ba\u015flad\u0131\u011f\u0131n\u0131 inceleyelim.<\/p>\n<h2>Se\u00e7im \u00f6zg\u00fcrl\u00fc\u011f\u00fc, kad\u0131nlar\u0131n ger\u00e7ek potansiyelini a\u00e7\u0131\u011fa \u00e7\u0131karmada nas\u0131l bir rol oynuyor?<\/h2>\n<p>Bir bak\u0131ma, kad\u0131nlar\u0131n kariyer basamaklar\u0131n\u0131 h\u0131zla t\u0131rman\u0131p i\u015f d\u00fcnyas\u0131nda \u00fcst d\u00fczey pozisyonlar\u0131na \u00e7\u0131kmalar\u0131 pek de \u015fa\u015f\u0131rt\u0131c\u0131 de\u011fil. Sonu\u00e7ta kad\u0131nlar, e\u011fitim hayat\u0131n\u0131n her a\u015famas\u0131nda erkeklerden daha y\u00fcksek ba\u015far\u0131 g\u00f6steriyor. Okul \u00f6ncesi d\u00f6nemden ba\u015flayarak \u00fcniversite ve sonras\u0131 e\u011fitimlere kadar bu durum a\u00e7\u0131k\u00e7a g\u00f6r\u00fcl\u00fcyor.<\/p>\n<p>Cambridge \u00dcniversitesi taraf\u0131ndan yap\u0131lan bir ara\u015ft\u0131rmaya g\u00f6re, e\u011fitim hedeflerini yakalayan kad\u0131nlar\u0131n oran\u0131 erkeklerden %14\u2019e kadar daha y\u00fcksek. Ayr\u0131ca matematik d\u0131\u015f\u0131nda t\u00fcm konularda beklentileri a\u015fma olas\u0131l\u0131klar\u0131 da belirgin \u015fekilde daha fazla.<a href=\"#_ftn1\" name=\"_ftnref1\"><sup>[1]<\/sup><\/a> 18 ya\u015f\u0131ndaki \u00f6\u011frenciler aras\u0131nda kad\u0131nlar, fizik ve bilgisayar gibi geleneksel olarak erkeklerin a\u011f\u0131rl\u0131kta oldu\u011fu alanlar dahil t\u00fcm derslerde erkeklere g\u00f6re daha y\u00fcksek ba\u015far\u0131 sergiliyor. Art\u0131k \u00fcniversite e\u011fitimine devam eden kad\u0131nlar\u0131n say\u0131s\u0131 erkeklerden daha fazla ve kad\u0131nlar \u00fcniversite e\u011fitimlerini \u00fcst\u00fcn ba\u015far\u0131 derecesiyle tamamlama konusunda da erkeklerin \u00f6n\u00fcne ge\u00e7mi\u015f durumda.<\/p>\n<p>Kad\u0131nlar giderek daha az \u00e7ocuk sahibi oluyor ve aile kurmak yerine kariyerlerine \u00f6ncelik vermeyi tercih ediyorlar. 2023 y\u0131l\u0131 itibar\u0131yla d\u00fcnya genelinde bir kad\u0131n\u0131n ortalama \u00e7ocuk say\u0131s\u0131 2,3\u2019e d\u00fc\u015fm\u00fc\u015f durumda. Bu rakam, 1950\u2019lerde kaydedilen 4,9 \u00e7ocu\u011fa k\u0131yasla b\u00fcy\u00fck bir azalmaya i\u015faret ediyor.<a href=\"#_ftn2\" name=\"_ftnref2\"><sup>[2]<\/sup><\/a> Kad\u0131nlar art\u0131k aile kurmaya ba\u015flama ya\u015f\u0131n\u0131 da giderek erteliyor. G\u00fcn\u00fcm\u00fczde 30 ya\u015f\u0131na geldi\u011finde hen\u00fcz \u00e7ocuk sahibi olmayan kad\u0131nlar\u0131n oran\u0131, b\u00fcy\u00fckannelerinin ku\u015fa\u011f\u0131na g\u00f6re iki kat\u0131ndan daha fazla.<a href=\"#_ftn3\" name=\"_ftnref3\"><sup>[3]<\/sup><\/a><\/p>\n<p>2008 k\u00fcresel ekonomik krizinin ard\u0131ndan d\u00fc\u015f\u00fc\u015fe ge\u00e7en k\u00fcresel i\u015f g\u00fcc\u00fc cinsiyet e\u015fitli\u011fi oran\u0131, 2023 y\u0131l\u0131nda %63\u2019ten %64\u2019e y\u00fckseldi.<a href=\"#_ftn4\" name=\"_ftnref4\"><sup>[4]<\/sup><\/a><\/p>\n<p>\u00d6zetle her ba\u015far\u0131, yeni ba\u015far\u0131lar\u0131 do\u011furuyor. Art\u0131k d\u00fcnya \u00e7ap\u0131nda kad\u0131nlar\u0131n \u00f6rnek alabilece\u011fi, giderek b\u00fcy\u00fcyen bir kad\u0131n yetenek havuzu var.<\/p>\n<figure id=\"attachment_124070\" aria-describedby=\"caption-attachment-124070\" style=\"width: 2560px\" class=\"wp-caption aligncenter\"><img decoding=\"async\" loading=\"lazy\" class=\"wp-image-124070 size-full\" src=\"https:\/\/media.alj.com\/app\/uploads\/2025\/10\/Gender-gap-in-labour-force-participation_001-scaled.jpg\" alt=\"\" width=\"2560\" height=\"1838\" srcset=\"https:\/\/media.alj.com\/app\/uploads\/2025\/10\/Gender-gap-in-labour-force-participation_001-scaled.jpg 2560w, https:\/\/media.alj.com\/app\/uploads\/2025\/10\/Gender-gap-in-labour-force-participation_001-300x215.jpg 300w, https:\/\/media.alj.com\/app\/uploads\/2025\/10\/Gender-gap-in-labour-force-participation_001-1024x735.jpg 1024w, https:\/\/media.alj.com\/app\/uploads\/2025\/10\/Gender-gap-in-labour-force-participation_001-150x108.jpg 150w, https:\/\/media.alj.com\/app\/uploads\/2025\/10\/Gender-gap-in-labour-force-participation_001-768x551.jpg 768w, https:\/\/media.alj.com\/app\/uploads\/2025\/10\/Gender-gap-in-labour-force-participation_001-1536x1103.jpg 1536w, https:\/\/media.alj.com\/app\/uploads\/2025\/10\/Gender-gap-in-labour-force-participation_001-2048x1470.jpg 2048w\" sizes=\"(max-width: 2560px) 100vw, 2560px\" \/><figcaption id=\"caption-attachment-124070\" class=\"wp-caption-text\">Recreate in ALJ Corporate style. Delete \u2018Figure 2.1\u2019 https:\/\/www.weforum.org\/publications\/global-gender-gap-report-2023\/in-full\/gender-gaps-in-the-workforce\/<\/figcaption><\/figure>\n<h2>Yeni nesle ilham veren kad\u0131n liderler kimler?<\/h2>\n<p>2020\u2019li y\u0131llar\u0131n kad\u0131n liderleri hem siyasi arenada hem de i\u015f d\u00fcnyas\u0131nda \u00f6ne \u00e7\u0131k\u0131yor. \u00d6rne\u011fin ge\u00e7ti\u011fimiz y\u0131l Ekim ay\u0131nda Meksika\u2019n\u0131n 66. Devlet Ba\u015fkan\u0131 olarak g\u00f6reve ba\u015flayan Claudia Sheinbaum, \u00fclke tarihinde bu makama gelen ilk kad\u0131n oldu. Keza 2019\u2019dan beri g\u00f6revde olan Avrupa Komisyonu Ba\u015fkan\u0131 Ursula von der Leyen ve Avrupa Merkez Bankas\u0131 Ba\u015fkan\u0131 Christine Lagarde gibi isimler de \u00f6yle. Ayr\u0131ca General Motors\u2019un CEO\u2019su ve otomotiv sekt\u00f6r\u00fcn\u00fcn \u00fc\u00e7 dev \u015firketinden birini y\u00f6neten ilk kad\u0131n olan Mary Barra \u00f6rne\u011fine de bak\u0131labilir. \u00c7ok uluslu dan\u0131\u015fmanl\u0131k \u015firketi Accenture\u2019\u0131n Y\u00f6netim Kurulu Ba\u015fkan\u0131 Julie Sweet ve 2023\u2019ten beri \u00c7inli e-ticaret devi JD.com\u2019un CEO\u2019su olan Sandy Ran Xu gibi isimlerde bu duruma \u00f6rnektir.<\/p>\n<figure id=\"attachment_124084\" aria-describedby=\"caption-attachment-124084\" style=\"width: 1177px\" class=\"wp-caption aligncenter\"><img decoding=\"async\" loading=\"lazy\" class=\"wp-image-124084 size-full\" src=\"https:\/\/media.alj.com\/app\/uploads\/2025\/10\/Wome-in-Leadership.png\" alt=\"\" width=\"1177\" height=\"275\" srcset=\"https:\/\/media.alj.com\/app\/uploads\/2025\/10\/Wome-in-Leadership.png 1177w, https:\/\/media.alj.com\/app\/uploads\/2025\/10\/Wome-in-Leadership-300x70.png 300w, https:\/\/media.alj.com\/app\/uploads\/2025\/10\/Wome-in-Leadership-1024x239.png 1024w, https:\/\/media.alj.com\/app\/uploads\/2025\/10\/Wome-in-Leadership-150x35.png 150w, https:\/\/media.alj.com\/app\/uploads\/2025\/10\/Wome-in-Leadership-768x179.png 768w\" sizes=\"(max-width: 1177px) 100vw, 1177px\" \/><figcaption id=\"caption-attachment-124084\" class=\"wp-caption-text\">Foto\u011fraf Sahibi: Soldan sa\u011fa: Meksika Devlet Ba\u015fkan\u0131 Claudia Sheinbaum \u00a9 Public domain, Wikimedia Commons; Avrupa Komisyonu Ba\u015fkan\u0131 Ursula von der Leyen \u00a9 European People\u2019s Party; Avrupa Merkez Bankas\u0131 Ba\u015fkan\u0131 Christine Lagarde \u00a9 Belgian Presidency of the Council of the EU\/Julien Nizet; General Motors CEO\u2019su Mary T. Barra \u00a9 General Motors; Accenture Y\u00f6netim Kurulu Ba\u015fkan\u0131 Julie Sweet \u00a9 Accenture ve jd.com CEO\u2019su Sandy Ran Xu<\/figcaption><\/figure>\n<p>Bu k\u00fcresel trendler, Orta Do\u011fu ve Kuzey Afrika (MENA) b\u00f6lgesinde de giderek daha fazla kar\u015f\u0131l\u0131k buluyor. Siyaset alan\u0131nda kad\u0131nlar, Birle\u015fik Arap Emirlikleri Uluslararas\u0131 \u0130\u015f Birli\u011fi ve Kalk\u0131nma Bakan\u0131 \u015eeyha Lubna Bint Khalid Al Qasimi; Kuveyt Sosyal \u0130\u015fler ve \u00c7al\u0131\u015fma Bakan\u0131 ve Planlama ve Kalk\u0131nma \u0130\u015flerinden Sorumlu Devlet Bakan\u0131 Hind Subaih Al-Subaih; Bahreyn Sosyal Kalk\u0131nma Bakan\u0131 Dr. Fatima Mohamed Al Balooshi ve 2022\u2019de Suudi Arabistan Bakanlar Kurulu Genel Sekreter Yard\u0131mc\u0131l\u0131\u011f\u0131 g\u00f6revine atanan Al-Shehana bint Saleh al-Azzaz gibi isimleri kendilerine \u00f6rnek alabiliyor.<\/p>\n<p>MENA b\u00f6lgesinin i\u015f d\u00fcnyas\u0131 da kad\u0131n \u00f6nc\u00fclere giderek daha fazla f\u0131rsat sunmaya ba\u015flad\u0131. Bu alandaki en dikkat \u00e7ekici isimlerden biri, varl\u0131k b\u00fcy\u00fckl\u00fc\u011f\u00fc a\u00e7\u0131s\u0131ndan Birle\u015fik Arap Emirlikleri\u2019nin en b\u00fcy\u00fck bankas\u0131 olan First Abu Dhabi Bank\u2019\u0131n CEO\u2019su Hana Al Rostamani\u2019dir. Bir di\u011fer \u00f6nemli isim ise Pakistan\u2019da 100\u2019den fazla hastane, 300 klinik, 60 eczane ve 143 laboratuvardan olu\u015fan geni\u015f bir sa\u011fl\u0131k a\u011f\u0131 y\u00f6neten PureHealth Holding\u2019in kurucu orta\u011f\u0131 ve CEO\u2019su Shaista Asif. Ayr\u0131ca, 13 \u00fclkedeki operasyonlar\u0131 y\u00f6neten Kuveyt Ulusal Bankas\u0131 Grubu\u2019nun CEO Yard\u0131mc\u0131s\u0131 Shaikha Khaled Al Bahar ve \u00dcrd\u00fcn\u2019\u00fcn bankac\u0131l\u0131k ve finans sekt\u00f6r\u00fcndeki \u00f6nemli g\u00fc\u00e7lerinden Arab Bank\u2019\u0131n CEO\u2019su Randa Sadik gibi isimler de \u00f6ne \u00e7\u0131k\u0131yor.<\/p>\n<div class=\"main-leader-wrapper\">\n<div class=\"leader-section\">\n<div class=\"leader-image\">\n<p><img decoding=\"async\" src=\"https:\/\/media.alj.com\/app\/uploads\/2023\/10\/Yasmmine_Wong_Web.jpg\" alt=\"Jasmmine Wong\" \/><\/p>\n<div class=\"leader-caption\"><strong>Jasmmine Wong<\/strong>CEO<br \/>\nJameel Motors<\/div>\n<\/div>\n<div class=\"leader-content\">\n<h3>Abdul Latif Jameel\u2019de kad\u0131n liderler: Jasmmine Wong<\/h3>\n<p>\u201cOtomotiv sekt\u00f6r\u00fc genellikle \u00e7ok erkek egemen bir alan; bu nedenle kad\u0131n olarak kabul g\u00f6rmek bazen zor olabiliyor.<\/p>\n<p>Jameel Motors\u2019ta bu zorlu\u011fu \u00fcstlendi\u011fim i\u00e7in \u00e7ok mutluyum. Burada bana hi\u00e7bir zaman ayr\u0131cal\u0131kl\u0131 davran\u0131lmad\u0131 veya farkl\u0131 beklentilerle yakla\u015f\u0131lmad\u0131. \u0130lk oryantasyondan itibaren kad\u0131n erkek herkes e\u015fit \u015fekilde de\u011ferlendiriliyor. Esnek davranmak, ileti\u015fim kurmak, becerilerinizi en iyi \u015fekilde kullanmak ve \u015firkete nas\u0131l bir de\u011fer katabilece\u011finizi g\u00f6stermek tamamen size ba\u011fl\u0131.\u201d<\/p>\n<\/div>\n<\/div>\n<div class=\"beside-content beside-content-right\">\n<p>\u00d6zellikle Suudi Arabistan\u2019da kad\u0131n i\u015f liderlerinin say\u0131s\u0131 h\u0131zla art\u0131yor. 2016 y\u0131l\u0131nda a\u00e7\u0131klanan h\u00fck\u00fcmetin <a href=\"https:\/\/www.vision2030.gov.sa\/en\/overview\">Vizyon 2030<\/a> stratejisi sayesinde, kad\u0131nlar\u0131n ekonomik hayata kat\u0131l\u0131m\u0131n\u0131 te\u015fvik etmek ve hak e\u015fitli\u011fini sa\u011flamak ad\u0131na \u00f6nemli ad\u0131mlar at\u0131ld\u0131. Vizyon 2030 kapsam\u0131nda, kad\u0131nlar\u0131 g\u00fc\u00e7lendirmeye y\u00f6nelik pek \u00e7ok giri\u015fim hayata ge\u00e7irildi. \u0130\u015f yerlerinde tacize kar\u015f\u0131 yasalar\u0131n \u00e7\u0131kar\u0131lmas\u0131, cinsiyet ayr\u0131mc\u0131l\u0131\u011f\u0131n\u0131n yasaklanmas\u0131 ve kad\u0131nlar\u0131n ara\u00e7 kullanmas\u0131na y\u00f6nelik yasa\u011f\u0131n kald\u0131r\u0131lmas\u0131 gibi d\u00fczenlemeler bunlardan sadece birka\u00e7\u0131.<\/p>\n<\/div>\n<\/div>\n<p>Kad\u0131nlar hayatlar\u0131 \u00fczerinde daha fazla s\u00f6z sahibi oldu; kariyer se\u00e7imlerinde \u00f6zg\u00fcrle\u015ftiler, nerede ya\u015fayacaklar\u0131na kendileri karar verebilir hale geldiler ve kendi i\u015flerini kurup y\u00f6netme imkan\u0131na kavu\u015ftular. Bu giri\u015fimlerin ba\u015far\u0131s\u0131 tart\u0131\u015f\u0131lmaz. Suudi Arabistan\u2019da kad\u0131nlar\u0131n i\u015f g\u00fcc\u00fcne kat\u0131l\u0131m oran\u0131, <a href=\"https:\/\/alj.com\/en\/perspective\/developing-tomorrows-leaders\/\">2016 ile 2022 aras\u0131nda<\/a> neredeyse iki kat\u0131na \u00e7\u0131kt\u0131.<\/p>\n<p>Suudi Arabistan\u2019daki \u00f6zel \u015firketler ve sivil toplum kurulu\u015flar\u0131 da bu geli\u015fmeye kay\u0131ts\u0131z kalmad\u0131. Bunlardan baz\u0131lar\u0131 kad\u0131n liderlik programlar\u0131 ba\u015flatt\u0131, baz\u0131lar\u0131ysa kad\u0131n \u00e7al\u0131\u015fanlar i\u00e7in asgari kota uygulamalar\u0131n\u0131 hayata ge\u00e7irdi.<\/p>\n<p>Bug\u00fcn Suudi Arabistan\u2019daki k\u00fc\u00e7\u00fck ve orta b\u00fcy\u00fckl\u00fckteki i\u015fletmelerin yakla\u015f\u0131k %45\u2019i kad\u0131n giri\u015fimciler taraf\u0131ndan y\u00f6netiliyor.<a href=\"#_ftn5\" name=\"_ftnref5\"><sup>[5]<\/sup><\/a><\/p>\n<p>\u00dclke genelinde ilham veren kad\u0131n liderler ortaya \u00e7\u0131karak di\u011fer kad\u0131nlara \u00f6rnek oluyor.<a href=\"#_ftn6\" name=\"_ftnref6\"><sup>[6]<\/sup><\/a> Bu isimlerden aras\u0131nda Wisayah Global Investment Management Company CEO\u2019su ve Suudi Arabistan Merkez Bankas\u0131\u2019n\u0131n ilk kad\u0131n y\u00f6netim kurulu \u00fcyesi Sheila Al-Rowaily; Suudi Arabistan Borsas\u0131 Tadawul\u2019un ilk kad\u0131n ba\u015fkan\u0131 Sarah al-Suhaimi; halka a\u00e7\u0131k bir \u015firketin (Samba Financial Group) ilk Suudi kad\u0131n CEO\u2019su, Suudi Arabistan Uzay Komisyonu y\u00f6netim kurulu \u00fcyesi ve \u015fu anda Suudi Kamu Yat\u0131r\u0131m Fonu\u2019nda (PIF) Uyum ve Y\u00f6neti\u015fim Ba\u015fkan\u0131 olan Rania Nashar; Orta Do\u011fu\u2019nun en b\u00fcy\u00fck telekom\u00fcnikasyon \u015firketi STC\u2019nin ilk kad\u0131n \u00fcst d\u00fczey y\u00f6neticisi Dr. Moudhi Aljamea ve EY Suudi Arabistan\u2019\u0131n ilk kad\u0131n orta\u011f\u0131 Esraa Al-Buti say\u0131labilir.<\/p>\n<div class=\"main-leader-wrapper\">\n<div class=\"beside-content beside-content-left\">\n<p>Suudi Arabistan\u2019\u0131n kom\u015fusu Birle\u015fik Arap Emirlikleri de benzer \u015fekilde kad\u0131n haklar\u0131n\u0131 geni\u015fletiyor. 2018 ve 2019 y\u0131llar\u0131nda ger\u00e7ekle\u015ftirilen reformlarla kad\u0131nlar\u0131n kariyer alan\u0131ndaki \u00f6zg\u00fcrl\u00fckleri bir\u00e7ok a\u00e7\u0131dan iyile\u015ftirildi. \u0130\u015f yerlerinde cinsiyet ayr\u0131mc\u0131l\u0131\u011f\u0131 ve taciz yasakland\u0131. Kad\u0131nlar\u0131n gece vardiyas\u0131nda ve tehlikeli i\u015flerde \u00e7al\u0131\u015fmas\u0131na izin verildi. Ayr\u0131ca hamile \u00e7al\u0131\u015fanlar\u0131n i\u015ften \u00e7\u0131kar\u0131lmas\u0131, ayr\u0131mc\u0131l\u0131k kapsam\u0131nda de\u011ferlendirilerek yasakland\u0131.<\/p>\n<\/div>\n<div class=\"leader-section\">\n<div class=\"leader-image\">\n<p><img decoding=\"async\" src=\"https:\/\/media.alj.com\/app\/uploads\/2025\/10\/kate-mclaren.jpg\" alt=\"Kate McLaren\" \/><\/p>\n<div class=\"leader-caption\"><strong>Kate McLaren<\/strong>Pazarlama ve Sat\u0131\u015f Operasyonlar\u0131 Ba\u015fkan\u0131<br \/>\nFarizon Auto UK, (Jameel Motors)<\/div>\n<\/div>\n<div class=\"leader-content\">\n<h3>Abdul Latif Jameel\u2019de kad\u0131n liderler: Kate McLaren<\/h3>\n<p>\u201cAbdul Latif Jameel\u2019e, ula\u015f\u0131m alan\u0131nda b\u00fcy\u00fck bir geni\u015fleme d\u00f6neminde kat\u0131lman\u0131n ve Farizon markas\u0131n\u0131n Birle\u015fik Krall\u0131k pazar\u0131ndaki sorumlulu\u011funu \u00fcstlenmenin gururunu ya\u015f\u0131yorum. Tempolu bir \u00e7al\u0131\u015fma ortam\u0131nda, daha \u00f6nce edindi\u011fim t\u00fcm becerileri kullanabilme f\u0131rsat\u0131 bulmak benim i\u00e7in ger\u00e7ekten heyecan verici.<\/p>\n<p>Uzun y\u0131llard\u0131r Birle\u015fik Krall\u0131k otomotiv sekt\u00f6r\u00fcnde OEM sat\u0131\u015f ve sat\u0131\u015f sonras\u0131 hizmetler, \u00fcr\u00fcn pazarlama, marka y\u00f6netimi, m\u00fc\u015fteri deneyimi, dijital \u00e7\u00f6z\u00fcmler ve e\u011fitim alanlar\u0131nda \u00e7al\u0131\u015f\u0131yorum. Bir start-up ortam\u0131nda h\u00e2l\u00e2 kendimi zorlayabilmek ve profesyonel olarak geli\u015fmeye devam edebilmek harika bir duygu.\u201d<\/p>\n<\/div>\n<\/div>\n<\/div>\n<h2>E\u011fitim, gelece\u011fin kad\u0131n liderlerini g\u00fc\u00e7lendirmede nas\u0131l rol oynayabilir?<\/h2>\n<p>T\u00fcm bu ilerlemelere ra\u011fmen ba\u015far\u0131l\u0131 bir kariyerin temeli e\u011fitim f\u0131rsatlar\u0131, d\u00fcnyan\u0131n bir\u00e7ok geli\u015fmekte olan b\u00f6lgesinde kad\u0131nlar i\u00e7in h\u00e2l\u00e2 s\u0131n\u0131rl\u0131.<\/p>\n<p>Uluslararas\u0131 insani yard\u0131m kurulu\u015fu <a href=\"https:\/\/www.unicef.org.uk\/\">UNICEF<\/a>\u2019in verilerine g\u00f6re d\u00fcnya genelinde yakla\u015f\u0131k 122 milyon k\u0131z \u00e7ocu\u011fu e\u011fitime eri\u015femiyor. Bu say\u0131n\u0131n 34 milyonu ilkokul \u00e7a\u011f\u0131nda, 88 milyonu ise orta\u00f6\u011fretim \u00e7a\u011f\u0131nda bulunuyor.<a href=\"#_ftn7\" name=\"_ftnref7\"><sup>[7]<\/sup><\/a> D\u00fc\u015f\u00fck gelirli \u00fclkelerde okula ba\u015flayan k\u0131z \u00e7ocuklar\u0131n\u0131n e\u011fitimlerini tamamlama oranlar\u0131 daha d\u00fc\u015f\u00fck. \u0130lkokul d\u00fczeyinde bu oran k\u0131zlarda %63, erkeklerde %67; ortaokulda k\u0131zlarda %38, erkeklerde %43; lise d\u00fczeyinde ise k\u0131zlarda %21, erkeklerde %26\u2019d\u0131r.<\/p>\n<p>Bu farkl\u0131l\u0131klar\u0131n, \u00e7e\u015fitli fakt\u00f6rlerden kaynakland\u0131\u011f\u0131 d\u00fc\u015f\u00fcn\u00fcl\u00fcyor.<a href=\"#_ftn8\" name=\"_ftnref8\"><sup>[8]<\/sup><\/a><\/p>\n<p><em>Cinsiyet: <\/em>Baz\u0131 k\u00fclt\u00fcrlerde, kad\u0131nlar\u0131n i\u015f hayat\u0131na kat\u0131l\u0131m\u0131n\u0131n s\u0131n\u0131rl\u0131 olmas\u0131 gerekti\u011fine dair toplumsal beklentiler daha okul \u00e7a\u011f\u0131ndayken yerle\u015fmektedir. Toplumsal cinsiyet kal\u0131plar\u0131n\u0131n, k\u0131z \u00f6\u011frencilerin STEM (fen, teknoloji, m\u00fchendislik ve matematik) alanlar\u0131nda kariyer yapma iste\u011fini olumsuz etkiledi\u011fi kan\u0131tlanm\u0131\u015ft\u0131r.<\/p>\n<p><em>Gelir seviyesi: <\/em>\u00d6zellikle uzak b\u00f6lgelerde ya\u015fayan ya da etnik az\u0131nl\u0131klara mensup d\u00fc\u015f\u00fck gelirli ailelerin k\u0131z \u00e7ocuklar\u0131, daha zengin ve geli\u015fmi\u015f b\u00f6lgelerdeki ya\u015f\u0131tlar\u0131na k\u0131yasla e\u011fitim f\u0131rsatlar\u0131na eri\u015fimde daha dezavantajl\u0131d\u0131r.<\/p>\n<p><em>\u0130stikrars\u0131zl\u0131k: <\/em>\u0130\u00e7 veya d\u0131\u015f \u00e7at\u0131\u015fmalar\u0131n g\u00f6r\u00fcld\u00fc\u011f\u00fc \u00fclkelerde cinsiyet e\u015fitsizli\u011fi daha da artmakta, k\u0131z \u00e7ocuklar\u0131n\u0131n e\u011fitimden mahrum kalma olas\u0131l\u0131\u011f\u0131 erkek \u00e7ocuklar\u0131na g\u00f6re 2,5 kat daha fazla olmaktad\u0131r.<\/p>\n<p><em>Aile yap\u0131s\u0131:<\/em> \u00c7ocuk ya\u015fta evliliklerin yayg\u0131n oldu\u011fu toplumlarda k\u0131z \u00e7ocuklar\u0131 e\u011fitim hayat\u0131na daha erken veda ediyor. D\u00fcnyada her g\u00fcn 18 ya\u015f\u0131ndan k\u00fc\u00e7\u00fck 40 binden fazla k\u0131z \u00e7ocu\u011fu evlendiriliyor. Ara\u015ft\u0131rmalar, \u00e7ocuk evliliklerinin sona erdirilmesinin kad\u0131nlar\u0131n f\u0131rsatlar\u0131n\u0131 art\u0131raca\u011f\u0131n\u0131 ve k\u00fcresel ekonomiye y\u0131lda yakla\u015f\u0131k 500 milyar ABD dolar\u0131 tutar\u0131nda katk\u0131 sa\u011flayaca\u011f\u0131n\u0131 ortaya koyuyor.<\/p>\n<div class=\"main-leader-wrapper\">\n<div class=\"leader-section\">\n<div class=\"leader-image\">\n<p><img decoding=\"async\" src=\"https:\/\/media.alj.com\/app\/uploads\/2025\/10\/naura-elawamry.png\" alt=\"Noura Elawamry\" \/><\/p>\n<div class=\"leader-caption\"><strong>Noura Elawamry<\/strong>Kurumsal \u0130K ve Kaizen Stratejileri ve Proje Y\u00f6netimi Ba\u015fkan\u0131<\/div>\n<\/div>\n<div class=\"leader-content\">\n<h3>Abdul Latif Jameel\u2019de kad\u0131n liderler: Noura Elawamry<\/h3>\n<p>\u201cRol\u00fcm, \u015firketin d\u00f6n\u00fc\u015f\u00fcm hedefleri do\u011frultusunda kritik i\u015f sonu\u00e7lar\u0131 elde etmek i\u00e7in karma\u015f\u0131k projeleri y\u00f6netmeyi ve hem i\u00e7 hem de d\u0131\u015f payda\u015flarla stratejik i\u015f birlikleri geli\u015ftirmeyi kaps\u0131yor. Ekipteki en gen\u00e7 ki\u015fi olarak b\u00f6ylesine stratejik sorumluluklar \u00fcstlenmek benim i\u00e7in \u00e7ok de\u011ferli.<\/p>\n<p>Bu durum, \u015firketimizin k\u0131deme de\u011fil liyakate verdi\u011fi \u00f6nemi g\u00f6steriyor ve bana ama\u00e7 odakl\u0131 ve duyarl\u0131 bir liderlik i\u00e7in ilham veriyor.\u201d<\/p>\n<\/div>\n<\/div>\n<div class=\"beside-content beside-content-right\">\n<p>Bu e\u015fitsizliklerin bedelini kim \u00f6d\u00fcyor?<\/p>\n<p>Hepimiz \u00f6d\u00fcyoruz. D\u00fcnya Bankas\u0131\u2019n\u0131n verilerine g\u00f6re, d\u00fcnya genelinde kad\u0131nlar\u0131n yaln\u0131zca %19\u2019u \u00fccretli i\u015flerde \u00e7al\u0131\u015f\u0131rken erkeklerde bu oran %71.<a href=\"#_ftn9\" name=\"_ftnref9\"><sup>[9]<\/sup><\/a> Ayr\u0131ca, k\u0131z \u00e7ocuklar\u0131n\u0131n en az 12 y\u0131ll\u0131k e\u011fitimden mahrum b\u0131rak\u0131lmas\u0131n\u0131n, ya\u015fam boyu verimlilik ve kazan\u00e7 a\u00e7\u0131s\u0131ndan toplamda 15 ile 30 trilyon ABD dolar\u0131 aras\u0131nda bir kayba yol a\u00e7t\u0131\u011f\u0131 tahmin ediliyor.<a href=\"#_ftn10\" name=\"_ftnref10\"><sup>[10]<\/sup><\/a><\/p>\n<\/div>\n<\/div>\n<p>MENA b\u00f6lgesinde, bu dengesizlikler tarih boyunca kuzey yar\u0131mk\u00fcreye do\u011fru ger\u00e7ekle\u015fen ve b\u00f6lgeye zarar veren bir \u201cbeyin g\u00f6\u00e7\u00fc\u201d olarak kendini g\u00f6sterdi.<\/p>\n<p>E\u011fitimli kad\u0131nlar kariyerlerini ilerletmek i\u00e7in ba\u015fka \u00fclkelere y\u00f6neldi ve bir\u00e7o\u011fu da kal\u0131c\u0131 olarak yurt d\u0131\u015f\u0131na yerle\u015fti.<\/p>\n<p>\u00d6rne\u011fin M\u0131s\u0131r\u2019da, \u00e7o\u011funlu\u011fu kad\u0131nlardan olu\u015fan e\u011fitimli doktorlar\u0131n yar\u0131s\u0131, yurt d\u0131\u015f\u0131nda daha iyi kariyer f\u0131rsatlar\u0131 i\u00e7in \u00fclkeyi terk etti.<a href=\"#_ftn11\" name=\"_ftnref11\"><sup>[11]<\/sup><\/a><\/p>\n<p>Bunun ekonomik faturas\u0131n\u0131 hepimiz birlikte \u00f6d\u00fcyoruz. Yap\u0131lan bir ara\u015ft\u0131rmaya g\u00f6re, kad\u0131nlar\u0131n istihdam oran\u0131n\u0131n erkeklerle e\u015fit seviyeye \u00e7\u0131kar\u0131lmas\u0131, MENA b\u00f6lgesinin GSY\u0130H\u2019sinde %57\u2019lik bir art\u0131\u015f sa\u011flayabilir.<a href=\"#_ftn12\" name=\"_ftnref12\"><sup>[12]<\/sup><\/a><\/p>\n<figure id=\"attachment_124077\" aria-describedby=\"caption-attachment-124077\" style=\"width: 2560px\" class=\"wp-caption aligncenter\"><img decoding=\"async\" loading=\"lazy\" class=\"wp-image-124077 size-full\" src=\"https:\/\/media.alj.com\/app\/uploads\/2025\/10\/Projected-increase-in-MENA-GDP_001-scaled.jpg\" alt=\"\" width=\"2560\" height=\"1838\" srcset=\"https:\/\/media.alj.com\/app\/uploads\/2025\/10\/Projected-increase-in-MENA-GDP_001-scaled.jpg 2560w, https:\/\/media.alj.com\/app\/uploads\/2025\/10\/Projected-increase-in-MENA-GDP_001-300x215.jpg 300w, https:\/\/media.alj.com\/app\/uploads\/2025\/10\/Projected-increase-in-MENA-GDP_001-1024x735.jpg 1024w, https:\/\/media.alj.com\/app\/uploads\/2025\/10\/Projected-increase-in-MENA-GDP_001-150x108.jpg 150w, https:\/\/media.alj.com\/app\/uploads\/2025\/10\/Projected-increase-in-MENA-GDP_001-768x551.jpg 768w, https:\/\/media.alj.com\/app\/uploads\/2025\/10\/Projected-increase-in-MENA-GDP_001-1536x1103.jpg 1536w, https:\/\/media.alj.com\/app\/uploads\/2025\/10\/Projected-increase-in-MENA-GDP_001-2048x1470.jpg 2048w\" sizes=\"(max-width: 2560px) 100vw, 2560px\" \/><figcaption id=\"caption-attachment-124077\" class=\"wp-caption-text\">Recreate in ALJ Corporate style. Delete \u2018Figure 3\u2019 https:\/\/www.pwc.com\/m1\/en\/publications\/images-new\/woman-in-work\/mena-women-in-work-survey-2022.pdf<\/figcaption><\/figure>\n<p>&nbsp;<\/p>\n<p>MENA b\u00f6lgesi genelinde kad\u0131n odakl\u0131 kapsay\u0131c\u0131 uygulamalar\u0131n (e\u015fit \u00fccret politikalar\u0131, tacizle m\u00fccadele \u00f6nlemleri ve \u00e7e\u015fitlilik kotalar\u0131 gibi) hem kad\u0131nlar\u0131n ya\u015fam kalitesine hem de \u00fclkelerin ekonomik performans\u0131na somut katk\u0131lar sa\u011flad\u0131\u011f\u0131n\u0131 \u015fimdiden g\u00f6rd\u00fck.<\/p>\n<div class=\"main-leader-wrapper\">\n<div class=\"beside-content beside-content-left\">\n<p>Kad\u0131nlar\u0131n liderlik potansiyelini tam anlam\u0131yla ortaya \u00e7\u0131karmak i\u00e7in ba\u015fka neler yap\u0131lmal\u0131?<\/p>\n<p>PwC\u2019nin yak\u0131n zamanda yapt\u0131\u011f\u0131 bir ara\u015ft\u0131rmada, gelece\u011fin giri\u015fimcisi ve lideri olmay\u0131 hedefleyen kad\u0131nlara tam olarak bu soruldu.<a href=\"#_ftn13\" name=\"_ftnref13\"><sup>[13]<\/sup><\/a><\/p>\n<p>\u0130\u015f hayat\u0131nda kad\u0131nlar\u0131n \u00fcst d\u00fczey pozisyonlara kat\u0131l\u0131m\u0131n\u0131 te\u015fvik etmek i\u00e7in uygulanabilecek somut ad\u0131mlar aras\u0131nda \u015funlar yer alabilir:<\/p>\n<\/div>\n<div class=\"leader-section\">\n<div class=\"leader-image\">\n<p><img decoding=\"async\" src=\"https:\/\/media.alj.com\/app\/uploads\/2025\/10\/antonia-carver.png\" alt=\"Antonia Carver\" \/><\/p>\n<div class=\"leader-caption\"><strong>Antonia Carver<\/strong>Direkt\u00f6r, Art Jameel<\/div>\n<\/div>\n<div class=\"leader-content\">\n<h3>Abdul Latif Jameel\u2019de kad\u0131n liderler: Antonia Carver<\/h3>\n<p>\u201cSanat sekt\u00f6r\u00fc, gurur duyulacak bir cinsiyet dengesine sahip. Nitekim Art Jameel\u2019in iki genel m\u00fcd\u00fcr yard\u0131mc\u0131s\u0131 da kad\u0131n. Sinema b\u00f6l\u00fcm ba\u015fkan\u0131m\u0131z ve ekibimizin yar\u0131s\u0131ndan fazlas\u0131 da \u00f6yle.<\/p>\n<p>\u015eirkete kat\u0131lan kad\u0131nlar\u0131n say\u0131s\u0131n\u0131n ve \u00fcst d\u00fczey pozisyonlardaki kad\u0131n liderlerin giderek artt\u0131\u011f\u0131n\u0131 g\u00f6r\u00fcyoruz. Bu da elbette heyecan verici bir geli\u015fme.<\/p>\n<p>Jameel ailesi, \u015firkette her zaman sayg\u0131ya dayal\u0131 bir \u00e7al\u0131\u015fma k\u00fclt\u00fcr\u00fcn\u00fcn temelini atm\u0131\u015ft\u0131r. Daha \u00f6nce \u00e7al\u0131\u015ft\u0131\u011f\u0131m yerlerle k\u0131yaslad\u0131\u011f\u0131mda, buradaki fark\u0131 \u00e7ok daha net hissedebiliyorum.\u201d<\/p>\n<\/div>\n<\/div>\n<\/div>\n<p>&nbsp;<\/p>\n<ul>\n<li>Uzaktan \u00e7al\u0131\u015fma modellerini daha yayg\u0131n bi\u00e7imde benimsemek.<\/li>\n<li>Ki\u015fisel ula\u015f\u0131m imkan\u0131 olmayanlara y\u00f6nelik esnek ula\u015f\u0131m \u00e7\u00f6z\u00fcmleri sa\u011flamak.<\/li>\n<li>G\u00fc\u00e7lenen kad\u0131n neslinin \u00e7e\u015fitli yetkinliklerine uygun daha geni\u015f i\u015f imkanlar\u0131na eri\u015fimini m\u00fcmk\u00fcn k\u0131lmak.<\/li>\n<li>E\u011fitimdeki e\u015fitsizlikleri gidermeye y\u00f6nelik, kad\u0131nlara \u00f6zel burs ve destek programlar\u0131 sunmak.<\/li>\n<li>Kad\u0131nlar\u0131n \u00e7al\u0131\u015fma hayat\u0131nda ve liderlik pozisyonlar\u0131nda kar\u015f\u0131la\u015ft\u0131\u011f\u0131 toplumsal \u00f6n yarg\u0131 ve damgalamay\u0131 azaltmak i\u00e7in sosyal normlar\u0131 yeniden \u015fekillendirmek.<\/li>\n<\/ul>\n<p>Bu t\u00fcr \u00f6nlemler Orta Do\u011fu genelinde yayg\u0131n bi\u00e7imde hayata ge\u00e7irilebilirse kad\u0131nlar\u0131n i\u015f hayat\u0131ndaki f\u0131rsat e\u015fitli\u011fini art\u0131rmaya ve daha geni\u015f \u00e7apta k\u00fclt\u00fcrel faydalar\u0131n olu\u015fmas\u0131na katk\u0131 sa\u011flayabilir.<\/p>\n<h2>\u0130\u015f g\u00fcc\u00fcnde \u00e7e\u015fitlilik neden stratejik bir hedef olmal\u0131?<\/h2>\n<div class=\"main-leader-wrapper\">\n<div class=\"beside-content beside-content-left\">\n<p>Abdul Latif Jameel gibi ilerici kurulu\u015flar, \u00fcst d\u00fczey pozisyonlarda g\u00f6rev yapan ve etkileyici yetkinliklere sahip kad\u0131n liderlerin deneyim ve becerilerinden \u015fimdiden faydalan\u0131yor.<\/p>\n<p>\u0130\u015f g\u00fcc\u00fcm\u00fcz\u00fcn \u00e7e\u015fitlili\u011fini art\u0131rmak, \u015firketimizin temel stratejik hedeflerinden biri haline geldi. Daha fazla kad\u0131n\u0131n \u00fcst d\u00fczey rollere ge\u00e7i\u015fini desteklemek i\u00e7in bir <a href=\"https:\/\/alj.com\/en\/perspective\/a-place-to-realize-your-potential\/\">kad\u0131n liderlik program\u0131<\/a> ba\u015flatt\u0131k ve bu \u00e7al\u0131\u015fmalar\u0131n etkinli\u011fini \u00f6l\u00e7mek \u00fczere \u00e7e\u015fitli temel performans g\u00f6stergeleri geli\u015ftiriyoruz.<\/p>\n<\/div>\n<div class=\"leader-section\">\n<div class=\"leader-image\">\n<p><img decoding=\"async\" src=\"https:\/\/media.alj.com\/app\/uploads\/2025\/10\/sunita-juma.png\" alt=\"Sunita Juma\" \/><\/p>\n<div class=\"leader-caption\"><strong>Sunita Juma<\/strong>Vergi Direkt\u00f6r\u00fc<br \/>\nAbdul Latif Jameel<\/div>\n<\/div>\n<div class=\"leader-content\">\n<h3>Abdul Latif Jameel\u2019de kad\u0131n liderler: Sunita Juma<\/h3>\n<p>\u201cAbdul Latif Jameel t\u00fcm \u00e7al\u0131\u015fanlar\u0131n\u0131n \u00e7e\u015fitlilik i\u00e7indeki katk\u0131lar\u0131n\u0131 \u00f6nemsiyor ve onlara de\u011fer veriyor.<\/p>\n<p>Bu anlay\u0131\u015f, bize yol g\u00f6steren Jameel \u0130lke ve De\u011ferlerinin temelinde yat\u0131yor. Ayr\u0131ca farkl\u0131 k\u00fclt\u00fcrlerin, ge\u00e7mi\u015flerin ve insanlar\u0131n sundu\u011fu benzersiz bak\u0131\u015f a\u00e7\u0131lar\u0131n\u0131n, kazanan bir kurum k\u00fclt\u00fcr\u00fc ve ba\u015far\u0131l\u0131 bir i\u015f yaratmadaki \u00f6neminin de fark\u0131nday\u0131z.<\/p>\n<p>Cinsiyet ayr\u0131m\u0131 g\u00f6zetmeksizin bireye verilen bu \u00f6nemin, daha y\u00fcksek performansl\u0131 ve daha adil bir k\u00fclt\u00fcr yaratt\u0131\u011f\u0131na ve b\u00f6ylece en iyi yeteneklerin kariyerlerini geli\u015ftirebildi\u011fine y\u00fcrekten inan\u0131yorum.\u201d<\/p>\n<\/div>\n<\/div>\n<\/div>\n<p>Peki, i\u015f yerinde kabul g\u00f6rme ve te\u015fvik edilme, kad\u0131n liderlerimizi nas\u0131l etkiliyor?<\/p>\n<p>Jameel Motors CEO\u2019su Jasmmine Wong, deneyimlerini \u015f\u00f6yle anlat\u0131yor, \u201c<em>OEM etkinliklerine s\u0131k s\u0131k kat\u0131l\u0131yorum ve \u00e7o\u011fu zaman odadaki tek kad\u0131n ben oluyorum. Otomotiv sekt\u00f6r\u00fcnde kendimi kabul ettirmek, ili\u015fkiler kurmak ve sesimi duyurmak i\u00e7in ger\u00e7ekten \u00e7ok \u00e7aba sarf ettim.<\/em> <em>\u00d6nce global otomotiv distrib\u00fct\u00f6r\u00fc Inchcape\u2019te, \u015fimdi de Abdul Latif Jameel\u2019de bana verilen f\u0131rsatlar sayesinde, kad\u0131nlar\u0131n bu sekt\u00f6rde de ba\u015far\u0131l\u0131 \u015firketleri y\u00f6netebileceklerini kan\u0131tlama \u015fans\u0131na sahip oldum.<\/em>\u201d<\/p>\n<p>Abdul Latif Jameel Ula\u015f\u0131m Sekt\u00f6r\u00fc \u0130nsan Kaynaklar\u0131 Direkt\u00f6r\u00fc Mariana Merino da ayn\u0131 g\u00f6r\u00fc\u015f\u00fc payla\u015f\u0131yor, \u201c<em>\u0130\u015f g\u00fcc\u00fcm\u00fcz\u00fcn \u00e7e\u015fitlili\u011fini art\u0131rmak, bizim i\u00e7in kritik \u00f6neme sahip stratejik bir hedef.<\/em>\u201d<\/p>\n<p>Mariana \u015fu anda Abdul Latif Jameel b\u00fcnyesinde daha fazla kad\u0131n\u0131n liderlik pozisyonlar\u0131na ge\u00e7i\u015fini sa\u011flayacak bir kad\u0131n liderlik program\u0131n\u0131n olu\u015fturulmas\u0131na destek veriyor. Mariana s\u00f6zlerine \u015f\u00f6yle devam ediyor; \u201c<em>Bu program, \u015firket genelinde cinsiyet \u00e7e\u015fitlili\u011fini g\u00fc\u00e7lendirmenin yan\u0131 s\u0131ra birbirimizi destekleme ve geli\u015ftirme k\u00fclt\u00fcr\u00fcm\u00fczle de uyumlu.<\/em>\u201d<\/p>\n<p>G\u00fc\u00e7l\u00fc bir kad\u0131n lider neslini te\u015fvik etmek sadece etik a\u00e7\u0131dan de\u011fil, finansal a\u00e7\u0131dan da son derece mant\u0131kl\u0131. \u0130\u015f g\u00fcc\u00fcnde kad\u0131n yeteneklere yat\u0131r\u0131m yap\u0131lmas\u0131n\u0131n, 2032 y\u0131l\u0131na kadar Suudi Arabistan ekonomisine yakla\u015f\u0131k <a href=\"https:\/\/alj.com\/en\/perspective\/developing-tomorrows-leaders\/\">39 milyar ABD dolar\u0131<\/a> (%3,5) katk\u0131 sa\u011flamas\u0131 bekleniyor.<\/p>\n<p>Daha kapsaml\u0131 ara\u015ft\u0131rmalar, cinsiyet \u00e7e\u015fitlili\u011finin i\u015f d\u00fcnyas\u0131 a\u00e7\u0131s\u0131ndan ne kadar de\u011ferli oldu\u011funu bir kez daha ortaya koyuyor. D\u00fcnya \u00e7ap\u0131nda y\u00fczlerce \u015firketten al\u0131nan verileri kapsayan bir ara\u015ft\u0131rma, cinsiyet \u00e7e\u015fitlili\u011fine sahip ekiplerin, bireylere oranla %73 daha iyi kararlar ald\u0131\u011f\u0131n\u0131 ortaya koyuyor.<a href=\"#_ftn14\" name=\"_ftnref14\"><sup>[14]<\/sup><\/a> Bir di\u011fer ara\u015ft\u0131rmaya g\u00f6re, y\u00f6netici ekiplerinde cinsiyet \u00e7e\u015fitlili\u011fi bak\u0131m\u0131ndan \u00fcst \u00e7eyrekte yer alan \u015firketlerin, alt \u00e7eyrekteki \u015firketlere k\u0131yasla ortalaman\u0131n \u00fczerinde k\u00e2rl\u0131l\u0131k g\u00f6sterme olas\u0131l\u0131\u011f\u0131 %25 daha y\u00fcksek.<a href=\"#_ftn15\" name=\"_ftnref15\"><sup>[15]<\/sup><\/a><\/p>\n<p><img decoding=\"async\" loading=\"lazy\" class=\"aligncenter wp-image-120971 size-full\" src=\"https:\/\/media.alj.com\/app\/uploads\/2025\/03\/2096-ALJ-Women-in-Leadership-v2_003-1.png\" alt=\"\" width=\"7016\" height=\"4608\" srcset=\"https:\/\/media.alj.com\/app\/uploads\/2025\/03\/2096-ALJ-Women-in-Leadership-v2_003-1.png 7016w, https:\/\/media.alj.com\/app\/uploads\/2025\/03\/2096-ALJ-Women-in-Leadership-v2_003-1-300x197.png 300w, https:\/\/media.alj.com\/app\/uploads\/2025\/03\/2096-ALJ-Women-in-Leadership-v2_003-1-1024x673.png 1024w, https:\/\/media.alj.com\/app\/uploads\/2025\/03\/2096-ALJ-Women-in-Leadership-v2_003-1-150x99.png 150w, https:\/\/media.alj.com\/app\/uploads\/2025\/03\/2096-ALJ-Women-in-Leadership-v2_003-1-768x504.png 768w, https:\/\/media.alj.com\/app\/uploads\/2025\/03\/2096-ALJ-Women-in-Leadership-v2_003-1-1536x1009.png 1536w, https:\/\/media.alj.com\/app\/uploads\/2025\/03\/2096-ALJ-Women-in-Leadership-v2_003-1-2048x1345.png 2048w\" sizes=\"(max-width: 7016px) 100vw, 7016px\" \/><\/p>\n<p><em>Reuse from previous <\/em><a href=\"https:\/\/alj.com\/en\/spotlight-by-fady-jameel\/celebrating-the-potential-of-all\/\"><em>women in the workplace<\/em><\/a><em> article.<\/em><\/p>\n<p>&nbsp;<\/p>\n<div class=\"main-leader-wrapper\">\n<div class=\"leader-section\">\n<div class=\"leader-image\">\n<p><img decoding=\"async\" src=\"https:\/\/media.alj.com\/app\/uploads\/2025\/10\/lisa-floris.jpg\" alt=\"Lisa Floris\" \/><\/p>\n<div class=\"leader-caption\"><strong>Lisa Floris<\/strong>Kurumsal \u0130li\u015fkiler Direkt\u00f6r\u00fc<br \/>\nAbdul Latif Jameel<\/div>\n<\/div>\n<div class=\"leader-content\">\n<h3>Abdul Latif Jameel\u2019de kad\u0131n liderler: Lisa Floris<\/h3>\n<p>\u201cKad\u0131nlar\u0131n liderlik yolunu a\u00e7maya devam etmek, engelleri ortadan kald\u0131rmak, herkes i\u00e7in kapsay\u0131c\u0131 bir ortam yaratmak ve ba\u015far\u0131ya ula\u015fman\u0131n m\u00fcmk\u00fcn oldu\u011funu g\u00f6stermek benim i\u00e7in \u00e7ok \u00f6nemli.<\/p>\n<p>Liderlik yaln\u0131zca bir \u00fcnvana sahip olmak anlam\u0131; liderlik ayn\u0131 zamanda etkilemek, yol g\u00f6stermek ve kad\u0131nlar\u0131n geli\u015fip g\u00fc\u00e7lenebilece\u011fi ortamlar yaratmakt\u0131r.<\/p>\n<p>Kal\u0131c\u0131 de\u011fi\u015fimi sa\u011flayan \u015fey; e\u015fitlik\u00e7i politikalar\u0131 savunmak, \u00f6rnek te\u015fkil etmek ve yeni nesil liderlere mentorluk yapmak gibi ad\u0131mlard\u0131r.\u201d<\/p>\n<\/div>\n<\/div>\n<div class=\"beside-content beside-content-right\">\n<p>D\u00fcnya, gelecek y\u0131llarda birden fazla krizin ayn\u0131 anda ya\u015fanaca\u011f\u0131 karma\u015f\u0131k bir d\u00f6neme haz\u0131rlan\u0131yor. K\u00fcresel \u0131s\u0131nma, kaynaklar\u0131n t\u00fckenmesi ve kontrolden \u00e7\u0131kabilecek yapay zeka gibi b\u00fcy\u00fck zorluklarla ba\u015fa \u00e7\u0131kmak i\u00e7in yetenek havuzumuzun tamam\u0131n\u0131, nerede ortaya \u00e7\u0131karsa \u00e7\u0131ks\u0131n, en iyi \u015fekilde kullanmam\u0131z gerekecek.<\/p>\n<p>Abdul Latif Jameel\u2019de faaliyetlerimizi k\u00fclt\u00fcr, inan\u00e7 ya da cinsiyet ayr\u0131m\u0131 g\u00f6zetmeksizin t\u00fcm insanl\u0131\u011f\u0131n ortak faydas\u0131 i\u00e7in y\u00fcr\u00fct\u00fcyoruz. Bu nedenle ekiplerimiz de insanl\u0131\u011f\u0131n sahip oldu\u011fu bu zengin \u00e7e\u015fitlili\u011fi yans\u0131t\u0131yor.<\/p>\n<\/div>\n<\/div>\n<p>Kad\u0131nlar \u015firketimizin \u00fcst d\u00fczey y\u00f6netiminde giderek daha etkin ve g\u00fc\u00e7l\u00fc roller \u00fcstlendik\u00e7e biz de bu liderlerin potansiyellerini en \u00fcst d\u00fczeyde kullanmalar\u0131n\u0131 destekleyerek ilerlemeyi en tepeden y\u00f6nlendirmelerinin sa\u011flad\u0131\u011f\u0131 avantajlardan yararlanmaya devam edece\u011fiz.<\/p>\n<p><a href=\"#_ftnref1\" name=\"_ftn1\">[1]<\/a> <a href=\"https:\/\/www.forbes.com\/sites\/nickmorrison\/2024\/01\/14\/from-kindergarten-to-college-girls-are-outperforming-boys\/\">https:\/\/www.forbes.com\/sites\/nickmorrison\/2024\/01\/14\/from-kindergarten-to-college-girls-are-outperforming-boys\/<\/a><\/p>\n<p><a href=\"#_ftnref2\" name=\"_ftn2\">[2]<\/a> <a href=\"https:\/\/ourworldindata.org\/fertility-rate\">https:\/\/ourworldindata.org\/fertility-rate<\/a><\/p>\n<p><a href=\"#_ftnref3\" name=\"_ftn3\">[3]<\/a> <a href=\"https:\/\/www.independent.co.uk\/news\/uk\/home-news\/women-children-mother-later-age-b1766293.html\">https:\/\/www.independent.co.uk\/news\/uk\/home-news\/women-children-mother-later-age-b1766293.html<\/a><\/p>\n<p><a href=\"#_ftnref4\" name=\"_ftn4\">[4]<\/a> <a href=\"https:\/\/www.weforum.org\/publications\/global-gender-gap-report-2023\/in-full\/gender-gaps-in-the-workforce\/\">https:\/\/www.weforum.org\/publications\/global-gender-gap-report-2023\/in-full\/gender-gaps-in-the-workforce\/<\/a><\/p>\n<p><a href=\"#_ftnref5\" name=\"_ftn5\">[5]<\/a> <a href=\"https:\/\/www.atlanticcouncil.org\/blogs\/menasource\/vision-2030-women-economy-saudi-arabia\/\">https:\/\/www.atlanticcouncil.org\/blogs\/menasource\/vision-2030-women-economy-saudi-arabia\/<\/a><\/p>\n<p><a href=\"#_ftnref6\" name=\"_ftn6\">[6]<\/a> <a href=\"https:\/\/businesschief.eu\/leadership-and-strategy\/top-10-female-leadership-firsts-in-saudi-arabia\">https:\/\/businesschief.eu\/leadership-and-strategy\/top-10-female-leadership-firsts-in-saudi-arabia<\/a><\/p>\n<p><a href=\"#_ftnref7\" name=\"_ftn7\">[7]<\/a> <a href=\"https:\/\/www.worldbank.org\/en\/topic\/girlseducation\">https:\/\/www.worldbank.org\/en\/topic\/girlseducation<\/a><\/p>\n<p><a href=\"#_ftnref8\" name=\"_ftn8\">[8]<\/a> <a href=\"https:\/\/www.worldbank.org\/en\/topic\/girlseducation\">https:\/\/www.worldbank.org\/en\/topic\/girlseducation<\/a><\/p>\n<p><a href=\"#_ftnref9\" name=\"_ftn9\">[9]<\/a> <a href=\"https:\/\/www.atlanticcouncil.org\/blogs\/menasource\/theres-a-gendered-brain-drain-in-mena-its-because-women-are-unrecognized-and-underestimated\/\">https:\/\/www.atlanticcouncil.org\/blogs\/menasource\/theres-a-gendered-brain-drain-in-mena-its-because-women-are-unrecognized-and-underestimated\/<\/a><\/p>\n<p><a href=\"#_ftnref10\" name=\"_ftn10\">[10]<\/a> <a href=\"https:\/\/www.worldbank.org\/en\/news\/press-release\/2018\/07\/11\/not-educating-girls-costs-countries-trillions-of-dollars-says-new-world-bank-report\">https:\/\/www.worldbank.org\/en\/news\/press-release\/2018\/07\/11\/not-educating-girls-costs-countries-trillions-of-dollars-says-new-world-bank-report<\/a><\/p>\n<p><a href=\"#_ftnref11\" name=\"_ftn11\">[11]<\/a> <a href=\"https:\/\/www.atlanticcouncil.org\/blogs\/menasource\/theres-a-gendered-brain-drain-in-mena-its-because-women-are-unrecognized-and-underestimated\/\">https:\/\/www.atlanticcouncil.org\/blogs\/menasource\/theres-a-gendered-brain-drain-in-mena-its-because-women-are-unrecognized-and-underestimated\/<\/a><\/p>\n<p><a href=\"#_ftnref12\" name=\"_ftn12\">[12]<\/a> <a href=\"https:\/\/www.pwc.com\/m1\/en\/publications\/images-new\/woman-in-work\/mena-women-in-work-survey-2022.pdf\">https:\/\/www.pwc.com\/m1\/en\/publications\/images-new\/woman-in-work\/mena-women-in-work-survey-2022.pdf<\/a><\/p>\n<p><a href=\"#_ftnref13\" name=\"_ftn13\">[13]<\/a> <a href=\"https:\/\/www.atlanticcouncil.org\/blogs\/menasource\/theres-a-gendered-brain-drain-in-mena-its-because-women-are-unrecognized-and-underestimated\/\">https:\/\/www.atlanticcouncil.org\/blogs\/menasource\/theres-a-gendered-brain-drain-in-mena-its-because-women-are-unrecognized-and-underestimated\/<\/a><\/p>\n<p><a href=\"#_ftnref14\" name=\"_ftn14\">[14]<\/a> <a href=\"https:\/\/www.forbes.com\/sites\/eriklarson\/2017\/09\/21\/new-research-diversity-inclusion-better-decision-making-at-work\/?sh=267e29904cbf\">https:\/\/www.forbes.com\/sites\/eriklarson\/2017\/09\/21\/new-research-diversity-inclusion-better-decision-making-at-work\/?sh=267e29904cbf<\/a><\/p>\n<p><a href=\"#_ftnref15\" name=\"_ftn15\">[15]<\/a> <a href=\"https:\/\/www.mckinsey.com\/featured-insights\/diversity-and-inclusion\/diversity-wins-how-inclusion-matters\">https:\/\/www.mckinsey.com\/featured-insights\/diversity-and-inclusion\/diversity-wins-how-inclusion-matters<\/a><\/p>\n","protected":false},"featured_media":124063,"template":"","tags":[],"acf":[],"yoast_head":"<!-- This site is optimized with the Yoast SEO plugin v21.5 - https:\/\/yoast.com\/wordpress\/plugins\/seo\/ -->\n<title>S\u00fcrd\u00fcr\u00fclebilir B\u00fcy\u00fcmeyi G\u00fc\u00e7lendiren Kad\u0131n Liderler | Abdul Latif Jameel\u00ae<\/title>\n<meta name=\"description\" content=\"Abdul Latif Jameel&#039;in gelece\u011fin kad\u0131n liderlerini k\u00fcresel ilerlemeye y\u00f6nlendirip de\u011fi\u015fime ilham vererek ba\u015far\u0131l\u0131 her kad\u0131n lideri nas\u0131l destekledi\u011fini ke\u015ffedin.\" \/>\n<meta name=\"robots\" content=\"index, follow, max-snippet:-1, max-image-preview:large, max-video-preview:-1\" \/>\n<link rel=\"canonical\" href=\"https:\/\/alj.com\/tr\/spotlight-by-fady-jameel\/why-are-female-leaders-vital-for-sustainable-success\/\" \/>\n<meta property=\"og:locale\" content=\"tr_TR\" \/>\n<meta property=\"og:type\" content=\"article\" \/>\n<meta property=\"og:title\" content=\"S\u00fcrd\u00fcr\u00fclebilir B\u00fcy\u00fcmeyi G\u00fc\u00e7lendiren Kad\u0131n Liderler | Abdul Latif Jameel\u00ae\" \/>\n<meta property=\"og:description\" content=\"Abdul Latif Jameel&#039;in gelece\u011fin kad\u0131n liderlerini k\u00fcresel ilerlemeye y\u00f6nlendirip de\u011fi\u015fime ilham vererek ba\u015far\u0131l\u0131 her kad\u0131n lideri nas\u0131l destekledi\u011fini ke\u015ffedin.\" \/>\n<meta property=\"og:url\" content=\"https:\/\/alj.com\/tr\/spotlight-by-fady-jameel\/why-are-female-leaders-vital-for-sustainable-success\/\" \/>\n<meta property=\"og:site_name\" content=\"Abdul Latif Jameel\" \/>\n<meta property=\"article:publisher\" content=\"https:\/\/www.facebook.com\/Abdul.Latif.Jameel.Official\" \/>\n<meta property=\"article:modified_time\" content=\"2026-01-09T06:35:15+00:00\" \/>\n<meta property=\"og:image\" content=\"https:\/\/media.alj.com\/app\/uploads\/2025\/10\/ALJ-Women2-FINAL-scaled.jpeg\" \/>\n\t<meta property=\"og:image:width\" content=\"2560\" \/>\n\t<meta property=\"og:image:height\" content=\"1215\" \/>\n\t<meta property=\"og:image:type\" content=\"image\/jpeg\" \/>\n<meta name=\"twitter:card\" content=\"summary_large_image\" \/>\n<meta name=\"twitter:label1\" content=\"Est. reading time\" \/>\n\t<meta name=\"twitter:data1\" content=\"20 minutes\" \/>\n<script type=\"application\/ld+json\" class=\"yoast-schema-graph\">{\"@context\":\"https:\/\/schema.org\",\"@graph\":[{\"@type\":\"WebPage\",\"@id\":\"https:\/\/alj.com\/tr\/spotlight-by-fady-jameel\/why-are-female-leaders-vital-for-sustainable-success\/\",\"url\":\"https:\/\/alj.com\/tr\/spotlight-by-fady-jameel\/why-are-female-leaders-vital-for-sustainable-success\/\",\"name\":\"S\u00fcrd\u00fcr\u00fclebilir B\u00fcy\u00fcmeyi G\u00fc\u00e7lendiren Kad\u0131n Liderler | Abdul Latif Jameel\u00ae\",\"isPartOf\":{\"@id\":\"https:\/\/alj.com\/en\/#website\"},\"datePublished\":\"2025-10-29T06:08:22+00:00\",\"dateModified\":\"2026-01-09T06:35:15+00:00\",\"description\":\"Abdul Latif Jameel'in gelece\u011fin kad\u0131n liderlerini k\u00fcresel ilerlemeye y\u00f6nlendirip de\u011fi\u015fime ilham vererek ba\u015far\u0131l\u0131 her kad\u0131n lideri nas\u0131l destekledi\u011fini ke\u015ffedin.\",\"breadcrumb\":{\"@id\":\"https:\/\/alj.com\/tr\/spotlight-by-fady-jameel\/why-are-female-leaders-vital-for-sustainable-success\/#breadcrumb\"},\"inLanguage\":\"tr\",\"potentialAction\":[{\"@type\":\"ReadAction\",\"target\":[\"https:\/\/alj.com\/tr\/spotlight-by-fady-jameel\/why-are-female-leaders-vital-for-sustainable-success\/\"]}]},{\"@type\":\"BreadcrumbList\",\"@id\":\"https:\/\/alj.com\/tr\/spotlight-by-fady-jameel\/why-are-female-leaders-vital-for-sustainable-success\/#breadcrumb\",\"itemListElement\":[{\"@type\":\"ListItem\",\"position\":1,\"name\":\"Home\",\"item\":\"https:\/\/alj.com\/tr\/\"},{\"@type\":\"ListItem\",\"position\":2,\"name\":\"Spotlight By Fady Jameel\",\"item\":\"https:\/\/alj.com\/ja\/spotlight-by-fady-jameel\/\"},{\"@type\":\"ListItem\",\"position\":3,\"name\":\"Kad\u0131n liderler s\u00fcrd\u00fcr\u00fclebilir ba\u015far\u0131 i\u00e7in neden vazge\u00e7ilmezdir?\"}]},{\"@type\":\"WebSite\",\"@id\":\"https:\/\/alj.com\/en\/#website\",\"url\":\"https:\/\/alj.com\/en\/\",\"name\":\"Abdul Latif Jameel\",\"description\":\"Abdul Latif Jameel\",\"potentialAction\":[{\"@type\":\"SearchAction\",\"target\":{\"@type\":\"EntryPoint\",\"urlTemplate\":\"https:\/\/alj.com\/en\/?s={search_term_string}\"},\"query-input\":\"required name=search_term_string\"}],\"inLanguage\":\"tr\"}]}<\/script>\n<!-- \/ Yoast SEO plugin. -->","yoast_head_json":{"title":"S\u00fcrd\u00fcr\u00fclebilir B\u00fcy\u00fcmeyi G\u00fc\u00e7lendiren Kad\u0131n Liderler | Abdul Latif Jameel\u00ae","description":"Abdul Latif Jameel'in gelece\u011fin kad\u0131n liderlerini k\u00fcresel ilerlemeye y\u00f6nlendirip de\u011fi\u015fime ilham vererek ba\u015far\u0131l\u0131 her kad\u0131n lideri nas\u0131l destekledi\u011fini ke\u015ffedin.","robots":{"index":"index","follow":"follow","max-snippet":"max-snippet:-1","max-image-preview":"max-image-preview:large","max-video-preview":"max-video-preview:-1"},"canonical":"https:\/\/alj.com\/tr\/spotlight-by-fady-jameel\/why-are-female-leaders-vital-for-sustainable-success\/","og_locale":"tr_TR","og_type":"article","og_title":"S\u00fcrd\u00fcr\u00fclebilir B\u00fcy\u00fcmeyi G\u00fc\u00e7lendiren Kad\u0131n Liderler | Abdul Latif Jameel\u00ae","og_description":"Abdul Latif Jameel'in gelece\u011fin kad\u0131n liderlerini k\u00fcresel ilerlemeye y\u00f6nlendirip de\u011fi\u015fime ilham vererek ba\u015far\u0131l\u0131 her kad\u0131n lideri nas\u0131l destekledi\u011fini ke\u015ffedin.","og_url":"https:\/\/alj.com\/tr\/spotlight-by-fady-jameel\/why-are-female-leaders-vital-for-sustainable-success\/","og_site_name":"Abdul Latif Jameel","article_publisher":"https:\/\/www.facebook.com\/Abdul.Latif.Jameel.Official","article_modified_time":"2026-01-09T06:35:15+00:00","og_image":[{"width":2560,"height":1215,"url":"https:\/\/media.alj.com\/app\/uploads\/2025\/10\/ALJ-Women2-FINAL-scaled.jpeg","type":"image\/jpeg"}],"twitter_card":"summary_large_image","twitter_misc":{"Est. reading time":"20 minutes"},"schema":{"@context":"https:\/\/schema.org","@graph":[{"@type":"WebPage","@id":"https:\/\/alj.com\/tr\/spotlight-by-fady-jameel\/why-are-female-leaders-vital-for-sustainable-success\/","url":"https:\/\/alj.com\/tr\/spotlight-by-fady-jameel\/why-are-female-leaders-vital-for-sustainable-success\/","name":"S\u00fcrd\u00fcr\u00fclebilir B\u00fcy\u00fcmeyi G\u00fc\u00e7lendiren Kad\u0131n Liderler | Abdul Latif Jameel\u00ae","isPartOf":{"@id":"https:\/\/alj.com\/en\/#website"},"datePublished":"2025-10-29T06:08:22+00:00","dateModified":"2026-01-09T06:35:15+00:00","description":"Abdul Latif Jameel'in gelece\u011fin kad\u0131n liderlerini k\u00fcresel ilerlemeye y\u00f6nlendirip de\u011fi\u015fime ilham vererek ba\u015far\u0131l\u0131 her kad\u0131n lideri nas\u0131l destekledi\u011fini ke\u015ffedin.","breadcrumb":{"@id":"https:\/\/alj.com\/tr\/spotlight-by-fady-jameel\/why-are-female-leaders-vital-for-sustainable-success\/#breadcrumb"},"inLanguage":"tr","potentialAction":[{"@type":"ReadAction","target":["https:\/\/alj.com\/tr\/spotlight-by-fady-jameel\/why-are-female-leaders-vital-for-sustainable-success\/"]}]},{"@type":"BreadcrumbList","@id":"https:\/\/alj.com\/tr\/spotlight-by-fady-jameel\/why-are-female-leaders-vital-for-sustainable-success\/#breadcrumb","itemListElement":[{"@type":"ListItem","position":1,"name":"Home","item":"https:\/\/alj.com\/tr\/"},{"@type":"ListItem","position":2,"name":"Spotlight By Fady Jameel","item":"https:\/\/alj.com\/ja\/spotlight-by-fady-jameel\/"},{"@type":"ListItem","position":3,"name":"Kad\u0131n liderler s\u00fcrd\u00fcr\u00fclebilir ba\u015far\u0131 i\u00e7in neden vazge\u00e7ilmezdir?"}]},{"@type":"WebSite","@id":"https:\/\/alj.com\/en\/#website","url":"https:\/\/alj.com\/en\/","name":"Abdul Latif Jameel","description":"Abdul Latif Jameel","potentialAction":[{"@type":"SearchAction","target":{"@type":"EntryPoint","urlTemplate":"https:\/\/alj.com\/en\/?s={search_term_string}"},"query-input":"required name=search_term_string"}],"inLanguage":"tr"}]}},"post-meta-fields":{"amazonS3_cache":["a:22:{s:85:\"\/\/alj.com\/app\/uploads\/2025\/10\/Gender-gap-in-labour-force-participation_001-scaled.jpg\";a:2:{s:2:\"id\";i:124070;s:11:\"source_type\";s:13:\"media-library\";}s:91:\"\/\/media.alj.com\/app\/uploads\/2025\/10\/Gender-gap-in-labour-force-participation_001-scaled.jpg\";a:2:{s:2:\"id\";i:124070;s:11:\"source_type\";s:13:\"media-library\";}s:52:\"\/\/alj.com\/app\/uploads\/2025\/10\/Wome-in-Leadership.png\";a:2:{s:2:\"id\";i:124084;s:11:\"source_type\";s:13:\"media-library\";}s:58:\"\/\/media.alj.com\/app\/uploads\/2025\/10\/Wome-in-Leadership.png\";a:2:{s:2:\"id\";i:124084;s:11:\"source_type\";s:13:\"media-library\";}s:51:\"\/\/alj.com\/app\/uploads\/2023\/10\/Yasmmine_Wong_Web.jpg\";a:2:{s:2:\"id\";i:110262;s:11:\"source_type\";s:13:\"media-library\";}s:59:\"\/\/alj.com\/app\/uploads\/2023\/10\/Yasmmine_Wong_Web-232x300.jpg\";a:2:{s:2:\"id\";i:110262;s:11:\"source_type\";s:13:\"media-library\";}s:57:\"\/\/media.alj.com\/app\/uploads\/2023\/10\/Yasmmine_Wong_Web.jpg\";a:2:{s:2:\"id\";i:110262;s:11:\"source_type\";s:13:\"media-library\";}s:65:\"\/\/media.alj.com\/app\/uploads\/2023\/10\/Yasmmine_Wong_Web-232x300.jpg\";a:2:{s:2:\"id\";i:110262;s:11:\"source_type\";s:13:\"media-library\";}s:75:\"\/\/alj.com\/app\/uploads\/2025\/10\/Projected-increase-in-MENA-GDP_001-scaled.jpg\";a:2:{s:2:\"id\";i:124077;s:11:\"source_type\";s:13:\"media-library\";}s:81:\"\/\/media.alj.com\/app\/uploads\/2025\/10\/Projected-increase-in-MENA-GDP_001-scaled.jpg\";a:2:{s:2:\"id\";i:124077;s:11:\"source_type\";s:13:\"media-library\";}s:71:\"\/\/alj.com\/app\/uploads\/2025\/03\/2096-ALJ-Women-in-Leadership-v2_003-1.png\";a:2:{s:2:\"id\";i:120971;s:11:\"source_type\";s:13:\"media-library\";}s:77:\"\/\/media.alj.com\/app\/uploads\/2025\/03\/2096-ALJ-Women-in-Leadership-v2_003-1.png\";a:2:{s:2:\"id\";i:120971;s:11:\"source_type\";s:13:\"media-library\";}s:52:\"\/\/media.alj.com\/app\/uploads\/2025\/10\/kate-mclaren.jpg\";a:2:{s:2:\"id\";s:6:\"124108\";s:11:\"source_type\";s:13:\"media-library\";}s:46:\"\/\/alj.com\/app\/uploads\/2025\/10\/kate-mclaren.jpg\";a:2:{s:2:\"id\";s:6:\"124108\";s:11:\"source_type\";s:13:\"media-library\";}s:54:\"\/\/media.alj.com\/app\/uploads\/2025\/10\/naura-elawamry.png\";a:2:{s:2:\"id\";s:6:\"124121\";s:11:\"source_type\";s:13:\"media-library\";}s:48:\"\/\/alj.com\/app\/uploads\/2025\/10\/naura-elawamry.png\";a:2:{s:2:\"id\";s:6:\"124121\";s:11:\"source_type\";s:13:\"media-library\";}s:48:\"\/\/alj.com\/app\/uploads\/2025\/10\/antonia-carver.png\";a:2:{s:2:\"id\";s:6:\"124129\";s:11:\"source_type\";s:13:\"media-library\";}s:54:\"\/\/media.alj.com\/app\/uploads\/2025\/10\/antonia-carver.png\";a:2:{s:2:\"id\";s:6:\"124129\";s:11:\"source_type\";s:13:\"media-library\";}s:51:\"\/\/media.alj.com\/app\/uploads\/2025\/10\/sunita-juma.png\";a:2:{s:2:\"id\";s:6:\"124137\";s:11:\"source_type\";s:13:\"media-library\";}s:45:\"\/\/alj.com\/app\/uploads\/2025\/10\/sunita-juma.png\";a:2:{s:2:\"id\";s:6:\"124137\";s:11:\"source_type\";s:13:\"media-library\";}s:51:\"\/\/media.alj.com\/app\/uploads\/2025\/10\/lisa-floris.jpg\";a:2:{s:2:\"id\";s:6:\"124181\";s:11:\"source_type\";s:13:\"media-library\";}s:45:\"\/\/alj.com\/app\/uploads\/2025\/10\/lisa-floris.jpg\";a:2:{s:2:\"id\";s:6:\"124181\";s:11:\"source_type\";s:13:\"media-library\";}}"],"content_series_applied":[""],"featured_on_listing_page":["0"],"is_latest_news":["0"],"is_podcast":["0"],"mobile_featured_image":["https:\/\/media.alj.com\/app\/uploads\/2025\/10\/ALJ-Women2-760x360-1.jpeg"],"perspective_author_bio":["<p>Fady Jameel, 1945 y\u0131l\u0131nda merhum Abdul Latif Jameel taraf\u0131ndan kurulmu\u015f, farkl\u0131 alanlarda faaliyet g\u00f6steren, uluslararas\u0131 ve aile k\u00f6kenli bir \u015firket olan\u00a0<a href=\"https:\/\/alj.com\/\">Abdul Latif Jameel<\/a>\u2019in Uluslararas\u0131 Y\u00f6netim Kurulu Ba\u015fkan Yard\u0131mc\u0131s\u0131d\u0131r.\u00a0 <a href=\"https:\/\/www.communityjameel.org\/team\/fady-jameel\">Ba\u015fkan Yard\u0131mc\u0131s\u0131<\/a>\u00a0olarak\u00a0<a href=\"https:\/\/communityjameel.org\/\">Community Jameel<\/a>\u2019de yapt\u0131\u011f\u0131 g\u00f6revde\u00a0<a href=\"https:\/\/www.povertyactionlab.org\/sector\/environment-energy-climate-change\">J-PAL<\/a> ile birlikte kan\u0131ta dayal\u0131 de\u011ferlendirmeler \u00fczerine \u00e7al\u0131\u015farak \u00c7SY alan\u0131ndaki verileri ve kesin kan\u0131tlar\u0131 g\u00fc\u00e7lendirmek, kamu ve \u00f6zel sekt\u00f6rlerin vaatlerinden sorumlu tutulmas\u0131na yard\u0131mc\u0131 olmak ve \u00f6l\u00fcm oranlar\u0131ndaki \u00f6nemli etmenlerden biri olan emisyonu temel alan ticaret programlar\u0131n\u0131n hava kirlili\u011fini iyile\u015ftirme \u00fczerindeki etkisini belirlemek de ilgilenmektedir.\u00a0 Sn. Jameel, Jameel ailesinin sanat ve k\u00fclt\u00fcr program\u0131 olan\u00a0<a href=\"http:\/\/www.artjameel.org\/\">Art Jameel<\/a>\u2019in\u00a0<a href=\"https:\/\/artjameel.org\/about\/fady-jameel\/\">Y\u00f6netim Kurulu Ba\u015fkan\u0131 ve Kurucusu<\/a>\u2019dur.<\/p>\n"],"perspective_author_name":["<p><span style=\"color: #000000\"><a href=\"https:\/\/www.alj.com\/tr\/our-people\/fady-jameel\/\">Fady Jameel<\/a><br \/>\n<\/span>Y\u00f6netim Kurulu Ba\u015fkan Yard\u0131mc\u0131s\u0131, Uluslararas\u0131, Abdul Latif Jameel<\/p>\n"],"perspective_location":["Dubai, BAE"],"perspective_short_title":["Kad\u0131n liderler s\u00fcrd\u00fcr\u00fclebilir ba\u015far\u0131 i\u00e7in neden vazge\u00e7ilmezdir?"],"perspective_summury":["<p>Bundan \u00e7ok da uzun olmayan bir s\u00fcre \u00f6nce, d\u00fcnyan\u0131n herhangi bir yerindeki \u00fcst d\u00fczey bir y\u00f6netim toplant\u0131s\u0131na girseniz, kad\u0131n liderlere rastlamak neredeyse imkans\u0131zd\u0131. \u0130\u015f hayat\u0131, \u00f6zellikle \u00fcst d\u00fczey pozisyonlar s\u00f6z konusu oldu\u011funda, kad\u0131nlara uygun g\u00f6r\u00fclmezdi. Neyse ki o g\u00fcnler art\u0131k geride kald\u0131. Ve i\u015f d\u00fcnyas\u0131 bu de\u011fi\u015fim sayesinde \u00e7ok daha g\u00fc\u00e7l\u00fc ve ba\u015far\u0131l\u0131.<\/p>\n"],"publish_mobile":[""],"push_notification":["no"],"wpcf-card_article_content":["write your content"],"wpcf-card_article_with_title_content":[""],"wpcf-featured-news":["0"],"wpcf-layoutvideourl":[""],"wpcf-perspective-downloadable_file":[""],"wpcf-perspective-published-date":["1761091200"],"wpcf-quotes-with-auther-text":[""],"wpcf-quotes-with-auther-text-1":[""],"wpcf-show-news-at-homepage":["1"],"wpcf-social-image-square":[""],"wpcf-social-svg-square":[""],"wpcf-social-text-image-square":[""],"wpcf-social-text-square":[""],"wpcf-social-text-svg-square":[""],"wpcf-social-text-text-square":[""],"wpcf-social-text-url-square":[""],"wpcf-social-url-square":[""],"wpcf-social1-background-image":[""],"wpcf-social1-svg":[""],"wpcf-social1-text":[""],"wpcf-social1-url":[""],"wpcf-social2-background-image":[""],"wpcf-social2-svg":[""],"wpcf-social2-text":[""],"wpcf-social2-url":[""],"wpcf-social3-background-image":[""],"wpcf-social3-svg":[""],"wpcf-social3-text":[""],"wpcf-social3-url":[""],"wpcf-social4-background-image":[""],"wpcf-social4-svg":[""],"wpcf-social4-text":[""],"wpcf-social4-url":[""],"wpcf-video-description":[""],"wpcf-video-thumb":[""],"_":["field_6746fdff672ad"],"_bsf_item_review_type":["none"],"_bsf_post_type":["0"],"_content_series_applied":["field_60f3d3faf82ac"],"_featured_on_listing_page":["field_62458ea7383c3"],"_is_podcast":["field_5ee1dff933e7f"],"_mobile_featured_image":["field_5c3b204983dea"],"_publish_mobile":["field_5bfa8eb2e65cf"],"_push_notification":["field_5c3b1fb67034d"],"_wpml_media_duplicate":["1"],"_wpml_media_featured":["1"],"_wpml_word_count":["{\"total\":3086,\"to_translate\":{\"ar\":3086,\"zh-hans\":3086,\"fr\":3086,\"ja\":3086,\"es\":3086,\"tr\":3086}}"],"_yoast_wpseo_content_score":["30"],"_yoast_wpseo_estimated-reading-time-minutes":[""],"_yoast_wpseo_metadesc":["Abdul Latif Jameel'in gelece\u011fin kad\u0131n liderlerini k\u00fcresel ilerlemeye y\u00f6nlendirip de\u011fi\u015fime ilham vererek ba\u015far\u0131l\u0131 her kad\u0131n lideri nas\u0131l destekledi\u011fini ke\u015ffedin."],"_yoast_wpseo_title":["S\u00fcrd\u00fcr\u00fclebilir B\u00fcy\u00fcmeyi G\u00fc\u00e7lendiren Kad\u0131n Liderler | Abdul Latif Jameel\u00ae"],"_yoast_wpseo_wordproof_timestamp":[""],"_thumbnail_id":["124063"],"_edit_lock":["1767940762:25"],"_edit_last":["25"],"wpcf-projecttitle":[""],"wpcf-projectdescription":[""],"wpcf-projectimage-video1":["image"],"wpcf-projectimage-1":[""],"wpcf-projectvideo-1":[""],"wpcf-projectdescription-1":[""],"wpcf-projectimage-video2":["image"],"wpcf-projectimage-2":[""],"wpcf-projectvideo-2":[""],"wpcf-projectdescription-2":[""],"wpcf-projectimage-video3":["image"],"wpcf-projectimage-3":[""],"wpcf-projectvideo-3":[""],"wpcf-projectdescription-3":[""],"wpcf-projectimage-video4":["image"],"wpcf-projectimage-4":[""],"wpcf-projectvideo-4":[""],"wpcf-projectdescription-4":[""],"_last_translation_edit_mode":["native-editor"],"_wp_old_date":["2025-10-28"],"_wp_old_slug":["kadin-liderler-surdurulebilir-basari-icin-neden-vazgecilmezdir"],"perspective_business_sector":["\u015eirket"],"perspective_author_image":["96328"],"wpcf-card-image":[""],"_wpcf-card-image-sort-order":["a:1:{i:0;i:2050825;}"]},"_links":{"self":[{"href":"https:\/\/alj.com\/tr\/wp-json\/wp\/v2\/spotlight-fadyjameel\/124276"}],"collection":[{"href":"https:\/\/alj.com\/tr\/wp-json\/wp\/v2\/spotlight-fadyjameel"}],"about":[{"href":"https:\/\/alj.com\/tr\/wp-json\/wp\/v2\/types\/spotlight-fadyjameel"}],"wp:featuredmedia":[{"embeddable":true,"href":"https:\/\/alj.com\/tr\/wp-json\/wp\/v2\/media\/124063"}],"wp:attachment":[{"href":"https:\/\/alj.com\/tr\/wp-json\/wp\/v2\/media?parent=124276"}],"wp:term":[{"taxonomy":"post_tag","embeddable":true,"href":"https:\/\/alj.com\/tr\/wp-json\/wp\/v2\/tags?post=124276"}],"curies":[{"name":"wp","href":"https:\/\/api.w.org\/{rel}","templated":true}]}}