{"id":85107,"date":"2021-03-01T05:00:48","date_gmt":"2021-03-01T05:00:48","guid":{"rendered":"https:\/\/www.alj.com\/?post_type=spotlight-fadyjameel&#038;p=85107"},"modified":"2022-03-31T12:20:45","modified_gmt":"2022-03-31T12:20:45","slug":"plastik-kirliligine-bir-cozum-bulma","status":"publish","type":"spotlight-fadyjameel","link":"https:\/\/alj.com\/tr\/spotlight-by-fady-jameel\/plastik-kirliligine-bir-cozum-bulma\/","title":{"rendered":"Plastik kirlili\u011fine bir \u00e7\u00f6z\u00fcm bulma"},"content":{"rendered":"<h4>Plastik y\u00fcz y\u0131ldan biraz uzun bir s\u00fcre \u00f6nce ilk kez geli\u015ftirildi\u011finde, mucizevi bir malzeme olarak kabul edildi; t\u00fcm hayat\u0131m\u0131z\u0131 daha iyiye d\u00f6n\u00fc\u015ft\u00fcrecek ve a\u011fa\u00e7lar\u0131 kesme ihtiyac\u0131n\u0131 azaltacak bir \u015fey.<\/h4>\n<h4>Tarih, bunun aksine, ge\u00e7mi\u015f ve deneyimin g\u00f6sterdi\u011fi gibi, gezegenimiz ve do\u011fal \u00e7evremiz \u00fczerindeki b\u00fcy\u00fck \u00f6l\u00e7\u00fcde zarar verici ve uzun s\u00fcreli etkisine odaklanan farkl\u0131 bir plastik anlay\u0131\u015f\u0131n\u0131 yans\u0131tacakt\u0131r.<\/h4>\n<p>\u0130statistikler neredeyse \u015fok edici.<\/p>\n<ul>\n<li>\u015eimdiye kadar \u00fcretilen t\u00fcm plastiklerin yar\u0131s\u0131 son 15 y\u0131lda \u00fcretilmi\u015ftir.<\/li>\n<li>2019 y\u0131l\u0131nda, plastik \u00fcretimi d\u00fcnya \u00e7ap\u0131nda yakla\u015f\u0131k 368 milyon metrik ton olmu\u015ftur.<a href=\"#_ftn1\" name=\"_ftnref1\">[1]<\/a><\/li>\n<li>ABD yaln\u0131zca bir hafta i\u00e7inde ve \u015fi\u015fe su ihtiyac\u0131 i\u00e7in olmak \u00fczere, gezegenin etraf\u0131n\u0131 be\u015f defa sarabilecek kadar plastik \u015fi\u015fe \u00fcretmektedir.<a href=\"#_ftn2\" name=\"_ftnref2\">[2]<\/a><\/li>\n<li>D\u00fcnya genelinde <em>her dakika<\/em> bir milyon plastik \u015fi\u015fe sat\u0131n al\u0131n\u0131yor.<a href=\"#_ftn3\" name=\"_ftnref3\">[3]<\/a><\/li>\n<li>Baz\u0131 plastiklerin \u00e7\u00f6z\u00fcnmesi bin y\u0131la kadar s\u00fcrebilir.<\/li>\n<li>D\u00fcnya \u00e7ap\u0131nda plaj \u00e7\u00f6plerinin %73&#8217;\u00fc plastiktir. <a href=\"#_ftn4\" name=\"_ftnref4\"><sup>[4]<\/sup><\/a><\/li>\n<li>30 y\u0131l kadar k\u0131sa bir s\u00fcrede, okyanusta bal\u0131ktan daha fazla plastik olabilir.<a href=\"#_ftn5\" name=\"_ftnref5\">[5]<\/a><\/li>\n<\/ul>\n<p>Plastik her yerde bulunur. Plastik kal\u0131c\u0131d\u0131r. Ancak, insan yarat\u0131c\u0131l\u0131\u011f\u0131 da \u00f6yledir. Ve bu bizim kurtar\u0131c\u0131m\u0131z olabilir. Teknoloji \u00e7a\u011f\u0131na girerken, hala plastik \u00e7a\u011f\u0131nda tak\u0131l\u0131 kald\u0131\u011f\u0131m\u0131zdan dolay\u0131, bizi bu kendi yaratt\u0131\u011f\u0131m\u0131z hastal\u0131ktan kurtarabilecek olan \u015fey, yenilik kapasitemizdir.<\/p>\n<p><img decoding=\"async\" loading=\"lazy\" class=\"aligncenter size-full wp-image-85006\" src=\"https:\/\/www.alj.com\/app\/uploads\/2021\/02\/ALJ-Plastic-Pollution-Pathways.jpg\" alt=\"\" width=\"2560\" height=\"1810\" \/><\/p>\n<p>Bize s\u0131k s\u0131k plasti\u011fin sonsuz oldu\u011fu s\u00f6ylenir. \u00c7\u00f6z\u00fcnmesinin \u00f6m\u00fcr boyu veya daha uzun s\u00fcrece\u011fi. Ekonomik olarak uygulanabilir bir alternatif olmad\u0131\u011f\u0131. Bu geleneksel bilgiler g\u00f6r\u00fcnd\u00fckleri kadar belirsiz de\u011fil mi yoksa plastikle gelecekteki ili\u015fkimiz hen\u00fcz belirsiz mi?<\/p>\n<p>\u00d6n\u00fcm\u00fczdeki f\u0131rsatlar\u0131 anlamak i\u00e7in, \u00f6nce bu zorlu\u011fun do\u011fas\u0131n\u0131 anlamal\u0131y\u0131z.<\/p>\n<h2>Plastik konusundaki ger\u00e7ekleri kabullenmek zor<\/h2>\n<p>Bir\u00e7ok t\u00fcketici sekt\u00f6r\u00fc plastik at\u0131klar\u0131n\u0131 ele almak i\u00e7in ad\u0131mlar atm\u0131\u015f olsa da, sorun tek ba\u015f\u0131na \u00e7\u00f6z\u00fclemeyecek kadar b\u00fcy\u00fckt\u00fcr.<\/p>\n<p>Plastikler, g\u00fcnl\u00fck ya\u015fam\u0131m\u0131z\u0131n her alan\u0131n\u0131 kapsar ve d\u00fcnyan\u0131n en b\u00fcy\u00fck markalar\u0131ndan baz\u0131lar\u0131na kadar uzanabilir.<\/p>\n<p>\u00c7evre savunma grubu <a href=\"https:\/\/www.breakfreefromplastic.org\/\">Break Free of Plastic<\/a> taraf\u0131ndan yap\u0131lan bir \u00e7al\u0131\u015fma, Coca-Cola, Pepsi ve Nestl\u00e9&#8217;nin art arda u\u00e7 y\u0131l boyunca d\u00fcnyadaki ilk \u00fc\u00e7 k\u00fcresel plastik \u2018kirletici\u2019 oldu\u011funu ortaya koymu\u015ftur.<a href=\"#_ftn6\" name=\"_ftnref6\">[6]<\/a><\/p>\n<p>Bu y\u0131l\u0131n ba\u015flar\u0131nda, bu \u00fc\u00e7 marka ve Unilever, her y\u0131l geli\u015fmekte olan alt\u0131 \u00fclkede toplumumuzun plastik kirlili\u011finin 500.000 tonunun geldi\u011fi kaynak olarak su\u00e7land\u0131.<a href=\"#_ftn7\" name=\"_ftnref7\">[7]<\/a><\/p>\n<p>Bu d\u00f6rt k\u00fcresel \u015firketin hepsi de plastik kirlili\u011fine katk\u0131lar\u0131n\u0131 azaltmak i\u00e7in ad\u0131mlar at\u0131yor. \u00d6rne\u011fin, Coca Cola plastik \u015fi\u015felerdeki geri d\u00f6n\u00fc\u015ft\u00fcr\u00fclm\u00fc\u015f i\u00e7erik miktar\u0131n\u0131 2030 y\u0131l\u0131na kadar %50\u2019ye \u00e7\u0131karmay\u0131 taahh\u00fct ederken, Nestle 2025 y\u0131l\u0131na kadar plastik ambalajlar\u0131n\u0131 %100 geri d\u00f6n\u00fc\u015ft\u00fcr\u00fclebilir veya yeniden kullan\u0131labilir hale getirece\u011fini taahh\u00fct etti. Ama sorun, <em>en<\/em> b\u00fcy\u00fck \u015firketler i\u00e7in bile tek ba\u015f\u0131na \u00fcstesinden gelinemeyecek kadar b\u00fcy\u00fck.<\/p>\n<p><img decoding=\"async\" loading=\"lazy\" class=\"aligncenter size-full wp-image-85041\" src=\"https:\/\/www.alj.com\/app\/uploads\/2021\/02\/ALJ-Plastic-Pollution-Waste.jpg\" alt=\"ALJ Plastic Pollution Waste\" width=\"2560\" height=\"1551\" \/><\/p>\n<p>BM&#8217;ye g\u00f6re, plastik kal\u0131nt\u0131lar y\u0131lda yakla\u015f\u0131k bir milyon deniz ku\u015funun ve 100.000 deniz hayvan\u0131n\u0131n \u00f6l\u00fcm\u00fcne neden olmaktad\u0131r.<a href=\"#_ftn8\" name=\"_ftnref8\">[8]<\/a><\/p>\n<p>Plastikler, giderek daha da fark etti\u011fimiz gibi, sadece hayvan ya\u015fam\u0131na de\u011fil, insan ya\u015fam\u0131na da zararl\u0131d\u0131r.<\/p>\n<p>Uzunlu\u011fu 5 mm&#8217;den az olan mikroplastikler, \u015fa\u015f\u0131rt\u0131c\u0131 bir rahatl\u0131kla g\u0131da zincirine giriyor. Baz\u0131 tahminler her birimizin ayda ortalama 21 gram plastik t\u00fcketti\u011fimizi ve bu miktar\u0131n bir pirin\u00e7 kasesini yar\u0131ya kadar doldurabilece\u011fini g\u00f6stermektedir.<a href=\"#_ftn9\" name=\"_ftnref9\">[9]<\/a><\/p>\n<p>Kimse bunun iyi bir haber oldu\u011funu d\u00fc\u015f\u00fcnm\u00fcyor. Peki, plastiklere olan ba\u011f\u0131ml\u0131l\u0131\u011f\u0131m\u0131z\u0131 azaltmak i\u00e7in bir \u015fey yapmam\u0131z gerekmiyor mu?<\/p>\n<h2>(Plastik) kutunun d\u0131\u015f\u0131nda d\u00fc\u015f\u00fcnmek<\/h2>\n<p>Olay\u0131n derinlerine indi\u011fimizde, plastikleri hayat\u0131m\u0131zdan \u00e7\u0131karman\u0131n o kadar kolay olmad\u0131\u011f\u0131n\u0131 g\u00f6r\u00fcyoruz. \u015eimdiye kadar \u00f6nerilen alternatiflerden baz\u0131lar\u0131 kendi dezavantajlar\u0131na sahip.<\/p>\n<p>\u00d6rne\u011fin biyolojik olarak par\u00e7alanabilen \u015fi\u015feler, genellikle bitkilerden \u00fcretilir ve mikroplar\u0131n polimeri par\u00e7alayabilmesi i\u00e7in uygun y\u00fcksek \u0131s\u0131 ve nem seviyelerine sahip bir ortam gerektirir. Bu t\u00fcr \u015fi\u015feler ayr\u0131ca s\u0131kl\u0131kla do\u011fal \u00e7\u00f6z\u00fcnmeye dayan\u0131kl\u0131 astarlar veya kimyasallar i\u00e7erir.<a href=\"#_ftn10\" name=\"_ftnref10\">[10]<\/a><\/p>\n<p><img decoding=\"async\" loading=\"lazy\" class=\"aligncenter size-full wp-image-85034\" src=\"https:\/\/www.alj.com\/app\/uploads\/2021\/02\/ALJ-Plastic-Pollution-Time.jpg\" alt=\"\" width=\"2560\" height=\"2211\" \/><\/p>\n<p>Tek kullan\u0131ml\u0131k plastik torba sorununu \u00e7\u00f6zme giri\u015fimleri, bu torbalar\u0131n y\u0131lda bir trilyondan fazla \u00fcretildi\u011fi g\u00f6z \u00f6n\u00fcne al\u0131nd\u0131\u011f\u0131nda takdire de\u011fer. Biyolojik olarak par\u00e7alanabilen torbalar k\u0131sa bir s\u00fcre i\u00e7inde bir \u00e7\u00f6z\u00fcm sunmak i\u00e7in ortaya \u00e7\u0131kt\u0131, ancak sevinmek i\u00e7in daha erkendi. Oxo-\u00e7\u00f6z\u00fcn\u00fcr torbalar (yani, temiz havada do\u011fal olarak bozunabilen torbalar) 2017 y\u0131l\u0131nda Suudi Arabistan&#8217;\u0131 okso olmayan malzemeden yap\u0131lm\u0131\u015f tek kullan\u0131ml\u0131k plastik torbalar\u0131 yasaklamaya sevk ederek \u00e7\u0131\u011f\u0131r a\u00e7an bir unsur olarak kabul edildi. Ancak, daha sonra yap\u0131lan ara\u015ft\u0131rmalar okso torbalar\u0131n sadece &#8216;ortadan kalkmak&#8217; yerine, bu korkun\u00e7 mikroplastiklere d\u00f6n\u00fc\u015ft\u00fc\u011f\u00fcn\u00fc ve ekosistemdeki yolculuklar\u0131na devam etti\u011fini g\u00f6stermi\u015ftir.<a href=\"#_ftn11\" name=\"_ftnref11\">[11]<\/a> Ayr\u0131ca bu torbalar, hayatlar\u0131n\u0131 genellikle \u00e7evreye sera gazlar\u0131 sald\u0131klar\u0131 \u00e7\u00f6p sahalar\u0131nda sonland\u0131r\u0131rlar.<a href=\"#_ftn12\" name=\"_ftnref12\">[12]<\/a><\/p>\n<p>Ka\u011f\u0131t torbalar\u0131n da dolayl\u0131 olsa bile orman tahribat\u0131 ile ba\u011flant\u0131l\u0131 olduklar\u0131ndan \u00f6t\u00fcr\u00fc sorun yaratmalar\u0131 ka\u00e7\u0131n\u0131lmazd\u0131r.<\/p>\n<p>Bambu pipetler, Amerikal\u0131lar\u0131n g\u00fcnl\u00fck olarak kulland\u0131\u011f\u0131 170 milyon plastik pipet i\u00e7in ideal bir \u00e7\u00f6z\u00fcm gibi g\u00f6r\u00fcnse de, \u00e7o\u011fu bambu \u00fcr\u00fcnler \u00c7in&#8217;de yeti\u015ftirilmektedir, bu nedenle d\u00fcnya genelinde nakliyeden \u00f6t\u00fcr\u00fc \u00f6nemli bir karbon ayak izi ortaya \u00e7\u0131kmas\u0131na neden olur.<\/p>\n<p>Geri d\u00f6n\u00fc\u015ft\u00fcr\u00fclm\u00fc\u015f plastikten \u00fcretilen k\u0131yafetler ve ayakkab\u0131lar asil bir \u00e7\u00f6z\u00fcm gibi g\u00f6r\u00fcnse de, eninde sonunda ekosisteme d\u00f6nmeden \u00f6nce plastiklere m\u00fc\u015fterilerin s\u0131rt\u0131 veya ayaklar\u0131 \u00fczerinde ge\u00e7ici bir yuva sa\u011flamaktan ibarettir.<\/p>\n<p>G\u00fcnde \u00fc\u00e7 metreye kadar b\u00fcy\u00fcme avantaj\u0131na sahip olan deniz yosunu, en fazla alt\u0131 hafta i\u00e7inde biyolojik olarak \u00e7\u00f6z\u00fcnen <em>agar<\/em> ad\u0131 verilen dayan\u0131kl\u0131 bir malzeme \u00fcretir; bununla birlikte, d\u00fcnyan\u0131n plastik i\u00e7in \u00f6ng\u00f6rmelerine kar\u015f\u0131 koymak i\u00e7in yeterli deniz yosunu \u00e7iftli\u011fi olu\u015fturmak, bilinmeyen sonu\u00e7lar yaratarak d\u00fcnyan\u0131n okyanuslar\u0131n\u0131n kompozisyonunu kimyasal olarak de\u011fi\u015ftirecektir.<a href=\"#_ftn13\" name=\"_ftnref13\">[13]<\/a><\/p>\n<p>A\u00e7\u0131k\u00e7as\u0131, sorun karma\u015f\u0131k bir sorun ve sihirli \u00e7\u00f6z\u00fcm bulma \u00e7abalar\u0131 \u015fimdiye dek kar\u015f\u0131l\u0131ks\u0131z kald\u0131. Yine de, daha uzun s\u00fcreli \u00e7evresel faydalar sa\u011flayabilecek plastik alternatifleri hakk\u0131nda ara\u015ft\u0131rmalar devam etmektedir: yal\u0131t\u0131m ve mobilya k\u00f6p\u00fc\u011f\u00fc yapmak i\u00e7in s\u00fct proteini; suya dayan\u0131kl\u0131 termoplastikler i\u00e7in tavuk t\u00fcyleri; \u00fcr\u00fcn ambalaj\u0131 i\u00e7in k\u00fcspe bazl\u0131 odun \u00f6z\u00fcnden s\u0131v\u0131 ah\u015fap; ve biyo\u00e7\u00f6z\u00fcn\u00fcr olan veya bu\u011fday ve \u015feker kam\u0131\u015f\u0131 gibi do\u011fal bile\u015fenlerle \u00fcretilen PCL, PHA ve PLA polyesterleri gibi.<\/p>\n<p>Bu kavramlar ortaya \u00e7\u0131k\u0131p yayg\u0131n olarak benimsenene kadar, sular\u0131m\u0131z \u2018plastik gezegeni\u2019 y\u00fck\u00fcn\u00fc ta\u015f\u0131maya devam edecektir.<\/p>\n<h2>Derin bir sorun i\u00e7in ortaya at\u0131lan fikirler<\/h2>\n<figure id=\"attachment_85048\" aria-describedby=\"caption-attachment-85048\" style=\"width: 300px\" class=\"wp-caption alignright\"><img decoding=\"async\" loading=\"lazy\" class=\"size-medium wp-image-85048\" src=\"https:\/\/www.alj.com\/app\/uploads\/2021\/02\/rsz_20190307_gp_sib_d7_dk1_00260_with_watermark-300x200.jpg\" alt=\"Crab in plastic\" width=\"300\" height=\"200\" srcset=\"https:\/\/media.alj.com\/app\/uploads\/2021\/02\/rsz_20190307_gp_sib_d7_dk1_00260_with_watermark-300x200.jpg 300w, https:\/\/media.alj.com\/app\/uploads\/2021\/02\/rsz_20190307_gp_sib_d7_dk1_00260_with_watermark-1024x683.jpg 1024w, https:\/\/media.alj.com\/app\/uploads\/2021\/02\/rsz_20190307_gp_sib_d7_dk1_00260_with_watermark-150x100.jpg 150w, https:\/\/media.alj.com\/app\/uploads\/2021\/02\/rsz_20190307_gp_sib_d7_dk1_00260_with_watermark-768x512.jpg 768w, https:\/\/media.alj.com\/app\/uploads\/2021\/02\/rsz_20190307_gp_sib_d7_dk1_00260_with_watermark-1536x1024.jpg 1536w, https:\/\/media.alj.com\/app\/uploads\/2021\/02\/rsz_20190307_gp_sib_d7_dk1_00260_with_watermark.jpg 2048w\" sizes=\"(max-width: 300px) 100vw, 300px\" \/><figcaption id=\"caption-attachment-85048\" class=\"wp-caption-text\">Filipinler k\u0131y\u0131lar\u0131nda plastik bir kapta s\u0131k\u0131\u015fm\u0131\u015f bir yenge\u00e7<br \/>\nFoto\u011fraf\u0131n Sahibi: \u00a9 Noel Guevara \/ EPA yoluyla Greenpeace<\/figcaption><\/figure>\n<p>D\u00fcnyadaki art\u0131k plasti\u011fin \u00e7o\u011funun okyanuslar\u0131m\u0131zda oldu\u011fu, sahilde ya\u015fayan veya tatil yapan herkes i\u00e7in s\u00fcrpriz de\u011fildir.<\/p>\n<p>Okyanus y\u00fczeyindeki g\u00f6r\u00fcn\u00fcr plastikler, t\u0131pk\u0131 buz da\u011flar\u0131 gibi, \u00e7ok daha k\u00f6t\u00fc bir sorunun ucunu g\u00f6stermektedir. Okyanuslardaki plastiklerin sadece %3&#8217;\u00fc serbest olarak y\u00fczmekte.<a href=\"#_ftn14\" name=\"_ftnref14\">[14]<\/a> World Resources Institute&#8217;a (<a href=\"https:\/\/www.wri.org\/\">WRI<\/a>) g\u00f6re buz da\u011f\u0131n\u0131n geri kalan\u0131, <em>\u201cdeniz taban\u0131na \u00e7\u00f6kmekte, suda as\u0131l\u0131 kalmakta veya uzaktaki yerlerde birikerek okyanus temizli\u011fini zorla\u015ft\u0131rmaktad\u0131r\u201d.<\/em><a href=\"#_ftn15\" name=\"_ftnref15\"><em><strong>[15]<\/strong><\/em><\/a><\/p>\n<p><a href=\"https:\/\/www.wri.org\/\">WRI<\/a>, sorunu \u00e7\u00f6zmek \u2013 veya en az\u0131ndan \u00e7\u00f6zmeye ba\u015flamak \u2013 i\u00e7in \u00e7ok y\u00f6nl\u00fc bir yakla\u015f\u0131m \u00f6nerir.<\/p>\n<ul>\n<li>\u0130\u015flenmemi\u015f suda bulunan plastik say\u0131s\u0131n\u0131 azaltmak i\u00e7in, temel at\u0131k imha tesisleri bulunmayan d\u00fcnya n\u00fcfusunun yar\u0131s\u0131 i\u00e7in at\u0131k su y\u00f6netimini iyile\u015ftirmek.<\/li>\n<li>Hem makro hem de mikroplastiklerin su d\u00f6ng\u00fcs\u00fcne girmesini \u00f6nlemek i\u00e7in tahliye filtrelemesi ve nehir a\u011fz\u0131 \u00e7\u00f6p\u00fc toplama yoluyla ya\u011fmur suyu y\u00f6netiminin y\u00fckseltilmesi.<\/li>\n<li>Ambalajlamada s\u0131kl\u0131kla kullan\u0131lan geni\u015fletilmi\u015f polistiren gibi \u2018y\u00f6netilmesi zor\u2019 maddeleri yasaklamak ve ara\u015ft\u0131rmalar\u0131 uygulanabilir alternatifler \u00fczerine finanse etmek.<\/li>\n<li>Fosil yak\u0131t bazl\u0131 plastiklerin \u00fcretimini azaltmak i\u00e7in g\u00f6n\u00fcll\u00fc end\u00fcstri standartlar\u0131n\u0131 sunuyoruz.<\/li>\n<li>T\u00fcm topluluklar, \u00f6zellikle de d\u00fcnyan\u0131n d\u00f6rt bir yan\u0131ndaki i\u00e7ilebilir malzemelere sahip olmayan \u00fc\u00e7 ki\u015fiden biri i\u00e7in temiz su tesislerinin kurulmas\u0131 ve dolay\u0131s\u0131yla \u015fi\u015felenmi\u015f suya olan ihtiyac\u0131n k\u00fcresel olarak azalt\u0131lmas\u0131.<\/li>\n<\/ul>\n<p>En etkili stratejilerin hem <em>\u00e7evresel<\/em> hem de <em>ekonomik faydalar sa\u011flayaca\u011f\u0131 insan do\u011fas\u0131na ait bir ger\u00e7ektir.<\/em><\/p>\n<p>\u00d6rne\u011fin Endonezya&#8217;n\u0131n Do\u011fu Java \u015fehrinde, 2019 y\u0131l\u0131ndaki kamu-\u00f6zel ortakl\u0131\u011f\u0131, yakla\u015f\u0131k 50.000 ki\u015filik bir topluluk i\u00e7in yeni bir at\u0131k y\u00f6netim sistemi yaratt\u0131 ve 80 i\u015f imkan\u0131 yarat\u0131rken ayn\u0131 zamanda 3.000 ton at\u0131k toplad\u0131.<a href=\"#_ftn16\" name=\"_ftnref16\">[16]<\/a><\/p>\n<p><img decoding=\"async\" loading=\"lazy\" class=\"alignleft size-medium wp-image-85088\" src=\"https:\/\/www.alj.com\/app\/uploads\/2021\/02\/Iniciativa-Agua-10-300x225.jpeg\" alt=\"Almar glass bottle initiative\" width=\"300\" height=\"225\" srcset=\"https:\/\/media.alj.com\/app\/uploads\/2021\/02\/Iniciativa-Agua-10-300x225.jpeg 300w, https:\/\/media.alj.com\/app\/uploads\/2021\/02\/Iniciativa-Agua-10-1024x768.jpeg 1024w, https:\/\/media.alj.com\/app\/uploads\/2021\/02\/Iniciativa-Agua-10-150x113.jpeg 150w, https:\/\/media.alj.com\/app\/uploads\/2021\/02\/Iniciativa-Agua-10-768x576.jpeg 768w, https:\/\/media.alj.com\/app\/uploads\/2021\/02\/Iniciativa-Agua-10-1536x1152.jpeg 1536w, https:\/\/media.alj.com\/app\/uploads\/2021\/02\/Iniciativa-Agua-10.jpeg 1600w\" sizes=\"(max-width: 300px) 100vw, 300px\" \/>Bu proje, plastik \u00e7\u0131kmaz\u0131na ger\u00e7ek bir ad\u0131m atmaya ba\u015flayabilecek giri\u015fimlerden sadece bir tanesini sunuyor. Bireylerden en b\u00fcy\u00fck \u015firketlere kadar herkes plastik t\u00fcketimini azaltmada rol oynayabilir. Bu, Abdul Latif Jameel&#8217;de ciddiye ald\u0131\u011f\u0131m\u0131z bir sorumluluktur.<\/p>\n<p>Abdul Latif Jameel Energy&#8217;nin bir par\u00e7as\u0131 olan Almar Water Solutions, be\u015f grup \u015firketinde plastik \u015fi\u015fe kullan\u0131m\u0131n\u0131 azaltma giri\u015fiminde bulundu. Ofislerdeki plastik \u015fi\u015feleri, su s\u00fcrahileri ve yeniden kullan\u0131labilir cam ve metal \u015fi\u015felerle de\u011fi\u015ftirerek, 25.000 kg civar\u0131nda plastik tasarrufu sa\u011flad\u0131 ve maliyetleri y\u0131lda yakla\u015f\u0131k 120.000 ABD Dolar\u0131 azaltt\u0131.<\/p>\n<p><img decoding=\"async\" loading=\"lazy\" class=\"aligncenter wp-image-85027 size-full\" src=\"https:\/\/www.alj.com\/app\/uploads\/2021\/02\/ALJ-Plastic-Pollution-System-Change.jpg\" alt=\"\" width=\"2431\" height=\"2560\" \/><\/p>\n<h2>Plastik kirlili\u011fi devrimini te\u015fvik etmek<\/h2>\n<p>Siyasi olarak, h\u00fck\u00fcmetler daha k\u00f6t\u00fc ihtimalleri k\u0131s\u0131tlamak i\u00e7in yeni d\u00fczenlemeler getirerek plastik end\u00fcstrisine bask\u0131 uygulamaya ba\u015fl\u0131yor.<\/p>\n<p>\u00d6rne\u011fin AB, 2019 y\u0131l\u0131nda tek kullan\u0131ml\u0131k plastikler konusunda kat\u0131 yeni kurallar getirmi\u015ftir. Di\u011fer \u00f6nlemlerin yan\u0131 s\u0131ra, Tek Kullan\u0131ml\u0131k Plastik Direktifi, pamuk \u00e7ubuklar ve pipetler gibi pratik alternatiflerin zaten mevcut oldu\u011fu \u00fcr\u00fcnleri yasaklam\u0131\u015ft\u0131r. Direktif, ayr\u0131ca, sigara filtreleri ve bal\u0131k\u00e7\u0131l\u0131k ekipmanlar\u0131 gibi yayg\u0131n kirleticilerin \u00fcreticileri i\u00e7in temizleme olanaklar\u0131 sunmu\u015f, 2029 y\u0131l\u0131na kadar %90 plastik \u015fi\u015fe toplama hedefi belirlemi\u015f ve 2030 y\u0131l\u0131na kadar t\u00fcm plastik \u015fi\u015felerde en az %30 geri d\u00f6n\u00fc\u015ft\u00fcr\u00fclm\u00fc\u015f plastik hedefi koymu\u015ftur.<\/p>\n<p>Kenya&#8217;da \u00fcreticiler ve tedarik\u00e7iler 2017 y\u0131l\u0131ndan bu yana plastik torbalar\u0131 kullanmalar\u0131 nedeniyle on binlerce dolar para cezas\u0131yla kar\u015f\u0131la\u015fm\u0131\u015f ve s\u00fcpermarket zincirlerini m\u00fc\u015fterilere alternatif olarak kuma\u015f torbalar sunmaya ba\u015flamalar\u0131 i\u00e7in te\u015fvik etmi\u015ftir.<a href=\"#_ftn17\" name=\"_ftnref17\">[17]<\/a><\/p>\n<p>Benzer \u015fekilde, 2015 y\u0131l\u0131nda Birle\u015fik Krall\u0131k&#8217;ta plastik torbalar i\u00e7in \u00fccret almak \u00fczere getirilen yasalar, bug\u00fcne kadar 9 milyar torbaya (ve say\u0131ma) e\u015fde\u011fer olan tek kullan\u0131ml\u0131k ta\u015f\u0131y\u0131c\u0131lar i\u00e7in talebi %80 oran\u0131nda azaltm\u0131\u015ft\u0131r.<a href=\"#_ftn18\" name=\"_ftnref18\">[18]<\/a><\/p>\n<p>D\u00fcnyadaki plastiklerin b\u00fcy\u00fck \u00e7o\u011funlu\u011funu \u00fcretmekten sorumlu olan kimyasal end\u00fcstrisinin de, \u00e7al\u0131\u015fmalar\u0131n\u0131n d\u00fczenlemelerle ortadan kald\u0131r\u0131lmas\u0131 ihtimalini hi\u00e7bir \u015fey yapmadan bekledi\u011fi s\u00f6ylenemez. Sekt\u00f6r, bunun yerine 2030 y\u0131l\u0131na kadar tahminlere g\u00f6re y\u0131lda 55 milyar ABD dolar\u0131na kadar k\u00e2r sa\u011flayan geri d\u00f6n\u00fc\u015f\u00fcme dayanan yeni ve karl\u0131 giri\u015fimleri ke\u015ffetmek i\u00e7in \u00f6zel sekt\u00f6rdeki ivmeyi s\u00fcrd\u00fcr\u00fcyor.<a href=\"#_ftn19\" name=\"_ftnref19\">[19]<\/a><\/p>\n<p>\u015eu anda d\u00fcnya genelinde plastiklerin sadece yakla\u015f\u0131k %16&#8217;s\u0131 yeniden i\u015flenmektedir. At\u0131k sahas\u0131 veya yakma i\u00e7in belirlenen geri kalan oran, potansiyel de\u011ferinin asla a\u00e7\u0131\u011fa \u00e7\u0131kar\u0131lamayaca\u011f\u0131ndan dolay\u0131 ger\u00e7ek at\u0131k olarak kabul edilebilir.<\/p>\n<p>Tekrar kullan\u0131m \u00fc\u00e7 alan\u0131 kapsar:<\/p>\n<ul>\n<li>mekanik geri d\u00f6n\u00fc\u015f\u00fcm, yani polimer zincirini korurken polietilen tereftalat (PET) gibi plastiklerin re\u00e7ine peletlerine geri i\u015flenmesi<\/li>\n<li>kimyasal geri d\u00f6n\u00fc\u015f\u00fcm, \u00f6rn. plastikleri monomerlerine dek par\u00e7alamak \u2013 polyesterler ve poliamidler i\u00e7in uygun bir \u00e7\u00f6z\u00fcm<\/li>\n<li>temel yak\u0131ta (stokta) geri i\u015fleme, yani polimer zincirlerini hidrokarbon fraksiyonlar\u0131na ay\u0131rmak i\u00e7in katalitik veya termal i\u015fleme kullanma<\/li>\n<\/ul>\n<p>End\u00fcstri \u015fu anda bu s\u00fcre\u00e7leri optimize etmenin yollar\u0131n\u0131 ara\u015ft\u0131rmaktad\u0131r.<\/p>\n<p>\u00d6rne\u011fin mekanik geri d\u00f6n\u00fc\u015f\u00fcmde, geri d\u00f6n\u00fc\u015f\u00fcm s\u0131ras\u0131nda bozulmay\u0131 \u00f6nlemek i\u00e7in re\u00e7ine kalitesinin korunmas\u0131 \u00f6nemli bir zorluktur.<\/p>\n<p>Bu arada, hammadde \u00fcretiminde piroliz gibi geli\u015fmekte olan teknolojiler, esnek ambalaj gibi d\u00fc\u015f\u00fck kaliteli kar\u0131\u015f\u0131k plastiklerin (mevcut makinelerin alamad\u0131\u011f\u0131) yeniden i\u015flenmesini sa\u011flayabilir.<\/p>\n<p>K\u00fcresel dan\u0131\u015fmanl\u0131k \u015firketi McKinsey, 2030 y\u0131l\u0131na kadar geri d\u00f6n\u00fc\u015ft\u00fcr\u00fclen plastik miktar\u0131n\u0131n y\u0131lda be\u015f kat artarak 220 milyon metrik tona \u00e7\u0131kabilece\u011fine inan\u0131yor.<a href=\"#_ftn20\" name=\"_ftnref20\">[20]<\/a> \u0130malat\u00e7\u0131lar\u0131n geri d\u00f6n\u00fc\u015f\u00fcm\u00fc i\u015f modellerinin \u00f6nemli bir par\u00e7as\u0131 haline getirmek i\u00e7in geli\u015ftirdikleri al\u00fcminyum ve ka\u011f\u0131t end\u00fcstrileri \u00f6rnek \u00e7al\u0131\u015fmalar\u0131 g\u00f6z \u00f6n\u00fcne al\u0131nd\u0131\u011f\u0131nda, McKinsey, kimyasal end\u00fcstrisinin \u00fcr\u00fcnlerini (uzun) \u00f6m\u00fcrleri boyunca paraya \u00e7evirmek i\u00e7in geni\u015f bir kapsam g\u00f6r\u00fcyor.<\/p>\n<p>Baz\u0131 kimya \u015firketleri zaten temel \u00e7al\u0131\u015fmalar\u0131 yapmakta. Borealis (Avusturya) ve LyondellBasell (Hollanda), Avrupa&#8217;da polimer geri d\u00f6n\u00fc\u015f\u00fcm \u015firketleri sat\u0131n alan \u00e7ok say\u0131da \u015firketten ikisi. SABIC (Suudi Arabistan), plastik at\u0131klar\u0131n yeniden i\u015flenmesi i\u00e7in daha y\u00fcksek marjlar sa\u011flamak amac\u0131yla yeni nesil piroliz ve kimyasal geri d\u00f6n\u00fc\u015f\u00fcm y\u00f6ntemleri geli\u015ftirmekte.<\/p>\n<p>McKinsey, geleneksel hammaddelerin yan\u0131 s\u0131ra kullan\u0131lm\u0131\u015f plastikleri kabul edebilen \u2018tamamen entegre\u2019 i\u015fleme tesislerinin gelecekte hayat\u0131m\u0131zda olaca\u011f\u0131n\u0131 \u00f6ng\u00f6rmekte \u2013 at\u0131k bazl\u0131 yak\u0131tlar, varil ba\u015f\u0131na 65 ABD Dolar\u0131 de\u011ferinde petrol bazl\u0131 yak\u0131tlarla rekabet edebilir hale gelmekte.<\/p>\n<p><img decoding=\"async\" loading=\"lazy\" class=\"aligncenter size-full wp-image-85013\" src=\"https:\/\/www.alj.com\/app\/uploads\/2021\/02\/ALJ-Plastic-Pollution-Petrochemicals.jpg\" alt=\"ALJ Plastic Pollution Petrochemicals\" width=\"2560\" height=\"1379\" \/><\/p>\n<p>Pazar\u0131n h\u0131zla de\u011fi\u015fti\u011fi ve teknolojinin h\u0131z\u0131 korumak i\u00e7in yar\u0131\u015ft\u0131\u011f\u0131 a\u00e7\u0131k. \u0130leride g\u00f6rece\u011fimiz gibi, COVID-19 gibi \u00f6ng\u00f6r\u00fclemeyen olaylar di\u011fer i\u015f f\u0131rsatlar\u0131na destek olabilir.<\/p>\n<h2>Plastik pandemisinde yolumuzu bulma<\/h2>\n<figure id=\"attachment_85055\" aria-describedby=\"caption-attachment-85055\" style=\"width: 300px\" class=\"wp-caption alignright\"><img decoding=\"async\" loading=\"lazy\" class=\"size-medium wp-image-85055\" src=\"https:\/\/www.alj.com\/app\/uploads\/2021\/02\/Macaques-masks-300x200.jpeg\" alt=\"Macaques with masks\" width=\"300\" height=\"200\" srcset=\"https:\/\/media.alj.com\/app\/uploads\/2021\/02\/Macaques-masks-300x200.jpeg 300w, https:\/\/media.alj.com\/app\/uploads\/2021\/02\/Macaques-masks-150x100.jpeg 150w, https:\/\/media.alj.com\/app\/uploads\/2021\/02\/Macaques-masks-768x512.jpeg 768w, https:\/\/media.alj.com\/app\/uploads\/2021\/02\/Macaques-masks.jpeg 1024w\" sizes=\"(max-width: 300px) 100vw, 300px\" \/><figcaption id=\"caption-attachment-85055\" class=\"wp-caption-text\">Photo credit: CFP<\/figcaption><\/figure>\n<p>Koronavir\u00fcs pandemisi, ki\u015fisel koruyucu ekipman (KKE) i\u00e7in d\u00fcnyan\u0131n i\u015ftah\u0131n\u0131 kabartt\u0131. Bunlar\u0131n \u00e7o\u011fu plastiktir ve tek kullan\u0131ml\u0131kt\u0131r.<\/p>\n<p>\u00c7in&#8217;de, salg\u0131n \u00f6ncesi 20 milyona k\u0131yasla \u015eubat itibar\u0131yla g\u00fcnl\u00fck olarak 116 milyon y\u00fcz maskesi \u00fcretiliyordu. K\u00fcresel y\u00fcz maskesi sat\u0131\u015flar\u0131n\u0131n 2019 y\u0131l\u0131nda 800 milyon ABD dolar\u0131na k\u0131yasla 2020 y\u0131l\u0131nda 116 milyar ABD dolar\u0131na y\u00fckselmesi beklenmektedir.<a href=\"#_ftn21\" name=\"_ftnref21\">[21]<\/a> Tayland&#8217;da plastik at\u0131klar, May\u0131s ay\u0131nda pandemi \u00f6ncesi 5.500 tonluk orandan, pandemi sonras\u0131nda g\u00fcnl\u00fck 6.300 tona \u00e7\u0131kt\u0131.<\/p>\n<p>Plastik dalgalanmas\u0131n\u0131n maliyeti turizm, bal\u0131k\u00e7\u0131l\u0131k ve ula\u015f\u0131m gibi sekt\u00f6rlerde 40 milyar ABD dolar\u0131na ula\u015fabilir.<\/p>\n<p>Karanl\u0131k COVID-19 d\u00f6neminde online al\u0131\u015fveri\u015fe do\u011fru k\u00fcresel bir de\u011fi\u015fim, plastik ambalajlar\u0131n say\u0131s\u0131nda artmaya yol a\u00e7t\u0131. Sadece Singapur&#8217;da, evlerin sekiz haftal\u0131k yaz karantinas\u0131 s\u0131ras\u0131nda g\u0131da teslimatlar\u0131ndan 1.134 ton ambalaj at\u0131\u011f\u0131 \u00fcretti\u011fi tahmin ediliyordu.<\/p>\n<p>Geli\u015fmekte olan pazarlardaki ileri g\u00f6r\u00fc\u015fl\u00fc organizasyonlar bu beklenmedik f\u0131rsatlara atlamay\u0131 beklemektedir.<\/p>\n<p>\u0130\u015f analizi ve ara\u015ft\u0131rma firmas\u0131 Oxford Business Group \u015funlar\u0131 belirtiyor:<\/p>\n<ul>\n<li>Gana&#8217;da, yetkililer geri d\u00f6n\u00fc\u015ft\u00fcr\u00fclm\u00fc\u015f su \u015fi\u015feleri ve dondurma po\u015fetleri kullan\u0131larak yap\u0131lan y\u00fcz maskelerini da\u011f\u0131tt\u0131<\/li>\n<li>Tanzanya&#8217;da, Zaidi Recyclers&#8217;daki ka\u011f\u0131t at\u0131k i\u015fleyicileri, odaklar\u0131n\u0131 pasif plastik \u015fi\u015felerden yap\u0131lm\u0131\u015f y\u00fcz maskeleri \u00fcretmeye kayd\u0131rd\u0131<\/li>\n<li>Tayland&#8217;da ise, tasar\u0131m \u015firketi Qualy, Avrupa ve <a href=\"#_ftn22\" name=\"_ftnref22\">[22]<\/a>Asya&#8217;daki al\u0131c\u0131lar i\u00e7in y\u00fcz siperli\u011fi ve dezenfektan \u015fi\u015feleri \u00fcretmek \u00fczere 1,3 tondan fazla eski bal\u0131k\u00e7\u0131 a\u011f\u0131 kulland\u0131<\/li>\n<\/ul>\n<p>Bu yeni giri\u015fimler okyanusta bir damla gibi g\u00f6r\u00fcnebilir, ancak bir araya geldiklerinde, inovasyonun ko\u015fullarla \u00e7arp\u0131\u015fmas\u0131n\u0131n, en zorlu ikilemler i\u00e7in bile \u00e7\u00f6z\u00fcm sa\u011flayabilece\u011fini g\u00f6sterir.<\/p>\n<h2>Plastiksiz bir gelece\u011fe yat\u0131r\u0131m yapmak<\/h2>\n<p>E\u011fer i\u015fin ucunda daha az plastik, daha az kimyasal ve daha temiz okyanuslardan olu\u015fan bir d\u00fcnyaya kavu\u015fulacaksa, d\u00fcnyan\u0131n plastik sorununu \u00e7\u00f6zerken ayn\u0131 zamanda k\u00e2r da elde etmenin etik olmayan hi\u00e7bir taraf\u0131 yoktur. Hatta bu, hareketi devrime d\u00f6n\u00fc\u015ft\u00fcrmenin tek yolu olabilir.<\/p>\n<p>Devlet m\u00fcdahalesinin, t\u00fcketti\u011fimiz plastik miktar\u0131n\u0131 azaltarak temel seviyede nas\u0131l somut farklar yaratabilece\u011fini g\u00f6zlemledik. Ve de ister kimyasal sekt\u00f6r devleri, ister yenilik\u00e7i yeni \u015firketler olsun \u00f6zel \u015firketlerin, zaten mevcut olan plastikleri hayat\u0131m\u0131zda i\u015fe yaramaya devam edebilecek faydal\u0131 \u00fcr\u00fcnlere nas\u0131l d\u00f6n\u00fc\u015ft\u00fcrd\u00fc\u011f\u00fcn\u00fc g\u00f6rd\u00fck \u2013 bu t\u00fcr bir son, plastikler i\u00e7in hayatlar\u0131n\u0131 zararl\u0131 birer at\u0131k olarak sonland\u0131rmaktan \u00e7ok daha iyi.<\/p>\n<p>Burada, <a href=\"https:\/\/alj.com\">Abdul Latif Jameel<\/a> gibi sosyal bilinci olan kurulu\u015flar\u0131n <a href=\"https:\/\/www.alj.com\/tr\/energy-and-environmental-services\/energy-overview\/\">ye\u015fil yat\u0131r\u0131m portf\u00f6ylerini<\/a> daha da g\u00fc\u00e7lendirmek ve herkesin ya\u015fam altyap\u0131s\u0131n\u0131 iyile\u015ftirmek i\u00e7in \u00f6zel yat\u0131r\u0131mlar\u0131na ilham verebilecek bir pazar f\u0131rsat\u0131 \u00f6rne\u011fimiz var.<\/p>\n<p>Ger\u00e7ekten de, paray\u0131 etik ama\u00e7lara y\u00f6nlendirmek giderek artan bir trenddir. ESG (\u00c7evresel, Sosyal ve Y\u00f6neti\u015fim) yat\u0131r\u0131m konsepti, acil iklim durumu gibi konulara ili\u015fkin k\u00fcresel fark\u0131ndal\u0131\u011f\u0131n artmas\u0131n\u0131n yan\u0131 s\u0131ra \u00f6n plana \u00e7\u0131kt\u0131. Yat\u0131r\u0131mc\u0131lar, paralar\u0131n\u0131n neleri <em>ba\u015farabilece\u011fini<\/em> ve neleri <em>kazand\u0131rabilece\u011fini<\/em> giderek daha fazla merak ettikleri i\u00e7in plastik sorunu bu durumdan faydalanabilir.<\/p>\n<p>ESG fonlar\u0131 2025 y\u0131l\u0131na kadar \u00fc\u00e7 kat artacak ve Avrupa fon sekt\u00f6r\u00fcndeki paylar\u0131 bu zaman diliminde %15&#8217;ten %57&#8217;ye y\u00fckselecek. K\u0131ta genelinde bu heyecanla desteklenen s\u00fcrd\u00fcr\u00fclebilir yat\u0131r\u0131m \u00fcr\u00fcnlerinin \u00f6n\u00fcm\u00fczdeki be\u015f y\u0131l <a href=\"#_ftn23\" name=\"_ftnref23\">[23]<\/a>i\u00e7inde 7,6 trilyon \u20ac&#8217;ya ula\u015fmas\u0131 bekleniyor.<\/p>\n<p>Plastikler bu ESG dalgas\u0131n\u0131n \u00f6n saflar\u0131nda yer alabilir; hatta bir anket, be\u015fte d\u00f6rtten fazla potansiyel yat\u0131r\u0131mc\u0131n\u0131n ticari plastik azaltma giri\u015fimlerine fon yat\u0131rmaya istekli oldu\u011funu g\u00f6stermi\u015ftir. Ankette, bu t\u00fcr yat\u0131r\u0131mc\u0131lar\u0131n \u201ciki kat k\u00e2rl\u0131l\u0131k: paralar\u0131n\u0131n geri d\u00f6n\u00fc\u015f\u00fc nedeniyle d\u00fcnyay\u0131 daha s\u00fcrd\u00fcr\u00fclebilir bir yer k\u0131lma\u201d hedefini olumlu kar\u015f\u0131lad\u0131\u011f\u0131 belirtiliyor.<a href=\"#_ftn24\" name=\"_ftnref24\">[24]<\/a><\/p>\n<p><img decoding=\"async\" loading=\"lazy\" class=\"aligncenter size-full wp-image-85020\" src=\"https:\/\/www.alj.com\/app\/uploads\/2021\/02\/ALJ-Plastic-Pollution-Sustainable-Investing.jpg\" alt=\"\" width=\"2560\" height=\"1896\" \/><\/p>\n<p>\u00d6zel sekt\u00f6r, ESG fonlamas\u0131 yoluyla, etik yat\u0131r\u0131ma h\u00fck\u00fcmetlere g\u00f6re daha \u00f6ncelikli bir yakla\u015f\u0131m kapasitesini ortaya koymaktad\u0131r. \u00d6zel sermayenin \u2018do\u011fru olan\u0131 yapma\u2019 potansiyelini sergilemekte olanlar, aralar\u0131nda Abdul Latif Jameel gibi pek \u00e7ok i\u015fletmenin de yer ald\u0131\u011f\u0131, ger\u00e7ek anlamda ileriye d\u00f6n\u00fck d\u00fc\u015f\u00fcnen i\u015fletmelerdir.<\/p>\n<p>Hay\u0131rseverlik yat\u0131r\u0131mlar\u0131n\u0131n da \u00f6nemli bir yeri bulunmas\u0131na ra\u011fmen bunlar yeni ve yenilik\u00e7i ara\u015ft\u0131rmalarda daha yukar\u0131 ak\u0131\u015fl\u0131 olma e\u011filimindedir ve hepsi hayata ge\u00e7irilemeyebilir.<\/p>\n<p>Ancak, \u015fu anda \u00f6nemli ve anlaml\u0131 s\u00fcrd\u00fcr\u00fclebilir farklar yaratmak i\u00e7in g\u00fcn\u00fcm\u00fcz\u00fcn i\u015f davran\u0131\u015flar\u0131n\u0131 ger\u00e7ekten y\u00f6nlendirebilecek olan fakt\u00f6r, \u00f6zel sermaye ak\u0131\u015flar\u0131n\u0131n g\u00fcc\u00fcd\u00fcr.<\/p>\n<p>Kendi durum tespitimizin bir par\u00e7as\u0131 olarak, \u00f6zellikle \u00f6zel pazarlarda t\u00fcm yat\u0131r\u0131m stratejilerimizin s\u00fcrd\u00fcr\u00fclebilirli\u011fini de\u011ferlendiriyoruz. Sadece \u00e7evresel fakt\u00f6rler a\u00e7\u0131s\u0131ndan de\u011fil, ayn\u0131 zamanda i\u015f modelinin s\u00fcrd\u00fcr\u00fclebilir olup olmad\u0131\u011f\u0131 a\u00e7\u0131s\u0131ndan da. \u00d6rne\u011fin, karbona ba\u011f\u0131ml\u0131 bir enerji fonuna yat\u0131r\u0131m yapma ihtimalimiz \u00e7ok d\u00fc\u015f\u00fckt\u00fcr. T\u00fcm yat\u0131r\u0131mc\u0131lar gibi, bizim ilkemiz de kabul edilebilir bir finansal getiri yaratmakt\u0131r ve iklim ve \u00e7evredeki s\u00fcrd\u00fcr\u00fclebilirli\u011fin bunu ba\u015farmada kritik fakt\u00f6rler oldu\u011funa inan\u0131yoruz &#8211; bu nedenle yenilenebilir enerji, elektrikli ara\u00e7lar ve su teknolojileri gibi alanlara yapt\u0131\u011f\u0131m\u0131z yat\u0131r\u0131mlar \u00f6ne \u00e7\u0131kmaktad\u0131r. Bu son kategoriye, suyu tuzdan ar\u0131nd\u0131rma, at\u0131k su ar\u0131tma ve yeniden kullan\u0131m ve de su \u00fcr\u00fcnleri dahildir.<\/p>\n<p>Elbette, plasti\u011fe daha az ba\u011f\u0131ml\u0131 bir d\u00fcnya i\u00e7in daha g\u00fc\u00e7l\u00fc bir tetikleyici fakt\u00f6r, k\u00fcresel bak\u0131\u015f a\u00e7\u0131s\u0131nda kademeli \u2013 fakat h\u0131zl\u0131 \u2013 bir de\u011fi\u015fimden gelebilir.<\/p>\n<p>Hepimizin sonu\u00e7lar\u0131n fark\u0131nda oldu\u011fu ve ki\u015fisel bir su\u00e7luluk duygusu ta\u015f\u0131d\u0131\u011f\u0131 g\u00f6z \u00f6n\u00fcne al\u0131n\u0131rsa, plastik bir \u015fi\u015fede bir i\u00e7ecek veya plastik bir tepside paketlenmi\u015f g\u0131dalar al\u0131rken bunun hakl\u0131 bir \u015fekilde, yaln\u0131zca b\u00fcy\u00fck bir isteksizlik sonucu yap\u0131laca\u011f\u0131 k\u00fclt\u00fcrel \u2018ana\u2019 bekledi\u011fimizden de yak\u0131n bir tarihte eri\u015fmemiz m\u00fcmk\u00fcn.<\/p>\n<p>Yaln\u0131zca \u2013 toplumsal, ticari ve tabii ki ki\u015fisel \u2013 \u00f6nceliklerimizi de\u011fi\u015ftirmek, g\u00f6zlerimizi \u00f6denen ger\u00e7ek bedellere \u00e7evirmek ve yeni inovasyonlar\u0131 uygun maliyetli hale getirmek yoluyla plastik sorununa uzun d\u00f6nemli bir \u00e7\u00f6z\u00fcm getirebiliriz.<\/p>\n<p>Abdul Latif Jameel&#8217;de, bu an\u0131n bizim eri\u015fimimiz dahilinde olmas\u0131 ve birlikte \u00e7al\u0131\u015farak toplumumuz ve gezegenimiz i\u00e7in s\u00fcrd\u00fcr\u00fclebilir, plastiksiz bir gelecek in\u015fa edebilmemiz konusunda ger\u00e7ekten umutluyum.<\/p>\n<p><span style=\"font-size: 14px;\"><a href=\"#_ftnref1\" name=\"_ftn1\">[1]<\/a> https:\/\/www.statista.com\/statistics\/282732\/global-production-of-plastics-since-1950\/<\/span><\/p>\n<p><span style=\"font-size: 14px;\"><a href=\"#_ftnref2\" name=\"_ftn2\">[2]<\/a> https:\/\/www.waterdocs.ca\/water-talk\/2018\/4\/7\/facts-about-bottled-water<\/span><\/p>\n<p><span style=\"font-size: 14px;\"><a href=\"#_ftnref3\" name=\"_ftn3\">[3]<\/a> https:\/\/www.waterdocs.ca\/water-talk\/2018\/4\/7\/facts-about-bottled-water<\/span><\/p>\n<p><span style=\"font-size: 14px;\"><a href=\"#_ftnref4\" name=\"_ftn4\">[4]<\/a> https:\/\/www.waterdocs.ca\/water-talk\/2018\/4\/7\/facts-about-bottled-water<\/span><\/p>\n<p><span style=\"font-size: 14px;\"><a href=\"#_ftnref5\" name=\"_ftn5\">[5]<\/a> https:\/\/www.theguardian.com\/business\/2016\/jan\/19\/more-plastic-than-fish-in-the-sea-by-2050-warns-ellen-macarthur<\/span><\/p>\n<p><span style=\"font-size: 14px;\"><a href=\"#_ftnref6\" name=\"_ftn6\">[6]<\/a> https:\/\/www.theguardian.com\/environment\/2020\/dec\/07\/coca-cola-pepsi-and-nestle-named-top-plastic-polluters-for-third-year-in-a-row?<\/span><\/p>\n<p><span style=\"font-size: 14px;\"><a href=\"#_ftnref7\" name=\"_ftn7\">[7]<\/a> https:\/\/www.theguardian.com\/environment\/2020\/mar\/31\/report-reveals-massive-plastic-pollution-footprint-of-drinks-firms<\/span><\/p>\n<p><span style=\"font-size: 14px;\"><a href=\"#_ftnref8\" name=\"_ftn8\">[8]<\/a> http:\/\/www.unesco.org\/new\/en\/natural-sciences\/ioc-oceans\/focus-areas\/rio-20-ocean\/blueprint-for-the-future-we-want\/marine-pollution\/facts-and-figures-on-marine-pollution\/<\/span><\/p>\n<p><span style=\"font-size: 14px;\"><a href=\"#_ftnref9\" name=\"_ftn9\">[9]<\/a> https:\/\/graphics.reuters.com\/ENVIRONMENT-PLASTIC\/0100B4TF2MQ\/index.html<\/span><\/p>\n<p><span style=\"font-size: 14px;\"><a href=\"#_ftnref10\" name=\"_ftn10\">[10]<\/a> https:\/\/www.globalcitizen.org\/en\/content\/plastic-alternatives-doing-harm\/<\/span><\/p>\n<p><span style=\"font-size: 14px;\"><a href=\"#_ftnref11\" name=\"_ftn11\">[11]<\/a> https:\/\/www.ellenmacarthurfoundation.org\/assets\/downloads\/publications\/NPEC-Hybrid_English_22-11-17_Digital.pdf<\/span><\/p>\n<p><span style=\"font-size: 14px;\"><a href=\"#_ftnref12\" name=\"_ftn12\">[12]<\/a> https:\/\/www.thequint.com\/news\/environment\/plastic-biodegradable-environment-reuse-recycle<\/span><\/p>\n<p><span style=\"font-size: 14px;\"><a href=\"#_ftnref13\" name=\"_ftn13\">[13]<\/a> https:\/\/www.wired.co.uk\/article\/plastic-alternatives<\/span><\/p>\n<p><span style=\"font-size: 14px;\"><a href=\"#_ftnref14\" name=\"_ftn14\">[14]<\/a> https:\/\/oceanpanel.org\/blue-papers\/leveraging-target-strategies-to-address-plastic-pollution-in-the-context<\/span><\/p>\n<p><span style=\"font-size: 14px;\"><a href=\"#_ftnref15\" name=\"_ftn15\">[15]<\/a> https:\/\/www.wri.org\/blog\/2020\/05\/how-to-reduce-plastic-ocean-pollution<\/span><\/p>\n<p><span style=\"font-size: 14px;\"><a href=\"#_ftnref16\" name=\"_ftn16\">[16]<\/a> https:\/\/www.wri.org\/blog\/2020\/05\/how-to-reduce-plastic-ocean-pollution<\/span><\/p>\n<p><span style=\"font-size: 14px;\"><a href=\"#_ftnref17\" name=\"_ftn17\">[17]<\/a> https:\/\/uk.reuters.com\/article\/uk-kenya-plastic\/kenya-imposes-worlds-toughest-law-against-plastic-bags-idUKKCN1B80PZ<\/span><\/p>\n<p><span style=\"font-size: 14px;\"><a href=\"#_ftnref18\" name=\"_ftn18\">[18]<\/a> https:\/\/www.wri.org\/blog\/2020\/05\/how-to-reduce-plastic-ocean-pollution<\/span><\/p>\n<p><span style=\"font-size: 14px;\"><a href=\"#_ftnref19\" name=\"_ftn19\">[19]<\/a> https:\/\/www.mckinsey.com\/industries\/chemicals\/our-insights\/no-time-to-waste-what-plastics-recycling-could-offer<\/span><\/p>\n<p><span style=\"font-size: 14px;\"><a href=\"#_ftnref20\" name=\"_ftn20\">[20]<\/a> https:\/\/www.mckinsey.com\/industries\/chemicals\/our-insights\/no-time-to-waste-what-plastics-recycling-could-offer<\/span><\/p>\n<p><span style=\"font-size: 14px;\"><a href=\"#_ftnref21\" name=\"_ftn21\">[21]<\/a> https:\/\/oxfordbusinessgroup.com\/news\/can-covid-19-plastic-waste-problem-generate-business-opportunities?utm_source=Oxford%20Business%20Group&amp;utm_medium=email&amp;utm_campaign=11826503_Covid-19_Plastics_September%2016_EU&amp;utm_content=EIA-recycling-16-Sept&amp;dm_i=1P7V,71HDZ,S7I7K1,SENOP,1<\/span><\/p>\n<p><span style=\"font-size: 14px;\"><a href=\"#_ftnref22\" name=\"_ftn22\">[22]<\/a> https:\/\/oxfordbusinessgroup.com\/news\/can-covid-19-plastic-waste-problem-generate-business-opportunities?utm_source=Oxford%20Business%20Group&amp;utm_medium=email&amp;utm_campaign=11826503_Covid-19_Plastics_September%2016_EU&amp;utm_content=EIA-recycling-16-Sept&amp;dm_i=1P7V,71HDZ,S7I7K1,SENOP,1<\/span><\/p>\n<p><span style=\"font-size: 14px;\"><a href=\"#_ftnref23\" name=\"_ftn23\">[23]<\/a> https:\/\/www.ft.com\/content\/5cd6e923-81e0-4557-8cff-a02fb5e01d42<\/span><\/p>\n<p><span style=\"font-size: 14px;\"><a href=\"#_ftnref24\" name=\"_ftn24\">[24]<\/a> https:\/\/www.visualcapitalist.com\/five-drivers-behind-the-sustainable-investing-shift\/<\/span><\/p>\n","protected":false},"featured_media":85070,"template":"","tags":[],"acf":[],"yoast_head":"<!-- This site is optimized with the Yoast SEO plugin v21.5 - https:\/\/yoast.com\/wordpress\/plugins\/seo\/ -->\n<title>Plastik kirlili\u011fine \u00e7\u00f6z\u00fcm \u00fcretmek | Abdul Latif Jameel\u00ae<\/title>\n<meta name=\"description\" content=\"Toplumsal, ticari ve ki\u015fisel \u00f6ncelikleri de\u011fi\u015ftirerek, ger\u00e7ek maliyetleri dikkate alarak ve yenilik\u00e7i yakla\u015f\u0131mlar\u0131 ticarile\u015ftirerek uzun vadeli bir \u00e7\u00f6z\u00fcm \u00fcretilebilir.\" \/>\n<meta name=\"robots\" content=\"index, follow, max-snippet:-1, max-image-preview:large, max-video-preview:-1\" \/>\n<link rel=\"canonical\" href=\"https:\/\/alj.com\/tr\/spotlight-by-fady-jameel\/plastik-kirliligine-bir-cozum-bulma\/\" \/>\n<meta property=\"og:locale\" content=\"tr_TR\" \/>\n<meta property=\"og:type\" content=\"article\" \/>\n<meta property=\"og:title\" content=\"Plastik kirlili\u011fine \u00e7\u00f6z\u00fcm \u00fcretmek | Abdul Latif Jameel\u00ae\" \/>\n<meta property=\"og:description\" content=\"Toplumsal, ticari ve ki\u015fisel \u00f6ncelikleri de\u011fi\u015ftirerek, ger\u00e7ek maliyetleri dikkate alarak ve yenilik\u00e7i yakla\u015f\u0131mlar\u0131 ticarile\u015ftirerek uzun vadeli bir \u00e7\u00f6z\u00fcm \u00fcretilebilir.\" \/>\n<meta property=\"og:url\" content=\"https:\/\/alj.com\/tr\/spotlight-by-fady-jameel\/plastik-kirliligine-bir-cozum-bulma\/\" \/>\n<meta property=\"og:site_name\" content=\"Abdul Latif Jameel\" \/>\n<meta property=\"article:publisher\" content=\"https:\/\/www.facebook.com\/Abdul.Latif.Jameel.Official\" \/>\n<meta property=\"article:modified_time\" content=\"2022-03-31T12:20:45+00:00\" \/>\n<meta property=\"og:image\" content=\"https:\/\/media.alj.com\/app\/uploads\/2021\/02\/Turtle-Plastic-2.jpg\" \/>\n\t<meta property=\"og:image:width\" content=\"2560\" \/>\n\t<meta property=\"og:image:height\" content=\"1269\" \/>\n\t<meta property=\"og:image:type\" content=\"image\/jpeg\" \/>\n<meta name=\"twitter:card\" content=\"summary_large_image\" \/>\n<meta name=\"twitter:label1\" content=\"Est. reading time\" \/>\n\t<meta name=\"twitter:data1\" content=\"13 minutes\" \/>\n<script type=\"application\/ld+json\" class=\"yoast-schema-graph\">{\"@context\":\"https:\/\/schema.org\",\"@graph\":[{\"@type\":\"WebPage\",\"@id\":\"https:\/\/alj.com\/tr\/spotlight-by-fady-jameel\/plastik-kirliligine-bir-cozum-bulma\/\",\"url\":\"https:\/\/alj.com\/tr\/spotlight-by-fady-jameel\/plastik-kirliligine-bir-cozum-bulma\/\",\"name\":\"Plastik kirlili\u011fine \u00e7\u00f6z\u00fcm \u00fcretmek | Abdul Latif Jameel\u00ae\",\"isPartOf\":{\"@id\":\"https:\/\/alj.com\/en\/#website\"},\"datePublished\":\"2021-03-01T05:00:48+00:00\",\"dateModified\":\"2022-03-31T12:20:45+00:00\",\"description\":\"Toplumsal, ticari ve ki\u015fisel \u00f6ncelikleri de\u011fi\u015ftirerek, ger\u00e7ek maliyetleri dikkate alarak ve yenilik\u00e7i yakla\u015f\u0131mlar\u0131 ticarile\u015ftirerek uzun vadeli bir \u00e7\u00f6z\u00fcm \u00fcretilebilir.\",\"breadcrumb\":{\"@id\":\"https:\/\/alj.com\/tr\/spotlight-by-fady-jameel\/plastik-kirliligine-bir-cozum-bulma\/#breadcrumb\"},\"inLanguage\":\"tr\",\"potentialAction\":[{\"@type\":\"ReadAction\",\"target\":[\"https:\/\/alj.com\/tr\/spotlight-by-fady-jameel\/plastik-kirliligine-bir-cozum-bulma\/\"]}]},{\"@type\":\"BreadcrumbList\",\"@id\":\"https:\/\/alj.com\/tr\/spotlight-by-fady-jameel\/plastik-kirliligine-bir-cozum-bulma\/#breadcrumb\",\"itemListElement\":[{\"@type\":\"ListItem\",\"position\":1,\"name\":\"Home\",\"item\":\"https:\/\/alj.com\/tr\/\"},{\"@type\":\"ListItem\",\"position\":2,\"name\":\"Spotlight By Fady Jameel\",\"item\":\"https:\/\/alj.com\/ja\/spotlight-by-fady-jameel\/\"},{\"@type\":\"ListItem\",\"position\":3,\"name\":\"Plastik kirlili\u011fine bir \u00e7\u00f6z\u00fcm bulma\"}]},{\"@type\":\"WebSite\",\"@id\":\"https:\/\/alj.com\/en\/#website\",\"url\":\"https:\/\/alj.com\/en\/\",\"name\":\"Abdul Latif Jameel\",\"description\":\"Abdul Latif Jameel\",\"potentialAction\":[{\"@type\":\"SearchAction\",\"target\":{\"@type\":\"EntryPoint\",\"urlTemplate\":\"https:\/\/alj.com\/en\/?s={search_term_string}\"},\"query-input\":\"required name=search_term_string\"}],\"inLanguage\":\"tr\"}]}<\/script>\n<!-- \/ Yoast SEO plugin. -->","yoast_head_json":{"title":"Plastik kirlili\u011fine \u00e7\u00f6z\u00fcm \u00fcretmek | Abdul Latif Jameel\u00ae","description":"Toplumsal, ticari ve ki\u015fisel \u00f6ncelikleri de\u011fi\u015ftirerek, ger\u00e7ek maliyetleri dikkate alarak ve yenilik\u00e7i yakla\u015f\u0131mlar\u0131 ticarile\u015ftirerek uzun vadeli bir \u00e7\u00f6z\u00fcm \u00fcretilebilir.","robots":{"index":"index","follow":"follow","max-snippet":"max-snippet:-1","max-image-preview":"max-image-preview:large","max-video-preview":"max-video-preview:-1"},"canonical":"https:\/\/alj.com\/tr\/spotlight-by-fady-jameel\/plastik-kirliligine-bir-cozum-bulma\/","og_locale":"tr_TR","og_type":"article","og_title":"Plastik kirlili\u011fine \u00e7\u00f6z\u00fcm \u00fcretmek | Abdul Latif Jameel\u00ae","og_description":"Toplumsal, ticari ve ki\u015fisel \u00f6ncelikleri de\u011fi\u015ftirerek, ger\u00e7ek maliyetleri dikkate alarak ve yenilik\u00e7i yakla\u015f\u0131mlar\u0131 ticarile\u015ftirerek uzun vadeli bir \u00e7\u00f6z\u00fcm \u00fcretilebilir.","og_url":"https:\/\/alj.com\/tr\/spotlight-by-fady-jameel\/plastik-kirliligine-bir-cozum-bulma\/","og_site_name":"Abdul Latif Jameel","article_publisher":"https:\/\/www.facebook.com\/Abdul.Latif.Jameel.Official","article_modified_time":"2022-03-31T12:20:45+00:00","og_image":[{"width":2560,"height":1269,"url":"https:\/\/media.alj.com\/app\/uploads\/2021\/02\/Turtle-Plastic-2.jpg","type":"image\/jpeg"}],"twitter_card":"summary_large_image","twitter_misc":{"Est. reading time":"13 minutes"},"schema":{"@context":"https:\/\/schema.org","@graph":[{"@type":"WebPage","@id":"https:\/\/alj.com\/tr\/spotlight-by-fady-jameel\/plastik-kirliligine-bir-cozum-bulma\/","url":"https:\/\/alj.com\/tr\/spotlight-by-fady-jameel\/plastik-kirliligine-bir-cozum-bulma\/","name":"Plastik kirlili\u011fine \u00e7\u00f6z\u00fcm \u00fcretmek | Abdul Latif Jameel\u00ae","isPartOf":{"@id":"https:\/\/alj.com\/en\/#website"},"datePublished":"2021-03-01T05:00:48+00:00","dateModified":"2022-03-31T12:20:45+00:00","description":"Toplumsal, ticari ve ki\u015fisel \u00f6ncelikleri de\u011fi\u015ftirerek, ger\u00e7ek maliyetleri dikkate alarak ve yenilik\u00e7i yakla\u015f\u0131mlar\u0131 ticarile\u015ftirerek uzun vadeli bir \u00e7\u00f6z\u00fcm \u00fcretilebilir.","breadcrumb":{"@id":"https:\/\/alj.com\/tr\/spotlight-by-fady-jameel\/plastik-kirliligine-bir-cozum-bulma\/#breadcrumb"},"inLanguage":"tr","potentialAction":[{"@type":"ReadAction","target":["https:\/\/alj.com\/tr\/spotlight-by-fady-jameel\/plastik-kirliligine-bir-cozum-bulma\/"]}]},{"@type":"BreadcrumbList","@id":"https:\/\/alj.com\/tr\/spotlight-by-fady-jameel\/plastik-kirliligine-bir-cozum-bulma\/#breadcrumb","itemListElement":[{"@type":"ListItem","position":1,"name":"Home","item":"https:\/\/alj.com\/tr\/"},{"@type":"ListItem","position":2,"name":"Spotlight By Fady Jameel","item":"https:\/\/alj.com\/ja\/spotlight-by-fady-jameel\/"},{"@type":"ListItem","position":3,"name":"Plastik kirlili\u011fine bir \u00e7\u00f6z\u00fcm bulma"}]},{"@type":"WebSite","@id":"https:\/\/alj.com\/en\/#website","url":"https:\/\/alj.com\/en\/","name":"Abdul Latif Jameel","description":"Abdul Latif Jameel","potentialAction":[{"@type":"SearchAction","target":{"@type":"EntryPoint","urlTemplate":"https:\/\/alj.com\/en\/?s={search_term_string}"},"query-input":"required name=search_term_string"}],"inLanguage":"tr"}]}},"post-meta-fields":{"_alp_processed":["1614170041"],"_wpml_word_count":["{\"total\":3098,\"to_translate\":{\"ar\":3098,\"zh-hans\":3098,\"fr\":3098,\"ja\":3098,\"es\":3098,\"tr\":3098}}"],"push_notification":["no"],"_push_notification":["field_5c3b1fb67034d"],"_wpml_media_featured":["1"],"_wpml_media_duplicate":["1"],"perspective_short_title":["Plastik kirlili\u011fine bir \u00e7\u00f6z\u00fcm bulma"],"perspective_summury":["<p>Plastik y\u00fcz y\u0131ldan biraz uzun bir s\u00fcre \u00f6nce ilk kez geli\u015ftirildi\u011finde, mucizevi bir malzeme olarak kabul edildi; t\u00fcm hayat\u0131m\u0131z\u0131 daha iyiye d\u00f6n\u00fc\u015ft\u00fcrecek ve a\u011fa\u00e7lar\u0131 kesme ihtiyac\u0131n\u0131 azaltacak bir \u015fey.<\/p>\n"],"perspective_location":["Dubai, BAE"],"perspective_author_name":["<p><span style=\"color: #000000;\"><a href=\"https:\/\/www.alj.com\/tr\/our-people\/fady-jameel\/\">Fady Jameel<\/a><br \/>\n<\/span><\/p>\n<p>Ba\u015fkan Vekili ve Y\u00f6netim Kurulu Ba\u015fkan Yard\u0131mc\u0131s\u0131,\u00a0Abdul Latif Jameel International<\/p>\n"],"perspective_author_bio":["<p><a href=\"https:\/\/www.alj.com\/tr\/our-people\/fady-jameel\/\">Fady Jameel<\/a>, 1945\u2019te merhum dedesi Abdul Latif Jameel taraf\u0131ndan kurulan ba\u011f\u0131ms\u0131z, uluslararas\u0131 ve aile k\u00f6kenli ayr\u0131\u015ft\u0131r\u0131lm\u0131\u015f \u015firketler toplulu\u011fu Abdul Latif Jameel\u2019e ba\u011fl\u0131 Abdul Latif Jameel International\u2019in Abdul Latif Jameel Suudi Arabistan Ba\u015fkan Vekili ve Y\u00f6netim Kurulu Ba\u015fkan Yard\u0131mc\u0131s\u0131d\u0131r.<\/p>\n"],"wpcf-featured-news":["1"],"is_latest_news":["0"],"wpcf-show-news-at-homepage":["1"],"publish_mobile":[""],"_publish_mobile":["field_5bfa8eb2e65cf"],"mobile_featured_image":["https:\/\/media.alj.com\/app\/uploads\/2021\/02\/Turtle-Plastic-scaled.jpg"],"_mobile_featured_image":["field_5c3b204983dea"],"is_podcast":["0"],"_is_podcast":["field_5ee1dff933e7f"],"_bsf_post_type":["0"],"_bsf_item_review_type":["none"],"_yoast_wpseo_content_score":["30"],"_yoast_wpseo_title":["Plastik kirlili\u011fine \u00e7\u00f6z\u00fcm \u00fcretmek | Abdul Latif Jameel\u00ae"],"_yoast_wpseo_metadesc":["Toplumsal, ticari ve ki\u015fisel \u00f6ncelikleri de\u011fi\u015ftirerek, ger\u00e7ek maliyetleri dikkate alarak ve yenilik\u00e7i yakla\u015f\u0131mlar\u0131 ticarile\u015ftirerek uzun vadeli bir \u00e7\u00f6z\u00fcm \u00fcretilebilir."],"_thumbnail_id":["85070"],"_last_translation_edit_mode":["native-editor"],"_wp_old_date":["2021-02-24"],"_edit_lock":["1648729205:24"],"_edit_last":["24"],"content_series_applied":[""],"_content_series_applied":["field_60f3d3faf82ac"],"wpcf-perspective-published-date":["1614556800"],"_yoast_wpseo_estimated-reading-time-minutes":["13"],"perspective_business_sector":["Enerji ve \u00c7evre Hizmetleri"],"perspective_author_image":["51687"],"featured_on_listing_page":["1"],"_featured_on_listing_page":["field_62458ea7383c3"],"wpcf-perspective-downloadable_file":[""],"wpcf-card-image":[""],"_wpcf-card-image-sort-order":["a:1:{i:0;i:1125102;}"],"wpcf-video-description":[""],"wpcf-layoutvideourl":[""],"wpcf-video-thumb":[""],"wpcf-social4-svg":[""],"wpcf-social4-background-image":[""],"wpcf-social4-text":[""],"wpcf-social4-url":[""],"wpcf-social3-svg":[""],"wpcf-social3-background-image":[""],"wpcf-social3-text":[""],"wpcf-social3-url":[""],"wpcf-social-text-svg-square":[""],"wpcf-social-text-image-square":[""],"wpcf-social-text-text-square":[""],"wpcf-social-text-url-square":[""],"wpcf-social2-svg":[""],"wpcf-social2-background-image":[""],"wpcf-social2-text":[""],"wpcf-social2-url":[""],"wpcf-social-svg-square":[""],"wpcf-social-image-square":[""],"wpcf-social-text-square":[""],"wpcf-social-url-square":[""],"wpcf-social1-svg":[""],"wpcf-social1-background-image":[""],"wpcf-social1-text":[""],"wpcf-social1-url":[""],"wpcf-quotes-with-auther-text-1":[""],"wpcf-card_article_with_title_content":[""],"wpcf-card_article_content":["<p>write your content<\/p>"],"wpcf-quotes-with-auther-text":[""]},"_links":{"self":[{"href":"https:\/\/alj.com\/tr\/wp-json\/wp\/v2\/spotlight-fadyjameel\/85107"}],"collection":[{"href":"https:\/\/alj.com\/tr\/wp-json\/wp\/v2\/spotlight-fadyjameel"}],"about":[{"href":"https:\/\/alj.com\/tr\/wp-json\/wp\/v2\/types\/spotlight-fadyjameel"}],"wp:featuredmedia":[{"embeddable":true,"href":"https:\/\/alj.com\/tr\/wp-json\/wp\/v2\/media\/85070"}],"wp:attachment":[{"href":"https:\/\/alj.com\/tr\/wp-json\/wp\/v2\/media?parent=85107"}],"wp:term":[{"taxonomy":"post_tag","embeddable":true,"href":"https:\/\/alj.com\/tr\/wp-json\/wp\/v2\/tags?post=85107"}],"curies":[{"name":"wp","href":"https:\/\/api.w.org\/{rel}","templated":true}]}}