{"id":96357,"date":"2022-03-12T17:55:42","date_gmt":"2022-03-12T17:55:42","guid":{"rendered":"https:\/\/alj.com\/spotlight-by-fady-jameel\/no-time-for-waste-why-we-need-eco-efficiency\/"},"modified":"2022-03-13T10:29:40","modified_gmt":"2022-03-13T10:29:40","slug":"no-time-for-waste-why-we-need-eco-efficiency","status":"publish","type":"spotlight-fadyjameel","link":"https:\/\/alj.com\/tr\/spotlight-by-fady-jameel\/no-time-for-waste-why-we-need-eco-efficiency\/","title":{"rendered":"\u0130sraf edecek zaman\u0131m\u0131z yok, ekolojik verimlili\u011fe ihtiyac\u0131m\u0131z var"},"content":{"rendered":"<p>Gezegen \u00fczerindeki etkimizi azaltmak, temel malzemelerin \u00fcretimini azaltmak anlam\u0131na m\u0131 geliyor? Hay\u0131r. Hatta tam tersine,bu konudaki kan\u0131tlar olduk\u00e7a a\u00e7\u0131k: De\u011ferli kaynaklar\u0131m\u0131z\u0131 daha verimli kullanmak, <em>daha fazla<\/em> refaha -s\u00fcrd\u00fcr\u00fclebilir refaha- giden do\u011fru yol. Ve asl\u0131nda \u00f6n\u00fcm\u00fczde gidilecek uzun bir yol var. Ancak bunu ba\u015farmak i\u00e7in gereken t\u00fcm ara\u00e7lara sahibiz ve halihaz\u0131rda bir ilerleme kaydediyoruz. Bu, hem insanlar hem de gezegen i\u00e7in avantajl\u0131 bir durum olu\u015fturuyor.<\/p>\n<h2>Kaynaklar\u0131, D\u00fcnya\u2019n\u0131n yenileyebilece\u011finden daha h\u0131zl\u0131 t\u00fcketiyoruz<\/h2>\n<p><img decoding=\"async\" loading=\"lazy\" class=\"alignleft size-full wp-image-96330\" src=\"https:\/\/alj-corp-media.s3.eu-west-2.amazonaws.com\/app\/uploads\/2022\/03\/Earth-Overshoot-Day.jpg\" alt=\"\" width=\"181\" height=\"121\" \/>29 Temmuz 2021, \u201c<a href=\"https:\/\/www.overshootday.org\/\">D\u00fcnya Limit A\u015f\u0131m\u0131 G\u00fcn\u00fc<\/a>\u201d idi. Ve bizler, y\u0131l\u0131n yar\u0131s\u0131na geldi\u011fimizde D\u00fcnya\u2019n\u0131n bir y\u0131l boyunca \u00fcretebilece\u011fi do\u011fal kayna\u011f\u0131 \u00e7oktan t\u00fcketmi\u015ftik.<\/p>\n<p>Bu adeta \u201cs\u00fcrd\u00fcr\u00fclemezlik\u201d kelimesinin s\u00f6zl\u00fck tan\u0131m\u0131.<\/p>\n<p>\u00dcstelik bunu y\u0131llard\u0131r yap\u0131yoruz. Daha az kaynak olmas\u0131, talebin artm\u0131\u015f olmas\u0131 demek. Talep art\u0131\u015f\u0131 da tedarik zincirleri ve kaynaklar \u00fczerinde bask\u0131, k\u00f6t\u00fc \u00e7al\u0131\u015fma ko\u015fullar\u0131, g\u00f6\u00e7, \u00e7at\u0131\u015fmalar ve \u00e7evresel bozulma demek.<\/p>\n<p>Devasa seviyelerde \u00fcretim tabii ki beraberinde insanlar\u0131n hayat\u0131n\u0131 de\u011fi\u015ftiren kazan\u00e7lar da sundu. 1990 y\u0131l\u0131ndan beri 1,2 milyardan fazla insan a\u015f\u0131r\u0131 yoksulluktan kurtuldu ve \u00e7ocuk \u00f6l\u00fcm oranlar\u0131 yar\u0131dan fazla d\u00fc\u015ft\u00fc.<a href=\"#_ftn1\" name=\"_ftnref1\"><sup>[1]<\/sup><\/a> Bu inan\u0131lmaz bir ba\u015far\u0131. Peki, d\u00fcnya genelinde ya\u015fam standartlar\u0131 artmaya devam ettik\u00e7e ne olacak? Geli\u015fmi\u015f \u00fclkelerdeki insanlar halihaz\u0131rda tar\u0131m toplumlar\u0131n\u0131n t\u00fcketti\u011finin sekiz kat\u0131 kadar kayna\u011f\u0131 t\u00fcketiyor.<a href=\"#_ftn2\" name=\"_ftnref2\"><sup>[2]<\/sup><\/a> Bu durum bu \u015fekilde s\u00fcrd\u00fcr\u00fclemez. Peki o halde ne yapmal\u0131y\u0131z? Geli\u015fmeyi durdurmam\u0131z m\u0131 gerekiyor? Kesinlikle hay\u0131r. Ancak kesinlikle <em>daha ak\u0131ll\u0131<\/em> bir \u015fekilde geli\u015fme sa\u011flamal\u0131y\u0131z.<\/p>\n<h2>Sorun b\u00fcy\u00fckl\u00fc\u011f\u00fc ne?<\/h2>\n<p>Paris Anla\u015fmas\u0131\u2019n\u0131n k\u00fcresel \u0131s\u0131nmay\u0131 1,5 \u00b0C azaltma hedefine ula\u015facaksak, emisyonlar\u0131 azaltmam\u0131z gerekiyor. Ve bunu h\u0131zla yapmal\u0131y\u0131z. Yenilenebilir enerji, bu \u00e7\u00f6z\u00fcmlerden en bariz olan\u0131 olsa da bu yaz\u0131da, en b\u00fcy\u00fck sorunlardan bir di\u011feri olan \u201cs\u00fcrekli artan malzeme ve \u00fcr\u00fcn \u00fcretimine\u201d odaklanaca\u011f\u0131m.<\/p>\n<p><img decoding=\"async\" loading=\"lazy\" class=\"alignleft size-full wp-image-96351\" src=\"https:\/\/alj-corp-media.s3.eu-west-2.amazonaws.com\/app\/uploads\/2022\/03\/UNEP-50-Years.jpg\" alt=\"\" width=\"283\" height=\"138\" \/>Birle\u015fmi\u015f Milletler \u00c7evre Program\u0131\u2019na (United Nations Environment Programme, <a href=\"https:\/\/www.unep.org\/\">UNEP<\/a>) g\u00f6re, 1995-2015 y\u0131llar\u0131 aras\u0131nda malzeme \u00fcretiminden kaynaklanan emisyonlar iki kat\u0131ndan fazla artt\u0131: 1995 senesinde 5 gigaton olan CO<sub>2<\/sub> de\u011feri, 2015\u2019te 11,5 gigatonu buldu. Global emisyonlardaki pay\u0131 da %15\u2019ten %23\u2019e \u00e7\u0131kt\u0131. Bu emisyonlar\u0131n %32\u2019si demir ve \u00e7elik; %25\u2019i \u00e7imento, kire\u00e7 ve al\u00e7\u0131; %13\u2019\u00fc ise plastik ve kau\u00e7uk \u00fcretimi kaynakl\u0131.<\/p>\n<p>\u0130n\u015faat ve imalat \u00fcr\u00fcnlerinin her biri, sera gaz\u0131 emisyonlar\u0131n\u0131n yakla\u015f\u0131k %40\u2019\u0131ndan sorumlu.<a href=\"#_ftn3\" name=\"_ftnref3\"><sup>[3]<\/sup><\/a><\/p>\n<p><img decoding=\"async\" loading=\"lazy\" class=\"aligncenter size-full wp-image-96302\" src=\"https:\/\/alj-corp-media.s3.eu-west-2.amazonaws.com\/app\/uploads\/2022\/03\/1719-ALJ-Eco-Efficiency-scaled.jpg\" alt=\"\" width=\"2560\" height=\"1465\" \/><\/p>\n<p><img decoding=\"async\" loading=\"lazy\" class=\"aligncenter size-full wp-image-96309\" src=\"https:\/\/alj-corp-media.s3.eu-west-2.amazonaws.com\/app\/uploads\/2022\/03\/1719-ALJ-Eco-Efficiency2-scaled.jpg\" alt=\"\" width=\"2560\" height=\"1163\" \/><\/p>\n<h2>Daha az\u0131n\u0131 kullanmak ve daha fazlas\u0131n\u0131 elde etmek<\/h2>\n<p>\u0130yi haber \u015fu ki; birlikte \u00e7al\u0131\u015farak bu gidi\u015fat\u0131 tersine \u00e7evirebiliriz. Bunun i\u00e7in etkili politikalar geli\u015ftirmeli; \u00fcr\u00fcnlerin tasar\u0131m, tedarik, \u00fcretim ve pazarlama y\u00f6ntemlerini ba\u015ftan sonra yeniden d\u00fc\u015f\u00fcnmeli ve t\u00fcketim al\u0131\u015fkanl\u0131klar\u0131m\u0131z\u0131 de\u011fi\u015ftirmeliyiz. Nihai hedef, \u00fcr\u00fcnlerin daha uzun \u00f6m\u00fcrl\u00fc oldu\u011fu ve at\u0131klar\u0131n en aza indirildi\u011fi veya yeni ama\u00e7lar i\u00e7in kullan\u0131ld\u0131\u011f\u0131 d\u00f6ng\u00fcsel bir ekonomi olu\u015fturmak.<\/p>\n<p>Buna \u201cekolojik verimlilik\u201d deniyor.<\/p>\n<p>Ama\u00e7, kaynak t\u00fcketimi ile refah\u0131n ili\u015fkisini keserek insanlar i\u00e7in daha fazla f\u0131rsat ve gezegen i\u00e7in daha az sorun yaratmak. D\u00fcnya S\u00fcrd\u00fcr\u00fclebilir Kalk\u0131nma \u0130\u015f Konseyi\u2019ne (World Business Council for Sustainable Development \u2013 (<a href=\"https:\/\/www.wbcsd.org\/\">WBCSD<\/a>) g\u00f6re, ekolojik verimlilik sa\u011flayan i\u015fletmelerin ba\u015fl\u0131ca \u00f6zellikleri \u015funlar<a href=\"#_ftn4\" name=\"_ftnref4\"><sup>[4]<\/sup><\/a>:<\/p>\n<ul>\n<li><img decoding=\"async\" loading=\"lazy\" class=\"alignright size-full wp-image-96358\" src=\"https:\/\/alj-corp-media.s3.eu-west-2.amazonaws.com\/app\/uploads\/2022\/03\/WBCSD-logo.gif\" alt=\"\" width=\"229\" height=\"231\" \/>Mal ve hizmetleri daha az malzemeyle \u00fcretme<\/li>\n<li>Mal ve hizmetleri daha az enerjiyle \u00fcretme<\/li>\n<li>Daha az toksik madde sal\u0131n\u0131m\u0131<\/li>\n<li>Geli\u015fmi\u015f geri d\u00f6n\u00fc\u015ft\u00fcr\u00fclebilirlik<\/li>\n<li>Yenilenebilir kaynaklar\u0131 kullanmaya \u00e7al\u0131\u015fma<\/li>\n<li>Daha uzun \u00f6m\u00fcrl\u00fc \u00fcr\u00fcnler \u00fcretme<\/li>\n<li>\u00dcr\u00fcn ve hizmetlerde daha fazla servis imkan\u0131 sunma<\/li>\n<\/ul>\n<p>Bu \u00f6nlemlerin \u00e7o\u011funun asl\u0131nda i\u015f a\u00e7\u0131s\u0131ndan da mant\u0131kl\u0131 oldu\u011funu fark edeceksiniz. Kitle ileti\u015fim ara\u00e7lar\u0131n\u0131n \u00e7o\u011funda ve kolektif alg\u0131m\u0131zda, toplumun genelinin fayda sa\u011flamas\u0131 i\u00e7in fedakarl\u0131k yapma fikrine odaklanma e\u011filimi var fakat \u00e7evresel ayak izini azaltman\u0131n, kar-zarar tablosu \u00fczerinde de olumlu bir etki yaratabilece\u011fini fark eden \u00e7ok say\u0131da sekt\u00f6r de var. Bunu ger\u00e7ekle\u015ftirmenin yollar\u0131 ise \u015fu \u015fekilde:<\/p>\n<p><strong>1.\u00a0\u00a0\u00a0\u00a0 Kaynak t\u00fcketimimizi \u00f6l\u00e7mek<\/strong><\/p>\n<p>Karma\u015f\u0131k k\u00fcresel tedarik zincirinde kaynak t\u00fcketimini hesaplamak zor. Ancak nelerden vazge\u00e7ilece\u011fini de\u011ferlendirmek, ula\u015f\u0131labilir hedefler belirlemek ve bu hedeflere g\u00f6re ilerlememizi \u00f6l\u00e7mek i\u00e7in; ne kadar kaynak kulland\u0131\u011f\u0131m\u0131z\u0131 tespit etmemiz \u015fart. Ba\u015flang\u0131\u00e7tan nihai \u00fcr\u00fcne kadar ne kadar enerji ve kaynak kullan\u0131ld\u0131\u011f\u0131n\u0131, bu \u00fcr\u00fcnlerle i\u015fimiz bittikten sonra bu malzemelere ne oldu\u011funu belirlememiz gerekiyor.<\/p>\n<p><strong>2.\u00a0\u00a0\u00a0\u00a0 Daha az kaynak kullanmak ve emisyonlar\u0131 azaltmak \u00fczere \u00fcretim y\u00f6ntemlerini de\u011fi\u015ftirmek<\/strong><\/p>\n<p>Daha az kaynak kullanma f\u0131rsatlar\u0131 neredeyse her end\u00fcstride var. Tedarik taraf\u0131nda, \u00fcretim s\u00fcre\u00e7lerini daha verimli hale getiren d\u00fc\u015f\u00fck karbonlu yak\u0131tlara, ham maddelere ve <a href=\"https:\/\/alj.com\/en\/perspective\/can-carbon-capture-free-the-world-from-co%e2%82%82\/\">CO<sub>2<\/sub> yakalama ve depolama gibi teknolojilere ge\u00e7i\u015f yap\u0131labilir.<\/a><\/p>\n<p>Talep taraf\u0131nda ise m\u00fcmk\u00fcn oldu\u011funca fazla yeniden kullan\u0131labilirlik ve geri d\u00f6n\u00fc\u015ft\u00fcr\u00fclebilirlik sunan, daha hafif, daha uzun \u00f6m\u00fcrl\u00fc \u00fcr\u00fcnler tasarlayarak malzemeleri daha verimli kullanmak m\u00fcmk\u00fcn. Bunun i\u00e7in en \u00e7ok tercih edilen \u00e7\u00f6z\u00fcm, yeniden kullan\u0131m. Birle\u015fik Krall\u0131k S\u00fcre\u00e7 Yenili\u011fi Merkezi\u2019nin (Centre for Process Innovation &#8211; <a href=\"https:\/\/www.uk-cpi.com\/\">CPI<\/a>) \u015fu s\u00f6zleri de bunu do\u011frular nitelikte:<\/p>\n<p><em>\u201cGeri d\u00f6n\u00fc\u015f\u00fcm, baz\u0131 durumlarda neredeyse yeni ham maddelerin ba\u015ftan \u00fcretimi kadar \u00e7ok enerji t\u00fcketimi gerektirir<\/em><em>. <\/em><em>S\u00fcre\u00e7leri kaynaklar a\u00e7\u0131s\u0131ndan daha verimli hale getirmek i\u00e7in daha iyi bir yol mevcuttur: nihai \u00fcr\u00fcnlerin yeniden kullan\u0131lmas\u0131na, yeniden \u00fcretilmesine ve onar\u0131lmas\u0131na y\u00f6nelik tasar\u0131mlar yapmak<\/em><em>.<\/em><em>Geri d\u00f6n\u00fc\u015f\u00fcm, yaln\u0131zca \u00fcr\u00fcn\u00fc \u00e7\u00f6pe atmak veya geri d\u00f6n\u00fc\u015ft\u00fcrmek aras\u0131nda bir se\u00e7im yap\u0131lmas\u0131 gerekiyorsa tercih edilmelidir.\u201d<\/em><a href=\"#_ftn5\" name=\"_ftnref5\"><em><sup><strong>[5]<\/strong><\/sup><\/em><\/a><\/p>\n<p><img decoding=\"async\" loading=\"lazy\" class=\"aligncenter size-full wp-image-96316\" src=\"https:\/\/alj-corp-media.s3.eu-west-2.amazonaws.com\/app\/uploads\/2022\/03\/1719-ALJ-Eco-Efficiency3-scaled.jpg\" alt=\"\" width=\"2560\" height=\"1465\" \/><\/p>\n<p><strong>3.\u00a0\u00a0\u00a0 Do\u011fru te\u015fvikleri olu\u015fturmak<\/strong><\/p>\n<p>Verimlili\u011fi sa\u011flamak sadece end\u00fcstri sekt\u00f6r\u00fcn\u00fcn sorumlulu\u011fu de\u011fil. H\u00fck\u00fcmetler de en iyi uygulamalar\u0131n olu\u015fturulmas\u0131nda, i\u015fletmelerin te\u015fvik edilmesinde ve t\u00fcketicilerin e\u011fitilmesinde sorumluluk sahibi. Ye\u015fil kamu tedariki (green public procurement &#8211; GPP), i\u015flenmemi\u015f malzeme vergileri, geri d\u00f6n\u00fc\u015ft\u00fcr\u00fclm\u00fc\u015f i\u00e7erik kullan\u0131m\u0131n\u0131n zorunlu k\u0131l\u0131nmas\u0131 ve i\u015flenmemi\u015f malzeme s\u00fcbvansiyonlar\u0131n\u0131n kald\u0131r\u0131lmas\u0131 gibi \u00f6nlemlerin t\u00fcm\u00fc b\u00fcy\u00fck etkiler yaratabilir.<\/p>\n<figure id=\"attachment_96344\" aria-describedby=\"caption-attachment-96344\" style=\"width: 1962px\" class=\"wp-caption aligncenter\"><img decoding=\"async\" loading=\"lazy\" class=\"size-full wp-image-96344\" src=\"https:\/\/alj-corp-media.s3.eu-west-2.amazonaws.com\/app\/uploads\/2022\/03\/The-\u2018Park-Royal-on-Pickering-hotel-in-Singapore-with-integrated-gardens-throughout-the-high-rise-structure..jpg\" alt=\"\" width=\"1962\" height=\"1301\" \/><figcaption id=\"caption-attachment-96344\" class=\"wp-caption-text\">Singapur\u2019daki \u201cPark Royal on Pickering\u201d oteli, \u00e7ok katl\u0131 bir y\u00fcksek binad\u0131r ve binayla entegre bah\u00e7elere sahiptir.<\/figcaption><\/figure>\n<h2>Daha ye\u015fil yap\u0131lar<\/h2>\n<p>Binalar; k\u00fcresel enerji t\u00fcketiminin yakla\u015f\u0131k %40\u2019\u0131ndan, yani k\u00fcresel sera gaz\u0131 emisyonlar\u0131n\u0131n yakla\u015f\u0131k \u00fc\u00e7te birinden sorumlu.<a href=\"#_ftn6\" name=\"_ftnref6\"><sup>[6]<\/sup><\/a> Ekolojik verimlili\u011fimizi art\u0131rmak istiyorsak buradan ba\u015flamal\u0131y\u0131z. Neyse ki binalar\u0131 daha verimli hale getirmek i\u00e7in pratik \u00f6nlemlerden yenilik\u00e7i dijital \u00e7\u00f6z\u00fcmlere kadar \u00e7ok say\u0131da f\u0131rsat var. UNEP taraf\u0131ndan yap\u0131lan ara\u015ft\u0131rmalar, a\u015fa\u011f\u0131daki ula\u015f\u0131labilir hedefleri \u00f6ne \u00e7\u0131kar\u0131yor<a href=\"#_ftn7\" name=\"_ftnref7\">[7]<\/a>:<\/p>\n<ul>\n<li><strong>Y\u00fck\u00fc hafifletmek<\/strong><strong>: <\/strong>Daha az malzeme kullanmak ve <a href=\"https:\/\/alj.com\/en\/spotlight-by-fady-jameel\/investing-in-a-more-inclusive-tomorrow\/\">\u00e7elik, \u00e7imento ve cam<\/a> gibi karbon a\u011f\u0131rl\u0131kl\u0131 malzemeleri azaltmak, G7 \u00fclkelerindeki emisyonlar\u0131 2050 y\u0131l\u0131na kadar %8 ile %10 aras\u0131nda azaltabilir.<\/li>\n<li><strong>Daha fazla odun kullanmak<\/strong><strong>: <\/strong>G\u00fc\u00e7lendirilmi\u015f beton, ta\u015f ve tu\u011fla yerine s\u00fcrd\u00fcr\u00fclebilir yollarla tedarik edilen keresteler kullanmak, G7 \u00fclkelerinin emisyonlar\u0131n\u0131 %8\u2019e kadar azaltabilir ve bu oran, \u00c7in ve Hindistan\u2019da daha da yukar\u0131 \u00e7\u0131kabilir.<\/li>\n<li><strong>Zemin alan\u0131n\u0131 azaltmak<\/strong><strong>: <\/strong>Ya\u015fam alanlar\u0131n\u0131 k\u00fc\u00e7\u00fclterek ve ortak ya\u015fam\u0131 te\u015fvik ederek zemin alan\u0131na olan talebi %20\u2019ye kadar azaltmak, konut binalar\u0131n\u0131n emisyonlar\u0131n\u0131 2050 y\u0131l\u0131na kadar %73\u2019e varan oranlarda azaltabilir.<\/li>\n<li><strong>Geri d\u00f6n\u00fc\u015f\u00fcm\u00fc iyile\u015ftirmek<\/strong><strong>: <\/strong>2016 y\u0131l\u0131nda geri d\u00f6n\u00fc\u015ft\u00fcr\u00fclen yap\u0131 malzemeleri, G7 \u00fclkelerinin konut binalar\u0131 i\u00e7in birincil malzeme \u00fcretiminde %15 ila %20 aras\u0131nda emisyon tasarrufu sa\u011flanmas\u0131na yard\u0131mc\u0131 oldu. En iyimser senaryolar\u0131 g\u00f6z \u00f6n\u00fcnde bulundurursak bu oran, %18\u2019e kadar \u00e7\u0131kar\u0131labilir.<\/li>\n<li><strong>Is\u0131tmay\u0131 daha verimli hale getirmek<\/strong><strong>: <\/strong>Bu \u00e7ok b\u00fcy\u00fck bir paya sahip. Sadece Avrupa\u2019da, binalar\u0131n %75\u2019i enerji tasarruflu de\u011fil ve k\u00fc\u00e7\u00fck de\u011fi\u015fikliklerle \u00f6nemli etkiler yaratmak m\u00fcmk\u00fcn. \u00d6rne\u011fin, D\u00fcnya Ekonomik Forumu (World Economic Forum &#8211; <a href=\"https:\/\/www.weforum.org\/\">WEF<\/a>) analizleri; \u0131s\u0131nma i\u00e7in temiz elektrikle \u00e7al\u0131\u015fan \u0131s\u0131 pompas\u0131 uygulamalar\u0131na yap\u0131lacak %20\u2019lik bir ge\u00e7i\u015fin, CO2 emisyonlar\u0131n\u0131 %9 oran\u0131nda azaltaca\u011f\u0131n\u0131 g\u00f6steriyor. Ak\u0131ll\u0131 \u00e7\u00f6z\u00fcmlerin kullan\u0131ld\u0131\u011f\u0131 bu t\u00fcr bir ge\u00e7i\u015f sayesinde, bug\u00fcnden 2030\u2019a kadar ya\u015fanacak hava kirlili\u011fi azalmas\u0131 ile insan sa\u011fl\u0131\u011f\u0131 a\u00e7\u0131s\u0131ndan 3 milyar euro tasarruf sa\u011flanabilir<a href=\"#_ftn8\" name=\"_ftnref8\">[8]<\/a>.<\/li>\n<\/ul>\n<p>Bir binay\u0131 \u0131s\u0131tmak i\u00e7in t\u00fcketilen enerji miktar\u0131n\u0131 azaltman\u0131n iki temel yolu var: \u00e7ift cam ve \u00e7at\u0131 yal\u0131t\u0131m\u0131 gibi geleneksel \u00f6nlemlerle \u0131s\u0131 kayb\u0131n\u0131 azaltmak veya do\u011frudan binan\u0131n \u0131s\u0131 t\u00fcketimini azaltmak. Geleneksel y\u00f6ntemler i\u015fe yarasa da pahal\u0131ya mal oluyor ve yat\u0131r\u0131m\u0131n telafi edilmesi uzun zaman al\u0131yor. WEF\u2019in belirtti\u011fi gibi daha yenilik\u00e7i, daha verimli ve daha ucuz bir yol olarak \u201c<em>binalar, ger\u00e7ek zamanl\u0131 veri analizini kullanarak \u0131s\u0131tma, ayd\u0131nlatma ve di\u011fer sistemleri belirli bir zamanda binadaki ki\u015fi say\u0131s\u0131na g\u00f6re otomatik olarak ayarlayabilen dijital ara\u00e7larla donat\u0131labilir<\/em>\u201d.<\/p>\n<p>\u201cOtonom binalar\u201d olarak adland\u0131r\u0131lan bu yap\u0131lar, tamamen elektrikle \u00e7al\u0131\u015fan ultra verimli binalar olup belki de g\u00fc\u00e7 sa\u011flamak i\u00e7in g\u00fcne\u015f panellerini kullanabilir ve hatta uzaktan y\u00f6netilebilirler.<a href=\"#_ftn9\" name=\"_ftnref9\"><sup>[9]<\/sup><\/a> \u201cPasif\u201d enerji verimlili\u011fi \u00e7\u00f6z\u00fcmlerine k\u0131yasla ilk yat\u0131r\u0131m maliyetini \u00e7ok daha k\u0131sa s\u00fcrede -be\u015f y\u0131l i\u00e7inde- kar\u015f\u0131larlar. \u00dcstelik daha ucuzlar: Geleneksel teknolojiler i\u00e7in harcanan b\u00fct\u00e7eyle bu dijital teknolojiler on kez yenilenebilir<a href=\"#_ftn10\" name=\"_ftnref10\">[10]<\/a>.<\/p>\n<h2>Daha ye\u015fil binalar ne kazand\u0131r\u0131yor?<\/h2>\n<p>Bu verimlilik stratejilerinin hepsi bir araya geldi\u011finde, G7 \u00fclkelerindeki ve \u00c7in\u2019deki konutlar\u0131n malzeme d\u00f6ng\u00fcs\u00fcnden kaynaklanan emisyonlar\u0131, malzeme verimlili\u011fi olmayan bir senaryoya k\u0131yasla 2050 y\u0131l\u0131nda %80 ila %100 oran\u0131nda azalt\u0131labilir.<a href=\"#_ftn11\" name=\"_ftnref11\"><sup>[11]<\/sup><\/a> WEF\u2019e g\u00f6re daha ye\u015fil binalar daha ye\u015fil i\u015fler de yarat\u0131r: \u201c<em>AB in\u015faat sekt\u00f6r\u00fcnde 2030\u2019a kadar y\u0131lda 90 milyar euro\u2019luk bir Renovasyon Dalgas\u0131 ile 160.000 ye\u015fil i\u015f daha yarat\u0131labilece\u011fi tahmin ediliyor.\u201d<\/em><a href=\"#_ftn12\" name=\"_ftnref12\"><sup>[12]<\/sup><\/a><\/p>\n<p>Ayr\u0131ca bina y\u00f6netmelikleri, binalar\u0131n kullan\u0131m \u00f6mr\u00fcn\u00fcn uzat\u0131lmas\u0131, at\u0131klar\u0131 azalt\u0131p yeniden kullan\u0131m ve geri d\u00f6n\u00fc\u015f\u00fcm sa\u011flayan daha verimli kullan\u0131m \u00f6mr\u00fc stratejileri gibi politika d\u00fczeyinde ekolojik verimlili\u011fi te\u015fvik edebilecek \u00e7e\u015fitli f\u0131rsatlar da mevcut. Bunlar aras\u0131nda \u00f6zellikle bina bilgi y\u00f6netimi (building information management &#8211; BIM) yaz\u0131l\u0131m\u0131 ve prefabrikasyon, in\u015faat sekt\u00f6r\u00fcnde verimlili\u011fin en b\u00fcy\u00fck itici g\u00fc\u00e7lerinden. Birle\u015fik Krall\u0131k ve Danimarka gibi baz\u0131 \u00fclkeler bu yakla\u015f\u0131m\u0131 b\u00fcy\u00fck binalar i\u00e7in zorunlu hale getirdi bile.<\/p>\n<h2>Daha ye\u015fil ara\u00e7 \u00fcretimi<\/h2>\n<p>Burada <em>her<\/em> sekt\u00f6re de\u011finecek kadar zaman\u0131m\u0131z yok, ancak k\u00fcresel emisyonlar\u0131n en az %9\u2019undan sorumlu otomotiv sekt\u00f6r\u00fcne de\u011finmeden ge\u00e7emeyece\u011fim.<a href=\"#_ftn13\" name=\"_ftnref13\"><sup>[13]<\/sup><\/a> Bu sekt\u00f6r, ekolojik verimlilik ilkelerinin uygulanabilece\u011fi f\u0131rsatlarla dolu.<\/p>\n<p>Yeterli <a href=\"https:\/\/alj.com\/en\/spotlight-by-fady-jameel\/we-need-clean-energy-to-recharge-our-economies\/\">temiz elektrik<\/a> sa\u011flayabilmemiz \u015fart\u0131yla <a href=\"https:\/\/alj.com\/en\/perspective\/next-stop-hydrogen-powered-public-transport\/\">yak\u0131t h\u00fccresi<\/a> ve <a href=\"https:\/\/alj.com\/en\/perspective\/driving-force-evs-accelerate-new-vehicle-sales\/\">pille \u00e7al\u0131\u015fan ara\u00e7<\/a> kullan\u0131m\u0131na ge\u00e7i\u015f, bu konuda \u00f6nemli bir ad\u0131m. UNEP\u2019e g\u00f6re ise otomobil \u00fcretimi i\u00e7in geri d\u00f6n\u00fc\u015ft\u00fcr\u00fclm\u00fc\u015f malzemelerin kullan\u0131lmas\u0131, otomobil \u00fcretiminden kaynakl\u0131 sera gaz\u0131 (greenhouse gas &#8211; GHG) emisyonlar\u0131n\u0131n yar\u0131s\u0131n\u0131 telafi edebilir.<a href=\"#_ftn14\" name=\"_ftnref14\"><sup>[14]<\/sup><\/a> \u00c7elikten al\u00fcminyuma ge\u00e7ilerek daha hafif malzemeler kullan\u0131lmas\u0131 gibi \u00f6nlemler sayesinde \u00f6nemli miktarda yak\u0131t tasarrufu sa\u011flanabilir. (Bu, \u00fcretim safhas\u0131ndaki emisyonlar\u0131 art\u0131rabilir ancak ara\u00e7lar\u0131n \u00e7al\u0131\u015fmas\u0131 s\u0131ras\u0131nda \u00e7ok daha fazla tasarruf sa\u011flar. \u0130\u015fte bu nedenle bir alana odaklanmak yerine t\u00fcm sistemin \u00f6l\u00e7\u00fclmesi hayati \u00f6nem ta\u015f\u0131yor.)<\/p>\n<p>Otomobilleri kullanma \u015feklimizi de\u011fi\u015ftirmenin yan\u0131 s\u0131ra daha k\u00fc\u00e7\u00fck ara\u00e7lara ge\u00e7memizin de b\u00fcy\u00fck faydas\u0131 olacakt\u0131r. Ara\u00e7 i\u00e7indeki ki\u015fi say\u0131s\u0131na g\u00f6re tahsis edilen \u00f6zel \u015feritler, tercihe ba\u011fl\u0131 otopark yerleri, giri\u015f k\u0131s\u0131tlamas\u0131 olan b\u00f6lgeler ve bina y\u00f6netmelikleri gibi politikalar; ara\u00e7 ve ara\u00e7 payla\u015f\u0131m\u0131n\u0131 te\u015fvik edecektir. UNEP\u2019in de belirtti\u011fi gibi, \u201c<em>G7 \u00fclkelerindeki otomobil seyahatlerinin %25\u2019i payla\u015f\u0131ml\u0131 s\u00fcr\u00fc\u015fler olarak ger\u00e7ekle\u015ftirilseydi emisyonlar %13 ila %20 azal\u0131rd\u0131.\u201d<\/em><a href=\"#_ftn15\" name=\"_ftnref15\"><sup>[15]<\/sup><\/a><\/p>\n<p>Birincil malzeme verimlili\u011findeki t\u00fcm geli\u015ftirmeleri uygulayarak, ara\u00e7 \u00fcretimi ve imhas\u0131nda ger\u00e7ekle\u015fen emisyonlar\u0131 G7 \u00fclkelerinde %57-70, \u00c7in\u2019de %29-62 ve Hindistan\u2019da %39-53 oran\u0131nda azaltabiliriz.<a href=\"#_ftn16\" name=\"_ftnref16\"><sup>[16]<\/sup><\/a><\/p>\n<h2>Ekolojik verimlilik sunan i\u015fletmeler i\u00e7in yol g\u00f6sterici<\/h2>\n<p>K\u00fcresel end\u00fcstri sekt\u00f6r\u00fc, b\u00fcy\u00fck \u00f6l\u00e7\u00fcde teknolojideki benzeri g\u00f6r\u00fclmemi\u015f geli\u015fmelerden g\u00fc\u00e7 alarak muazzam bir d\u00f6n\u00fc\u015f\u00fcm a\u015famas\u0131nda. \u201cD\u00f6rd\u00fcnc\u00fc Sanayi Devrimi\u201d (Fourth Industrial Revolution &#8211; 4IR) fiziksel, dijital ve biyolojik k\u00fcreler aras\u0131ndaki \u00e7izgileri bulan\u0131kla\u015ft\u0131ran teknolojilerin birle\u015fimi ile karakterize ediliyor. Bu de\u011fi\u015fikliklerin \u00f6l\u00e7e\u011fi ve teknolojiye dayal\u0131 bu yeni modellerin potansiyeli, ekolojik verimlili\u011fe giden yolda ileriye do\u011fru b\u00fcy\u00fck bir ad\u0131m at\u0131lmas\u0131n\u0131 sa\u011flayabilir.<\/p>\n<p><iframe loading=\"lazy\" src=\"\/\/www.youtube.com\/embed\/j62U089HDx0\" width=\"560\" height=\"314\" allowfullscreen=\"allowfullscreen\"><\/iframe><\/p>\n<p><a href=\"https:\/\/www.weforum.org\/projects\/global_lighthouse_network\">Global Lighthouse Network<\/a>, McKinsey &amp; Co ile i\u015f birli\u011fi i\u00e7inde ba\u015flat\u0131lan bir D\u00fcnya Ekonomik Forumu giri\u015fimi ve D\u00f6rd\u00fcnc\u00fc Sanayi Devriminin tetikledi\u011fi d\u00f6n\u00fc\u015f\u00fcmden g\u00fc\u00e7 alarak, hem emisyonlar\u0131 azaltan hem de de\u011fer yaratan ekolojik verimlilik inovasyonlar\u0131 yaratmay\u0131 hedefliyor. McKinsey\u2019e g\u00f6re D\u00f6rd\u00fcnc\u00fc Sanayi Devrimi, ekolojik verimlilik inovasyonlar\u0131n\u0131 \u00fc\u00e7 temel yolla tetikliyor:<\/p>\n<ul>\n<li>\u00dcretim ve u\u00e7tan uca de\u011fer zinciri boyunca verilere dayal\u0131 eylemleri m\u00fcmk\u00fcn k\u0131lan bir dijital teknolojiyi i\u00e7eriyor.<\/li>\n<li>Maliyet, \u00e7eviklik, kullan\u0131\u015fl\u0131l\u0131k ve kalite dahil olmak \u00fczere performans g\u00f6stergeleri genelinde \u00f6l\u00e7\u00fclebilir iyile\u015fmeler sa\u011fl\u0131yor.<\/li>\n<li>T\u00fcketimi, kaynak israf\u0131n\u0131 ve emisyonlar\u0131 azaltarak s\u00fcrd\u00fcr\u00fclebilirlik alan\u0131nda kazan\u0131mlar sa\u011fl\u0131yor.<\/li>\n<\/ul>\n<p><img decoding=\"async\" loading=\"lazy\" class=\"aligncenter size-full wp-image-96323\" src=\"https:\/\/alj-corp-media.s3.eu-west-2.amazonaws.com\/app\/uploads\/2022\/03\/1719-ALJ-Eco-Efficiency4.jpg\" alt=\"\" width=\"2362\" height=\"2362\" \/><\/p>\n<p>Global Lighthouse Network, s\u00fcre\u00e7 ve ambalajl\u0131 t\u00fcketim \u00fcr\u00fcnleri end\u00fcstrilerinin genelinde \u00fcreticiler aras\u0131nda bilgi payla\u015f\u0131m\u0131 sa\u011fl\u0131yor. Bug\u00fcne kadar g\u00f6r\u00fclen 450\u2019den fazla kullan\u0131m \u00f6rne\u011fine g\u00f6re bu \u00fcreticiler; at\u0131klar\u0131 azalt\u0131rken verimlilik, s\u00fcrd\u00fcr\u00fclebilirlik, i\u015fletme maliyeti, \u00f6zel tasar\u0131m ve pazara sunma h\u0131z\u0131nda \u00f6nemli iyile\u015fmeler sa\u011fl\u0131yor, yani ekolojik verimlili\u011fin t\u00fcm temel kaidelerini yerine getiriyor. Kat\u0131l\u0131mc\u0131lar\u0131n neredeyse \u00fc\u00e7te ikisi, D\u00f6rd\u00fcnc\u00fc Sanayi Devrimi d\u00f6n\u00fc\u015f\u00fcmlerinin s\u00fcrd\u00fcr\u00fclebilirlik \u00fczerinde etkili oldu\u011funu bildiriyor. \u00d6rne\u011fin bir petrol ve gaz \u015firketinin, yapay zeka ile \u00e7al\u0131\u015fan s\u00fcre\u00e7 kontrollerinden yararlanarak enerji kullan\u0131m\u0131n\u0131 %10\u2019dan fazla azaltt\u0131\u011f\u0131 kaydediliyor.<a href=\"#_ftn17\" name=\"_ftnref17\"><sup>[17]<\/sup><\/a><\/p>\n<p>McKinsey\u2019in a\u00e7\u0131klamas\u0131na g\u00f6re: \u201c<em>\u00c7evresel sorumlulu\u011fun do\u011fas\u0131 gere\u011fi \u00fcretkenlik \u00fczerinde olumsuz bir etkisinin oldu\u011fu ve dolay\u0131s\u0131yla karl\u0131l\u0131\u011f\u0131 olumsuz olarak etkileyece\u011fi d\u00fc\u015f\u00fcncesiyle m\u00fccadele ediyoruz<\/em><em>. <\/em><em>Asl\u0131nda, dijital ara\u00e7larla analiz ara\u00e7lar\u0131na dayanan D\u00f6rd\u00fcnc\u00fc Sanayi Devrimi d\u00f6n\u00fc\u015f\u00fcm\u00fc yaln\u0131zca ye\u015fil teknolojiyi de\u011fil, ayn\u0131 zamanda mevcut \u00fcretim y\u00f6ntemlerinin verimlili\u011fini de art\u0131rabilir<\/em><em>. <\/em><em>D\u00f6rd\u00fcnc\u00fc Sanayi Devriminin tetikledi\u011fi d\u00f6n\u00fc\u015f\u00fcm benimsenerek sadece s\u00fcrd\u00fcr\u00fclebilirlik ve rekabet\u00e7i ba\u015far\u0131n\u0131n birbiriyle uyumlu olmas\u0131 de\u011fil, ayn\u0131 zamanda birbiriyle i\u00e7 i\u00e7e ge\u00e7erek ekolojik verimlili\u011fi m\u00fcmk\u00fcn k\u0131lmas\u0131 da sa\u011flanabilir.\u201d<\/em><\/p>\n<h2>\u00c7evreye kar\u015f\u0131 sorumlu \u00fcretim m\u00fcmk\u00fcn, hatta karl\u0131<\/h2>\n<p>Ekolojik verimlilik, yaln\u0131zca end\u00fcstrinin nas\u0131l i\u015fledi\u011fi hakk\u0131nda hi\u00e7bir fikri olmayan ki\u015filer taraf\u0131ndan kullan\u0131lan pop\u00fcler bir s\u00f6zc\u00fck de\u011fil. \u00d6yle ki end\u00fcstrinin \u00f6nde gelen isimleri daha h\u0131zl\u0131, daha ucuz ve \u00e7ok daha az \u00e7evresel etkiyle daha iyi \u00fcr\u00fcnler \u00fcretebilmek i\u00e7in ekolojik verimlili\u011fi benimsemeye ba\u015flad\u0131 bile. \u00c7evreyle ilgili sorunlar\u0131m\u0131z\u0131n \u00e7o\u011funun \u015fu anda sahip oldu\u011fumuz ara\u00e7larla \u00e7\u00f6z\u00fclebilece\u011fini fark etmek rahatlat\u0131c\u0131.<\/p>\n<p>Ekolojik verimlilik; daha az \u015fey sat\u0131n almak veya t\u00fcketmek de\u011fil, iklim de\u011fi\u015fikli\u011fi ile m\u00fccadele etmek ve herkes i\u00e7in s\u00fcrd\u00fcr\u00fclebilir bir gelecek sa\u011flamak i\u00e7in daha fazla zaman kazanmak anlam\u0131na geliyor.<\/p>\n<p>&nbsp;<\/p>\n<p><a href=\"#_ftnref1\" name=\"_ftn1\"><sup>[1]<\/sup><\/a> <a href=\"https:\/\/www.worldvision.org\/sponsorship-news-stories\/global-poverty-facts\">https:\/\/www.worldvision.org\/sponsorship-news-stories\/global-poverty-facts<\/a><\/p>\n<p><a href=\"#_ftnref2\" name=\"_ftn2\"><sup>[2]<\/sup><\/a> <a href=\"https:\/\/friendsoftheearth.uk\/sites\/default\/files\/downloads\/overconsumption.pdf\">https:\/\/friendsoftheearth.uk\/sites\/default\/files\/downloads\/overconsumption.pdf<\/a><\/p>\n<p><a href=\"#_ftnref3\" name=\"_ftn3\"><sup>[3]<\/sup><\/a> <a href=\"https:\/\/wedocs.unep.org\/bitstream\/handle\/20.500.11822\/34351\/RECCR.pdf?sequence=1&amp;isAllowed=y\">Resource Efficiency and Climate Change: Material Efficiency Strategies for a Low-Carbon Future<\/a>, UNEP<\/p>\n<p><a href=\"#_ftnref4\" name=\"_ftn4\"><sup>[4]<\/sup><\/a> <a href=\"https:\/\/marketbusinessnews.com\/financial-glossary\/eco-efficiency\/\">https:\/\/marketbusinessnews.com\/financial-glossary\/eco-efficiency\/<\/a><\/p>\n<p><a href=\"#_ftnref5\" name=\"_ftn5\"><sup>[5]<\/sup><\/a> <a href=\"https:\/\/www.uk-cpi.com\/blog\/the-answer-to-climate-change-resource-effiency\">https:\/\/www.uk-cpi.com\/blog\/the-answer-to-climate-change-resource-effiency<\/a><\/p>\n<p><a href=\"#_ftnref6\" name=\"_ftn6\"><sup>[6]<\/sup><\/a> <a href=\"https:\/\/www.weforum.org\/agenda\/2021\/02\/why-the-buildings-of-the-future-are-key-to-an-efficient-energy-ecosystem\">https:\/\/www.weforum.org\/agenda\/2021\/02\/why-the-buildings-of-the-future-are-key-to-an-efficient-energy-ecosystem<\/a><\/p>\n<p><a href=\"#_ftnref7\" name=\"_ftn7\">[7]<\/a> <a href=\"https:\/\/wedocs.unep.org\/bitstream\/handle\/20.500.11822\/34351\/RECCR.pdf?sequence=1&amp;isAllowed=y\">Resource Efficiency and Climate Change: Material Efficiency Strategies for a Low-Carbon Future<\/a>, UNEP<\/p>\n<p><a href=\"#_ftnref8\" name=\"_ftn8\">[8]<\/a> <a href=\"https:\/\/www.weforum.org\/agenda\/2021\/02\/why-the-buildings-of-the-future-are-key-to-an-efficient-energy-ecosystem\">https:\/\/www.weforum.org\/agenda\/2021\/02\/why-the-buildings-of-the-future-are-key-to-an-efficient-energy-ecosystem<\/a><\/p>\n<p><a href=\"#_ftnref9\" name=\"_ftn9\"><sup>[9]<\/sup><\/a> <a href=\"https:\/\/www.weforum.org\/agenda\/2021\/02\/why-the-buildings-of-the-future-are-key-to-an-efficient-energy-ecosystem\">https:\/\/www.weforum.org\/agenda\/2021\/02\/why-the-buildings-of-the-future-are-key-to-an-efficient-energy-ecosystem<\/a><\/p>\n<p><a href=\"#_ftnref10\" name=\"_ftn10\">[10]<\/a> <a href=\"https:\/\/www.se.com\/ww\/en\/work\/campaign\/roi-report\/\">https:\/\/www.se.com\/ww\/en\/work\/campaign\/roi-report\/<\/a><\/p>\n<p><a href=\"#_ftnref11\" name=\"_ftn11\"><sup>[11]<\/sup><\/a> <a href=\"https:\/\/wedocs.unep.org\/bitstream\/handle\/20.500.11822\/34351\/RECCR.pdf?sequence=1&amp;isAllowed=y\">Resource efficiency and climate change: Material efficiency strategies for a low-carbon future<\/a>, UNEP<\/p>\n<p><a href=\"#_ftnref12\" name=\"_ftn12\"><sup>[12]<\/sup><\/a> <a href=\"https:\/\/www.weforum.org\/agenda\/2021\/02\/why-the-buildings-of-the-future-are-key-to-an-efficient-energy-ecosystem\">https:\/\/www.weforum.org\/agenda\/2021\/02\/why-the-buildings-of-the-future-are-key-to-an-efficient-energy-ecosystem<\/a><\/p>\n<p><a href=\"#_ftnref13\" name=\"_ftn13\"><sup>[13]<\/sup><\/a> <a href=\"https:\/\/www.greenpeace.org\/international\/press-release\/24131\/car-industrys-2018-carbon-footprint-exceeds-eu-greenhouse-gas-emissions-greenpeace\">https:\/\/www.greenpeace.org\/international\/press-release\/24131\/car-industrys-2018-carbon-footprint-exceeds-eu-greenhouse-gas-emissions-greenpeace<\/a><\/p>\n<p><a href=\"#_ftnref14\" name=\"_ftn14\"><sup>[14]<\/sup><\/a> <a href=\"https:\/\/wedocs.unep.org\/bitstream\/handle\/20.500.11822\/34351\/RECCR.pdf?sequence=1&amp;isAllowed=y\">Resource Efficiency and Climate Change: Material Efficiency Strategies for a Low-Carbon Future<\/a>, UNEP<\/p>\n<p><a href=\"#_ftnref15\" name=\"_ftn15\"><sup>[15]<\/sup><\/a> <a href=\"https:\/\/wedocs.unep.org\/bitstream\/handle\/20.500.11822\/34351\/RECCR.pdf?sequence=1&amp;isAllowed=y\">Resource Efficiency and Climate Change: Material Efficiency Strategies for a Low-Carbon Future<\/a>, UNEP<\/p>\n<p><a href=\"#_ftnref16\" name=\"_ftn16\"><sup>[16]<\/sup><\/a> <a href=\"https:\/\/wedocs.unep.org\/bitstream\/handle\/20.500.11822\/34351\/RECCR.pdf?sequence=1&amp;isAllowed=y\">Resource Efficiency and Climate Change: Material Efficiency Strategies for a Low-Carbon Future<\/a>, UNEP<\/p>\n<p><a href=\"#_ftnref17\" name=\"_ftn17\"><sup>[17]<\/sup><\/a> <a href=\"https:\/\/www.mckinsey.com\/business-functions\/operations\/our-insights\/lighthouses-unlock-sustainability-through-4ir-technologies\">https:\/\/www.mckinsey.com\/business-functions\/operations\/our-insights\/lighthouses-unlock-sustainability-through-4ir-technologies<\/a><\/p>\n","protected":false},"featured_media":97887,"template":"","tags":[],"acf":[],"yoast_head":"<!-- This site is optimized with the Yoast SEO plugin v21.5 - https:\/\/yoast.com\/wordpress\/plugins\/seo\/ -->\n<title>\u0130sraf edecek zaman\u0131m\u0131z yok, ekolojik verimlili\u011fe ihtiyac\u0131m\u0131z var - Abdul Latif Jameel<\/title>\n<meta name=\"robots\" content=\"index, follow, max-snippet:-1, max-image-preview:large, max-video-preview:-1\" \/>\n<link rel=\"canonical\" href=\"https:\/\/alj.com\/tr\/spotlight-by-fady-jameel\/no-time-for-waste-why-we-need-eco-efficiency\/\" \/>\n<meta property=\"og:locale\" content=\"tr_TR\" \/>\n<meta property=\"og:type\" content=\"article\" \/>\n<meta property=\"og:title\" content=\"\u0130sraf edecek zaman\u0131m\u0131z yok, ekolojik verimlili\u011fe ihtiyac\u0131m\u0131z var - Abdul Latif Jameel\" \/>\n<meta property=\"og:description\" content=\"Gezegen \u00fczerindeki etkimizi azaltmak, temel malzemelerin \u00fcretimini azaltmak anlam\u0131na m\u0131 geliyor? Hay\u0131r. Hatta tam tersine,bu konudaki kan\u0131tlar olduk\u00e7a a\u00e7\u0131k: De\u011ferli kaynaklar\u0131m\u0131z\u0131 daha verimli kullanmak, daha fazla refaha -s\u00fcrd\u00fcr\u00fclebilir refaha- giden do\u011fru yol. Ve asl\u0131nda \u00f6n\u00fcm\u00fczde gidilecek uzun bir yol var. Ancak bunu ba\u015farmak i\u00e7in gereken t\u00fcm ara\u00e7lara sahibiz ve halihaz\u0131rda bir ilerleme kaydediyoruz. Bu, hem [&hellip;]\" \/>\n<meta property=\"og:url\" content=\"https:\/\/alj.com\/tr\/spotlight-by-fady-jameel\/no-time-for-waste-why-we-need-eco-efficiency\/\" \/>\n<meta property=\"og:site_name\" content=\"Abdul Latif Jameel\" \/>\n<meta property=\"article:publisher\" content=\"https:\/\/www.facebook.com\/Abdul.Latif.Jameel.Official\" \/>\n<meta property=\"article:modified_time\" content=\"2022-03-13T10:29:40+00:00\" \/>\n<meta property=\"og:image\" content=\"https:\/\/media.alj.com\/app\/uploads\/2022\/03\/Eco-Efficienct.jpg\" \/>\n\t<meta property=\"og:image:width\" content=\"760\" \/>\n\t<meta property=\"og:image:height\" content=\"360\" \/>\n\t<meta property=\"og:image:type\" content=\"image\/jpeg\" \/>\n<meta name=\"twitter:card\" content=\"summary_large_image\" \/>\n<meta name=\"twitter:label1\" content=\"Est. reading time\" \/>\n\t<meta name=\"twitter:data1\" content=\"11 minutes\" \/>\n<script type=\"application\/ld+json\" class=\"yoast-schema-graph\">{\"@context\":\"https:\/\/schema.org\",\"@graph\":[{\"@type\":\"WebPage\",\"@id\":\"https:\/\/alj.com\/tr\/spotlight-by-fady-jameel\/no-time-for-waste-why-we-need-eco-efficiency\/\",\"url\":\"https:\/\/alj.com\/tr\/spotlight-by-fady-jameel\/no-time-for-waste-why-we-need-eco-efficiency\/\",\"name\":\"\u0130sraf edecek zaman\u0131m\u0131z yok, ekolojik verimlili\u011fe ihtiyac\u0131m\u0131z var - Abdul Latif Jameel\",\"isPartOf\":{\"@id\":\"https:\/\/alj.com\/en\/#website\"},\"datePublished\":\"2022-03-12T17:55:42+00:00\",\"dateModified\":\"2022-03-13T10:29:40+00:00\",\"breadcrumb\":{\"@id\":\"https:\/\/alj.com\/tr\/spotlight-by-fady-jameel\/no-time-for-waste-why-we-need-eco-efficiency\/#breadcrumb\"},\"inLanguage\":\"tr\",\"potentialAction\":[{\"@type\":\"ReadAction\",\"target\":[\"https:\/\/alj.com\/tr\/spotlight-by-fady-jameel\/no-time-for-waste-why-we-need-eco-efficiency\/\"]}]},{\"@type\":\"BreadcrumbList\",\"@id\":\"https:\/\/alj.com\/tr\/spotlight-by-fady-jameel\/no-time-for-waste-why-we-need-eco-efficiency\/#breadcrumb\",\"itemListElement\":[{\"@type\":\"ListItem\",\"position\":1,\"name\":\"Home\",\"item\":\"https:\/\/alj.com\/tr\/\"},{\"@type\":\"ListItem\",\"position\":2,\"name\":\"Spotlight By Fady Jameel\",\"item\":\"https:\/\/alj.com\/ja\/spotlight-by-fady-jameel\/\"},{\"@type\":\"ListItem\",\"position\":3,\"name\":\"\u0130sraf edecek zaman\u0131m\u0131z yok, ekolojik verimlili\u011fe ihtiyac\u0131m\u0131z var\"}]},{\"@type\":\"WebSite\",\"@id\":\"https:\/\/alj.com\/en\/#website\",\"url\":\"https:\/\/alj.com\/en\/\",\"name\":\"Abdul Latif Jameel\",\"description\":\"Abdul Latif Jameel\",\"potentialAction\":[{\"@type\":\"SearchAction\",\"target\":{\"@type\":\"EntryPoint\",\"urlTemplate\":\"https:\/\/alj.com\/en\/?s={search_term_string}\"},\"query-input\":\"required name=search_term_string\"}],\"inLanguage\":\"tr\"}]}<\/script>\n<!-- \/ Yoast SEO plugin. -->","yoast_head_json":{"title":"\u0130sraf edecek zaman\u0131m\u0131z yok, ekolojik verimlili\u011fe ihtiyac\u0131m\u0131z var - Abdul Latif Jameel","robots":{"index":"index","follow":"follow","max-snippet":"max-snippet:-1","max-image-preview":"max-image-preview:large","max-video-preview":"max-video-preview:-1"},"canonical":"https:\/\/alj.com\/tr\/spotlight-by-fady-jameel\/no-time-for-waste-why-we-need-eco-efficiency\/","og_locale":"tr_TR","og_type":"article","og_title":"\u0130sraf edecek zaman\u0131m\u0131z yok, ekolojik verimlili\u011fe ihtiyac\u0131m\u0131z var - Abdul Latif Jameel","og_description":"Gezegen \u00fczerindeki etkimizi azaltmak, temel malzemelerin \u00fcretimini azaltmak anlam\u0131na m\u0131 geliyor? Hay\u0131r. Hatta tam tersine,bu konudaki kan\u0131tlar olduk\u00e7a a\u00e7\u0131k: De\u011ferli kaynaklar\u0131m\u0131z\u0131 daha verimli kullanmak, daha fazla refaha -s\u00fcrd\u00fcr\u00fclebilir refaha- giden do\u011fru yol. Ve asl\u0131nda \u00f6n\u00fcm\u00fczde gidilecek uzun bir yol var. Ancak bunu ba\u015farmak i\u00e7in gereken t\u00fcm ara\u00e7lara sahibiz ve halihaz\u0131rda bir ilerleme kaydediyoruz. Bu, hem [&hellip;]","og_url":"https:\/\/alj.com\/tr\/spotlight-by-fady-jameel\/no-time-for-waste-why-we-need-eco-efficiency\/","og_site_name":"Abdul Latif Jameel","article_publisher":"https:\/\/www.facebook.com\/Abdul.Latif.Jameel.Official","article_modified_time":"2022-03-13T10:29:40+00:00","og_image":[{"width":760,"height":360,"url":"https:\/\/media.alj.com\/app\/uploads\/2022\/03\/Eco-Efficienct.jpg","type":"image\/jpeg"}],"twitter_card":"summary_large_image","twitter_misc":{"Est. reading time":"11 minutes"},"schema":{"@context":"https:\/\/schema.org","@graph":[{"@type":"WebPage","@id":"https:\/\/alj.com\/tr\/spotlight-by-fady-jameel\/no-time-for-waste-why-we-need-eco-efficiency\/","url":"https:\/\/alj.com\/tr\/spotlight-by-fady-jameel\/no-time-for-waste-why-we-need-eco-efficiency\/","name":"\u0130sraf edecek zaman\u0131m\u0131z yok, ekolojik verimlili\u011fe ihtiyac\u0131m\u0131z var - Abdul Latif Jameel","isPartOf":{"@id":"https:\/\/alj.com\/en\/#website"},"datePublished":"2022-03-12T17:55:42+00:00","dateModified":"2022-03-13T10:29:40+00:00","breadcrumb":{"@id":"https:\/\/alj.com\/tr\/spotlight-by-fady-jameel\/no-time-for-waste-why-we-need-eco-efficiency\/#breadcrumb"},"inLanguage":"tr","potentialAction":[{"@type":"ReadAction","target":["https:\/\/alj.com\/tr\/spotlight-by-fady-jameel\/no-time-for-waste-why-we-need-eco-efficiency\/"]}]},{"@type":"BreadcrumbList","@id":"https:\/\/alj.com\/tr\/spotlight-by-fady-jameel\/no-time-for-waste-why-we-need-eco-efficiency\/#breadcrumb","itemListElement":[{"@type":"ListItem","position":1,"name":"Home","item":"https:\/\/alj.com\/tr\/"},{"@type":"ListItem","position":2,"name":"Spotlight By Fady Jameel","item":"https:\/\/alj.com\/ja\/spotlight-by-fady-jameel\/"},{"@type":"ListItem","position":3,"name":"\u0130sraf edecek zaman\u0131m\u0131z yok, ekolojik verimlili\u011fe ihtiyac\u0131m\u0131z var"}]},{"@type":"WebSite","@id":"https:\/\/alj.com\/en\/#website","url":"https:\/\/alj.com\/en\/","name":"Abdul Latif Jameel","description":"Abdul Latif Jameel","potentialAction":[{"@type":"SearchAction","target":{"@type":"EntryPoint","urlTemplate":"https:\/\/alj.com\/en\/?s={search_term_string}"},"query-input":"required name=search_term_string"}],"inLanguage":"tr"}]}},"post-meta-fields":{"push_notification":["no"],"_push_notification":["field_5c3b1fb67034d"],"_wpml_word_count":["{\"total\":2410,\"to_translate\":{\"ar\":2410,\"zh-hans\":2410,\"fr\":2410,\"ja\":2410,\"es\":2410,\"tr\":2410}}"],"_wpml_media_featured":["1"],"_wpml_media_duplicate":["1"],"perspective_short_title":["\u0130sraf edecek zaman\u0131m\u0131z yok, ekolojik verimlili\u011fe ihtiyac\u0131m\u0131z var"],"perspective_summury":["<p>Gezegen \u00fczerindeki etkimizi azaltmak, temel malzemelerin \u00fcretimini azaltmak anlam\u0131na m\u0131 geliyor?<\/p>\n"],"perspective_location":["Dubai, UAE"],"perspective_author_name":["<p><span style=\"color: #000000;\"><a href=\"https:\/\/www.alj.com\/tr\/our-people\/fady-jameel\/\">Fady Jameel<\/a><br \/>\n<\/span><\/p>\n<p>Ba\u015fkan Vekili ve Y\u00f6netim Kurulu Ba\u015fkan Yard\u0131mc\u0131s\u0131,\u00a0Abdul Latif Jameel International<\/p>\n"],"perspective_author_bio":["<p><a href=\"https:\/\/www.alj.com\/tr\/our-people\/fady-jameel\/\">Fady Jameel<\/a>, 1945\u2019te merhum dedesi Abdul Latif Jameel taraf\u0131ndan kurulan ba\u011f\u0131ms\u0131z, uluslararas\u0131 ve aile k\u00f6kenli ayr\u0131\u015ft\u0131r\u0131lm\u0131\u015f \u015firketler toplulu\u011fu Abdul Latif Jameel\u2019e ba\u011fl\u0131 Abdul Latif Jameel International\u2019in Abdul Latif Jameel Suudi Arabistan Ba\u015fkan Vekili ve Y\u00f6netim Kurulu Ba\u015fkan Yard\u0131mc\u0131s\u0131d\u0131r.<\/p>\n"],"wpcf-featured-news":["1"],"is_latest_news":["0"],"wpcf-show-news-at-homepage":["1"],"publish_mobile":["a:1:{i:0;s:3:\"yes\";}"],"_publish_mobile":["field_5bfa8eb2e65cf"],"mobile_featured_image":["https:\/\/media.alj.com\/app\/uploads\/2022\/03\/Eco-Efficiency.jpeg"],"_mobile_featured_image":["field_5c3b204983dea"],"content_series_applied":[""],"_content_series_applied":["field_60f3d3faf82ac"],"is_podcast":["0"],"_is_podcast":["field_5ee1dff933e7f"],"wpcf-perspective-downloadable_file":[""],"wpcf-perspective-published-date":["1646352000"],"wpcf-video-description":[""],"wpcf-layoutvideourl":[""],"wpcf-video-thumb":[""],"wpcf-social4-svg":[""],"wpcf-social4-background-image":[""],"wpcf-social4-text":[""],"wpcf-social4-url":[""],"wpcf-social3-svg":[""],"wpcf-social3-background-image":[""],"wpcf-social3-text":[""],"wpcf-social3-url":[""],"wpcf-social-text-svg-square":[""],"wpcf-social-text-image-square":[""],"wpcf-social-text-text-square":[""],"wpcf-social-text-url-square":[""],"wpcf-social2-svg":[""],"wpcf-social2-background-image":[""],"wpcf-social2-text":[""],"wpcf-social2-url":[""],"wpcf-social-svg-square":[""],"wpcf-social-image-square":[""],"wpcf-social-text-square":[""],"wpcf-social-url-square":[""],"wpcf-social1-svg":[""],"wpcf-social1-background-image":[""],"wpcf-social1-text":[""],"wpcf-social1-url":[""],"wpcf-quotes-with-auther-text-1":[""],"wpcf-card_article_with_title_content":[""],"wpcf-card_article_content":["<p>write your content<\/p>"],"wpcf-quotes-with-auther-text":[""],"_bsf_post_type":["0"],"_bsf_item_review_type":["none"],"_yoast_wpseo_content_score":["30"],"_yoast_wpseo_estimated-reading-time-minutes":["11"],"_last_translation_edit_mode":["native-editor"],"_thumbnail_id":["97887"],"_edit_lock":["1655985436:18"],"_edit_last":["22"],"perspective_author_image":["96334"],"wpcf-card-image":[""],"_wpcf-card-image-sort-order":["a:1:{i:0;i:1087584;}"]},"_links":{"self":[{"href":"https:\/\/alj.com\/tr\/wp-json\/wp\/v2\/spotlight-fadyjameel\/96357"}],"collection":[{"href":"https:\/\/alj.com\/tr\/wp-json\/wp\/v2\/spotlight-fadyjameel"}],"about":[{"href":"https:\/\/alj.com\/tr\/wp-json\/wp\/v2\/types\/spotlight-fadyjameel"}],"wp:featuredmedia":[{"embeddable":true,"href":"https:\/\/alj.com\/tr\/wp-json\/wp\/v2\/media\/97887"}],"wp:attachment":[{"href":"https:\/\/alj.com\/tr\/wp-json\/wp\/v2\/media?parent=96357"}],"wp:term":[{"taxonomy":"post_tag","embeddable":true,"href":"https:\/\/alj.com\/tr\/wp-json\/wp\/v2\/tags?post=96357"}],"curies":[{"name":"wp","href":"https:\/\/api.w.org\/{rel}","templated":true}]}}